{"id":510,"date":"2021-09-12T18:08:51","date_gmt":"2021-09-12T21:08:51","guid":{"rendered":"http:\/\/x-enapol.org\/ix\/?post_type=avada_portfolio&#038;p=510"},"modified":"2021-09-14T18:42:28","modified_gmt":"2021-09-14T21:42:28","slug":"boletim-oci-3-entrevista-e-laurent-parte-1","status":"publish","type":"avada_portfolio","link":"https:\/\/enapol.com\/ix\/pt\/portfolio-items\/boletim-oci-3-entrevista-e-laurent-parte-1\/","title":{"rendered":"Boletim OCI \u2013 3 \u2013 Entrevista \u00c9. Laurent (Parte 1)"},"content":{"rendered":"<p><div class=\"fusion-fullwidth fullwidth-box fusion-builder-row-1 fusion-flex-container nonhundred-percent-fullwidth non-hundred-percent-height-scrolling\" style=\"--awb-border-radius-top-left:0px;--awb-border-radius-top-right:0px;--awb-border-radius-bottom-right:0px;--awb-border-radius-bottom-left:0px;--awb-flex-wrap:wrap;\" ><div class=\"fusion-builder-row fusion-row fusion-flex-align-items-flex-start fusion-flex-content-wrap\" style=\"max-width:1352px;margin-left: calc(-4% \/ 2 );margin-right: calc(-4% \/ 2 );\"><div class=\"fusion-layout-column fusion_builder_column fusion-builder-column-0 fusion_builder_column_1_1 1_1 fusion-flex-column\" style=\"--awb-bg-size:cover;--awb-width-large:100%;--awb-margin-top-large:0px;--awb-spacing-right-large:1.92%;--awb-margin-bottom-large:20px;--awb-spacing-left-large:1.92%;--awb-width-medium:100%;--awb-order-medium:0;--awb-spacing-right-medium:1.92%;--awb-spacing-left-medium:1.92%;--awb-width-small:100%;--awb-order-small:0;--awb-spacing-right-small:1.92%;--awb-spacing-left-small:1.92%;\"><div class=\"fusion-column-wrapper fusion-column-has-shadow fusion-flex-justify-content-flex-start fusion-content-layout-column\"><div class=\"fusion-text fusion-text-1\"><p id=\"editorial\" class=\"bold\" style=\"text-align: justify;\"><strong>Henri Kaufmanner<\/strong> (EBP)<\/p>\n<p class=\"r\" style=\"text-align: justify;\">Em novembro de 2018, durante o XXII Encontro Brasileiro do Campo Freudiano, \u00c9ric Laurent, convidado do evento, gentilmente acolheu o convite que lhe foi feito pelos diretores do IX ENAPOL \u2013 Ana Lydia Santiago e eu, Henri Kaufmanner \u2013 para nos falar sobre \u201c\u00d3dio, C\u00f3lera e Indigna\u00e7\u00e3o\u201d.<\/p>\n<p class=\"r\" style=\"text-align: justify;\">Ele nos presenteou com uma viva e esclarecedora elabora\u00e7\u00e3o, transitando, n\u00e3o apenas pelas contribui\u00e7\u00f5es de Freud e o ensino de Lacan, como tamb\u00e9m por outros autores cl\u00e1ssicos e contempor\u00e2neos que discorreram sobre o tema.<\/p>\n<p class=\"r\" style=\"text-align: justify;\">A extens\u00e3o e riqueza do material, nos levou a optar por sua divulga\u00e7\u00e3o subdividida em alguns v\u00eddeos, demarcados a partir das perguntas que lhe foram formuladas.<\/p>\n<p class=\"r\" style=\"text-align: justify;\">Este Boletim OCI divulga o primeiro v\u00eddeo, que ser\u00e1 seguido pelos outros, a serem divulgados nos pr\u00f3ximos OCI.<\/p>\n<p class=\"r\" style=\"text-align: justify;\">Chega, portanto o momento para todos os leitores do OCI poderem desfrutar desta orienta\u00e7\u00e3o t\u00e3o especial.<\/p>\n<p class=\"r\" style=\"text-align: justify;\">Aproveitem e se inspirem para a escrita de seus trabalhos para o IX ENAPOL!!<\/p>\n<\/div><\/div><\/div><\/div><\/div><div class=\"fusion-fullwidth fullwidth-box fusion-builder-row-2 fusion-flex-container nonhundred-percent-fullwidth non-hundred-percent-height-scrolling\" style=\"--awb-border-radius-top-left:0px;--awb-border-radius-top-right:0px;--awb-border-radius-bottom-right:0px;--awb-border-radius-bottom-left:0px;--awb-flex-wrap:wrap;\" ><div class=\"fusion-builder-row fusion-row fusion-flex-align-items-flex-start fusion-flex-content-wrap\" style=\"max-width:1352px;margin-left: calc(-4% \/ 2 );margin-right: calc(-4% \/ 2 );\"><div class=\"fusion-layout-column fusion_builder_column fusion-builder-column-1 fusion_builder_column_1_1 1_1 fusion-flex-column\" style=\"--awb-bg-size:cover;--awb-width-large:100%;--awb-margin-top-large:0px;--awb-spacing-right-large:1.92%;--awb-margin-bottom-large:20px;--awb-spacing-left-large:1.92%;--awb-width-medium:100%;--awb-order-medium:0;--awb-spacing-right-medium:1.92%;--awb-spacing-left-medium:1.92%;--awb-width-small:100%;--awb-order-small:0;--awb-spacing-right-small:1.92%;--awb-spacing-left-small:1.92%;\"><div class=\"fusion-column-wrapper fusion-column-has-shadow fusion-flex-justify-content-flex-start fusion-content-layout-column\"><div class=\"fusion-title title fusion-title-1 fusion-sep-none fusion-title-text fusion-title-size-three\"><h3 class=\"fusion-title-heading title-heading-left fusion-responsive-typography-calculated\" style=\"margin:0;--fontSize:30;line-height:1.3;\">Ana Lydia Santiago pergunta a \u00c9ric Laurent<\/h3><\/div><div class=\"fusion-text fusion-text-2\"><p class=\"r\" style=\"text-align: justify;\">Come\u00e7o pelo \u00f3dio ed\u00edpico, que, segundo Freud, desempenha um papel importante na constitui\u00e7\u00e3o de massas e acaba com o sentimento de culpa. Gostar\u00edamos que voc\u00ea nos falasse sobre o que, hoje, \u00e9 o sentimento de culpa.<\/p>\n<p class=\"r\" style=\"text-align: justify;\">Na mesma linha de reflex\u00e3o, destaco que o \u00f3dio, ponto de partida da constitui\u00e7\u00e3o de massas, n\u00e3o desaparece plenamente e mant\u00e9m-se na base da rivalidade entre comunidades, constituindo o que se designa identifica\u00e7\u00e3o segregativa. Considerando-se esse \u00f3dio que permanece, a identifica\u00e7\u00e3o desegregativa, conforme voc\u00ea prop\u00f4s em sua confer\u00eancia, pode ser pensada como algo da ordem do significante, para tratar o \u00f3dio que subsiste na opera\u00e7\u00e3o de constitui\u00e7\u00e3o de grupos?<\/p>\n<p class=\"r\" style=\"text-align: justify;\">Confira no v\u00eddeo!<\/p>\n<\/div><div class=\"fusion-separator fusion-full-width-sep\" style=\"align-self: center;margin-left: auto;margin-right: auto;margin-top:10px;margin-bottom:10px;width:100%;\"><\/div><div class=\"fusion-video fusion-youtube\" style=\"--awb-max-width:800px;--awb-max-height:450px;--awb-align-self:center;--awb-width:100%;\"><div class=\"video-shortcode\"><div class=\"fluid-width-video-wrapper\" style=\"padding-top:56.25%;\" ><iframe title=\"YouTube video player 1\" src=\"https:\/\/www.youtube.com\/embed\/XMhlxGXu9K8?wmode=transparent&autoplay=0\" width=\"800\" height=\"450\" allowfullscreen allow=\"autoplay; fullscreen\"><\/iframe><\/div><\/div><\/div><\/div><\/div><\/div><\/div><\/p>\n","protected":false},"excerpt":{"rendered":"","protected":false},"author":1,"featured_media":490,"menu_order":0,"comment_status":"open","ping_status":"closed","template":"","format":"standard","meta":{"_monsterinsights_skip_tracking":false,"_monsterinsights_sitenote_active":false,"_monsterinsights_sitenote_note":"","_monsterinsights_sitenote_category":0,"footnotes":""},"portfolio_category":[68],"portfolio_skills":[],"portfolio_tags":[],"_links":{"self":[{"href":"https:\/\/enapol.com\/ix\/wp-json\/wp\/v2\/avada_portfolio\/510"}],"collection":[{"href":"https:\/\/enapol.com\/ix\/wp-json\/wp\/v2\/avada_portfolio"}],"about":[{"href":"https:\/\/enapol.com\/ix\/wp-json\/wp\/v2\/types\/avada_portfolio"}],"author":[{"embeddable":true,"href":"https:\/\/enapol.com\/ix\/wp-json\/wp\/v2\/users\/1"}],"replies":[{"embeddable":true,"href":"https:\/\/enapol.com\/ix\/wp-json\/wp\/v2\/comments?post=510"}],"version-history":[{"count":2,"href":"https:\/\/enapol.com\/ix\/wp-json\/wp\/v2\/avada_portfolio\/510\/revisions"}],"predecessor-version":[{"id":619,"href":"https:\/\/enapol.com\/ix\/wp-json\/wp\/v2\/avada_portfolio\/510\/revisions\/619"}],"wp:featuredmedia":[{"embeddable":true,"href":"https:\/\/enapol.com\/ix\/wp-json\/wp\/v2\/media\/490"}],"wp:attachment":[{"href":"https:\/\/enapol.com\/ix\/wp-json\/wp\/v2\/media?parent=510"}],"wp:term":[{"taxonomy":"portfolio_category","embeddable":true,"href":"https:\/\/enapol.com\/ix\/wp-json\/wp\/v2\/portfolio_category?post=510"},{"taxonomy":"portfolio_skills","embeddable":true,"href":"https:\/\/enapol.com\/ix\/wp-json\/wp\/v2\/portfolio_skills?post=510"},{"taxonomy":"portfolio_tags","embeddable":true,"href":"https:\/\/enapol.com\/ix\/wp-json\/wp\/v2\/portfolio_tags?post=510"}],"curies":[{"name":"wp","href":"https:\/\/api.w.org\/{rel}","templated":true}]}}