{"id":403,"date":"2021-08-15T20:24:35","date_gmt":"2021-08-15T23:24:35","guid":{"rendered":"http:\/\/x-enapol.org\/vi\/?post_type=avada_portfolio&#038;p=403"},"modified":"2021-08-15T20:27:15","modified_gmt":"2021-08-15T23:27:15","slug":"hablar-con-el-cuerpo-retorno-a-la-pulsion-como-una-ficcion-fundamental","status":"publish","type":"avada_portfolio","link":"https:\/\/enapol.com\/vi\/portfolio-items\/hablar-con-el-cuerpo-retorno-a-la-pulsion-como-una-ficcion-fundamental\/","title":{"rendered":"Hablar con el cuerpo: \u00bfretorno a la pulsi\u00f3n como una \u00abficci\u00f3n fundamental\u00bb?"},"content":{"rendered":"<p><div class=\"fusion-fullwidth fullwidth-box fusion-builder-row-1 fusion-flex-container nonhundred-percent-fullwidth non-hundred-percent-height-scrolling\" style=\"--awb-border-radius-top-left:0px;--awb-border-radius-top-right:0px;--awb-border-radius-bottom-right:0px;--awb-border-radius-bottom-left:0px;--awb-flex-wrap:wrap;\" ><div class=\"fusion-builder-row fusion-row fusion-flex-align-items-flex-start fusion-flex-content-wrap\" style=\"max-width:1352px;margin-left: calc(-4% \/ 2 );margin-right: calc(-4% \/ 2 );\"><div class=\"fusion-layout-column fusion_builder_column fusion-builder-column-0 fusion_builder_column_1_2 1_2 fusion-flex-column\" style=\"--awb-bg-size:cover;--awb-width-large:50%;--awb-margin-top-large:0px;--awb-spacing-right-large:3.84%;--awb-margin-bottom-large:20px;--awb-spacing-left-large:3.84%;--awb-width-medium:100%;--awb-order-medium:0;--awb-spacing-right-medium:1.92%;--awb-spacing-left-medium:1.92%;--awb-width-small:100%;--awb-order-small:0;--awb-spacing-right-small:1.92%;--awb-spacing-left-small:1.92%;\"><div class=\"fusion-column-wrapper fusion-column-has-shadow fusion-flex-justify-content-flex-start fusion-content-layout-column\"><div class=\"fusion-image-element \" style=\"text-align:left;--awb-bottom-shadow-color:rgba(0,0,0,0.4);--awb-caption-title-font-family:var(--h2_typography-font-family);--awb-caption-title-font-weight:var(--h2_typography-font-weight);--awb-caption-title-font-style:var(--h2_typography-font-style);--awb-caption-title-size:var(--h2_typography-font-size);--awb-caption-title-transform:var(--h2_typography-text-transform);--awb-caption-title-line-height:var(--h2_typography-line-height);--awb-caption-title-letter-spacing:var(--h2_typography-letter-spacing);\"><div class=\"awb-image-frame awb-image-frame-1 awb-bottomshadow\"><span class=\" fusion-imageframe imageframe-bottomshadow imageframe-1 hover-type-none\"><img decoding=\"async\" width=\"300\" height=\"200\" title=\"Cleide-Pereira-Monteiro\" src=\"http:\/\/enapol.com\/vi\/wp-content\/uploads\/sites\/8\/2021\/08\/Cleide-Pereira-Monteiro.jpg\" alt class=\"img-responsive wp-image-404\" srcset=\"https:\/\/enapol.com\/vi\/wp-content\/uploads\/sites\/8\/2021\/08\/Cleide-Pereira-Monteiro-200x133.jpg 200w, https:\/\/enapol.com\/vi\/wp-content\/uploads\/sites\/8\/2021\/08\/Cleide-Pereira-Monteiro.jpg 300w\" sizes=\"(max-width: 1024px) 100vw, (max-width: 640px) 100vw, 300px\" \/><\/span><svg xmlns=\"http:\/\/www.w3.org\/2000\/svg\" version=\"1.1\" width=\"100%\" viewBox=\"0 0 600 28\" preserveAspectRatio=\"none\"><g clip-path=\"url(#a)\"><mask id=\"b\" style=\"mask-type:luminance\" maskUnits=\"userSpaceOnUse\" x=\"0\" y=\"0\" width=\"600\" height=\"28\"><path d=\"M0 0h600v28H0V0Z\" fill=\"#fff\"\/><\/mask><g filter=\"url(#c)\" mask=\"url(#b)\"><path d=\"M16.439-18.667h567.123v30.8S438.961-8.4 300-8.4C161.04-8.4 16.438 12.133 16.438 12.133v-30.8Z\" fill=\"#000\"\/><\/g><\/g><defs><clipPath id=\"a\"><path fill=\"#fff\" d=\"M0 0h600v28H0z\"\/><\/clipPath><filter id=\"c\" x=\"5.438\" y=\"-29.667\" width=\"589.123\" height=\"52.8\" filterUnits=\"userSpaceOnUse\" color-interpolation-filters=\"sRGB\"><feFlood flood-opacity=\"0\" result=\"BackgroundImageFix\"\/><feBlend in=\"SourceGraphic\" in2=\"BackgroundImageFix\" result=\"shape\"\/><feGaussianBlur stdDeviation=\"5.5\" result=\"effect1_foregroundBlur_3983_183\"\/><\/filter><\/defs><\/svg><\/div><\/div><div class=\"fusion-separator fusion-full-width-sep\" style=\"align-self: center;margin-left: auto;margin-right: auto;margin-top:5px;margin-bottom:5px;width:100%;\"><\/div><div class=\"fusion-title title fusion-title-1 fusion-sep-none fusion-title-text fusion-title-size-three\" style=\"--awb-margin-bottom:0px;\"><h3 class=\"fusion-title-heading title-heading-left fusion-responsive-typography-calculated\" style=\"margin:0;--fontSize:30;line-height:1.3;\">Cleide Pereira Monteiro<\/h3><\/div><div class=\"fusion-text fusion-text-1\"><p style=\"text-align: left;\"><strong>EBP (Para\u00edba)<\/strong><\/p>\n<\/div><\/div><\/div><div class=\"fusion-layout-column fusion_builder_column fusion-builder-column-1 fusion_builder_column_1_2 1_2 fusion-flex-column\" style=\"--awb-bg-size:cover;--awb-width-large:50%;--awb-margin-top-large:0px;--awb-spacing-right-large:3.84%;--awb-margin-bottom-large:20px;--awb-spacing-left-large:3.84%;--awb-width-medium:100%;--awb-order-medium:0;--awb-spacing-right-medium:1.92%;--awb-spacing-left-medium:1.92%;--awb-width-small:100%;--awb-order-small:0;--awb-spacing-right-small:1.92%;--awb-spacing-left-small:1.92%;\"><div class=\"fusion-column-wrapper fusion-column-has-shadow fusion-flex-justify-content-flex-start fusion-content-layout-column\"><\/div><\/div><\/div><\/div><div class=\"fusion-fullwidth fullwidth-box fusion-builder-row-2 fusion-flex-container nonhundred-percent-fullwidth non-hundred-percent-height-scrolling\" style=\"--awb-border-radius-top-left:0px;--awb-border-radius-top-right:0px;--awb-border-radius-bottom-right:0px;--awb-border-radius-bottom-left:0px;--awb-flex-wrap:wrap;\" ><div class=\"fusion-builder-row fusion-row fusion-flex-align-items-flex-start fusion-flex-content-wrap\" style=\"max-width:1352px;margin-left: calc(-4% \/ 2 );margin-right: calc(-4% \/ 2 );\"><div class=\"fusion-layout-column fusion_builder_column fusion-builder-column-2 fusion_builder_column_1_1 1_1 fusion-flex-column\" style=\"--awb-bg-size:cover;--awb-width-large:100%;--awb-margin-top-large:0px;--awb-spacing-right-large:1.92%;--awb-margin-bottom-large:20px;--awb-spacing-left-large:1.92%;--awb-width-medium:100%;--awb-order-medium:0;--awb-spacing-right-medium:1.92%;--awb-spacing-left-medium:1.92%;--awb-width-small:100%;--awb-order-small:0;--awb-spacing-right-small:1.92%;--awb-spacing-left-small:1.92%;\"><div class=\"fusion-column-wrapper fusion-column-has-shadow fusion-flex-justify-content-flex-start fusion-content-layout-column\"><div class=\"fusion-separator fusion-full-width-sep\" style=\"align-self: center;margin-left: auto;margin-right: auto;margin-top:10px;margin-bottom:10px;width:100%;\"><\/div><div class=\"fusion-text fusion-text-2\"><div class=\"Parrafo\">\n<p style=\"text-align: justify;\">Para contribuir al debate del VI ENAPOL, pretendo retomar la formulaci\u00f3n de Lacan del\u00a0<i>Seminario 11<\/i>\u00a0donde indica que la pulsi\u00f3n es una \u00abficci\u00f3n fundamental\u00bb [1]. A partir de esta afirmaci\u00f3n problematizo una nueva perspectiva de la pulsi\u00f3n en la \u00faltima ense\u00f1anza de Lacan.<\/p>\n<p style=\"text-align: justify;\">Freud anunci\u00f3 que \u00abla doctrina de las pulsiones es nuestra mitolog\u00eda\u00bb [2]. Lacan lee a Freud con las \u00aborejas paradas\u00bb y da un paso adelante cuando propone que se trata de una ficci\u00f3n constituida por la introducci\u00f3n de un nuevo elemento: el objeto\u00a0<i>a<\/i>. Con esa invenci\u00f3n, lo que pone en juego es la relaci\u00f3n \u00edntima entre pulsi\u00f3n y significante.<\/p>\n<p style=\"text-align: justify;\">Lacan, en el\u00a0<i>Seminario 11<\/i>, nos ense\u00f1a que la pulsi\u00f3n es un montaje, como un\u00a0<i>collage<\/i>\u00a0surrealista, en el que la sexualidad participa en la vida ps\u00edquica en consonancia con la estructura del hiato caracter\u00edstico del inconsciente. En esa \u00e9poca destaca que \u00absolo con su aparici\u00f3n en el otro puede ser realizada la funci\u00f3n de la pulsi\u00f3n\u00bb [3]. Ese \u00aben el otro\u00bb no est\u00e1 desvinculado de la funci\u00f3n que Lacan da al objeto\u00a0<i>a<\/i>\u00a0en la satisfacci\u00f3n:\u00a0<i>a<\/i>, causa del deseo. A nivel de la pulsi\u00f3n, la estructura de borde de la zona er\u00f3gena solo puede ser sostenida por el rodeo que da la pulsi\u00f3n alrededor del objeto<i>\u00a0a<\/i>. As\u00ed, la pulsi\u00f3n, en su funci\u00f3n esencial, contornea el objeto\u00a0<i>a<\/i>, \u00ab&#8230; ese objeto que, de hecho, no es otra cosa m\u00e1s que la presencia de un hueco, de un vac\u00edo, que, seg\u00fan Freud, cualquier objeto puede ocupar&#8230; \u00ab. [4]<\/p>\n<p style=\"text-align: justify;\">Las contribuciones de Lacan de 1964 parecen extremadamente actuales y pueden utilizarse para formularle una pregunta al analista que act\u00faa en los tiempos en que el circuito pulsional se presenta cada vez m\u00e1s acortado, cada vez m\u00e1s lejos del inconsciente y m\u00e1s cerca de una satisfacci\u00f3n inmediata de los cuerpos. El objeto\u00a0<i>a<\/i>, en franca crisis en su funci\u00f3n de causa de deseo, asciende al c\u00e9nit social en su exigencia de goce. Desde esa perspectiva, interrogamos si hablar con el cuerpo implica un retorno a la pulsi\u00f3n como \u00abuna ficci\u00f3n fundamental\u00bb.<\/p>\n<p style=\"text-align: justify;\">Es decir, la \u00abficci\u00f3n\u00bb a la que se refiere Lacan no es la del Edipo, sino la del objeto\u00a0<i>a<\/i>. En ese sentido, podemos decir que Lacan, con su objeto\u00a0<i>a,<\/i>\u00a0intenta inscribir en t\u00e9rminos significantes la relaci\u00f3n del sujeto con su goce. Tal vez, en la pr\u00e1ctica anal\u00edtica del siglo XXI, sea m\u00e1s productivo pensar la pulsi\u00f3n a partir de una nueva invenci\u00f3n: la del\u00a0<i>sinthome<\/i>. Esa que Lacan fue a recoger de un desabonado del inconsciente. Con Joyce, le fue posible concebir las resonancias del decir en el cuerpo, a partir de una perspectiva materialista m\u00e1s af\u00edn a un inconsciente causa de goce.<\/p>\n<p style=\"text-align: justify;\">Podemos concluir diciendo que si la concepci\u00f3n de la pulsi\u00f3n del\u00a0<i>Seminario 11<\/i>\u00a0est\u00e1 vinculada a una ficci\u00f3n, en su \u00faltima ense\u00f1anza, en el\u00a0<i>Seminario 23<\/i>, Lacan se remite mucho m\u00e1s a lo que es la perspectiva de una \u00abfixi\u00f3n\u00bb, al indicar que \u00ab\u2026 las pulsiones son el eco en el cuerpo del hecho de que hay un decir\u00bb [5]. Desde esa perspectiva, dir\u00e1 que \u00abes preciso que haya algo en el significante que resuene\u00bb. Sin embargo, a\u00f1ade que, para que ese decir resuene, \u00abes preciso que el cuerpo sea sensible a ello\u00bb [6]. Un cuerpo sensible al resonar del significante\u00a0<i>Uno<\/i>, esa es la apuesta del analista para situar al inconsciente como tejido [7], esto es, situarlo m\u00e1s pr\u00f3ximo a\u00a0<i>lalengua,\u00a0<\/i>m\u00e1s lejos de la articulaci\u00f3n significante.<\/p>\n<p style=\"text-align: justify;\">As\u00ed, si una nueva perspectiva nos convoca como analistas, la de guiarnos por la concepci\u00f3n de la pulsi\u00f3n como goce del Uno solo, es porque esta apuesta apunta al\u00a0<i>sinthome\u00a0<\/i>que, por ser \u00abpuramente lo que condiciona<i>\u00a0lalengua<\/i>\u00bb [8], est\u00e1 irremediablemente de acuerdo con un modo de gozar absolutamente singular y, como tal, irreductible: direcci\u00f3n de un an\u00e1lisis, perspectiva del psicoan\u00e1lisis para concebir un real a la altura de los nuevos tiempos.<\/p>\n<\/div>\n<div id=\"CITAS\">\n<hr \/>\n<p style=\"text-align: justify;\">Traducci\u00f3n: Laura Arias<\/p>\n<ol>\n<li style=\"text-align: justify;\">Lacan, J.,\u00a0<i>El Seminario, Libro 11, Los cuatro conceptos fundamentales del psicoan\u00e1lisis,\u00a0<\/i>Paid\u00f3s, Bs. As., 1986, p. 170.<\/li>\n<li style=\"text-align: justify;\">Freud, S., \u00abNuevas conferencias de introducci\u00f3n al psicoan\u00e1lisis \u2013 32\u00aa conferencia. Angustia y vida pulsional\u00bb,\u00a0<i>Obras Completas<\/i>, t. 22, Amorrortu, Bs. As., 1991, p. 88.<\/li>\n<li style=\"text-align: justify;\">Lacan, J.,\u00a0<i>El Seminario, Libro 11\u2026, op. cit<\/i>., p. 186.<\/li>\n<li style=\"text-align: justify;\">Ib\u00edd.<i>,<\/i>\u00a0p. 187.<\/li>\n<li style=\"text-align: justify;\">Lacan, J.,\u00a0<i>El Seminario, Libro 23, El sinthome,\u00a0<\/i>Paid\u00f3s, Bs. As., 2008, p.18.<\/li>\n<li style=\"text-align: justify;\">Ib\u00edd.<\/li>\n<li style=\"text-align: justify;\">Laurent, E., \u00abHablar con su s\u00edntoma, hablar con su cuerpo\u00bb, VI ENAPOL,\u00a0<a href=\"http:\/\/www.enapol.com\/pt\/template.php?file=Argumento\/Hablar-con-el-propio-sintoma_Eric-Laurent.html\">http:\/\/www.enapol.com\/pt\/template.php?file=Argumento\/Hablar-con-el-propio-sintoma_Eric-Laurent.html<\/a>.<\/li>\n<li style=\"text-align: justify;\">Lacan, J.,\u00a0<i>El Seminario, Libro 23\u2026, op. cit<\/i>., p. 164.<\/li>\n<\/ol>\n<\/div>\n<\/div><\/div><\/div><\/div><\/div><\/p>\n","protected":false},"excerpt":{"rendered":"<p>Cleide Pereira Monteiro<\/p>\n","protected":false},"author":1,"featured_media":404,"menu_order":0,"comment_status":"open","ping_status":"closed","template":"","format":"standard","meta":{"_monsterinsights_skip_tracking":false,"_monsterinsights_sitenote_active":false,"_monsterinsights_sitenote_note":"","_monsterinsights_sitenote_category":0,"footnotes":""},"portfolio_category":[58],"portfolio_skills":[],"portfolio_tags":[],"_links":{"self":[{"href":"https:\/\/enapol.com\/vi\/wp-json\/wp\/v2\/avada_portfolio\/403"}],"collection":[{"href":"https:\/\/enapol.com\/vi\/wp-json\/wp\/v2\/avada_portfolio"}],"about":[{"href":"https:\/\/enapol.com\/vi\/wp-json\/wp\/v2\/types\/avada_portfolio"}],"author":[{"embeddable":true,"href":"https:\/\/enapol.com\/vi\/wp-json\/wp\/v2\/users\/1"}],"replies":[{"embeddable":true,"href":"https:\/\/enapol.com\/vi\/wp-json\/wp\/v2\/comments?post=403"}],"version-history":[{"count":3,"href":"https:\/\/enapol.com\/vi\/wp-json\/wp\/v2\/avada_portfolio\/403\/revisions"}],"predecessor-version":[{"id":407,"href":"https:\/\/enapol.com\/vi\/wp-json\/wp\/v2\/avada_portfolio\/403\/revisions\/407"}],"wp:featuredmedia":[{"embeddable":true,"href":"https:\/\/enapol.com\/vi\/wp-json\/wp\/v2\/media\/404"}],"wp:attachment":[{"href":"https:\/\/enapol.com\/vi\/wp-json\/wp\/v2\/media?parent=403"}],"wp:term":[{"taxonomy":"portfolio_category","embeddable":true,"href":"https:\/\/enapol.com\/vi\/wp-json\/wp\/v2\/portfolio_category?post=403"},{"taxonomy":"portfolio_skills","embeddable":true,"href":"https:\/\/enapol.com\/vi\/wp-json\/wp\/v2\/portfolio_skills?post=403"},{"taxonomy":"portfolio_tags","embeddable":true,"href":"https:\/\/enapol.com\/vi\/wp-json\/wp\/v2\/portfolio_tags?post=403"}],"curies":[{"name":"wp","href":"https:\/\/api.w.org\/{rel}","templated":true}]}}