{"id":408,"date":"2021-08-15T20:27:47","date_gmt":"2021-08-15T23:27:47","guid":{"rendered":"http:\/\/x-enapol.org\/vi\/?post_type=avada_portfolio&#038;p=408"},"modified":"2021-08-15T20:27:47","modified_gmt":"2021-08-15T23:27:47","slug":"falar-com-o-corpo-retorno-a-pulsao-como-uma-ficcao-fundamental","status":"publish","type":"avada_portfolio","link":"https:\/\/enapol.com\/vi\/pt\/portfolio-items\/falar-com-o-corpo-retorno-a-pulsao-como-uma-ficcao-fundamental\/","title":{"rendered":"Falar com o corpo: retorno \u00e0 puls\u00e3o como \u00abuma fic\u00e7\u00e3o fundamental\u00bb?"},"content":{"rendered":"<p><div class=\"fusion-fullwidth fullwidth-box fusion-builder-row-1 fusion-flex-container nonhundred-percent-fullwidth non-hundred-percent-height-scrolling\" style=\"--awb-border-radius-top-left:0px;--awb-border-radius-top-right:0px;--awb-border-radius-bottom-right:0px;--awb-border-radius-bottom-left:0px;--awb-flex-wrap:wrap;\" ><div class=\"fusion-builder-row fusion-row fusion-flex-align-items-flex-start fusion-flex-content-wrap\" style=\"max-width:1352px;margin-left: calc(-4% \/ 2 );margin-right: calc(-4% \/ 2 );\"><div class=\"fusion-layout-column fusion_builder_column fusion-builder-column-0 fusion_builder_column_1_2 1_2 fusion-flex-column\" style=\"--awb-bg-size:cover;--awb-width-large:50%;--awb-margin-top-large:0px;--awb-spacing-right-large:3.84%;--awb-margin-bottom-large:20px;--awb-spacing-left-large:3.84%;--awb-width-medium:100%;--awb-order-medium:0;--awb-spacing-right-medium:1.92%;--awb-spacing-left-medium:1.92%;--awb-width-small:100%;--awb-order-small:0;--awb-spacing-right-small:1.92%;--awb-spacing-left-small:1.92%;\"><div class=\"fusion-column-wrapper fusion-column-has-shadow fusion-flex-justify-content-flex-start fusion-content-layout-column\"><div class=\"fusion-image-element \" style=\"text-align:left;--awb-bottom-shadow-color:rgba(0,0,0,0.4);--awb-caption-title-font-family:var(--h2_typography-font-family);--awb-caption-title-font-weight:var(--h2_typography-font-weight);--awb-caption-title-font-style:var(--h2_typography-font-style);--awb-caption-title-size:var(--h2_typography-font-size);--awb-caption-title-transform:var(--h2_typography-text-transform);--awb-caption-title-line-height:var(--h2_typography-line-height);--awb-caption-title-letter-spacing:var(--h2_typography-letter-spacing);\"><div class=\"awb-image-frame awb-image-frame-1 awb-bottomshadow\"><span class=\" fusion-imageframe imageframe-bottomshadow imageframe-1 hover-type-none\"><img decoding=\"async\" width=\"300\" height=\"200\" title=\"Cleide-Pereira-Monteiro\" src=\"http:\/\/enapol.com\/vi\/wp-content\/uploads\/sites\/8\/2021\/08\/Cleide-Pereira-Monteiro.jpg\" alt class=\"img-responsive wp-image-404\" srcset=\"https:\/\/enapol.com\/vi\/wp-content\/uploads\/sites\/8\/2021\/08\/Cleide-Pereira-Monteiro-200x133.jpg 200w, https:\/\/enapol.com\/vi\/wp-content\/uploads\/sites\/8\/2021\/08\/Cleide-Pereira-Monteiro.jpg 300w\" sizes=\"(max-width: 1024px) 100vw, (max-width: 640px) 100vw, 300px\" \/><\/span><svg xmlns=\"http:\/\/www.w3.org\/2000\/svg\" version=\"1.1\" width=\"100%\" viewBox=\"0 0 600 28\" preserveAspectRatio=\"none\"><g clip-path=\"url(#a)\"><mask id=\"b\" style=\"mask-type:luminance\" maskUnits=\"userSpaceOnUse\" x=\"0\" y=\"0\" width=\"600\" height=\"28\"><path d=\"M0 0h600v28H0V0Z\" fill=\"#fff\"\/><\/mask><g filter=\"url(#c)\" mask=\"url(#b)\"><path d=\"M16.439-18.667h567.123v30.8S438.961-8.4 300-8.4C161.04-8.4 16.438 12.133 16.438 12.133v-30.8Z\" fill=\"#000\"\/><\/g><\/g><defs><clipPath id=\"a\"><path fill=\"#fff\" d=\"M0 0h600v28H0z\"\/><\/clipPath><filter id=\"c\" x=\"5.438\" y=\"-29.667\" width=\"589.123\" height=\"52.8\" filterUnits=\"userSpaceOnUse\" color-interpolation-filters=\"sRGB\"><feFlood flood-opacity=\"0\" result=\"BackgroundImageFix\"\/><feBlend in=\"SourceGraphic\" in2=\"BackgroundImageFix\" result=\"shape\"\/><feGaussianBlur stdDeviation=\"5.5\" result=\"effect1_foregroundBlur_3983_183\"\/><\/filter><\/defs><\/svg><\/div><\/div><div class=\"fusion-separator fusion-full-width-sep\" style=\"align-self: center;margin-left: auto;margin-right: auto;margin-top:5px;margin-bottom:5px;width:100%;\"><\/div><div class=\"fusion-title title fusion-title-1 fusion-sep-none fusion-title-text fusion-title-size-three\" style=\"--awb-margin-bottom:0px;\"><h3 class=\"fusion-title-heading title-heading-left fusion-responsive-typography-calculated\" style=\"margin:0;--fontSize:30;line-height:1.3;\">Cleide Pereira Monteiro<\/h3><\/div><div class=\"fusion-text fusion-text-1\"><p style=\"text-align: left;\"><strong>EBP (Para\u00edba)<\/strong><\/p>\n<\/div><\/div><\/div><div class=\"fusion-layout-column fusion_builder_column fusion-builder-column-1 fusion_builder_column_1_2 1_2 fusion-flex-column\" style=\"--awb-bg-size:cover;--awb-width-large:50%;--awb-margin-top-large:0px;--awb-spacing-right-large:3.84%;--awb-margin-bottom-large:20px;--awb-spacing-left-large:3.84%;--awb-width-medium:100%;--awb-order-medium:0;--awb-spacing-right-medium:1.92%;--awb-spacing-left-medium:1.92%;--awb-width-small:100%;--awb-order-small:0;--awb-spacing-right-small:1.92%;--awb-spacing-left-small:1.92%;\"><div class=\"fusion-column-wrapper fusion-column-has-shadow fusion-flex-justify-content-flex-start fusion-content-layout-column\"><\/div><\/div><\/div><\/div><div class=\"fusion-fullwidth fullwidth-box fusion-builder-row-2 fusion-flex-container nonhundred-percent-fullwidth non-hundred-percent-height-scrolling\" style=\"--awb-border-radius-top-left:0px;--awb-border-radius-top-right:0px;--awb-border-radius-bottom-right:0px;--awb-border-radius-bottom-left:0px;--awb-flex-wrap:wrap;\" ><div class=\"fusion-builder-row fusion-row fusion-flex-align-items-flex-start fusion-flex-content-wrap\" style=\"max-width:1352px;margin-left: calc(-4% \/ 2 );margin-right: calc(-4% \/ 2 );\"><div class=\"fusion-layout-column fusion_builder_column fusion-builder-column-2 fusion_builder_column_1_1 1_1 fusion-flex-column\" style=\"--awb-bg-size:cover;--awb-width-large:100%;--awb-margin-top-large:0px;--awb-spacing-right-large:1.92%;--awb-margin-bottom-large:20px;--awb-spacing-left-large:1.92%;--awb-width-medium:100%;--awb-order-medium:0;--awb-spacing-right-medium:1.92%;--awb-spacing-left-medium:1.92%;--awb-width-small:100%;--awb-order-small:0;--awb-spacing-right-small:1.92%;--awb-spacing-left-small:1.92%;\"><div class=\"fusion-column-wrapper fusion-column-has-shadow fusion-flex-justify-content-flex-start fusion-content-layout-column\"><div class=\"fusion-separator fusion-full-width-sep\" style=\"align-self: center;margin-left: auto;margin-right: auto;margin-top:10px;margin-bottom:10px;width:100%;\"><\/div><div class=\"fusion-text fusion-text-2\"><div class=\"Parrafo\">\n<div class=\"Parrafo\">\n<p style=\"text-align: justify;\">Para contribuir com o debate do VI ENAPOL, pretendo retomar a formula\u00e7\u00e3o de Lacan no Semin\u00e1rio 11, quando vem nos indicar que a puls\u00e3o \u00e9 uma \u00abfic\u00e7\u00e3o fundamental\u00bb [1]. E, a partir da\u00ed, problematizar uma nova perspectiva da puls\u00e3o no \u00faltimo Lacan.<\/p>\n<p style=\"text-align: justify;\">Freud j\u00e1 anunciava que \u00aba doutrina das puls\u00f5es \u00e9, por assim dizer, nossa mitologia\u00bb [2]. Lacan l\u00ea Freud com as \u00aborelhas levantadas\u00bb e d\u00e1 um passo adiante ao postular que se trata de uma fic\u00e7\u00e3o constitu\u00edda pela introdu\u00e7\u00e3o de um novo elemento, o objeto\u00a0<i>a<\/i>. Com essa inven\u00e7\u00e3o, o que est\u00e1 em jogo \u00e9 a rela\u00e7\u00e3o \u00edntima entre as puls\u00f5es e os significantes.<\/p>\n<p style=\"text-align: justify;\">O Lacan do\u00a0<i>Semin\u00e1rio 11<\/i>\u00a0nos ensina que a puls\u00e3o \u00e9 uma montagem, \u00e0 maneira da colagem surrealista, que faz com que a sexualidade participe da vida ps\u00edquica em conson\u00e2ncia com a estrutura de hi\u00e2ncia, que \u00e9 a do inconsciente. Nesta \u00e9poca, ele destaca que \u00ab\u00e9 somente com a apari\u00e7\u00e3o no n\u00edvel do outro que pode ser realizado o que \u00e9 da fun\u00e7\u00e3o da puls\u00e3o\u00bb [3]. Esse \u00abn\u00edvel do outro\u00bb n\u00e3o est\u00e1 desvinculado da fun\u00e7\u00e3o que Lacan d\u00e1 ao objeto\u00a0<i>a<\/i>\u00a0na satisfa\u00e7\u00e3o:\u00a0<i>a<\/i>\u00a0de causa de desejo. No n\u00edvel da puls\u00e3o, a fundamental estrutura de borda dada \u00e0 zona er\u00f3gena s\u00f3 pode ser assegurada pelo contorno que a puls\u00e3o faz em torno do objeto<i>\u00a0a<\/i>. Assim, a puls\u00e3o, em sua fun\u00e7\u00e3o essencial, faz o giro em torno do objeto\u00a0<i>a<\/i>, \u00abesse objeto, que \u00e9 apenas a presen\u00e7a de um cavo, de um vazio, ocup\u00e1vel por n\u00e3o importa que objeto\u00bb. [4]<\/p>\n<p style=\"text-align: justify;\">Essas contribui\u00e7\u00f5es de Lacan de 1964 parecem ser extremamente atuais para se formular uma quest\u00e3o ao analista que atua em tempos em que o circuito pulsional est\u00e1 cada vez mais encurtado, cada vez mais longe do inconsciente e mais perto de uma satisfa\u00e7\u00e3o imediata dos corpos. O objeto\u00a0<i>a<\/i>, em franca crise na sua fun\u00e7\u00e3o de causa de desejo, ascende ao z\u00eanite social em sua exig\u00eancia de gozo. Nessa perspectiva, interrogar\u00edamos se falar com o corpo implicaria em um retorno \u00e0 puls\u00e3o como \u00abuma fic\u00e7\u00e3o fundamental\u00bb.<\/p>\n<p style=\"text-align: justify;\">Certamente que a \u00abfic\u00e7\u00e3o\u00bb a qual Lacan se refere n\u00e3o \u00e9 aquela do \u00c9dipo, mas a do objeto\u00a0<i>a<\/i>. Nesse sentido, podemos dizer que Lacan, com o seu objeto\u00a0<i>a,<\/i>\u00a0tenta inscrever, em termos significantes, a rela\u00e7\u00e3o do sujeito com o gozo. Talvez, na pr\u00e1tica anal\u00edtica do s\u00e9culo XXI, seja mais produtivo pensar a puls\u00e3o a partir de uma nova inven\u00e7\u00e3o, a do\u00a0<i>sinthoma<\/i>, aquela que Lacan foi recolher de um desabonado do inconsciente. Com Joyce, foi-lhe poss\u00edvel conceber as resson\u00e2ncias do dizer no corpo, a partir de uma perspectiva materialista mais de acordo com um inconsciente, cuja causa \u00e9 o gozo.<\/p>\n<p style=\"text-align: justify;\">Podemos concluir dizendo que, se a concep\u00e7\u00e3o de puls\u00e3o no\u00a0<i>Semin\u00e1rio 11<\/i>\u00a0est\u00e1 vinculada a uma fic\u00e7\u00e3o, em seu \u00faltimo ensino, no\u00a0<i>Semin\u00e1rio 23<\/i>, Lacan nos aponta para o que \u00e9 muito mais da perspectiva de um \u00abfix\u00e3o\u00bb, ao indicar que \u00ab\u2026 as puls\u00f5es s\u00e3o, no corpo, o eco do fato de que h\u00e1 um dizer\u00bb [5]. Nessa perspectiva, dir\u00e1 que \u00ab\u00e9 preciso que haja alguma coisa no significante que ressoe\u00bb. Por\u00e9m, acrescenta que, para que esse dizer ressoe, \u00ab\u00e9 preciso que o corpo lhe seja sens\u00edvel\u00bb [6]. Um corpo sens\u00edvel ao ressoar do significante\u00a0<i>Um<\/i>, \u00e9 bem essa a aposta do analista para situar o inconsciente como tecido [7], o que quer dizer situ\u00e1-lo mais pr\u00f3ximo de\u00a0<i>lal\u00edngua<\/i>, mais longe da articula\u00e7\u00e3o significante.<\/p>\n<p style=\"text-align: justify;\">Assim, se uma nova perspectiva nos convoca, enquanto analistas, a nos guiarmos pela concep\u00e7\u00e3o da puls\u00e3o como o gozo do Um sozinho, \u00e9 porque esta aposta tem como visada, o\u00a0<i>sinthoma,<\/i>\u00a0que, por ser \u00abpuramente o que\u00a0<i>lal\u00edngua<\/i>\u00a0condiciona\u00bb [8], est\u00e1 irremediavelmente de acordo com um modo de gozar absolutamente singular e, como tal, irredut\u00edvel: visada de uma an\u00e1lise, perspectiva da psican\u00e1lise para se conceber um real \u00e0 altura dos novos tempos.<\/p>\n<\/div>\n<div id=\"CITAS\">\n<hr \/>\n<ol>\n<li style=\"text-align: justify;\">Lacan, J.,\u00a0<i>O semin\u00e1rio, Livro 11: os quatro conceitos fundamentais da psican\u00e1lise<\/i>\u00a0(1964), Jorge Zahar, Rio de Janeiro,1985, p. 156.<\/li>\n<li style=\"text-align: justify;\">Freud, S., \u00abNovas confer\u00eancias introdut\u00f3rias sobre psican\u00e1lise \u2013 32\u00aa confer\u00eancia. Ansiedade e vida pulsional\u00bb,\u00a0<i>Obras psicol\u00f3gicas completas de Sigmund Freud<\/i>, v. 22, (1932-1936), Standard Brasileira, Imago, Rio de Janeiro, 1976, p. 119.<\/li>\n<li style=\"text-align: justify;\">Lacan, J.,\u00a0<i>O semin\u00e1rio, Livro 11&#8230;, op. cit<\/i>., p. 169.<\/li>\n<li style=\"text-align: justify;\">Ibid, p. 170.<\/li>\n<li style=\"text-align: justify;\">Lacan, J.,\u00a0<i>O semin\u00e1rio, Livro 23: O sinthoma\u00a0<\/i>(1975-1976), Jorge Zahar, Rio de Janeiro, 2007, p. 18.<\/li>\n<li style=\"text-align: justify;\">Ibid.<\/li>\n<li style=\"text-align: justify;\">Laurent, E., \u00abFalar com seu sintoma, falar com seu corpo\u00bb, site do VI ENAPOL,\u00a0<a href=\"http:\/\/www.enapol.com\/pt\/template.php?file=Argumento\/Hablar-con-el-propio-sintoma_Eric-Laurent.html\">http:\/\/www.enapol.com\/pt\/template.php?file=Argumento\/Hablar-con-el-propio-sintoma_Eric-Laurent.html<\/a>.<\/li>\n<li style=\"text-align: justify;\">Lacan, J.,\u00a0<i>O semin\u00e1rio, Livro 23&#8230;, op. cit<\/i>., p. 163.<\/li>\n<\/ol>\n<\/div>\n<\/div>\n<\/div><\/div><\/div><\/div><\/div><\/p>\n","protected":false},"excerpt":{"rendered":"<p>Cleide Pereira Monteiro<\/p>\n","protected":false},"author":1,"featured_media":404,"menu_order":0,"comment_status":"open","ping_status":"closed","template":"","format":"standard","meta":{"_monsterinsights_skip_tracking":false,"_monsterinsights_sitenote_active":false,"_monsterinsights_sitenote_note":"","_monsterinsights_sitenote_category":0,"footnotes":""},"portfolio_category":[76],"portfolio_skills":[],"portfolio_tags":[],"_links":{"self":[{"href":"https:\/\/enapol.com\/vi\/wp-json\/wp\/v2\/avada_portfolio\/408"}],"collection":[{"href":"https:\/\/enapol.com\/vi\/wp-json\/wp\/v2\/avada_portfolio"}],"about":[{"href":"https:\/\/enapol.com\/vi\/wp-json\/wp\/v2\/types\/avada_portfolio"}],"author":[{"embeddable":true,"href":"https:\/\/enapol.com\/vi\/wp-json\/wp\/v2\/users\/1"}],"replies":[{"embeddable":true,"href":"https:\/\/enapol.com\/vi\/wp-json\/wp\/v2\/comments?post=408"}],"version-history":[{"count":1,"href":"https:\/\/enapol.com\/vi\/wp-json\/wp\/v2\/avada_portfolio\/408\/revisions"}],"predecessor-version":[{"id":409,"href":"https:\/\/enapol.com\/vi\/wp-json\/wp\/v2\/avada_portfolio\/408\/revisions\/409"}],"wp:featuredmedia":[{"embeddable":true,"href":"https:\/\/enapol.com\/vi\/wp-json\/wp\/v2\/media\/404"}],"wp:attachment":[{"href":"https:\/\/enapol.com\/vi\/wp-json\/wp\/v2\/media?parent=408"}],"wp:term":[{"taxonomy":"portfolio_category","embeddable":true,"href":"https:\/\/enapol.com\/vi\/wp-json\/wp\/v2\/portfolio_category?post=408"},{"taxonomy":"portfolio_skills","embeddable":true,"href":"https:\/\/enapol.com\/vi\/wp-json\/wp\/v2\/portfolio_skills?post=408"},{"taxonomy":"portfolio_tags","embeddable":true,"href":"https:\/\/enapol.com\/vi\/wp-json\/wp\/v2\/portfolio_tags?post=408"}],"curies":[{"name":"wp","href":"https:\/\/api.w.org\/{rel}","templated":true}]}}