{"id":428,"date":"2021-08-15T20:49:07","date_gmt":"2021-08-15T23:49:07","guid":{"rendered":"http:\/\/x-enapol.org\/vi\/?post_type=avada_portfolio&#038;p=428"},"modified":"2021-08-15T20:49:07","modified_gmt":"2021-08-15T23:49:07","slug":"o-corpo-do-delito","status":"publish","type":"avada_portfolio","link":"https:\/\/enapol.com\/vi\/pt\/portfolio-items\/o-corpo-do-delito\/","title":{"rendered":"O corpo do delito"},"content":{"rendered":"<p><div class=\"fusion-fullwidth fullwidth-box fusion-builder-row-1 fusion-flex-container nonhundred-percent-fullwidth non-hundred-percent-height-scrolling\" style=\"--awb-border-radius-top-left:0px;--awb-border-radius-top-right:0px;--awb-border-radius-bottom-right:0px;--awb-border-radius-bottom-left:0px;--awb-flex-wrap:wrap;\" ><div class=\"fusion-builder-row fusion-row fusion-flex-align-items-flex-start fusion-flex-content-wrap\" style=\"max-width:1352px;margin-left: calc(-4% \/ 2 );margin-right: calc(-4% \/ 2 );\"><div class=\"fusion-layout-column fusion_builder_column fusion-builder-column-0 fusion_builder_column_1_2 1_2 fusion-flex-column\" style=\"--awb-bg-size:cover;--awb-width-large:50%;--awb-margin-top-large:0px;--awb-spacing-right-large:3.84%;--awb-margin-bottom-large:20px;--awb-spacing-left-large:3.84%;--awb-width-medium:100%;--awb-order-medium:0;--awb-spacing-right-medium:1.92%;--awb-spacing-left-medium:1.92%;--awb-width-small:100%;--awb-order-small:0;--awb-spacing-right-small:1.92%;--awb-spacing-left-small:1.92%;\"><div class=\"fusion-column-wrapper fusion-column-has-shadow fusion-flex-justify-content-flex-start fusion-content-layout-column\"><div class=\"fusion-image-element \" style=\"text-align:left;--awb-bottom-shadow-color:rgba(0,0,0,0.4);--awb-caption-title-font-family:var(--h2_typography-font-family);--awb-caption-title-font-weight:var(--h2_typography-font-weight);--awb-caption-title-font-style:var(--h2_typography-font-style);--awb-caption-title-size:var(--h2_typography-font-size);--awb-caption-title-transform:var(--h2_typography-text-transform);--awb-caption-title-line-height:var(--h2_typography-line-height);--awb-caption-title-letter-spacing:var(--h2_typography-letter-spacing);\"><div class=\"awb-image-frame awb-image-frame-1 awb-bottomshadow\"><span class=\" fusion-imageframe imageframe-bottomshadow imageframe-1 hover-type-none\"><img decoding=\"async\" width=\"1000\" height=\"600\" title=\"Juan-Pablo-Mollo\" src=\"http:\/\/enapol.com\/vi\/wp-content\/uploads\/sites\/8\/2021\/08\/Juan-Pablo-Mollo-1.jpg\" alt class=\"img-responsive wp-image-426\" srcset=\"https:\/\/enapol.com\/vi\/wp-content\/uploads\/sites\/8\/2021\/08\/Juan-Pablo-Mollo-1-200x120.jpg 200w, https:\/\/enapol.com\/vi\/wp-content\/uploads\/sites\/8\/2021\/08\/Juan-Pablo-Mollo-1-400x240.jpg 400w, https:\/\/enapol.com\/vi\/wp-content\/uploads\/sites\/8\/2021\/08\/Juan-Pablo-Mollo-1-600x360.jpg 600w, https:\/\/enapol.com\/vi\/wp-content\/uploads\/sites\/8\/2021\/08\/Juan-Pablo-Mollo-1-800x480.jpg 800w, https:\/\/enapol.com\/vi\/wp-content\/uploads\/sites\/8\/2021\/08\/Juan-Pablo-Mollo-1.jpg 1000w\" sizes=\"(max-width: 1024px) 100vw, (max-width: 640px) 100vw, 800px\" \/><\/span><svg xmlns=\"http:\/\/www.w3.org\/2000\/svg\" version=\"1.1\" width=\"100%\" viewBox=\"0 0 600 28\" preserveAspectRatio=\"none\"><g clip-path=\"url(#a)\"><mask id=\"b\" style=\"mask-type:luminance\" maskUnits=\"userSpaceOnUse\" x=\"0\" y=\"0\" width=\"600\" height=\"28\"><path d=\"M0 0h600v28H0V0Z\" fill=\"#fff\"\/><\/mask><g filter=\"url(#c)\" mask=\"url(#b)\"><path d=\"M16.439-18.667h567.123v30.8S438.961-8.4 300-8.4C161.04-8.4 16.438 12.133 16.438 12.133v-30.8Z\" fill=\"#000\"\/><\/g><\/g><defs><clipPath id=\"a\"><path fill=\"#fff\" d=\"M0 0h600v28H0z\"\/><\/clipPath><filter id=\"c\" x=\"5.438\" y=\"-29.667\" width=\"589.123\" height=\"52.8\" filterUnits=\"userSpaceOnUse\" color-interpolation-filters=\"sRGB\"><feFlood flood-opacity=\"0\" result=\"BackgroundImageFix\"\/><feBlend in=\"SourceGraphic\" in2=\"BackgroundImageFix\" result=\"shape\"\/><feGaussianBlur stdDeviation=\"5.5\" result=\"effect1_foregroundBlur_3983_183\"\/><\/filter><\/defs><\/svg><\/div><\/div><div class=\"fusion-separator fusion-full-width-sep\" style=\"align-self: center;margin-left: auto;margin-right: auto;margin-top:5px;margin-bottom:5px;width:100%;\"><\/div><div class=\"fusion-title title fusion-title-1 fusion-sep-none fusion-title-text fusion-title-size-three\" style=\"--awb-margin-bottom:0px;\"><h3 class=\"fusion-title-heading title-heading-left fusion-responsive-typography-calculated\" style=\"margin:0;--fontSize:30;line-height:1.3;\">Juan Pablo Mollo<\/h3><\/div><div class=\"fusion-text fusion-text-1\"><p style=\"text-align: left;\"><strong>EOL<\/strong><\/p>\n<\/div><\/div><\/div><div class=\"fusion-layout-column fusion_builder_column fusion-builder-column-1 fusion_builder_column_1_2 1_2 fusion-flex-column\" style=\"--awb-bg-size:cover;--awb-width-large:50%;--awb-margin-top-large:0px;--awb-spacing-right-large:3.84%;--awb-margin-bottom-large:20px;--awb-spacing-left-large:3.84%;--awb-width-medium:100%;--awb-order-medium:0;--awb-spacing-right-medium:1.92%;--awb-spacing-left-medium:1.92%;--awb-width-small:100%;--awb-order-small:0;--awb-spacing-right-small:1.92%;--awb-spacing-left-small:1.92%;\"><div class=\"fusion-column-wrapper fusion-column-has-shadow fusion-flex-justify-content-flex-start fusion-content-layout-column\"><\/div><\/div><\/div><\/div><div class=\"fusion-fullwidth fullwidth-box fusion-builder-row-2 fusion-flex-container nonhundred-percent-fullwidth non-hundred-percent-height-scrolling\" style=\"--awb-border-radius-top-left:0px;--awb-border-radius-top-right:0px;--awb-border-radius-bottom-right:0px;--awb-border-radius-bottom-left:0px;--awb-flex-wrap:wrap;\" ><div class=\"fusion-builder-row fusion-row fusion-flex-align-items-flex-start fusion-flex-content-wrap\" style=\"max-width:1352px;margin-left: calc(-4% \/ 2 );margin-right: calc(-4% \/ 2 );\"><div class=\"fusion-layout-column fusion_builder_column fusion-builder-column-2 fusion_builder_column_1_1 1_1 fusion-flex-column\" style=\"--awb-bg-size:cover;--awb-width-large:100%;--awb-margin-top-large:0px;--awb-spacing-right-large:1.92%;--awb-margin-bottom-large:20px;--awb-spacing-left-large:1.92%;--awb-width-medium:100%;--awb-order-medium:0;--awb-spacing-right-medium:1.92%;--awb-spacing-left-medium:1.92%;--awb-width-small:100%;--awb-order-small:0;--awb-spacing-right-small:1.92%;--awb-spacing-left-small:1.92%;\"><div class=\"fusion-column-wrapper fusion-column-has-shadow fusion-flex-justify-content-flex-start fusion-content-layout-column\"><div class=\"fusion-separator fusion-full-width-sep\" style=\"align-self: center;margin-left: auto;margin-right: auto;margin-top:10px;margin-bottom:10px;width:100%;\"><\/div><div class=\"fusion-text fusion-text-2\"><div class=\"Parrafo\">\n<div class=\"Parrafo\">\n<p style=\"text-align: justify;\">A no\u00e7\u00e3o de delito \u00e9 uma arquitetura s\u00f3cio-jur\u00eddica, subsidi\u00e1ria da no\u00e7\u00e3o de Estado. Atua frente aos conflitos sociais, mediante a cria\u00e7\u00e3o, interpreta\u00e7\u00e3o e aplicaci\u00f3n coercitiva de normas. O delito \u00e9 uma abstra\u00e7\u00e3o jur\u00eddica que n\u00e3o existe na realidade social, isto \u00e9, existem a\u00e7\u00f5es conflitivas de diferentes magnitudes e preju\u00edzo social, que, simplesmente, t\u00eam em comum estarem descritas como delitos no c\u00f3digo penal. Desta forma, habilitam o poder punitivo a criminalizar certas condutas e pessoas, segundo seu arb\u00edtrio seletivo.<\/p>\n<p style=\"text-align: justify;\">N\u00e3o existem delitos que tenham sido sempre castigados em todo tempo e lugar: n\u00e3o houve conduta delitual que n\u00e3o tenha sido permitida, nem comportamento l\u00edcito que n\u00e3o tenha sido proibido (nem mesmo o homic\u00eddio foi sempre proibido e castigado). O cidad\u00e3o de bem e o r\u00e9u, ou a virtude e o v\u00edcio, s\u00e3o intercambi\u00e1veis na hist\u00f3ria dos c\u00f3digos penais. A imputa\u00e7\u00e3o de um delito, a identifica\u00e7\u00e3o do delinquente e as no\u00e7\u00f5es de culpa, responsabilidade e castigo s\u00e3o relativas ao contexto cultural e ao poder punitivo de cada \u00e9poca. Finalmente, n\u00e3o se pode dar um salto, a partir de um c\u00f3digo penal para o mundo social, e, muito menos cristalizar o delito como um pecado religioso ou uma patologia individual.<\/p>\n<p style=\"text-align: justify;\">Embora o delito n\u00e3o tenha corpo, nem possa ter origens biol\u00f3gicas, \u00e9tnicas ou morais, a psiquiatria positivista do s\u00e9culo XVIII instituiu, com sua falsa ci\u00eancia, a patologiza\u00e7\u00e3o do delito, ou seja, \u00absubstancializou\u00bb o delito com uma concep\u00e7\u00e3o biologicamente determinada da conduta individual (atualmente resgatada pelas neuroci\u00eancias a partir da neuroqu\u00edmica cerebral e da gen\u00e9tica molecular). Al\u00e9m do mais, a redu\u00e7\u00e3o biologizante, legitimadora do poder punitivo, sempre pretendeu fazer existir o delito na realidade social, contr\u00e1rio \u00e0 autonomia das pessoas e \u00e0 soberania jur\u00eddica sobre seus corpos.<\/p>\n<p style=\"text-align: justify;\">Da mesma forma, a hist\u00f3ria da penalidade verifica que o conceito de inimigo sempre est\u00e1 presente nos programas de criminaliza\u00e7\u00e3o de corpos humanos etiquetados como \u00abriscos sociais\u00bb e sem direitos. A materializa\u00e7\u00e3o dessa ideologia fica plasmada no \u00abdireito penal do inimigo\u00bb, que legitima ao Estado retirar o estatuto de pessoa a seus inimigos (jovens marginais, negros, imigrantes, subversivos, terroristas etc.), para salvaguardar a seguran\u00e7a dos cidad\u00e3os. Por isso, a doen\u00e7a end\u00eamica do poder punitivo \u00e9 o genoc\u00eddio; isto \u00e9 , um ataque fora do discurso e animado pelo \u00f3dio ao gozo do Outro, dirigido para o objeto inimigo (o nazismo foi a escolha de um inimigo a partir de um del\u00edrio biol\u00f3gico).<\/p>\n<p style=\"text-align: justify;\">A pena simb\u00f3lica e justific\u00e1vel, n\u00e3o \u00e9 pratic\u00e1vel ; o \u00abconsentimento subjetivo\u00bb da pena \u00e9 uma fantasia da psican\u00e1lise com o direito, o pai e a doutrina crist\u00e3. A pena real encarrega-se de impor censura atrav\u00e9s da degrada\u00e7\u00e3o social do transgresor, submetido a ser objeto de um sofrimento humilhante. Assim, a \u00abencarna\u00e7\u00e3o\u00bb do delito \u00e9 um ato pol\u00edtico, sempre racista, que produz um resto corporal rebaixado \u00e0 animalidade na fogueira, no campo de exterm\u00ednio, ou na pris\u00e3o.<\/p>\n<p style=\"text-align: justify;\">Uma l\u00f3gica bul\u00edmica opera na ordem de seguran\u00e7a do capitalismo avan\u00e7ado e o discurso global da ci\u00eancia: engole seus membros, consome massas de pessoas atrav\u00e9s da educa\u00e7\u00e3o, dos meios de comunica\u00e7\u00e3o e da participa\u00e7\u00e3o no mercado; e mediante o sistema penal, vomita os restos abjetos para fora do corpo pol\u00edtico-social. Com efeito, na \u00e9poca da crise das normas e da agita\u00e7\u00e3o do real, o poder punitivo j\u00e1 n\u00e3o opera a partir do semblante universal da justi\u00e7a, mas com uma finalidade pol\u00edtica de utilidade social, baseada na segrega\u00e7\u00e3o.<\/p>\n<\/div>\n<div id=\"CITAS\">\n<hr \/>\n<p style=\"text-align: justify;\">Tradu\u00e7\u00e3o: Elizabete Siqueira<\/p>\n<p style=\"text-align: justify;\"><b>Bibliograf\u00eda<\/b><\/p>\n<ol>\n<li style=\"text-align: justify;\">Lacan, J., \u00abO aturdito\u00bb,\u00a0<i>Outros escritos<\/i>, Jorge Zahar, Rio de Janeiro, 2003.<\/li>\n<li style=\"text-align: justify;\">Miller, J.-A.,\u00a0<i>Extimidad<\/i>, Paid\u00f3s, Bs. As., 2010.<\/li>\n<li style=\"text-align: justify;\">Pavarini, M., El arte abyecto, Ad-Hoc, Bs. As., 2006.<\/li>\n<li style=\"text-align: justify;\">Young, J., La sociedad excluyente, Marcial Pons, Madrid, 2003.<\/li>\n<li style=\"text-align: justify;\">Zaffaroni, R., Zaffaroni, R., El enemigo en el derecho penal, Ediar, Bs. As., 2005.<\/li>\n<\/ol>\n<\/div>\n<\/div>\n<\/div><\/div><\/div><\/div><\/div><\/p>\n","protected":false},"excerpt":{"rendered":"<p>Juan Pablo Mollo<\/p>\n","protected":false},"author":1,"featured_media":426,"menu_order":0,"comment_status":"open","ping_status":"closed","template":"","format":"standard","meta":{"_monsterinsights_skip_tracking":false,"_monsterinsights_sitenote_active":false,"_monsterinsights_sitenote_note":"","_monsterinsights_sitenote_category":0,"footnotes":""},"portfolio_category":[76],"portfolio_skills":[],"portfolio_tags":[],"_links":{"self":[{"href":"https:\/\/enapol.com\/vi\/wp-json\/wp\/v2\/avada_portfolio\/428"}],"collection":[{"href":"https:\/\/enapol.com\/vi\/wp-json\/wp\/v2\/avada_portfolio"}],"about":[{"href":"https:\/\/enapol.com\/vi\/wp-json\/wp\/v2\/types\/avada_portfolio"}],"author":[{"embeddable":true,"href":"https:\/\/enapol.com\/vi\/wp-json\/wp\/v2\/users\/1"}],"replies":[{"embeddable":true,"href":"https:\/\/enapol.com\/vi\/wp-json\/wp\/v2\/comments?post=428"}],"version-history":[{"count":1,"href":"https:\/\/enapol.com\/vi\/wp-json\/wp\/v2\/avada_portfolio\/428\/revisions"}],"predecessor-version":[{"id":429,"href":"https:\/\/enapol.com\/vi\/wp-json\/wp\/v2\/avada_portfolio\/428\/revisions\/429"}],"wp:featuredmedia":[{"embeddable":true,"href":"https:\/\/enapol.com\/vi\/wp-json\/wp\/v2\/media\/426"}],"wp:attachment":[{"href":"https:\/\/enapol.com\/vi\/wp-json\/wp\/v2\/media?parent=428"}],"wp:term":[{"taxonomy":"portfolio_category","embeddable":true,"href":"https:\/\/enapol.com\/vi\/wp-json\/wp\/v2\/portfolio_category?post=428"},{"taxonomy":"portfolio_skills","embeddable":true,"href":"https:\/\/enapol.com\/vi\/wp-json\/wp\/v2\/portfolio_skills?post=428"},{"taxonomy":"portfolio_tags","embeddable":true,"href":"https:\/\/enapol.com\/vi\/wp-json\/wp\/v2\/portfolio_tags?post=428"}],"curies":[{"name":"wp","href":"https:\/\/api.w.org\/{rel}","templated":true}]}}