{"id":506,"date":"2021-08-15T23:16:05","date_gmt":"2021-08-16T02:16:05","guid":{"rendered":"http:\/\/x-enapol.org\/vi\/?post_type=avada_portfolio&#038;p=506"},"modified":"2021-08-15T23:16:05","modified_gmt":"2021-08-16T02:16:05","slug":"el-cuerpo-se-anima","status":"publish","type":"avada_portfolio","link":"https:\/\/enapol.com\/vi\/portfolio-items\/el-cuerpo-se-anima\/","title":{"rendered":"El cuerpo se anima"},"content":{"rendered":"<p><div class=\"fusion-fullwidth fullwidth-box fusion-builder-row-1 fusion-flex-container nonhundred-percent-fullwidth non-hundred-percent-height-scrolling\" style=\"--awb-border-radius-top-left:0px;--awb-border-radius-top-right:0px;--awb-border-radius-bottom-right:0px;--awb-border-radius-bottom-left:0px;--awb-flex-wrap:wrap;\" ><div class=\"fusion-builder-row fusion-row fusion-flex-align-items-flex-start fusion-flex-content-wrap\" style=\"max-width:1352px;margin-left: calc(-4% \/ 2 );margin-right: calc(-4% \/ 2 );\"><div class=\"fusion-layout-column fusion_builder_column fusion-builder-column-0 fusion_builder_column_1_2 1_2 fusion-flex-column\" style=\"--awb-bg-size:cover;--awb-width-large:50%;--awb-margin-top-large:0px;--awb-spacing-right-large:3.84%;--awb-margin-bottom-large:20px;--awb-spacing-left-large:3.84%;--awb-width-medium:100%;--awb-order-medium:0;--awb-spacing-right-medium:1.92%;--awb-spacing-left-medium:1.92%;--awb-width-small:100%;--awb-order-small:0;--awb-spacing-right-small:1.92%;--awb-spacing-left-small:1.92%;\"><div class=\"fusion-column-wrapper fusion-column-has-shadow fusion-flex-justify-content-flex-start fusion-content-layout-column\"><div class=\"fusion-image-element \" style=\"text-align:left;--awb-bottom-shadow-color:rgba(0,0,0,0.4);--awb-caption-title-font-family:var(--h2_typography-font-family);--awb-caption-title-font-weight:var(--h2_typography-font-weight);--awb-caption-title-font-style:var(--h2_typography-font-style);--awb-caption-title-size:var(--h2_typography-font-size);--awb-caption-title-transform:var(--h2_typography-text-transform);--awb-caption-title-line-height:var(--h2_typography-line-height);--awb-caption-title-letter-spacing:var(--h2_typography-letter-spacing);\"><div class=\"awb-image-frame awb-image-frame-1 awb-bottomshadow\"><span class=\" fusion-imageframe imageframe-bottomshadow imageframe-1 hover-type-none\"><img decoding=\"async\" width=\"300\" height=\"200\" title=\"Marcela-Antelo\" src=\"http:\/\/enapol.com\/vi\/wp-content\/uploads\/sites\/8\/2021\/08\/Marcela-Antelo.jpg\" alt class=\"img-responsive wp-image-507\" srcset=\"https:\/\/enapol.com\/vi\/wp-content\/uploads\/sites\/8\/2021\/08\/Marcela-Antelo-200x133.jpg 200w, https:\/\/enapol.com\/vi\/wp-content\/uploads\/sites\/8\/2021\/08\/Marcela-Antelo.jpg 300w\" sizes=\"(max-width: 1024px) 100vw, (max-width: 640px) 100vw, 300px\" \/><\/span><svg xmlns=\"http:\/\/www.w3.org\/2000\/svg\" version=\"1.1\" width=\"100%\" viewBox=\"0 0 600 28\" preserveAspectRatio=\"none\"><g clip-path=\"url(#a)\"><mask id=\"b\" style=\"mask-type:luminance\" maskUnits=\"userSpaceOnUse\" x=\"0\" y=\"0\" width=\"600\" height=\"28\"><path d=\"M0 0h600v28H0V0Z\" fill=\"#fff\"\/><\/mask><g filter=\"url(#c)\" mask=\"url(#b)\"><path d=\"M16.439-18.667h567.123v30.8S438.961-8.4 300-8.4C161.04-8.4 16.438 12.133 16.438 12.133v-30.8Z\" fill=\"#000\"\/><\/g><\/g><defs><clipPath id=\"a\"><path fill=\"#fff\" d=\"M0 0h600v28H0z\"\/><\/clipPath><filter id=\"c\" x=\"5.438\" y=\"-29.667\" width=\"589.123\" height=\"52.8\" filterUnits=\"userSpaceOnUse\" color-interpolation-filters=\"sRGB\"><feFlood flood-opacity=\"0\" result=\"BackgroundImageFix\"\/><feBlend in=\"SourceGraphic\" in2=\"BackgroundImageFix\" result=\"shape\"\/><feGaussianBlur stdDeviation=\"5.5\" result=\"effect1_foregroundBlur_3983_183\"\/><\/filter><\/defs><\/svg><\/div><\/div><div class=\"fusion-separator fusion-full-width-sep\" style=\"align-self: center;margin-left: auto;margin-right: auto;margin-top:5px;margin-bottom:5px;width:100%;\"><\/div><div class=\"fusion-title title fusion-title-1 fusion-sep-none fusion-title-text fusion-title-size-three\" style=\"--awb-margin-bottom:0px;\"><h3 class=\"fusion-title-heading title-heading-left fusion-responsive-typography-calculated\" style=\"margin:0;--fontSize:30;line-height:1.3;\">Marcela Antelo<\/h3><\/div><div class=\"fusion-text fusion-text-1\"><p style=\"text-align: left;\"><strong>EBP (Bahia)<\/strong><\/p>\n<\/div><\/div><\/div><div class=\"fusion-layout-column fusion_builder_column fusion-builder-column-1 fusion_builder_column_1_2 1_2 fusion-flex-column\" style=\"--awb-bg-size:cover;--awb-width-large:50%;--awb-margin-top-large:0px;--awb-spacing-right-large:3.84%;--awb-margin-bottom-large:20px;--awb-spacing-left-large:3.84%;--awb-width-medium:100%;--awb-order-medium:0;--awb-spacing-right-medium:1.92%;--awb-spacing-left-medium:1.92%;--awb-width-small:100%;--awb-order-small:0;--awb-spacing-right-small:1.92%;--awb-spacing-left-small:1.92%;\"><div class=\"fusion-column-wrapper fusion-column-has-shadow fusion-flex-justify-content-flex-start fusion-content-layout-column\"><\/div><\/div><\/div><\/div><div class=\"fusion-fullwidth fullwidth-box fusion-builder-row-2 fusion-flex-container nonhundred-percent-fullwidth non-hundred-percent-height-scrolling\" style=\"--awb-border-radius-top-left:0px;--awb-border-radius-top-right:0px;--awb-border-radius-bottom-right:0px;--awb-border-radius-bottom-left:0px;--awb-flex-wrap:wrap;\" ><div class=\"fusion-builder-row fusion-row fusion-flex-align-items-flex-start fusion-flex-content-wrap\" style=\"max-width:1352px;margin-left: calc(-4% \/ 2 );margin-right: calc(-4% \/ 2 );\"><div class=\"fusion-layout-column fusion_builder_column fusion-builder-column-2 fusion_builder_column_1_1 1_1 fusion-flex-column\" style=\"--awb-bg-size:cover;--awb-width-large:100%;--awb-margin-top-large:0px;--awb-spacing-right-large:1.92%;--awb-margin-bottom-large:20px;--awb-spacing-left-large:1.92%;--awb-width-medium:100%;--awb-order-medium:0;--awb-spacing-right-medium:1.92%;--awb-spacing-left-medium:1.92%;--awb-width-small:100%;--awb-order-small:0;--awb-spacing-right-small:1.92%;--awb-spacing-left-small:1.92%;\"><div class=\"fusion-column-wrapper fusion-column-has-shadow fusion-flex-justify-content-flex-start fusion-content-layout-column\"><div class=\"fusion-separator fusion-full-width-sep\" style=\"align-self: center;margin-left: auto;margin-right: auto;margin-top:10px;margin-bottom:10px;width:100%;\"><\/div><div class=\"fusion-text fusion-text-2\"><div class=\"Parrafo\">\n<p style=\"text-align: justify;\">Hace veinte a\u00f1os, poco antes de que la tecnolog\u00eda de la realidad virtual se volviese real, Jaques-Alain Miller escrib\u00eda en \u00abAlgoritmos de psicoan\u00e1lisis\u00bb sobre la utilidad de las ciencias de la informaci\u00f3n. Consigue arrancar, no sin esfuerzo, al menos una: \u00abEstamos siempre all\u00ed: los prodigiosos\u00a0<i>gadgets<\/i>\u00a0micro-electr\u00f3nicos que ma\u00f1ana llover\u00e1n sobre nuestro mundo, vienen de una revoluci\u00f3n tecnol\u00f3gica, no te\u00f3rica. No se puede negar que estas pastillas de saber que est\u00e1n en la punta de los dedos son m\u00e1s objetos que las enormes computadoras de 1955, y nos hacen ver bien que lo simb\u00f3lico deviene m\u00e1s y m\u00e1s real\u00bb [1].<\/p>\n<p style=\"text-align: justify;\">Un cartel reunido sobre \u00abLas palabras y los cuerpos\u00bb no puede dejar de reconocer que veinte a\u00f1os de lluvia tecnol\u00f3gica ponen algo en la punta de los dedos. Las pastillas de saber, por obra de la nanotecnolog\u00eda de lo min\u00fasculo, pueden ser tragadas o implantadas para mapear las partes del cuerpo otrora inaccesibles. La piel como frontera del cuerpo ya hab\u00eda sido virtualmente violada desde la invenci\u00f3n de los rayos X y la observaci\u00f3n microsc\u00f3pica, pero que los microrobots puedan invadir la circulaci\u00f3n y detectar la obstrucci\u00f3n de las arterias, alertar aneurismas, detectar la presencia de piedras en la ves\u00edcula, o el exceso de serotonina, hace de las pastillas de saber la promesa de gozar de un saber, a gozar sin medida. Las extracciones de objetos de valor de pr\u00f3tesis, o el poder de la clonaci\u00f3n, c\u00e9lulas, tejidos y \u00f3rganos, se suman a la serie.<\/p>\n<p style=\"text-align: justify;\">La visibilidad tecnol\u00f3gica se multiplica y cabe preguntarnos sobre la inminencia de una revoluci\u00f3n te\u00f3rica, consecuencia que nos permite verificar a\u00fan m\u00e1s que lo simb\u00f3lico se torna cada vez m\u00e1s y m\u00e1s real.<\/p>\n<p style=\"text-align: justify;\">El tratamiento digital de lo real ilustra la est\u00fapida materialidad del significante, la mec\u00e1nica de los sucintos 0 y 1, simb\u00f3lico vac\u00edo y ciego que marc\u00f3 el inter\u00e9s de Lacan por la cibern\u00e9tica y la obra de Norbert Wiener. \u00ab<i>Cyber<\/i>\u00bb deriva del griego \u00ab<i>kybernetes<\/i>\u00ab, que significa \u00ab<i>steersman<\/i>\u00ab, timonel. Tiene relaci\u00f3n entonces al gobierno y Wiener, en 1947, defin\u00eda la cibern\u00e9tica como una particularidad de sistemas donde la retroalimentaci\u00f3n es fundamental, el\u00a0<i>feedback<\/i>. El\u00a0<i>Cyborg<\/i>, o el organismo cibern\u00e9tico, y sus variantes\u00a0<i>cyberbody, cyberbeing<\/i>, implican un gobierno del cuerpo donde tanto el gobernante como el gobernado son parte fundamental del sistema.<\/p>\n<p style=\"text-align: justify;\">Miller afirma que Lacan en su momento se sirvi\u00f3 de este \u00absimb\u00f3lico descarnado para desarticular el simb\u00f3lico delirante que devoraba al descubrimiento freudiano\u00bb [2]. Hoy parece posible servirse de las consecuencias te\u00f3ricas de la revoluci\u00f3n tecnol\u00f3gica para desarticular un objeto, o mejor, la propia objetalidad, rechazada por el significante que todo calcula. La as\u00ed llamada por Lacan gran\u00a0<i>Verwerfung<\/i>\u00a0de Descartes que rechaza el cuerpo fuera del pensamiento arroj\u00e1ndolo a una extensi\u00f3n, conden\u00e1ndolo as\u00ed a reaparecer en lo real.<\/p>\n<p style=\"text-align: justify;\">Lo simb\u00f3lico descarnado penetrando en la carne inaugura esa zona compleja entre lo virtual y lo real, morada del\u00a0<i>cyber<\/i>. \u00abEl\u00a0<i>cyber<\/i>\u00a0no es ni actual ni virtual simplemente; reside en un entre-dos, en espacios que no son ni aqu\u00ed ni all\u00e1, ni presente ni ausente, ni material ni inmaterial, ni &#8216;como&#8217; ni &#8216;como si'\u00bb [3]; ni real, ni semblante, agreguemos a la descripci\u00f3n de McHoul, heideggeriano contempor\u00e1neo.<\/p>\n<p style=\"text-align: justify;\"><b>Saber y cuerpo<\/b><br \/>\nQue el hombre se sepa como cuerpo, ese objeto \u00abpor el cual el hombre se sabe, se conoce como un cuerpo\u00bb [4], es el punto de partida que anticipa en el\u00a0<i>Seminario 1<\/i>\u00a0la articulaci\u00f3n entre cuerpo y goce a trav\u00e9s de un mediador, el saber. El saberse como goce del cuerpo consagra al saber como medio de goce y al cuerpo como causa de saber, pasi\u00f3n de la ciencia m\u00e9dica.<\/p>\n<p style=\"text-align: justify;\">Recordemos la primera tentaci\u00f3n de Descartes: \u00abPodr\u00eda fingir no tener cuerpo&#8230;\u00bb. No es por casualidad que es en el campo de la medicina donde la realidad virtual da sus pasos m\u00e1s osados. Eric Laurent hablando sobre la atribuci\u00f3n real del cuerpo, entre ciencia y psicoan\u00e1lisis, en una mesa redonda, parece concluir \u00abel cuerpo no existe para la medicina de la ciencia\u00bb [5]. Presencia del cuerpo ausente.<\/p>\n<p style=\"text-align: justify;\">La ciencia y su curiosidad idiosincr\u00e1tica nacieron con voluntad de disecci\u00f3n y conforme a como Lacan nos lo muestra durante el a\u00f1o en el que aborda la angustia: \u00ab\u2026dir\u00e9 que la objetalidad es el correlato de un\u00a0<i>pathos\u00a0<\/i>de corte\u00bb. Toda funci\u00f3n de causa se soporta en \u00abaquella parte de nosotros mismos, aquella parte de nuestra carne, que permanece atrapada en la maquina formal\u00bb [6]. La f\u00f3rmula \u00abEs tu coraz\u00f3n lo que quiero y nada m\u00e1s\u00bb le sirve para recalcar \u00abque nosotros somos objetales, lo cual significa que solo somos objeto del deseo en cuanto cuerpos. Punto esencial a recordar, puesto que uno de los campos creadores de la negaci\u00f3n es apelar a algo distinto, a alg\u00fan sustituto\u00bb [7].<\/p>\n<p style=\"text-align: justify;\">Las partes del cuerpo producidas por el corte, objetos perdidos e irrecuperables, soportar\u00e1n la funci\u00f3n de la causa siempre referida a una experiencia corporal. Hasta d\u00f3nde me pertenece mi brazo, si me puedo transformar en el brazo derecho o izquierdo de alg\u00fan otro, se pregunta Lacan al introducir la cuesti\u00f3n del control y del cuerpo como instrumento, la cuesti\u00f3n de la instrumentalizaci\u00f3n del sujeto.<\/p>\n<p style=\"text-align: justify;\">La actualidad de la programaci\u00f3n y de los algoritmos fue la base de la reconfiguraci\u00f3n de la cultura provocada por la conversaci\u00f3n inexorable entre las matem\u00e1ticas, la f\u00edsica, la biolog\u00eda y la cibern\u00e9tica junto a la teor\u00eda de la comunicaci\u00f3n y la gen\u00e9tica en los \u00faltimos a\u00f1os. La biotecnolog\u00eda, la endof\u00edsica, la medicina hablan de drama en una conversaci\u00f3n en curso llamada\u00a0<i>Body Works<\/i>\u00a0[8] (<i>The body in the late XX century<\/i>). No se trata solamente de ver, sino imaginar, controlar, intervenir, redise\u00f1ar, hasta escoger nuevas formas corporales.<\/p>\n<p style=\"text-align: justify;\">En la Editorial de\u00a0<i>Ornicar? digital 70<\/i>, Eric Laurent se refiere a los objetos extra\u00eddos del cuerpo: \u00abno nos hacen creer en el alma sino en la\u00a0<i>lamelle<\/i>\u00ab. La\u00a0<i>lamelle<\/i>\u00a0que nos anima.<\/p>\n<p style=\"text-align: justify;\"><b>El cuerpo obsoleto<\/b><br \/>\nEl\u00a0<i>infobody<\/i>\u00a0o cuerpo cibern\u00e9tico es pasi\u00f3n de vanguardias art\u00edsticas que vuelven evidente la relaci\u00f3n de desarreglo del hombre con su cuerpo, el cuerpo como\u00a0<i>partenaire<\/i>\u00a0sintom\u00e1tico del sujeto. Sterlac [9], artista y\u00a0<i>performer\u00a0<\/i>australiano, inventor del cuerpo expandido, dice que el cuerpo carece de\u00a0<i>\u00abdesign\u00bb<\/i>\u00a0modular y por eso es \u00abobsoleto\u00bb, significante performativo seg\u00fan Lacan. Cae en la tentaci\u00f3n de Descartes y da un paso m\u00e1s, aparato biol\u00f3gicamente inadecuado que demanda una suplencia tecnol\u00f3gica para\u00a0<i>savoir-y-faire<\/i>\u00a0con esa inadecuaci\u00f3n fundamental. Es la tecnolog\u00eda la que nos define como humanos y no una estructura obsoleta de la carne incompatible con la era de la informaci\u00f3n\/acci\u00f3n. La primera medida es liquidar la piel como barrera; antigua interface del cuerpo. Sterlac sabe de las consecuencias de borrar la zona er\u00f3gena m\u00e1s extensa del cuerpo, seg\u00fan sigamos a Freud, la m\u00e1s profunda, si seguimos a Paul Val\u00e9ry.<\/p>\n<p style=\"text-align: justify;\">Nada nuevo aparecer\u00e1 en el pensamiento hasta que redise\u00f1emos el cuerpo, dice Sterlac. Nuestra tendencia al Uno, la vocaci\u00f3n de unificar, proviene de la incompletud de nuestros sistemas sensoriales. Sterlac propone superar el dualismo cartesiano y pensar en un \u00abcuerpo\u00a0<i>pluggeado<\/i>\u00bb a un nuevo terreno tecnol\u00f3gico.<\/p>\n<p style=\"text-align: justify;\">Se trata, por lo tanto, de lo contrario de lo que sustenta Lacan al situar la divisi\u00f3n [10] como ya realizada, sin remedio. Tal divisi\u00f3n comporta una actitud radical, de la cual parti\u00f3 Freud: frente al cuerpo, el m\u00e9dico tiene la actitud del se\u00f1or que desarma una m\u00e1quina.<\/p>\n<p style=\"text-align: justify;\">R. U. Sirius, editor del\u00a0<i>Mondo 2000<\/i>, cabeza de la vanguardia del cyberdiscurso vaticina que nos estamos tornando incorp\u00f3reos, pero mostrando la seriedad que su nombre promete, concluye: \u00abEl sexo es el \u00fanico buen pretexto para ser corp\u00f3reo y ser\u00eda bueno aprovecharlo al m\u00e1ximo antes de que pase de moda\u00bb. [11]<\/p>\n<p style=\"text-align: justify;\">Los pretextos para ser corp\u00f3reos inauguran una lista en la cual el psicoan\u00e1lisis no puede no contarse.<\/p>\n<\/div>\n<div id=\"CITAS\">\n<hr \/>\n<p style=\"text-align: justify;\">Traducci\u00f3n: Cecilia Parrillo<br \/>\n* Extra\u00eddo de O corpo se anima, Marcela Antelo, ORNICAR? Digital &#8211; N\u00b0 75, 29 Janeiro 1999.<\/p>\n<ol>\n<li style=\"text-align: justify;\">Miller, J-.A., \u00bb\u00a0<i>Algorithmes de psychanalyse<\/i>\u00ab, \u00abOrnicar?\u00bb, n\u00b0 16,\u00a0<i>Bulletin p\u00e9riodique du Champ freudien<\/i>, 1978, p. 17.<\/li>\n<li style=\"text-align: justify;\">Ibid.<\/li>\n<li style=\"text-align: justify;\">McHoul, A.,\u00a0<i>Cyberbeing and space<\/i>, Murdock University, 1997,\u00a0<a href=\"http:\/\/jefferson.village.virginia.edu\/pmc\/text-only\/issue.99\/mchoul.997\" target=\"_blank\" rel=\"noopener\">http:\/\/jefferson.village.virginia.edu\/pmc\/text-only\/issue.99\/\/mchoul.997<\/a><\/li>\n<li style=\"text-align: justify;\">Lacan, J.,\u00a0<i>El Seminario, Libro\u00a0<\/i>1,\u00a0<i>Los escritos t\u00e9cnicos de Freud<\/i>, 5 de mayo de 1954, Paid\u00f3s, Bs. As., 1984, p. 253. \u00abEl hombre sabe que es un cuerpo, cuando en realidad no hay ninguna raz\u00f3n para que lo sepa, puesto que est\u00e1 en su interior\u00bb.<\/li>\n<li style=\"text-align: justify;\">Laurent, \u00c9., \u00ab<i>L&#8217;attribution r\u00e9lle du corps, entre science et psychanalyse<\/i>\u00ab, Mental, n\u00b0 5, Bruxelles, juillet 1998, p. 58.<\/li>\n<li style=\"text-align: justify;\">Lacan, J.,\u00a0<i>El Seminario, Libro 10, La angustia,\u00a0<\/i>8 de mayo de 1963, Paid\u00f3s, Bs. As., 2006, pp. 232-233.<\/li>\n<li style=\"text-align: justify;\">Ib\u00edd.<\/li>\n<li style=\"text-align: justify;\"><a href=\"http:\/\/www.stanford.edu\/dept\/HPS\/153-253.html\" target=\"_blank\" rel=\"noopener\">http:\/\/www.stanford.edu\/dept\/HPS\/153-253.html<\/a><\/li>\n<li style=\"text-align: justify;\"><a href=\"http:\/\/www.stanford.edu\/dept\/HPS\/stelarc\/a29-extended_body.html\" target=\"_blank\" rel=\"noopener\">http:\/\/www.stanford.edu\/dept\/HPS\/\/stelarc\/a29-extended_body.html<\/a><\/li>\n<li style=\"text-align: justify;\">\u00abEs absolutamente extra\u00f1o estar localizado en un cuerpo, y a esa extra\u00f1eza no ser\u00eda posible minimizarla, a pesar de que nos pasamos jact\u00e1ndonos de haber reinventado la unidad humana, esa que el idiota de Descartes hab\u00eda recortado\u00bb, Lacan, J.,\u00a0<i>El Seminario, Libro 2, El yo en la teor\u00eda de Freud y en la t\u00e9cnica psicoanal\u00edtica,\u00a0<\/i>12 de enero de 1955, Paid\u00f3s, Bs. As., 1988, p. 116.<\/li>\n<li style=\"text-align: justify;\"><a href=\"http:\/\/www.mondo2000.com\/\" target=\"_blank\" rel=\"noopener\">http:\/\/www.mondo2000.com<\/a><\/li>\n<\/ol>\n<\/div>\n<\/div><\/div><\/div><\/div><\/div><\/p>\n","protected":false},"excerpt":{"rendered":"<p>Marcela Antelo<\/p>\n","protected":false},"author":1,"featured_media":507,"menu_order":0,"comment_status":"open","ping_status":"closed","template":"","format":"standard","meta":{"_monsterinsights_skip_tracking":false,"_monsterinsights_sitenote_active":false,"_monsterinsights_sitenote_note":"","_monsterinsights_sitenote_category":0,"footnotes":""},"portfolio_category":[62],"portfolio_skills":[],"portfolio_tags":[],"_links":{"self":[{"href":"https:\/\/enapol.com\/vi\/wp-json\/wp\/v2\/avada_portfolio\/506"}],"collection":[{"href":"https:\/\/enapol.com\/vi\/wp-json\/wp\/v2\/avada_portfolio"}],"about":[{"href":"https:\/\/enapol.com\/vi\/wp-json\/wp\/v2\/types\/avada_portfolio"}],"author":[{"embeddable":true,"href":"https:\/\/enapol.com\/vi\/wp-json\/wp\/v2\/users\/1"}],"replies":[{"embeddable":true,"href":"https:\/\/enapol.com\/vi\/wp-json\/wp\/v2\/comments?post=506"}],"version-history":[{"count":1,"href":"https:\/\/enapol.com\/vi\/wp-json\/wp\/v2\/avada_portfolio\/506\/revisions"}],"predecessor-version":[{"id":508,"href":"https:\/\/enapol.com\/vi\/wp-json\/wp\/v2\/avada_portfolio\/506\/revisions\/508"}],"wp:featuredmedia":[{"embeddable":true,"href":"https:\/\/enapol.com\/vi\/wp-json\/wp\/v2\/media\/507"}],"wp:attachment":[{"href":"https:\/\/enapol.com\/vi\/wp-json\/wp\/v2\/media?parent=506"}],"wp:term":[{"taxonomy":"portfolio_category","embeddable":true,"href":"https:\/\/enapol.com\/vi\/wp-json\/wp\/v2\/portfolio_category?post=506"},{"taxonomy":"portfolio_skills","embeddable":true,"href":"https:\/\/enapol.com\/vi\/wp-json\/wp\/v2\/portfolio_skills?post=506"},{"taxonomy":"portfolio_tags","embeddable":true,"href":"https:\/\/enapol.com\/vi\/wp-json\/wp\/v2\/portfolio_tags?post=506"}],"curies":[{"name":"wp","href":"https:\/\/api.w.org\/{rel}","templated":true}]}}