{"id":529,"date":"2021-08-15T23:30:14","date_gmt":"2021-08-16T02:30:14","guid":{"rendered":"http:\/\/x-enapol.org\/vi\/?post_type=avada_portfolio&#038;p=529"},"modified":"2021-08-15T23:30:14","modified_gmt":"2021-08-16T02:30:14","slug":"acontecimento-de-corpo-e-transferencia-na-clinica-com-autistas","status":"publish","type":"avada_portfolio","link":"https:\/\/enapol.com\/vi\/pt\/portfolio-items\/acontecimento-de-corpo-e-transferencia-na-clinica-com-autistas\/","title":{"rendered":"Acontecimento de corpo e transfer\u00eancia na cl\u00ednica com autistas"},"content":{"rendered":"<p><div class=\"fusion-fullwidth fullwidth-box fusion-builder-row-1 fusion-flex-container nonhundred-percent-fullwidth non-hundred-percent-height-scrolling\" style=\"--awb-border-radius-top-left:0px;--awb-border-radius-top-right:0px;--awb-border-radius-bottom-right:0px;--awb-border-radius-bottom-left:0px;--awb-flex-wrap:wrap;\" ><div class=\"fusion-builder-row fusion-row fusion-flex-align-items-flex-start fusion-flex-content-wrap\" style=\"max-width:1352px;margin-left: calc(-4% \/ 2 );margin-right: calc(-4% \/ 2 );\"><div class=\"fusion-layout-column fusion_builder_column fusion-builder-column-0 fusion_builder_column_1_2 1_2 fusion-flex-column\" style=\"--awb-bg-size:cover;--awb-width-large:50%;--awb-margin-top-large:0px;--awb-spacing-right-large:3.84%;--awb-margin-bottom-large:20px;--awb-spacing-left-large:3.84%;--awb-width-medium:100%;--awb-order-medium:0;--awb-spacing-right-medium:1.92%;--awb-spacing-left-medium:1.92%;--awb-width-small:100%;--awb-order-small:0;--awb-spacing-right-small:1.92%;--awb-spacing-left-small:1.92%;\"><div class=\"fusion-column-wrapper fusion-column-has-shadow fusion-flex-justify-content-flex-start fusion-content-layout-column\"><div class=\"fusion-image-element \" style=\"text-align:left;--awb-bottom-shadow-color:rgba(0,0,0,0.4);--awb-caption-title-font-family:var(--h2_typography-font-family);--awb-caption-title-font-weight:var(--h2_typography-font-weight);--awb-caption-title-font-style:var(--h2_typography-font-style);--awb-caption-title-size:var(--h2_typography-font-size);--awb-caption-title-transform:var(--h2_typography-text-transform);--awb-caption-title-line-height:var(--h2_typography-line-height);--awb-caption-title-letter-spacing:var(--h2_typography-letter-spacing);\"><div class=\"awb-image-frame awb-image-frame-1 awb-bottomshadow\"><span class=\" fusion-imageframe imageframe-bottomshadow imageframe-1 hover-type-none\"><img decoding=\"async\" width=\"300\" height=\"200\" title=\"Tania-Abreu\" src=\"http:\/\/enapol.com\/vi\/wp-content\/uploads\/sites\/8\/2021\/08\/Tania-Abreu.jpg\" alt class=\"img-responsive wp-image-527\" srcset=\"https:\/\/enapol.com\/vi\/wp-content\/uploads\/sites\/8\/2021\/08\/Tania-Abreu-200x133.jpg 200w, https:\/\/enapol.com\/vi\/wp-content\/uploads\/sites\/8\/2021\/08\/Tania-Abreu.jpg 300w\" sizes=\"(max-width: 1024px) 100vw, (max-width: 640px) 100vw, 300px\" \/><\/span><svg xmlns=\"http:\/\/www.w3.org\/2000\/svg\" version=\"1.1\" width=\"100%\" viewBox=\"0 0 600 28\" preserveAspectRatio=\"none\"><g clip-path=\"url(#a)\"><mask id=\"b\" style=\"mask-type:luminance\" maskUnits=\"userSpaceOnUse\" x=\"0\" y=\"0\" width=\"600\" height=\"28\"><path d=\"M0 0h600v28H0V0Z\" fill=\"#fff\"\/><\/mask><g filter=\"url(#c)\" mask=\"url(#b)\"><path d=\"M16.439-18.667h567.123v30.8S438.961-8.4 300-8.4C161.04-8.4 16.438 12.133 16.438 12.133v-30.8Z\" fill=\"#000\"\/><\/g><\/g><defs><clipPath id=\"a\"><path fill=\"#fff\" d=\"M0 0h600v28H0z\"\/><\/clipPath><filter id=\"c\" x=\"5.438\" y=\"-29.667\" width=\"589.123\" height=\"52.8\" filterUnits=\"userSpaceOnUse\" color-interpolation-filters=\"sRGB\"><feFlood flood-opacity=\"0\" result=\"BackgroundImageFix\"\/><feBlend in=\"SourceGraphic\" in2=\"BackgroundImageFix\" result=\"shape\"\/><feGaussianBlur stdDeviation=\"5.5\" result=\"effect1_foregroundBlur_3983_183\"\/><\/filter><\/defs><\/svg><\/div><\/div><div class=\"fusion-separator fusion-full-width-sep\" style=\"align-self: center;margin-left: auto;margin-right: auto;margin-top:5px;margin-bottom:5px;width:100%;\"><\/div><div class=\"fusion-title title fusion-title-1 fusion-sep-none fusion-title-text fusion-title-size-three\" style=\"--awb-margin-bottom:0px;\"><h3 class=\"fusion-title-heading title-heading-left fusion-responsive-typography-calculated\" style=\"margin:0;--fontSize:30;line-height:1.3;\">T\u00e2nia Abreu<\/h3><\/div><div class=\"fusion-text fusion-text-1\"><p style=\"text-align: left;\"><strong>EBP<\/strong><\/p>\n<\/div><\/div><\/div><div class=\"fusion-layout-column fusion_builder_column fusion-builder-column-1 fusion_builder_column_1_2 1_2 fusion-flex-column\" style=\"--awb-bg-size:cover;--awb-width-large:50%;--awb-margin-top-large:0px;--awb-spacing-right-large:3.84%;--awb-margin-bottom-large:20px;--awb-spacing-left-large:3.84%;--awb-width-medium:100%;--awb-order-medium:0;--awb-spacing-right-medium:1.92%;--awb-spacing-left-medium:1.92%;--awb-width-small:100%;--awb-order-small:0;--awb-spacing-right-small:1.92%;--awb-spacing-left-small:1.92%;\"><div class=\"fusion-column-wrapper fusion-column-has-shadow fusion-flex-justify-content-flex-start fusion-content-layout-column\"><\/div><\/div><\/div><\/div><div class=\"fusion-fullwidth fullwidth-box fusion-builder-row-2 fusion-flex-container nonhundred-percent-fullwidth non-hundred-percent-height-scrolling\" style=\"--awb-border-radius-top-left:0px;--awb-border-radius-top-right:0px;--awb-border-radius-bottom-right:0px;--awb-border-radius-bottom-left:0px;--awb-flex-wrap:wrap;\" ><div class=\"fusion-builder-row fusion-row fusion-flex-align-items-flex-start fusion-flex-content-wrap\" style=\"max-width:1352px;margin-left: calc(-4% \/ 2 );margin-right: calc(-4% \/ 2 );\"><div class=\"fusion-layout-column fusion_builder_column fusion-builder-column-2 fusion_builder_column_1_1 1_1 fusion-flex-column\" style=\"--awb-bg-size:cover;--awb-width-large:100%;--awb-margin-top-large:0px;--awb-spacing-right-large:1.92%;--awb-margin-bottom-large:20px;--awb-spacing-left-large:1.92%;--awb-width-medium:100%;--awb-order-medium:0;--awb-spacing-right-medium:1.92%;--awb-spacing-left-medium:1.92%;--awb-width-small:100%;--awb-order-small:0;--awb-spacing-right-small:1.92%;--awb-spacing-left-small:1.92%;\"><div class=\"fusion-column-wrapper fusion-column-has-shadow fusion-flex-justify-content-flex-start fusion-content-layout-column\"><div class=\"fusion-separator fusion-full-width-sep\" style=\"align-self: center;margin-left: auto;margin-right: auto;margin-top:10px;margin-bottom:10px;width:100%;\"><\/div><div class=\"fusion-text fusion-text-2\"><div class=\"Parrafo\">\n<div class=\"Parrafo\">\n<p style=\"text-align: justify;\">A cl\u00ednica com autistas exige do analista uma postura ativa e inventiva, sobretudo em uma \u00e9poca que a Ci\u00eancia e seu saber todo procuram injetar solu\u00e7\u00f5es onde a linguagem faz furo. Assim, alguns \u00edndices que observava nesta cl\u00ednica se deslocaram do campo da inquieta\u00e7\u00e3o para uma busca de formaliza\u00e7\u00e3o, atrav\u00e9s de articula\u00e7\u00f5es entre acontecimento de corpo e transfer\u00eancia.<\/p>\n<p style=\"text-align: justify;\"><b>1. Autismo: cl\u00ednica do Real<\/b><br \/>Ansermet [1] adverte que o autismo \u00e9 uma patologia lim\u00edtrofe entre a medicina e a psican\u00e1lise, visto que aciona as quest\u00f5es de uma cl\u00ednica do real. Prop\u00f5e que pensemos uma continuidade entre a dimens\u00e3o do organismo e a do sujeito. Assim pensado, o autista estaria na fronteira da linguagem, confrontado \u00e0s suas leis, mas por elas petrificado.<\/p>\n<p style=\"text-align: justify;\"><b>2. Acontecimento de Corpo: uma fixa\u00e7\u00e3o<\/b><br \/>Para Laurent, falar n\u00e3o \u00e9 um ato cognitivo, mas algo da ordem de um arrancamento (<i>arrachement)\u00a0<\/i>no real, de uma mutila\u00e7\u00e3o. O encontro com a palavra para o sujeito autista tem o efeito de uma \u00abpaulada\u00bb no seu gozo de corpo vivo, deixando-o servo do UM de gozo que n\u00e3o pode ser apagado.<\/p>\n<p style=\"text-align: justify;\">\u00ab&#8230;no campo do espectro dos autismos, o Um de gozo n\u00e3o pode ser apagado; n\u00e3o h\u00e1 apagamento dessa marca do acontecimento de corpo. \u00c9 isto o acontecimento de corpo: uma palavra \u00e9 pronunciada, e a crian\u00e7a fica submetida a um horror particular, como indicara o Dr. Lacan, em sua Confer\u00eancia sobre o sintoma, em Genebra\u00bb. [2] Esse n\u00e3o apagamento do Um marca o corpo como um corpo que goza de si mesmo, num para al\u00e9m do Princ\u00edpio do Prazer. Nas distintas pr\u00e1ticas dos sujeitos autistas com seu corpo, com as quais eles tentam estabilizar sua rela\u00e7\u00e3o com o acontecimento de corpo, vemos a demonstra\u00e7\u00e3o de como o corpo \u00e9 invadido por um pleno de gozo e tamb\u00e9m que esses sujeitos tentam extrair algo do corpo. [3]<\/p>\n<p style=\"text-align: justify;\"><b>3. Vinheta Cl\u00ednica<\/b><br \/>Trata-se de Jos\u00e9 que aos tr\u00eas anos, quando se depara com a falta simb\u00f3lica, com o Outro que diz \u00abn\u00e3o\u00bb, provoca v\u00f4mitos enfiando o dedo na garganta e chora muito. A crian\u00e7a autista tem um acesso direto ao Real ao qual nada falta, obrigando o sujeito a esburac\u00e1-lo. O choro e o v\u00f4mito teriam esta fun\u00e7\u00e3o de esvaziamento do Real, pleno de gozo invasivo que configura o acontecimento de corpo.<\/p>\n<p style=\"text-align: justify;\">A itera\u00e7\u00e3o do Um de gozo no campo do autismo n\u00e3o leva ao apagamento do acontecimento de gozo. Essa preval\u00eancia do Um gera fixidez, que e se expressa no autismo como um excesso de gozo em um corpo no qual o\u00a0<i>a\u00a0<\/i>n\u00e3o teve a fun\u00e7\u00e3o de fazer borda. Como defesa, o autista se encapsula, cria barreiras \u00e0 aproxima\u00e7\u00e3o do Outro e seus objetos, que n\u00e3o funcionam como objetos pulsionais, mas como objetos reais que se caracterizam por uma presen\u00e7a excessiva.<\/p>\n<p style=\"text-align: justify;\">A escolha dos objetos aut\u00edsticos, que n\u00e3o funcionam como moedas de troca, mas como suplementos do corpo sem forma, adquirem o estatuto de borda entre o corpo e o mundo exterior. Para Jos\u00e9 a elei\u00e7\u00e3o recaiu sobre os carros e suas rodas que det\u00eam seu olhar de modo privilegiado.<\/p>\n<p style=\"text-align: justify;\"><b>4. Transfer\u00eancia: uma inven\u00e7\u00e3o<\/b><br \/>A transfer\u00eancia n\u00e3o se instala pelo vi\u00e9s do SSS, mas sim pela modula\u00e7\u00e3o da voz, pelas possibilidades que o analista tem de \u00abaceitar os tratamentos poss\u00edveis do insuport\u00e1vel do Um da l\u00edngua sobre o corpo\u00bb. [4] O analista age \u00abpermitindo um registro da letra o mais amplo poss\u00edvel\u00bb, [5] ao acolher esta singularidade.<\/p>\n<p style=\"text-align: justify;\">0 trabalho transferencial iniciou atrav\u00e9s da informa\u00e7\u00e3o dos pais que Jos\u00e9 tinha interesse por l\u00e1pis e papel. Aos poucos, a analista percebeu interesse pelos movimentos circulares e por carrinhos. Desenha c\u00edrculos e emite a palavra \u00abbola\u00bb&#8230; \u00abbola\u00bb, sempre com a mesma entona\u00e7\u00e3o. Jos\u00e9 aceita a brincadeira e desenha.<\/p>\n<p style=\"text-align: justify;\">O efeito foi aquisi\u00e7\u00e3o de novos voc\u00e1bulos, atrav\u00e9s do acolhimento do interesse pelo movimento circular circunscrito ao papel e configurado na elei\u00e7\u00e3o dos \u00abcarrinhos\u00bb como objeto aut\u00edstico. Uma elasticidade em rela\u00e7\u00e3o ao encontro traum\u00e1tico que Jos\u00e9 teve com a palavra, acontecimento de corpo, causando certo apaziguamento da ang\u00fastia e deslizamento meton\u00edmico.<\/p>\n<\/div>\n<div id=\"CITAS\">\n<hr \/>\n<ol>\n<li style=\"text-align: justify;\">Ansermet, F., \u00abAutismo e resposta do sujeito\u00bb,\u00a0<i>A Cl\u00ednica da Origem: a crian\u00e7a entre a medicina e a psican\u00e1lise,<\/i>\u00a0cap. 5, Contracapa, RJ, 2003, pp. 81 a 94.<\/li>\n<li style=\"text-align: justify;\">Lacan, J., \u00abConfer\u00eancia em Genebra sobre o sintoma\u00bb,\u00a0<i>Op\u00e7\u00e3o lacaniana<\/i>, n. 23, Edi\u00e7\u00f5es E\u00f3lia, S\u00e3o Paulo, dez. de 1998.<\/li>\n<li style=\"text-align: justify;\">Laurent, \u00c9., \u00abO que nos ensinam os autistas\u00bb,\u00a0<i>Autismo(s) e atualidade: Uma leitura lacaniana,<\/i>\u00a0org(s): Murta, Ahttp:\/\/www.enapol.com\/pt\/Calmon, Ahttp:\/\/www.enapol.com\/pt\/ Rosa, M., Scriptum Livros, BH, 2012, p. 28.<\/li>\n<li style=\"text-align: justify;\">Ib\u00edd., p.36.<\/li>\n<li style=\"text-align: justify;\">Ib\u00edd., p.37.<\/li>\n<\/ol>\n<\/div>\n<\/div>\n<\/div><\/div><\/div><\/div><\/div><\/p>\n","protected":false},"excerpt":{"rendered":"<p>T\u00e2nia Abreu<\/p>\n","protected":false},"author":1,"featured_media":527,"menu_order":0,"comment_status":"open","ping_status":"closed","template":"","format":"standard","meta":{"_monsterinsights_skip_tracking":false,"_monsterinsights_sitenote_active":false,"_monsterinsights_sitenote_note":"","_monsterinsights_sitenote_category":0,"footnotes":""},"portfolio_category":[78],"portfolio_skills":[],"portfolio_tags":[],"_links":{"self":[{"href":"https:\/\/enapol.com\/vi\/wp-json\/wp\/v2\/avada_portfolio\/529"}],"collection":[{"href":"https:\/\/enapol.com\/vi\/wp-json\/wp\/v2\/avada_portfolio"}],"about":[{"href":"https:\/\/enapol.com\/vi\/wp-json\/wp\/v2\/types\/avada_portfolio"}],"author":[{"embeddable":true,"href":"https:\/\/enapol.com\/vi\/wp-json\/wp\/v2\/users\/1"}],"replies":[{"embeddable":true,"href":"https:\/\/enapol.com\/vi\/wp-json\/wp\/v2\/comments?post=529"}],"version-history":[{"count":1,"href":"https:\/\/enapol.com\/vi\/wp-json\/wp\/v2\/avada_portfolio\/529\/revisions"}],"predecessor-version":[{"id":530,"href":"https:\/\/enapol.com\/vi\/wp-json\/wp\/v2\/avada_portfolio\/529\/revisions\/530"}],"wp:featuredmedia":[{"embeddable":true,"href":"https:\/\/enapol.com\/vi\/wp-json\/wp\/v2\/media\/527"}],"wp:attachment":[{"href":"https:\/\/enapol.com\/vi\/wp-json\/wp\/v2\/media?parent=529"}],"wp:term":[{"taxonomy":"portfolio_category","embeddable":true,"href":"https:\/\/enapol.com\/vi\/wp-json\/wp\/v2\/portfolio_category?post=529"},{"taxonomy":"portfolio_skills","embeddable":true,"href":"https:\/\/enapol.com\/vi\/wp-json\/wp\/v2\/portfolio_skills?post=529"},{"taxonomy":"portfolio_tags","embeddable":true,"href":"https:\/\/enapol.com\/vi\/wp-json\/wp\/v2\/portfolio_tags?post=529"}],"curies":[{"name":"wp","href":"https:\/\/api.w.org\/{rel}","templated":true}]}}