{"id":544,"date":"2021-08-15T23:37:54","date_gmt":"2021-08-16T02:37:54","guid":{"rendered":"http:\/\/x-enapol.org\/vi\/?post_type=avada_portfolio&#038;p=544"},"modified":"2021-08-15T23:37:54","modified_gmt":"2021-08-16T02:37:54","slug":"todos-nascemos-orfaos","status":"publish","type":"avada_portfolio","link":"https:\/\/enapol.com\/vi\/pt\/portfolio-items\/todos-nascemos-orfaos\/","title":{"rendered":"Todos nascemos \u00f3rf\u00e3os"},"content":{"rendered":"<p><div class=\"fusion-fullwidth fullwidth-box fusion-builder-row-1 fusion-flex-container nonhundred-percent-fullwidth non-hundred-percent-height-scrolling\" style=\"--awb-border-radius-top-left:0px;--awb-border-radius-top-right:0px;--awb-border-radius-bottom-right:0px;--awb-border-radius-bottom-left:0px;--awb-flex-wrap:wrap;\" ><div class=\"fusion-builder-row fusion-row fusion-flex-align-items-flex-start fusion-flex-content-wrap\" style=\"max-width:1352px;margin-left: calc(-4% \/ 2 );margin-right: calc(-4% \/ 2 );\"><div class=\"fusion-layout-column fusion_builder_column fusion-builder-column-0 fusion_builder_column_1_2 1_2 fusion-flex-column\" style=\"--awb-bg-size:cover;--awb-width-large:50%;--awb-margin-top-large:0px;--awb-spacing-right-large:3.84%;--awb-margin-bottom-large:20px;--awb-spacing-left-large:3.84%;--awb-width-medium:100%;--awb-order-medium:0;--awb-spacing-right-medium:1.92%;--awb-spacing-left-medium:1.92%;--awb-width-small:100%;--awb-order-small:0;--awb-spacing-right-small:1.92%;--awb-spacing-left-small:1.92%;\"><div class=\"fusion-column-wrapper fusion-column-has-shadow fusion-flex-justify-content-flex-start fusion-content-layout-column\"><div class=\"fusion-image-element \" style=\"text-align:left;--awb-bottom-shadow-color:rgba(0,0,0,0.4);--awb-caption-title-font-family:var(--h2_typography-font-family);--awb-caption-title-font-weight:var(--h2_typography-font-weight);--awb-caption-title-font-style:var(--h2_typography-font-style);--awb-caption-title-size:var(--h2_typography-font-size);--awb-caption-title-transform:var(--h2_typography-text-transform);--awb-caption-title-line-height:var(--h2_typography-line-height);--awb-caption-title-letter-spacing:var(--h2_typography-letter-spacing);\"><div class=\"awb-image-frame awb-image-frame-1 awb-bottomshadow\"><span class=\" fusion-imageframe imageframe-bottomshadow imageframe-1 hover-type-none\"><img decoding=\"async\" width=\"300\" height=\"200\" title=\"Celeste-Vinal\" src=\"http:\/\/enapol.com\/vi\/wp-content\/uploads\/sites\/8\/2021\/08\/Celeste-Vinal.jpg\" alt class=\"img-responsive wp-image-542\" srcset=\"https:\/\/enapol.com\/vi\/wp-content\/uploads\/sites\/8\/2021\/08\/Celeste-Vinal-200x133.jpg 200w, https:\/\/enapol.com\/vi\/wp-content\/uploads\/sites\/8\/2021\/08\/Celeste-Vinal.jpg 300w\" sizes=\"(max-width: 1024px) 100vw, (max-width: 640px) 100vw, 300px\" \/><\/span><svg xmlns=\"http:\/\/www.w3.org\/2000\/svg\" version=\"1.1\" width=\"100%\" viewBox=\"0 0 600 28\" preserveAspectRatio=\"none\"><g clip-path=\"url(#a)\"><mask id=\"b\" style=\"mask-type:luminance\" maskUnits=\"userSpaceOnUse\" x=\"0\" y=\"0\" width=\"600\" height=\"28\"><path d=\"M0 0h600v28H0V0Z\" fill=\"#fff\"\/><\/mask><g filter=\"url(#c)\" mask=\"url(#b)\"><path d=\"M16.439-18.667h567.123v30.8S438.961-8.4 300-8.4C161.04-8.4 16.438 12.133 16.438 12.133v-30.8Z\" fill=\"#000\"\/><\/g><\/g><defs><clipPath id=\"a\"><path fill=\"#fff\" d=\"M0 0h600v28H0z\"\/><\/clipPath><filter id=\"c\" x=\"5.438\" y=\"-29.667\" width=\"589.123\" height=\"52.8\" filterUnits=\"userSpaceOnUse\" color-interpolation-filters=\"sRGB\"><feFlood flood-opacity=\"0\" result=\"BackgroundImageFix\"\/><feBlend in=\"SourceGraphic\" in2=\"BackgroundImageFix\" result=\"shape\"\/><feGaussianBlur stdDeviation=\"5.5\" result=\"effect1_foregroundBlur_3983_183\"\/><\/filter><\/defs><\/svg><\/div><\/div><div class=\"fusion-separator fusion-full-width-sep\" style=\"align-self: center;margin-left: auto;margin-right: auto;margin-top:5px;margin-bottom:5px;width:100%;\"><\/div><div class=\"fusion-title title fusion-title-1 fusion-sep-none fusion-title-text fusion-title-size-three\" style=\"--awb-margin-bottom:0px;\"><h3 class=\"fusion-title-heading title-heading-left fusion-responsive-typography-calculated\" style=\"margin:0;--fontSize:30;line-height:1.3;\">Celeste Vi\u00f1al<\/h3><\/div><div class=\"fusion-text fusion-text-1\"><p style=\"text-align: left;\"><strong>EOL (Buenos Aires)<\/strong><\/p>\n<\/div><\/div><\/div><div class=\"fusion-layout-column fusion_builder_column fusion-builder-column-1 fusion_builder_column_1_2 1_2 fusion-flex-column\" style=\"--awb-bg-size:cover;--awb-width-large:50%;--awb-margin-top-large:0px;--awb-spacing-right-large:3.84%;--awb-margin-bottom-large:20px;--awb-spacing-left-large:3.84%;--awb-width-medium:100%;--awb-order-medium:0;--awb-spacing-right-medium:1.92%;--awb-spacing-left-medium:1.92%;--awb-width-small:100%;--awb-order-small:0;--awb-spacing-right-small:1.92%;--awb-spacing-left-small:1.92%;\"><div class=\"fusion-column-wrapper fusion-column-has-shadow fusion-flex-justify-content-flex-start fusion-content-layout-column\"><\/div><\/div><\/div><\/div><div class=\"fusion-fullwidth fullwidth-box fusion-builder-row-2 fusion-flex-container nonhundred-percent-fullwidth non-hundred-percent-height-scrolling\" style=\"--awb-border-radius-top-left:0px;--awb-border-radius-top-right:0px;--awb-border-radius-bottom-right:0px;--awb-border-radius-bottom-left:0px;--awb-flex-wrap:wrap;\" ><div class=\"fusion-builder-row fusion-row fusion-flex-align-items-flex-start fusion-flex-content-wrap\" style=\"max-width:1352px;margin-left: calc(-4% \/ 2 );margin-right: calc(-4% \/ 2 );\"><div class=\"fusion-layout-column fusion_builder_column fusion-builder-column-2 fusion_builder_column_1_1 1_1 fusion-flex-column\" style=\"--awb-bg-size:cover;--awb-width-large:100%;--awb-margin-top-large:0px;--awb-spacing-right-large:1.92%;--awb-margin-bottom-large:20px;--awb-spacing-left-large:1.92%;--awb-width-medium:100%;--awb-order-medium:0;--awb-spacing-right-medium:1.92%;--awb-spacing-left-medium:1.92%;--awb-width-small:100%;--awb-order-small:0;--awb-spacing-right-small:1.92%;--awb-spacing-left-small:1.92%;\"><div class=\"fusion-column-wrapper fusion-column-has-shadow fusion-flex-justify-content-flex-start fusion-content-layout-column\"><div class=\"fusion-separator fusion-full-width-sep\" style=\"align-self: center;margin-left: auto;margin-right: auto;margin-top:10px;margin-bottom:10px;width:100%;\"><\/div><div class=\"fusion-text fusion-text-2\"><div class=\"Parrafo\">\n<div class=\"Parrafo\">\n<p style=\"text-align: right;\" align=\"right\"><i>\u00ab<\/i>Quem \u00e9 eu? Somente uma reivindica\u00e7\u00e3o de \u00f3rf\u00e3?<i>\u00ab<br \/><\/i><strong>Alejandra Pizarnik*<\/strong><\/p>\n<p style=\"text-align: right;\" align=\"right\">\u00abDado que o eu de cada um \u00e9 delirante, um del\u00edrio pode<br \/>ser considerado uma acentua\u00e7\u00e3o do que cada um traz<br \/>consigo, e que \u00e9 poss\u00edvel escrever como deliryo\u00bb [1]<strong>Jacques-Alain Miller<\/strong><\/p>\n<p align=\"right\">\u00a0<\/p>\n<p style=\"text-align: justify;\">Ensina Lacan, todo corpo est\u00e1 sozinho no encontro com o traumatismo de <i>lal\u00edngua<\/i>. S\u00f3 e sem antecedentes, sem saber algum sobre sua fun\u00e7\u00e3o, raz\u00f5es ou comportamento. Embora a ci\u00eancia insista no qu\u00e3o determinante \u00e9 a informa\u00e7\u00e3o gen\u00e9tica, esta n\u00e3o \u00e9 suficiente para fornecer pistas a esse vivente que se depara de modo contingente com a afec\u00e7\u00e3o que lhe produz o encontro com o significante.<\/p>\n<p style=\"text-align: justify;\">Ent\u00e3o aquele organismo impar, habitado pelo \u00abgozo natural do corpo vivo\u00bb [2] h\u00e1 de responder de alguma maneira frente a esse desvio.<\/p>\n<p style=\"text-align: justify;\">A altera\u00e7\u00e3o propiciar\u00e1 um rumo que se constituir\u00e1 como uma marca singular. Dali poder\u00e1 advir sujeito sob os modos da resposta standard do Nome do Pai, ficando inscrito no campo do Outro na \u00abcomodidade\u00bb das significa\u00e7\u00f5es compartilhadas, desses S2 que lhe dar\u00e3o um sentido est\u00e1vel, talvez demasiado est\u00e1vel.<\/p>\n<p style=\"text-align: justify;\">Ou dever\u00e1 percorrer as margens, assistido exclusivamente pelos recursos que essa passagem de\u00a0<i>lalingua<\/i>\u00a0deixou: op\u00e7\u00f5es m\u00ednimas, elementares, que depois poder\u00e3o organizar-se numa combinat\u00f3ria mais ou menos satisfat\u00f3ria para esse corpo. Mas nunca poder\u00e1 aferrar-se \u00e0 assist\u00eancia da norma f\u00e1lica que lhe outorgue uma ilus\u00e3o duradoura de unidade. Redobrar\u00e1, cada vez, essa orfandade inicial tendo que arranjar-se com esse ponto de interroga\u00e7\u00e3o que Jacques-Alain Miller localiza entre o significante e o significado, esse operador de perplexidade que \u2012mais ou menos evidentemente em suas manifesta\u00e7\u00f5es cl\u00ednicas\u2012 existe para as psicoses.<\/p>\n<p style=\"text-align: justify;\">Ent\u00e3o, nestes primeiros anos do s\u00e9culo XXI, elas continuam nos ensinando que h\u00e1 muito por fazer, ainda que o Pai falte ao encontro. Lacan nos esclarece, com sua obra monumental, que n\u00e3o se retrocede frente ao que a nostalgia reclama: a solidez de uma garantia que operou em todo tempo passado de todo tempo passado, que pareceu ser melhor.<\/p>\n<p style=\"text-align: justify;\">E as neuroses, inclusive em suas apresenta\u00e7\u00f5es atuais, podem orientar-se pelo o modelo das psicoses sem ser confundidas com elas. \u00c9 a grande heran\u00e7a cl\u00ednica do \u00faltimo ensino de Lacan. Gra\u00e7as a ela podemos tentar \u2013sobre a ponta de nossos p\u00e9s\u2012 estar \u00e0 altura da fenomenologia que nos \u00e9 apresentada nos consult\u00f3rios, nas supervis\u00f5es, nas institui\u00e7\u00f5es.<\/p>\n<p style=\"text-align: justify;\">A neurose para al\u00e9m de sua roupagem t\u00edpica permite, com maior ou menor esfor\u00e7o de investiga\u00e7\u00e3o, ser descoberta sob seus modos tradicionais j\u00e1 que se trata \u00abde uma estrutura muito precisa\u00bb [3]. Deve ser tomada como coisa muito s\u00e9ria o dever de prov\u00e1-lo.<\/p>\n<p style=\"text-align: justify;\">Certas hipertrofias do imagin\u00e1rio que provocam mobilidades vertiginosas do discurso, vers\u00f5es radicalizadas da falta em ser, desregulac\u00f5es corporais na histeria, neuroses medicadas, terapeutizadas, ortopedizadas de modos distintos n\u00e3o devem nos fazer perder a b\u00fassola daquelas perguntas que conv\u00e9m formular-se na medida em que buscamos definir um diagn\u00f3stico diferencial.<\/p>\n<p style=\"text-align: justify;\">Mesmo que um elemento funcione ordenando um mundo ao estilo do Nome do Pai, haver\u00e1 elementos positivos da neurose que n\u00e3o encontraremos, mas algum outro elemento sutil da psicose que provavelmente sim. Se n\u00e3o ocorre, ao n\u00e3o poder diagnosticar tampouco uma neurose, ficaremos \u00e0 espera de que surjam as evid\u00eancias das quais carecemos, momentaneamente, ainda que esse momento seja um lapso de tempo muito longo.<\/p>\n<p style=\"text-align: justify;\">Mas, cedo ou tarde, a orfandade do Nome do Pai se traduzir\u00e1 a n\u00edvel do la\u00e7o, das significa\u00e7\u00f5es, do corpo, das identifica\u00e7\u00f5es ou de certo tipo de inadequa\u00e7\u00e3o inapel\u00e1vel ao sentimento da vida.<\/p>\n<p style=\"text-align: justify;\">Pelo lado da neurose, se damos tempo e entramos em conversa\u00e7\u00e3o com esse sujeito que chega \u00e0 consulta \u2013em muitos casos sem sequer uma m\u00ednima transfer\u00eancia com o campo\u00a0<i>psi<\/i>\u00a0em geral, menos ainda com a psican\u00e1lise e definitivamente ausente com o analista\u2012 obteremos algum efeito de divis\u00e3o subjetiva, reconheceremos ind\u00edcios do funcionamento de uma ordem de repeti\u00e7\u00e3o, menos de gozo que nos oriente no caminho. Mas essas op\u00e7\u00f5es somente advir\u00e3o se nossa tarefa ali for atenta. Permanece do nosso lado o compromisso de um trabalho argumentativo forte com a convic\u00e7\u00e3o indel\u00e9vel de n\u00e3o haver terrenos ganhos, nem por t\u00edtulos nem por experi\u00eancia, nem por pertencimento algum. Verdadeiro aperto, porque nossas interven\u00e7\u00f5es nos demonstram, cada vez, que n\u00e3o retrocederemos at\u00e9 ficarmos presos, amarrados ou impotentes frente a apresenta\u00e7\u00f5es que, se bem podem nos parecer inovadoras ou desconhecidas, carregam em suas dobras a marca da estrutura.<\/p>\n<\/div>\n<div id=\"CITAS\">\n<hr \/>\n<p style=\"text-align: justify;\">Tradu\u00e7\u00e3o: M\u00f4nica Bueno de Camargo<\/p>\n<p style=\"text-align: justify;\">* N.T.: \u00ab\u00bfQui\u00e9n es yo? \u00bfSolamente un reclamo de hu\u00e9rfana?\u00bb<\/p>\n<p style=\"text-align: justify;\">Segundo Claudia Magliano em \u00abAlejandra Pizarnik: una po\u00e9tica del yo al yo\u00bb (<a href=\"http:\/\/www.apuruguay.org\/revista_pdf\/rup101\/101-magliano.pdf\" target=\"_blank\" rel=\"noopener\">http:\/\/www.apuruguay.org\/revista_pdf\/rup101\/101-magliano.pdf<\/a>):<br \/>A poesia de Alejandra Pizarnik n\u00e3o \u00e9 um mon\u00f3logo, \u00e9 um di\u00e1logo. Di\u00e1logo com um mesmo, mas o eu n\u00e3o \u00e9 outro sen\u00e3o que segue sendo eu ainda fora do pr\u00f3prio eu. Por isto cremos que n\u00e3o poder\u00edamos falar tampouco de um desdobramento, porque esse eu poetizado n\u00e3o est\u00e1 tratado como um elemento externo e objetivo.<\/p>\n<ol>\n<li style=\"text-align: justify;\">Miller, J.-A., \u00abLa invenci\u00f3n del delirio\u00bb, El saber delirante, ICdeBA-Paid\u00f3s, Bs. As., 2005<\/li>\n<li style=\"text-align: justify;\">Miller, J.-A., \u00abLeer un s\u00edntoma\u00bb, Revista Lacaniana, N\u00b0 12, abril 2012.<\/li>\n<li style=\"text-align: justify;\">Miller, J.-A., \u00abEfecto retorno sobre la psicosis ordinaria\u00bb, El Caldero, Nueva serie, N\u00b014, 2010.<\/li>\n<\/ol>\n<\/div>\n<\/div>\n<\/div><\/div><\/div><\/div><\/div><\/p>\n","protected":false},"excerpt":{"rendered":"<p>Celeste Vi\u00f1al<\/p>\n","protected":false},"author":1,"featured_media":542,"menu_order":0,"comment_status":"open","ping_status":"closed","template":"","format":"standard","meta":{"_monsterinsights_skip_tracking":false,"_monsterinsights_sitenote_active":false,"_monsterinsights_sitenote_note":"","_monsterinsights_sitenote_category":0,"footnotes":""},"portfolio_category":[78],"portfolio_skills":[],"portfolio_tags":[],"_links":{"self":[{"href":"https:\/\/enapol.com\/vi\/wp-json\/wp\/v2\/avada_portfolio\/544"}],"collection":[{"href":"https:\/\/enapol.com\/vi\/wp-json\/wp\/v2\/avada_portfolio"}],"about":[{"href":"https:\/\/enapol.com\/vi\/wp-json\/wp\/v2\/types\/avada_portfolio"}],"author":[{"embeddable":true,"href":"https:\/\/enapol.com\/vi\/wp-json\/wp\/v2\/users\/1"}],"replies":[{"embeddable":true,"href":"https:\/\/enapol.com\/vi\/wp-json\/wp\/v2\/comments?post=544"}],"version-history":[{"count":1,"href":"https:\/\/enapol.com\/vi\/wp-json\/wp\/v2\/avada_portfolio\/544\/revisions"}],"predecessor-version":[{"id":545,"href":"https:\/\/enapol.com\/vi\/wp-json\/wp\/v2\/avada_portfolio\/544\/revisions\/545"}],"wp:featuredmedia":[{"embeddable":true,"href":"https:\/\/enapol.com\/vi\/wp-json\/wp\/v2\/media\/542"}],"wp:attachment":[{"href":"https:\/\/enapol.com\/vi\/wp-json\/wp\/v2\/media?parent=544"}],"wp:term":[{"taxonomy":"portfolio_category","embeddable":true,"href":"https:\/\/enapol.com\/vi\/wp-json\/wp\/v2\/portfolio_category?post=544"},{"taxonomy":"portfolio_skills","embeddable":true,"href":"https:\/\/enapol.com\/vi\/wp-json\/wp\/v2\/portfolio_skills?post=544"},{"taxonomy":"portfolio_tags","embeddable":true,"href":"https:\/\/enapol.com\/vi\/wp-json\/wp\/v2\/portfolio_tags?post=544"}],"curies":[{"name":"wp","href":"https:\/\/api.w.org\/{rel}","templated":true}]}}