{"id":679,"date":"2021-08-16T02:59:36","date_gmt":"2021-08-16T05:59:36","guid":{"rendered":"http:\/\/x-enapol.org\/vi\/?post_type=avada_portfolio&#038;p=679"},"modified":"2021-08-16T21:53:54","modified_gmt":"2021-08-17T00:53:54","slug":"bipolaridad-mania-melancolia","status":"publish","type":"avada_portfolio","link":"https:\/\/enapol.com\/vi\/portfolio-items\/bipolaridad-mania-melancolia\/","title":{"rendered":"\u00abBipolaridad\u00bb: Man\u00eda, Melancol\u00eda"},"content":{"rendered":"<p><div class=\"fusion-fullwidth fullwidth-box fusion-builder-row-1 fusion-flex-container nonhundred-percent-fullwidth non-hundred-percent-height-scrolling\" style=\"--awb-border-radius-top-left:0px;--awb-border-radius-top-right:0px;--awb-border-radius-bottom-right:0px;--awb-border-radius-bottom-left:0px;--awb-flex-wrap:wrap;\" ><div class=\"fusion-builder-row fusion-row fusion-flex-align-items-flex-start fusion-flex-content-wrap\" style=\"max-width:1352px;margin-left: calc(-4% \/ 2 );margin-right: calc(-4% \/ 2 );\"><div class=\"fusion-layout-column fusion_builder_column fusion-builder-column-0 fusion_builder_column_1_2 1_2 fusion-flex-column\" style=\"--awb-bg-size:cover;--awb-width-large:50%;--awb-margin-top-large:0px;--awb-spacing-right-large:3.84%;--awb-margin-bottom-large:20px;--awb-spacing-left-large:3.84%;--awb-width-medium:100%;--awb-order-medium:0;--awb-spacing-right-medium:1.92%;--awb-spacing-left-medium:1.92%;--awb-width-small:100%;--awb-order-small:0;--awb-spacing-right-small:1.92%;--awb-spacing-left-small:1.92%;\"><div class=\"fusion-column-wrapper fusion-column-has-shadow fusion-flex-justify-content-flex-start fusion-content-layout-column\"><div class=\"fusion-image-element \" style=\"text-align:left;--awb-bottom-shadow-color:rgba(0,0,0,0.4);--awb-caption-title-font-family:var(--h2_typography-font-family);--awb-caption-title-font-weight:var(--h2_typography-font-weight);--awb-caption-title-font-style:var(--h2_typography-font-style);--awb-caption-title-size:var(--h2_typography-font-size);--awb-caption-title-transform:var(--h2_typography-text-transform);--awb-caption-title-line-height:var(--h2_typography-line-height);--awb-caption-title-letter-spacing:var(--h2_typography-letter-spacing);\"><div class=\"awb-image-frame awb-image-frame-1 awb-bottomshadow\"><span class=\" fusion-imageframe imageframe-bottomshadow imageframe-1 hover-type-none\"><img decoding=\"async\" width=\"300\" height=\"200\" title=\"Guillermo-Belaga\" src=\"http:\/\/enapol.com\/vi\/wp-content\/uploads\/sites\/8\/2021\/08\/Guillermo-Belaga.jpg\" alt class=\"img-responsive wp-image-680\" srcset=\"https:\/\/enapol.com\/vi\/wp-content\/uploads\/sites\/8\/2021\/08\/Guillermo-Belaga-200x133.jpg 200w, https:\/\/enapol.com\/vi\/wp-content\/uploads\/sites\/8\/2021\/08\/Guillermo-Belaga.jpg 300w\" sizes=\"(max-width: 1024px) 100vw, (max-width: 640px) 100vw, 300px\" \/><\/span><svg xmlns=\"http:\/\/www.w3.org\/2000\/svg\" version=\"1.1\" width=\"100%\" viewBox=\"0 0 600 28\" preserveAspectRatio=\"none\"><g clip-path=\"url(#a)\"><mask id=\"b\" style=\"mask-type:luminance\" maskUnits=\"userSpaceOnUse\" x=\"0\" y=\"0\" width=\"600\" height=\"28\"><path d=\"M0 0h600v28H0V0Z\" fill=\"#fff\"\/><\/mask><g filter=\"url(#c)\" mask=\"url(#b)\"><path d=\"M16.439-18.667h567.123v30.8S438.961-8.4 300-8.4C161.04-8.4 16.438 12.133 16.438 12.133v-30.8Z\" fill=\"#000\"\/><\/g><\/g><defs><clipPath id=\"a\"><path fill=\"#fff\" d=\"M0 0h600v28H0z\"\/><\/clipPath><filter id=\"c\" x=\"5.438\" y=\"-29.667\" width=\"589.123\" height=\"52.8\" filterUnits=\"userSpaceOnUse\" color-interpolation-filters=\"sRGB\"><feFlood flood-opacity=\"0\" result=\"BackgroundImageFix\"\/><feBlend in=\"SourceGraphic\" in2=\"BackgroundImageFix\" result=\"shape\"\/><feGaussianBlur stdDeviation=\"5.5\" result=\"effect1_foregroundBlur_3983_183\"\/><\/filter><\/defs><\/svg><\/div><\/div><div class=\"fusion-separator fusion-full-width-sep\" style=\"align-self: center;margin-left: auto;margin-right: auto;margin-top:5px;margin-bottom:5px;width:100%;\"><\/div><div class=\"fusion-title title fusion-title-1 fusion-sep-none fusion-title-text fusion-title-size-three\" style=\"--awb-margin-bottom:0px;\"><h3 class=\"fusion-title-heading title-heading-left fusion-responsive-typography-calculated\" style=\"margin:0;--fontSize:30;line-height:1.3;\">Guillermo Belaga<\/h3><\/div><div class=\"fusion-text fusion-text-1\"><p style=\"text-align: left;\"><strong>EOL<\/strong><\/p>\n<\/div><\/div><\/div><div class=\"fusion-layout-column fusion_builder_column fusion-builder-column-1 fusion_builder_column_1_2 1_2 fusion-flex-column\" style=\"--awb-bg-size:cover;--awb-width-large:50%;--awb-margin-top-large:0px;--awb-spacing-right-large:3.84%;--awb-margin-bottom-large:20px;--awb-spacing-left-large:3.84%;--awb-width-medium:100%;--awb-order-medium:0;--awb-spacing-right-medium:1.92%;--awb-spacing-left-medium:1.92%;--awb-width-small:100%;--awb-order-small:0;--awb-spacing-right-small:1.92%;--awb-spacing-left-small:1.92%;\"><div class=\"fusion-column-wrapper fusion-column-has-shadow fusion-flex-justify-content-flex-start fusion-content-layout-column\"><\/div><\/div><\/div><\/div><div class=\"fusion-fullwidth fullwidth-box fusion-builder-row-2 fusion-flex-container nonhundred-percent-fullwidth non-hundred-percent-height-scrolling\" style=\"--awb-border-radius-top-left:0px;--awb-border-radius-top-right:0px;--awb-border-radius-bottom-right:0px;--awb-border-radius-bottom-left:0px;--awb-flex-wrap:wrap;\" ><div class=\"fusion-builder-row fusion-row fusion-flex-align-items-flex-start fusion-flex-content-wrap\" style=\"max-width:1352px;margin-left: calc(-4% \/ 2 );margin-right: calc(-4% \/ 2 );\"><div class=\"fusion-layout-column fusion_builder_column fusion-builder-column-2 fusion_builder_column_1_1 1_1 fusion-flex-column\" style=\"--awb-bg-size:cover;--awb-width-large:100%;--awb-margin-top-large:0px;--awb-spacing-right-large:1.92%;--awb-margin-bottom-large:20px;--awb-spacing-left-large:1.92%;--awb-width-medium:100%;--awb-order-medium:0;--awb-spacing-right-medium:1.92%;--awb-spacing-left-medium:1.92%;--awb-width-small:100%;--awb-order-small:0;--awb-spacing-right-small:1.92%;--awb-spacing-left-small:1.92%;\"><div class=\"fusion-column-wrapper fusion-column-has-shadow fusion-flex-justify-content-flex-start fusion-content-layout-column\"><div class=\"fusion-separator fusion-full-width-sep\" style=\"align-self: center;margin-left: auto;margin-right: auto;margin-top:10px;margin-bottom:10px;width:100%;\"><\/div><div class=\"fusion-text fusion-text-2\"><p style=\"text-align: right;\">\u00abEn el mundo de la psiquiatr\u00eda, las clasificaciones nos<br \/>\ndicen m\u00e1s acerca del mundo social y est\u00e9tico en el cual<br \/>\nhan sido construidas que acerca de (su) naturaleza\u00bb.<br \/>\nG. E. Berrrios [1]<\/p>\n<div class=\"Parrafo\">\n<p style=\"text-align: justify;\"><b>1. Introducci\u00f3n<\/b><br \/>\nEl modo en que est\u00e1 planteado el t\u00edtulo del presente trabajo, ya intenta aludir a la tensi\u00f3n que existe entre estos t\u00e9rminos en el debate actual.<\/p>\n<p style=\"text-align: justify;\">As\u00ed, el trastorno bipolar, por un lado, y por otro, la man\u00eda y la melancol\u00eda tienen diferentes or\u00edgenes temporales y se inscriben en diferentes paradigmas dentro de la psiquiatr\u00eda.<\/p>\n<p style=\"text-align: justify;\">La man\u00eda, la melancol\u00eda y la locura circular, de la Escuela Francesa, la psicosis man\u00edaco-depresiva de la Escuela Alemana, responden a los grandes relatos que se conocen como la \u00abpsiquiatr\u00eda cl\u00e1sica\u00bb. A su vez, G. Lanteri Laura [2] ha descripto una serie de paradigmas de la psiquiatr\u00eda moderna, consignando que estas descripciones se ajustan al paradigma de las enfermedades mentales, m\u00e1s preciso que el alienista de Pinel y Esquirol, y que justamente inaugura en el siglo XIX con J. Falret con su descripci\u00f3n de la locura circular y se extiende hasta la muerte de H. Ey en la d\u00e9cada del 70 del siglo XX.<\/p>\n<p style=\"text-align: justify;\"><b>2. La raz\u00f3n de la \u00abBipolaridad\u00bb y la \u00e9poca.<\/b><br \/>\nLa \u00abbipolaridad\u00bb toma su forma actual inscribi\u00e9ndose en el paradigma tecnol\u00f3gico, que sobre todo a partir de los 80-90 impulsa a considerar a la psiquiatr\u00eda como \u00abuna neurociencia cl\u00ednica\u00bb.<\/p>\n<p style=\"text-align: justify;\">En 1957, Karl Leonhard propone una clasificaci\u00f3n de las psicosis end\u00f3genas basadas en la polaridad. As\u00ed surge esta entidad, cuyo antecedente ineludible son las psicosis man\u00edaco-depresivas descriptas por E. Kraepelin, que agrupa los cuadros afectivos en esta \u00fanica categor\u00eda.<\/p>\n<p style=\"text-align: justify;\">A partir del DSM III (1980) se \u00abexpresa\u00bb claramente el paradigma tecnol\u00f3gico en psiquiatr\u00eda. A esta edici\u00f3n del manual de diagn\u00f3sticos, se incorporan decididamente el trastorno bipolar de Leonhard, y se excluye precisamente la histeria que habla de un cuerpo er\u00f3geno que no se deja calcar al cuerpo biol\u00f3gico, y se desarticula la relaci\u00f3n angustia-s\u00edntoma, angustia-acto.<\/p>\n<p style=\"text-align: justify;\"><b>3. El \u00abEspectro Bipolar\u00bb.<\/b><br \/>\nA partir del paradigma tecnol\u00f3gico, el modelo de estudio que han impuesto las neurociencias es el \u00abespectro epil\u00e9ptico\u00bb. Del mismo, entonces, han surgido otros tantos en el campo de la psiquiatr\u00eda, los m\u00e1s conocidos: el espectro autista, y el que estamos estudiando, el espectro bipolar.<\/p>\n<p style=\"text-align: justify;\">Entonces, estas clasificaciones surgen de una pr\u00e1ctica nueva que se ha ido imponiendo en el siglo XXI, determinada por dos factores hist\u00f3ricos, dos discursos: el discurso de la ciencia y el discurso del capitalismo [3]. Al decir de J.A. Miller, la dominaci\u00f3n combinada de esto dos discursos han logrado destruir la estructura tradicional de la experiencia humana. Asimismo, algo que interesa particularmente para nuestro tema es que el sujeto construido por el discurso del capitalismo est\u00e1 organizado para concebirse a s\u00ed mismo como emprendedor, como un empresario de s\u00ed, entregado a la maximizaci\u00f3n de su rendimiento.<\/p>\n<p style=\"text-align: justify;\">El sujeto que se inscribe en el \u00abespectro bipolar\u00bb es el que no logra este \u00ab<i>management<\/i>\u00a0del alma\u00bb.<\/p>\n<p style=\"text-align: justify;\">Se debe aclarar que este debate rebasa incluso la edici\u00f3n vigente del DSM. Para entender la diferencia, los DSM reconocen los tipos I al III, y un trastorno bipolar \u00abno especificado\u00bb no encuadrado por las otras descripciones. En cambio, el \u00abespectro bipolar\u00bb ser\u00eda un cuadro continuo que va del temperamento extremo al estallido pleno de la enfermedad afectiva, incluyendo los subtipos: I; II; II \u00bd; III; III \u00bd; IV; V; y VI.<\/p>\n<p style=\"text-align: justify;\">As\u00ed, no solo abarcar\u00eda la depresi\u00f3n unipolar, tambi\u00e9n el narcisista y el\u00a0<i>borderline<\/i>, los cuadros \u00abinducidos por sustancias\u00bb, y lo \u00abpsicop\u00e1tico\u00bb.<\/p>\n<p style=\"text-align: justify;\">A modo de resumen, el \u00abespectro bipolar\u00bb reafirma un modelo biom\u00e9dico, subrayando un cuerpo viviente a trav\u00e9s del concepto de temperamento y los factores gen\u00e9ticos. A su vez, estos \u00faltimos junto a la convergencia con el objeto t\u00e9cnico de consumo, representa un \u00ab<i>bioengineering<\/i>\u00ab, una tecnolog\u00eda del yo sostenida en un darwinismo social.<\/p>\n<p style=\"text-align: justify;\"><b>4. Los planteos freudianos.<\/b><br \/>\nEn Freud podr\u00edamos situar lo siguiente: primero, lo que le interesa es definir el registro de la p\u00e9rdida del objeto. En conexi\u00f3n, est\u00e1 el modo en que piensa la naturaleza del objeto, reconoci\u00e9ndose en su manera de denominarlos los registros imaginario, simb\u00f3lico y real:\u00a0<i>objekt, sache, ding<\/i>\u00a0(respectivamente). Por \u00faltimo, llama la atenci\u00f3n c\u00f3mo para explicar el problema de la melancol\u00eda hace referencia a un caso de cataton\u00eda.<\/p>\n<p style=\"text-align: justify;\">Estos puntos permiten algunas conclusiones: la no p\u00e9rdida de\u00a0<i>das Ding<\/i>, la Cosa. Esto hace a la posibilidad de plantear un par esquizofrenia\/melancol\u00eda en lo que respecta a los fen\u00f3menos del cuerpo (el lenguaje de \u00f3rganos\/la hipocondr\u00eda melanc\u00f3lica, y el sindrome de Cottard). Relacionando la conexi\u00f3n entre el odio, el supery\u00f3 y\u00a0<i>das Ding<\/i>, como tambi\u00e9n entre estos conceptos y el pasaje el acto.<\/p>\n<p style=\"text-align: justify;\">Por \u00faltimo la tesis para la psicosis de un tipo de elecci\u00f3n de objeto relacionada al narcisismo primario.<\/p>\n<p style=\"text-align: justify;\">En este sentido, lo que Freud consider\u00f3 como narcisismo primario, Lacan lo sit\u00faa en el nivel del goce puro y aislado del objeto\u00a0<i>a<\/i>.<\/p>\n<p style=\"text-align: justify;\"><b>5. Acto melanc\u00f3lico y Acci\u00f3n man\u00edaca.<\/b><br \/>\nDos vi\u00f1etas cl\u00ednicas permiten ilustrar las definiciones de Lacan, principalmente del\u00a0<i>Seminario La Angustia<\/i>\u00a0y \u00abTelevisi\u00f3n\u00bb, y la importancia que ha dado al concepto cl\u00e1sico de\u00a0<i>kakon<\/i>\u00a0(el mal).<\/p>\n<p style=\"text-align: justify;\">La melancol\u00eda definida desde el acto. El caso muestra el odio como \u00ab\u00fanico sentimiento l\u00facido\u00bb, y como el sujeto debe atacar, para liberarse, ese goce autoer\u00f3tico en demas\u00eda, mediante el acto suicida-homicida.<\/p>\n<p style=\"text-align: justify;\">La man\u00eda definida desde la acci\u00f3n hasta su agotamiento. La excitaci\u00f3n man\u00edaca, el rechazo del inconsciente, la \u00abno funci\u00f3n del objeto\u00a0<i>a<\/i>\u00ab, se ven ilustrados por el caso. El sujeto testimonia de un quiasma radical: el significante en una pura metonimia, por un lado, y por otro, el ser del viviente.<\/p>\n<p style=\"text-align: justify;\">El empuje de\u00a0<i>lalengua<\/i>\u00a0que asedia y disuelve el lenguaje, hasta que logra hacerse amo del significante, lo suficiente para que su \u00abapuro\u00bb ya no sea mort\u00edfero.<\/p>\n<p style=\"text-align: justify;\">Lo destacable de ubicar estas posiciones es que tambi\u00e9n orienta en la cura. En un caso el analista intenta postergar el acto, que es su referencia. En otro se hace part\u00edcipe de la acci\u00f3n, \u00absecretario\u00bb de la misma, para que sin aplacarla totalmente, logre un funcionamiento.<\/p>\n<p style=\"text-align: justify;\"><b>6. Conclusi\u00f3n<\/b><br \/>\nEn el Coloquio sobre el curso \u00abSutilezas anal\u00edticas\u00bb, E. Laurent ha dicho que \u00abhay muchos elementos de la cl\u00ednica de la \u00e9poca que van en la direcci\u00f3n de la producci\u00f3n de una cl\u00ednica separada de\u00a0<i>lalengua<\/i>\u00ab.<\/p>\n<p style=\"text-align: justify;\">La investigaci\u00f3n desemboca en una tensi\u00f3n: los DSM por un lado, con su sue\u00f1o de un s\u00edntoma sin inconsciente, y por otro el\u00a0<i>sinthome<\/i>, que permite reordenar la cl\u00ednica anal\u00edtica desde\u00a0<i>lalengua<\/i>\u00a0pero con una perspectiva tambi\u00e9n desabonada del inconsciente.<\/p>\n<\/div>\n<div id=\"CITAS\">\n<hr \/>\n<p style=\"text-align: justify;\">* Integrantes del grupo de trabajo: Alejandra Glaze, Leticia Acevedo, Lisa Erbin, Virginia Walker, Adriana Rogora, Delfina Lima Quintana, Valeria Cavalieri, In\u00e9s Iammateo, Luciana Nieto, Daniel Melamedoff, Ramiro G\u00f3mez Quarello.<\/p>\n<ol>\n<li style=\"text-align: justify;\">Berrios, G.E.,\u00a0<i>Hacia una nueva epistemolog\u00eda en psiquiatr\u00eda<\/i>\u00a0-1\u00aa Ed.-, Polemos, Bs. As., 2011.<\/li>\n<li style=\"text-align: justify;\">Lant\u00e9ri-Laura, G.,\u00a0<i>Ensayo sobre los paradigmas de la psiquiatr\u00eda moderna<\/i>\u00a0-1\u00aa Ed.-, Editorial Triacastela, Madrid, 2000.<\/li>\n<li style=\"text-align: justify;\">Miller, J.A., \u00abLo real en el siglo XXI\u00bb,\u00a0<i>El orden simb\u00f3lico en el siglo XXI: no es m\u00e1s lo que era, \u00bfQu\u00e9 consecuencias para la cura?<\/i>, Grama ediciones, Bs. As., 2012, pp. 425-436.<\/li>\n<\/ol>\n<\/div>\n<\/div><\/div><\/div><\/div><\/div><\/p>\n","protected":false},"excerpt":{"rendered":"<p>Guillermo Belaga<\/p>\n","protected":false},"author":1,"featured_media":680,"menu_order":0,"comment_status":"open","ping_status":"closed","template":"","format":"standard","meta":{"_monsterinsights_skip_tracking":false,"_monsterinsights_sitenote_active":false,"_monsterinsights_sitenote_note":"","_monsterinsights_sitenote_category":0,"footnotes":""},"portfolio_category":[72,158],"portfolio_skills":[],"portfolio_tags":[],"_links":{"self":[{"href":"https:\/\/enapol.com\/vi\/wp-json\/wp\/v2\/avada_portfolio\/679"}],"collection":[{"href":"https:\/\/enapol.com\/vi\/wp-json\/wp\/v2\/avada_portfolio"}],"about":[{"href":"https:\/\/enapol.com\/vi\/wp-json\/wp\/v2\/types\/avada_portfolio"}],"author":[{"embeddable":true,"href":"https:\/\/enapol.com\/vi\/wp-json\/wp\/v2\/users\/1"}],"replies":[{"embeddable":true,"href":"https:\/\/enapol.com\/vi\/wp-json\/wp\/v2\/comments?post=679"}],"version-history":[{"count":1,"href":"https:\/\/enapol.com\/vi\/wp-json\/wp\/v2\/avada_portfolio\/679\/revisions"}],"predecessor-version":[{"id":681,"href":"https:\/\/enapol.com\/vi\/wp-json\/wp\/v2\/avada_portfolio\/679\/revisions\/681"}],"wp:featuredmedia":[{"embeddable":true,"href":"https:\/\/enapol.com\/vi\/wp-json\/wp\/v2\/media\/680"}],"wp:attachment":[{"href":"https:\/\/enapol.com\/vi\/wp-json\/wp\/v2\/media?parent=679"}],"wp:term":[{"taxonomy":"portfolio_category","embeddable":true,"href":"https:\/\/enapol.com\/vi\/wp-json\/wp\/v2\/portfolio_category?post=679"},{"taxonomy":"portfolio_skills","embeddable":true,"href":"https:\/\/enapol.com\/vi\/wp-json\/wp\/v2\/portfolio_skills?post=679"},{"taxonomy":"portfolio_tags","embeddable":true,"href":"https:\/\/enapol.com\/vi\/wp-json\/wp\/v2\/portfolio_tags?post=679"}],"curies":[{"name":"wp","href":"https:\/\/api.w.org\/{rel}","templated":true}]}}