{"id":682,"date":"2021-08-16T03:01:10","date_gmt":"2021-08-16T06:01:10","guid":{"rendered":"http:\/\/x-enapol.org\/vi\/?post_type=avada_portfolio&#038;p=682"},"modified":"2021-08-16T21:54:01","modified_gmt":"2021-08-17T00:54:01","slug":"bipolaridade-mania-melancolia","status":"publish","type":"avada_portfolio","link":"https:\/\/enapol.com\/vi\/pt\/portfolio-items\/bipolaridade-mania-melancolia\/","title":{"rendered":"\u00abBipolaridade\u00bb: Mania, Melancolia"},"content":{"rendered":"<p><div class=\"fusion-fullwidth fullwidth-box fusion-builder-row-1 fusion-flex-container nonhundred-percent-fullwidth non-hundred-percent-height-scrolling\" style=\"--awb-border-radius-top-left:0px;--awb-border-radius-top-right:0px;--awb-border-radius-bottom-right:0px;--awb-border-radius-bottom-left:0px;--awb-flex-wrap:wrap;\" ><div class=\"fusion-builder-row fusion-row fusion-flex-align-items-flex-start fusion-flex-content-wrap\" style=\"max-width:1352px;margin-left: calc(-4% \/ 2 );margin-right: calc(-4% \/ 2 );\"><div class=\"fusion-layout-column fusion_builder_column fusion-builder-column-0 fusion_builder_column_1_2 1_2 fusion-flex-column\" style=\"--awb-bg-size:cover;--awb-width-large:50%;--awb-margin-top-large:0px;--awb-spacing-right-large:3.84%;--awb-margin-bottom-large:20px;--awb-spacing-left-large:3.84%;--awb-width-medium:100%;--awb-order-medium:0;--awb-spacing-right-medium:1.92%;--awb-spacing-left-medium:1.92%;--awb-width-small:100%;--awb-order-small:0;--awb-spacing-right-small:1.92%;--awb-spacing-left-small:1.92%;\"><div class=\"fusion-column-wrapper fusion-column-has-shadow fusion-flex-justify-content-flex-start fusion-content-layout-column\"><div class=\"fusion-image-element \" style=\"text-align:left;--awb-bottom-shadow-color:rgba(0,0,0,0.4);--awb-caption-title-font-family:var(--h2_typography-font-family);--awb-caption-title-font-weight:var(--h2_typography-font-weight);--awb-caption-title-font-style:var(--h2_typography-font-style);--awb-caption-title-size:var(--h2_typography-font-size);--awb-caption-title-transform:var(--h2_typography-text-transform);--awb-caption-title-line-height:var(--h2_typography-line-height);--awb-caption-title-letter-spacing:var(--h2_typography-letter-spacing);\"><div class=\"awb-image-frame awb-image-frame-1 awb-bottomshadow\"><span class=\" fusion-imageframe imageframe-bottomshadow imageframe-1 hover-type-none\"><img decoding=\"async\" width=\"300\" height=\"200\" title=\"Guillermo-Belaga\" src=\"http:\/\/enapol.com\/vi\/wp-content\/uploads\/sites\/8\/2021\/08\/Guillermo-Belaga.jpg\" alt class=\"img-responsive wp-image-680\" srcset=\"https:\/\/enapol.com\/vi\/wp-content\/uploads\/sites\/8\/2021\/08\/Guillermo-Belaga-200x133.jpg 200w, https:\/\/enapol.com\/vi\/wp-content\/uploads\/sites\/8\/2021\/08\/Guillermo-Belaga.jpg 300w\" sizes=\"(max-width: 1024px) 100vw, (max-width: 640px) 100vw, 300px\" \/><\/span><svg xmlns=\"http:\/\/www.w3.org\/2000\/svg\" version=\"1.1\" width=\"100%\" viewBox=\"0 0 600 28\" preserveAspectRatio=\"none\"><g clip-path=\"url(#a)\"><mask id=\"b\" style=\"mask-type:luminance\" maskUnits=\"userSpaceOnUse\" x=\"0\" y=\"0\" width=\"600\" height=\"28\"><path d=\"M0 0h600v28H0V0Z\" fill=\"#fff\"\/><\/mask><g filter=\"url(#c)\" mask=\"url(#b)\"><path d=\"M16.439-18.667h567.123v30.8S438.961-8.4 300-8.4C161.04-8.4 16.438 12.133 16.438 12.133v-30.8Z\" fill=\"#000\"\/><\/g><\/g><defs><clipPath id=\"a\"><path fill=\"#fff\" d=\"M0 0h600v28H0z\"\/><\/clipPath><filter id=\"c\" x=\"5.438\" y=\"-29.667\" width=\"589.123\" height=\"52.8\" filterUnits=\"userSpaceOnUse\" color-interpolation-filters=\"sRGB\"><feFlood flood-opacity=\"0\" result=\"BackgroundImageFix\"\/><feBlend in=\"SourceGraphic\" in2=\"BackgroundImageFix\" result=\"shape\"\/><feGaussianBlur stdDeviation=\"5.5\" result=\"effect1_foregroundBlur_3983_183\"\/><\/filter><\/defs><\/svg><\/div><\/div><div class=\"fusion-separator fusion-full-width-sep\" style=\"align-self: center;margin-left: auto;margin-right: auto;margin-top:5px;margin-bottom:5px;width:100%;\"><\/div><div class=\"fusion-title title fusion-title-1 fusion-sep-none fusion-title-text fusion-title-size-three\" style=\"--awb-margin-bottom:0px;\"><h3 class=\"fusion-title-heading title-heading-left fusion-responsive-typography-calculated\" style=\"margin:0;--fontSize:30;line-height:1.3;\">Guillermo Belaga<\/h3><\/div><div class=\"fusion-text fusion-text-1\"><p style=\"text-align: left;\"><strong>EOL<\/strong><\/p>\n<\/div><\/div><\/div><div class=\"fusion-layout-column fusion_builder_column fusion-builder-column-1 fusion_builder_column_1_2 1_2 fusion-flex-column\" style=\"--awb-bg-size:cover;--awb-width-large:50%;--awb-margin-top-large:0px;--awb-spacing-right-large:3.84%;--awb-margin-bottom-large:20px;--awb-spacing-left-large:3.84%;--awb-width-medium:100%;--awb-order-medium:0;--awb-spacing-right-medium:1.92%;--awb-spacing-left-medium:1.92%;--awb-width-small:100%;--awb-order-small:0;--awb-spacing-right-small:1.92%;--awb-spacing-left-small:1.92%;\"><div class=\"fusion-column-wrapper fusion-column-has-shadow fusion-flex-justify-content-flex-start fusion-content-layout-column\"><\/div><\/div><\/div><\/div><div class=\"fusion-fullwidth fullwidth-box fusion-builder-row-2 fusion-flex-container nonhundred-percent-fullwidth non-hundred-percent-height-scrolling\" style=\"--awb-border-radius-top-left:0px;--awb-border-radius-top-right:0px;--awb-border-radius-bottom-right:0px;--awb-border-radius-bottom-left:0px;--awb-flex-wrap:wrap;\" ><div class=\"fusion-builder-row fusion-row fusion-flex-align-items-flex-start fusion-flex-content-wrap\" style=\"max-width:1352px;margin-left: calc(-4% \/ 2 );margin-right: calc(-4% \/ 2 );\"><div class=\"fusion-layout-column fusion_builder_column fusion-builder-column-2 fusion_builder_column_1_1 1_1 fusion-flex-column\" style=\"--awb-bg-size:cover;--awb-width-large:100%;--awb-margin-top-large:0px;--awb-spacing-right-large:1.92%;--awb-margin-bottom-large:20px;--awb-spacing-left-large:1.92%;--awb-width-medium:100%;--awb-order-medium:0;--awb-spacing-right-medium:1.92%;--awb-spacing-left-medium:1.92%;--awb-width-small:100%;--awb-order-small:0;--awb-spacing-right-small:1.92%;--awb-spacing-left-small:1.92%;\"><div class=\"fusion-column-wrapper fusion-column-has-shadow fusion-flex-justify-content-flex-start fusion-content-layout-column\"><div class=\"fusion-separator fusion-full-width-sep\" style=\"align-self: center;margin-left: auto;margin-right: auto;margin-top:10px;margin-bottom:10px;width:100%;\"><\/div><div class=\"fusion-text fusion-text-2\"><p style=\"text-align: right;\">\u00abNo mundo da psiquiatria as classifica\u00e7\u00f5es<br \/>\nnos dizem mais sobre o mundo social e est\u00e9tico<br \/>\nno qual foram constru\u00eddas que sobre (sua) natureza\u00bb.<br \/>\nG. E. Berrrios [1]<\/p>\n<div class=\"Parrafo\" style=\"text-align: justify;\">\n<p><b>1. Introdu\u00e7\u00e3o<br \/>\n<\/b>O modo em que est\u00e1 colocado o t\u00edtulo do presente trabalho tenta aludir \u00e0 tens\u00e3o que existe entre estes termos no debate atual.<\/p>\n<p>De tal forma que o transtorno bipolar, por um lado, e a mania e a melancolia, por outro, t\u00eam diferentes origens temporais e se inscrevem em diferentes paradigmas dento da psiquiatria.<\/p>\n<p>A mania, a melancolia e a loucura circular da Escola Francesa, a psicose man\u00edaco-depressiva da Escola Alem\u00e3, respondem aos grandes relatos que se conhece como a \u00abpsiquiatria cl\u00e1ssica\u00bb. Por sua vez, G. Lant\u00e9ri Laura [2] descreveu uma s\u00e9rie de paradigmas da psiquiatria moderna consignando que estas descri\u00e7\u00f5es se ajustam ao paradigma das enfermidades mentais de maneira mais precisa que o paradigma alienista de Pinel e Esquirol e que justamente se inaugura no s\u00e9culo XIX com J. Falret com sua descri\u00e7\u00e3o da loucura circular e se extende at\u00e9 a morte de H. Ey na d\u00e9cada de setenta do s\u00e9culo XX.<\/p>\n<p><b>2. A raz\u00e3o da \u00abBipolaridade\u00bb e sua \u00e9poca<br \/>\n<\/b>A \u00abbipolaridade\u00bb toma sua forma atual inscrevendo-se no paradigma tecnol\u00f3gico que, sobretudo a partir dos anos 80-90, leva a considerar a psiquiatria como \u00abuma neuroci\u00eancia cl\u00ednica\u00bb.<\/p>\n<p>Em 1957 Karl Leonhard prop\u00f5e uma classifica\u00e7\u00e3o das psicoses end\u00f3genas baseadas na polaridade. Assim surge essa entidade cujo antecedente inilud\u00edvel s\u00e3o as psicoses man\u00edaco-depressivas descritas por E. Kraepelin que agrupa os quadros afetivos nessa \u00fanica categoria.<\/p>\n<p>A partir do DSM III (1980) se \u00abexpressa\u00bb claramente o paradigma tecnol\u00f3gico na psiquiatria. Nessa edi\u00e7\u00e3o do manual de diagn\u00f3stico se incorporam decididamente o transtorno bipolar de Leonhard e se exclui precisamente a histeria, que fala de um corpo er\u00f3geno que n\u00e3o se prende ao corpo biol\u00f3gico, e se desarticula a rela\u00e7\u00e3o ang\u00fastia-sintoma, ang\u00fastia-ato.<\/p>\n<p><b>3. O \u00abEspectro Bipolar\u00bb<br \/>\n<\/b>A partir do paradigma tecnol\u00f3gico o modelo de estudo que as neuroci\u00eancias impuseram \u00e9 o \u00abespectro epil\u00e9tico\u00bb. Desse mesmo paradigma tem surgido outros tantos no campo da psiquiatria e os mais conhecidos s\u00e3o: o espectro autista e o que estamos estudando, o espectro bipolar.<\/p>\n<p>Essas classifica\u00e7\u00f5es surgem de uma pr\u00e1tica nova que vem se impondo no s\u00e9culo XXI determinada por dois fatores hist\u00f3ricos, dois discursos: o discurso da ci\u00eancia e o discurso do capitalismo [3]. Nos dizeres de J.-A. Miller, a domina\u00e7\u00e3o combinada desses dois discursos conseguiu destruir a estrutura tradicional da experi\u00eancia humana. Ainda assim algo que interessa particularmente para nosso tema \u00e9 que o sujeito constru\u00eddo pelo discurso do capitalismo est\u00e1 organizado para conceber-se a si mesmo como empreendedor, como empres\u00e1rio de si, entregue \u00e0 maximiza\u00e7\u00e3o de seu rendimento.<\/p>\n<p>O sujeito que se inscreve no \u00abespectro bipolar\u00bb \u00e9 o que n\u00e3o alcan\u00e7a esse \u00ab<i>management<\/i>\u00a0da alma\u00bb.<\/p>\n<p>Deve-se esclarecer que esse debate rebaixa, inclusive, a edi\u00e7\u00e3o vigente do DSM. Para entender a diferen\u00e7a, os DSM reconhecem os tipos I ao III e um transtorno bipolar \u00abn\u00e3o especificado\u00bb, n\u00e3o enquadrado pelas outras descri\u00e7\u00f5es. Diferentemente, o \u00abespectro bipolar\u00bb seria um quadro cont\u00ednuo que vai do temperamento extremo ao desencadeamento pleno da enfermidade afetiva, incluindo os subtipos I; II; II\u00bd; III; III \u00bd; IV; V e VI.<\/p>\n<p>De tal forma que n\u00e3o s\u00f3 abarcaria a depress\u00e3o unipolar; tamb\u00e9m o narcisista e o\u00a0<i>bordeline<\/i>, os quadros \u00abinduzidos por subst\u00e2ncias\u00bb e o \u00abpsicop\u00e1tico\u00bb.<\/p>\n<p>Resumidamente o \u00abespectro bipolar\u00bb reafirma um modelo biom\u00e9dico, sublinhando um corpo vivo atrav\u00e9s do conceito de temperamento e os fatores gen\u00e9ticos. Por sua vez, esses \u00faltimos, junto \u00e0 converg\u00eancia com o objeto t\u00e9cnico de consumo, representa um \u00ab<i>bioengineering\u00bb,\u00a0<\/i>uma tecnologia do eu sustentada em um darwinismo social.<\/p>\n<p><b>4. Os aportes freudianos<br \/>\n<\/b>Em Freud poder\u00edamos situar o seguinte: primeiro o que lhe interessa \u00e9 definir o registro da perda de objeto. Em conex\u00e3o est\u00e1 o modo pelo qual Freud pensa a natureza do objeto, reconhecendo-se em sua maneira de denomin\u00e1-los os registros imagin\u00e1rio, simb\u00f3lico e real:\u00a0<i>objekt, sache, ding\u00a0<\/i>(respectivamente). Por \u00faltimo chama-nos aten\u00e7\u00e3o o modo como, para explicar o problema da melancolia, Freud faz refer\u00eancia a um caso de catatonia.<\/p>\n<p>Esses pontos permitem algumas conclus\u00f5es: a n\u00e3o perda de\u00a0<i>das Ding<\/i>, a Coisa. Isso torna poss\u00edvel colocar um par esquizofrenia\/melancolia no que diz respeito aos fen\u00f4menos de corpo (a linguagem de \u00f3rg\u00e3os\/a hipocondria melanc\u00f3lica e a s\u00edndrome de Cottard). Relacionando a conex\u00e3o entre o \u00f3dio e o supereu e\u00a0<i>das Ding<\/i>, como tamb\u00e9m entre esses conceitos e a passagem ao ato.<\/p>\n<p>Por \u00faltimo a tese para as psicoses de um tipo de escolha de objeto relacionada ao narcisismo prim\u00e1rio.<\/p>\n<p>Nesse sentido o que Freud considerou como narcisismo prim\u00e1rio, Lacan o situa no n\u00edvel do gozo puro e isolado do objeto\u00a0<i>a<\/i>.<\/p>\n<p><b>5. Ato melanc\u00f3lico e a\u00e7\u00e3o man\u00edaca<br \/>\n<\/b>Duas vinhetas cl\u00ednicas permitem ilustrar as defini\u00e7\u00f5es de Lacan, principalmente do Semin\u00e1rio\u00a0<i>A Ang\u00fastia\u00a0<\/i>e\u00a0<i>Televis\u00e3o,<\/i>\u00a0e a import\u00e2ncia que deu ao conceito cl\u00e1ssico de\u00a0<i>kakon\u00a0<\/i>(o mal).<\/p>\n<p>A melancolia definida a partir do ato. O caso mostra o \u00f3dio como \u00ab\u00fanico sentimento l\u00facido\u00bb e como o sujeito deve atacar, para se liberar, o gozo autoer\u00f3tico demasiado, mediante o ato suicida\/homicida.<\/p>\n<p>A mania definida a partir da a\u00e7\u00e3o at\u00e9 seu esgotamento. A excita\u00e7\u00e3o man\u00edaca, o recha\u00e7o do inconsciente, a \u00abn\u00e3o fun\u00e7\u00e3o do objeto\u00a0<i>a\u00bb<\/i>\u00a0se veem ilustrados por esse caso. O sujeito testemunha um quiasmo radical: o significante est\u00e1 em pura meton\u00edmia, por um lado e por outro, o ser do vivente.<\/p>\n<p>O empuxo de\u00a0<i>lal\u00edngua<\/i>\u00a0que assedia e dissolve a linguagem at\u00e9 que consegue se fazer mestre do significante, o suficiente para que o seu \u00abapuro\u00bb j\u00e1 n\u00e3o seja mort\u00edfero.<\/p>\n<p>O que se pode destacar ao localizar essas posi\u00e7\u00f5es \u00e9 que elas tamb\u00e9m orientam no tratamento. Em um caso o analista tenta postergar o ato, que \u00e9 sua refer\u00eancia. No outro caso se faz part\u00edcipe da a\u00e7\u00e3o, \u00absecret\u00e1rio\u00bb da mesma para, sem aplac\u00e1-la totalmente, consiga um funcionamento.<\/p>\n<p><b>6. Conclus\u00e3o<br \/>\n<\/b>No Col\u00f3quio sobre o Curso \u00abSutilezas anal\u00edticas\u00bb, \u00c9. Laurent disse que \u00abh\u00e1 muitos elementos da cl\u00ednica de nossa \u00e9poca que v\u00e3o na dire\u00e7\u00e3o da produ\u00e7\u00e3o de uma cl\u00ednica separada de\u00a0<i>lal\u00edngua<\/i>\u00ab.<\/p>\n<p>A investiga\u00e7\u00e3o desemboca em uma tens\u00e3o: os DSM, por um de lado, com seu sonho de um sintoma sem inconsciente, e, por outro,\u00a0<i>o sinthome,\u00a0<\/i>que permite reordenar a cl\u00ednica anal\u00edtica a partir de\u00a0<i>lal\u00edngu<\/i>a, mas com uma perspectiva tamb\u00e9m desabonada do inconsciente.<\/p>\n<\/div>\n<div id=\"CITAS\">\n<hr \/>\n<p style=\"text-align: justify;\">* Membros do grupo de trabalho: Alejandra Glaze, Leticia Acevedo, Lisa Erbin, Virginia Walker, Adriana Rogora, Delfina Lima Quintana, Valeria Cavalieri, In\u00e9s Iammateo, Luciana Nieto, Daniel Melamedoff, Ramiro G\u00f3mez Quarello.<br \/>\nTradu\u00e7\u00e3o: Jorge Pimenta<\/p>\n<ol>\n<li style=\"text-align: justify;\">Berrios, G. E.,\u00a0<i>Hacia uma nueva epistemologia em psiquiatria,\u00a0<\/i>Polemos, Bs. As., 2011.<\/li>\n<li style=\"text-align: justify;\">Lant\u00e9ri-Laura, G.,\u00a0<i>Ensayo sobre los paradigmas de la psiquiatr\u00eda moderna,\u00a0<\/i>Triacastela, Madrid, 2000.<\/li>\n<li style=\"text-align: justify;\">Miller, J.-A., \u00abLo real en el siglo XXI\u00bb,<i>\u00a0El orden simb\u00f3lico en el siglo XXI no es m\u00e1s lo que era, \u00bfQu\u00e9 consecuencias para la cura?,<\/i>\u00a0Grama Ediciones, Bs. As., 2012, pp. 425-436.<\/li>\n<\/ol>\n<\/div>\n<\/div><\/div><\/div><\/div><\/div><\/p>\n","protected":false},"excerpt":{"rendered":"<p>Guillermo Belaga<\/p>\n","protected":false},"author":1,"featured_media":680,"menu_order":0,"comment_status":"open","ping_status":"closed","template":"","format":"standard","meta":{"_monsterinsights_skip_tracking":false,"_monsterinsights_sitenote_active":false,"_monsterinsights_sitenote_note":"","_monsterinsights_sitenote_category":0,"footnotes":""},"portfolio_category":[84,160],"portfolio_skills":[],"portfolio_tags":[],"_links":{"self":[{"href":"https:\/\/enapol.com\/vi\/wp-json\/wp\/v2\/avada_portfolio\/682"}],"collection":[{"href":"https:\/\/enapol.com\/vi\/wp-json\/wp\/v2\/avada_portfolio"}],"about":[{"href":"https:\/\/enapol.com\/vi\/wp-json\/wp\/v2\/types\/avada_portfolio"}],"author":[{"embeddable":true,"href":"https:\/\/enapol.com\/vi\/wp-json\/wp\/v2\/users\/1"}],"replies":[{"embeddable":true,"href":"https:\/\/enapol.com\/vi\/wp-json\/wp\/v2\/comments?post=682"}],"version-history":[{"count":2,"href":"https:\/\/enapol.com\/vi\/wp-json\/wp\/v2\/avada_portfolio\/682\/revisions"}],"predecessor-version":[{"id":965,"href":"https:\/\/enapol.com\/vi\/wp-json\/wp\/v2\/avada_portfolio\/682\/revisions\/965"}],"wp:featuredmedia":[{"embeddable":true,"href":"https:\/\/enapol.com\/vi\/wp-json\/wp\/v2\/media\/680"}],"wp:attachment":[{"href":"https:\/\/enapol.com\/vi\/wp-json\/wp\/v2\/media?parent=682"}],"wp:term":[{"taxonomy":"portfolio_category","embeddable":true,"href":"https:\/\/enapol.com\/vi\/wp-json\/wp\/v2\/portfolio_category?post=682"},{"taxonomy":"portfolio_skills","embeddable":true,"href":"https:\/\/enapol.com\/vi\/wp-json\/wp\/v2\/portfolio_skills?post=682"},{"taxonomy":"portfolio_tags","embeddable":true,"href":"https:\/\/enapol.com\/vi\/wp-json\/wp\/v2\/portfolio_tags?post=682"}],"curies":[{"name":"wp","href":"https:\/\/api.w.org\/{rel}","templated":true}]}}