{"id":1351,"date":"2021-08-19T02:05:43","date_gmt":"2021-08-19T05:05:43","guid":{"rendered":"http:\/\/x-enapol.org\/vi\/?page_id=1351"},"modified":"2021-08-19T02:38:55","modified_gmt":"2021-08-19T05:38:55","slug":"dos-fundamentos","status":"publish","type":"page","link":"https:\/\/enapol.com\/vi\/pt\/bibliografia-2\/dos-fundamentos\/","title":{"rendered":"Dos fundamentos"},"content":{"rendered":"<div class=\"fusion-fullwidth fullwidth-box fusion-builder-row-1 fusion-flex-container nonhundred-percent-fullwidth non-hundred-percent-height-scrolling\" style=\"--awb-border-radius-top-left:0px;--awb-border-radius-top-right:0px;--awb-border-radius-bottom-right:0px;--awb-border-radius-bottom-left:0px;--awb-flex-wrap:wrap;\" ><div class=\"fusion-builder-row fusion-row fusion-flex-align-items-flex-start fusion-flex-content-wrap\" style=\"max-width:1352px;margin-left: calc(-4% \/ 2 );margin-right: calc(-4% \/ 2 );\"><div class=\"fusion-layout-column fusion_builder_column fusion-builder-column-0 fusion_builder_column_1_1 1_1 fusion-flex-column\" style=\"--awb-bg-size:cover;--awb-width-large:100%;--awb-margin-top-large:0px;--awb-spacing-right-large:1.92%;--awb-margin-bottom-large:20px;--awb-spacing-left-large:1.92%;--awb-width-medium:100%;--awb-order-medium:0;--awb-spacing-right-medium:1.92%;--awb-spacing-left-medium:1.92%;--awb-width-small:100%;--awb-order-small:0;--awb-spacing-right-small:1.92%;--awb-spacing-left-small:1.92%;\"><div class=\"fusion-column-wrapper fusion-column-has-shadow fusion-flex-justify-content-flex-start fusion-content-layout-column\"><div class=\"fusion-text fusion-text-1\"><ul>\n<li>FREUD, S., (1893) \u00abAlgumas considera\u00e7\u00f5es para um estudo comparativo das paralisias motoras org\u00e2nicas e hist\u00e9ricas\u00bb, em\u00a0<i>Obras psicol\u00f3gicas completas<\/i>: edi\u00e7\u00e3o\u00a0<i>standard<\/i>\u00a0brasileira, v. I, Rio de Janeiro, Imago, 1996, p. 203-219.<\/li>\n<li>FREUD, S., (1895) \u00abSobre os fundamentos para destacar da neurastenia uma s\u00edndrome espec\u00edfica denominada &#8216;neurose de ang\u00fastia'\u00bb, em\u00a0<i>Obras psicol\u00f3gicas completas<\/i>: edi\u00e7\u00e3o\u00a0<i>standard<\/i>\u00a0brasileira, v. III, Rio de Janeiro, Imago, 1996, p. 91-121.<\/li>\n<li>FREUD, S., (1914) \u00abSobre o narcisismo: uma introdu\u00e7\u00e3o\u00bb, em\u00a0<i>Obras psicol\u00f3gicas completas<\/i>: edi\u00e7\u00e3o\u00a0<i>standard<\/i>\u00a0brasileira, v. XIV, Rio de Janeiro, Imago, 1996, p. 77-111.<\/li>\n<li><i>FREUD<\/i>, S. (1915). \u00abO<i>s instintos e suas vicisitudes\u00bb. In: Obras Psicol\u00f3gicas Completas: Edi\u00e7\u00e3o Standard Brasileira, Vol. XIV. Rio de Janeiro: Imago, 1980.<\/i><\/li>\n<li>FREUD, S. (1921). \u00abPsicologia de grupo e an\u00e1lise do ego\u00bb.<i>\u00a0In: Obras Psicol\u00f3gicas Completas: Edi\u00e7\u00e3o Standard Brasileira, Vol.XVIII. Rio de Janeiro: Imago, 1980.<\/i><\/li>\n<li>FREUD, S. (1926). \u00abO ego e o id\u00bb<i>\u00a0In: Obras Psicol\u00f3gicas Completas: Edi\u00e7\u00e3o Standard Brasileira, Vol.XIX. Rio de Janeiro: Imago, 1980.<\/i><\/li>\n<li>FREUD, S., (1926) \u00abInibi\u00e7\u00f5es, Sintomas e Ansiedade\u00bb, em\u00a0<i>Obras psicol\u00f3gicas completas<\/i>: edi\u00e7\u00e3o\u00a0<i>standard<\/i>\u00a0brasileira, v. XX, Rio de Janeiro, Imago, 1996, p. 81-175.<\/li>\n<li>LACAN, J. (1949) \u00abO est\u00e1dio do espelho como formador da fun\u00e7\u00e3o do eu tal como nos revela a experi\u00eancia psicanal\u00edtica\u00bb\u00a0<i>In: Escritos,\u00a0<\/i>pp 96-103. Rio de Janeiro: Jorge Zahar Editora, 1998.<\/li>\n<li>LACAN, J. (1953) \u00abFun\u00e7\u00e3o e campo da fala e da linguagem em psican\u00e1lise\u00bb.\u00a0<i>In: Escritos<\/i>, pp. 238-324<i>.\u00a0<\/i>Rio de Janeiro: Jorge Zahar Editora, 1998.<\/li>\n<li>LACAN, J.\u00a0<i>O Semin\u00e1rio. Livro 1. Os escritos t\u00e9cnicos de Freud<\/i>. Aula VI, \u00aban\u00e1lise do discurso e an\u00e1lise do eu\u00bb, pp. 77-86, \u00abA t\u00f3pica do imagin\u00e1rio\u00bb, pp.89-106.<i>.\u00a0<\/i>Rio de Janeiro: Jorge Zahar Editora, 1986.<\/li>\n<li>LACAN, J.,\u00a0<i>O Semin\u00e1rio<\/i>. Livro 2.\u00a0<i>O eu na teoria de Freud e na t\u00e9cnica da psican\u00e1lise<\/i>, Aula VII, \u00abIntrodu\u00e7\u00e3o ao<i>\u00a0Entwurf<\/i>\u00ab, Rio de Janeiro, Jorge Zahar Editora, 1985, p. 123-134.<\/li>\n<li>LACAN, J.,\u00a0<i>O Semin\u00e1rio<\/i>. Livro 3.\u00a0<i>As Psicoses<\/i>, Aula XXV, \u00abO falo e o meteoro\u00bb. Rio de Janeiro, Jorge Zahar Editora, 1985, p. 348-363.<\/li>\n<li>LACAN, J. (1956-1957)\u00a0<i>O Semin\u00e1rio. Livro 4. A rela\u00e7\u00e3o de objeto<\/i>, aula III \u00abO significante e o Esp\u00edrito Santo\u00bb pp. 40-58, aula X, \u00abA identifica\u00e7\u00e3o ao falo\u00bbpp. 167-181.Rio de Janeiro: Jorge Zahar Editora, 1995.<\/li>\n<li>LACAN, J. (1961-1962)\u00a0<i>O Semin\u00e1rio, Livro 9, A identifica\u00e7\u00e3o<\/i>. Aula de 16\/05\/62. In\u00e9dito.<\/li>\n<li>LACAN, J.(1962-1963)\u00a0<i>O Semin\u00e1rio, Livro 10, A angustia<\/i>. Aula III: \u00abDo cosmo \u00e0 Unheimlichkeit\u00bb, pp. 38-52, aula IV, \u00abAl\u00e9m da angustia de castra\u00e7\u00e3o\u00bb, pp. 53-65, aula VII, \u00abEle n\u00e3o \u00e9 sem t\u00ea-lo\u00bb, pp. 97-112, aula IX: \u00abPassagem ao ato e acting out\u00bb, pp. 128-145, aula XII, \u00abA ang\u00fastia, sinal do real\u00bb, pp. 175-187<i>,<\/i>\u00a0aula XIII: \u00abAforismos sobre o amor\u00bb, pp. 187-200, aula XIV:, \u00abA mulher, mais verdadeira e mais real\u00bb, pp. 201-116, aula XV, \u00abCoisa de macho\u00bb, pp. 216-233, e aula XVI, \u00abAs p\u00e1lpebras de Buda\u00bb, pp. 235-251. Rio de Janeiro: Jorge Zahar Editora, 2005.<\/li>\n<li>LACAN J.\u00a0<i>O Semin\u00e1rio. livro 11. Os quatro conceitos fundamentais da psican\u00e1lise<\/i>. Aula XVI, \u00abO sujeito e o Outro (I): A Aliena\u00e7\u00e3o\u00bb, aula XVII, \u00abO sujeito e o Outro (II): A Af\u00e2nise\u00bb, aula XVIII, \u00abDo Sujeito Suposto Saber, da D\u00edade Primeira e do Bem\u00bb. Rio de Janeiro: Jorge Zahar Editora, 1988.<\/li>\n<li>LACAN, J. (1966) \u00abRespostas a estudantes de filosof\u00eda\u00bb.\u00a0<i>In: Outros escritos,<\/i>\u00a0pp. 210-218, Rio de Janeiro: Jorge Zahar Editora, 2003.<\/li>\n<li>LACAN. J. \u00abProposi\u00e7\u00e3o de 9 de outubro de 1967 sobre o Psicanalista da Escola<i>\u00ab. In: Outros escritos,\u00a0<\/i>pp. 248-264. Rio de Janeiro: Jorge Zahar Editora, 2003.<\/li>\n<li>LACAN, J.,\u00a0<i>O Semin\u00e1rio<\/i>. Livro 17.\u00a0<i>O avesso da psican\u00e1lise<\/i>, Aula VI, \u00abO mestre castrado\u00bb, Rio de Janeiro, Jorge Zahar editora, p. 81-95.<\/li>\n<li>LACAN, J., \u00abConfer\u00eancia em Genebra sobre o sintoma\u00bb, em\u00a0<i>Op\u00e7\u00e3o Lacaniana<\/i>\u00a023, S\u00e3o Paulo, E\u00f3lia Ed., 6-16, dezembro de 1998.<\/li>\n<li>LACAN, J. (1970) \u00abRadiofon\u00eda\u00bb.\u00a0<i>In: Outros escritos<\/i>, pp. 400-447, Rio de Janeiro: Jorge Zahar Editora, 2003.<\/li>\n<li>LACAN; J. (1971) \u00abLituratierra\u00bb, en\u00a0<i>Otros escritos,\u00a0<\/i>Paid\u00f3s, Buenos Aires, Argentina. 2012.<\/li>\n<li>LACAN, J. (1973) \u00abO Aturdito\u00bb.\u00a0<i>In: Outros escritos<\/i>, pp. 448-497. Rio de Janeiro: Jorge Zahar Editora, 2003.<\/li>\n<li>LACAN J. (1972-1973)\u00a0<i>O seminario, livro 20, Mais, ainda<\/i>. Aula I, \u00abDo gozo\u00bb pp. 9-23, aula II, \u00abA Jakobson\u00bb, pp. 24-37<i>,<\/i>\u00a0aula VI, \u00abDeus e o gozo d\u00b4A\/ Mulher\u00bb, pp 87-104, aula VIII, \u00abO saber e a verdade\u00bb, pp. 121-141 , aula X, \u00abRodinhas de barbante\u00bb, pp. 160-186, aula XI, \u00abO Rato no labirinto\u00bbpp. 187-201. Rio de Janeiro: Jorge Zahar Editora, 1985.<\/li>\n<li>LACAN, J. (1974). \u00abA terceira\u00bb.\u00a0<i>Che Vuoi? Psican\u00e1lise e cultura<\/i>, Porto Alegre, I, n.0, Outono, 1986.<\/li>\n<li>LACAN, J. (1974) \u00abPrefacio a el despertar de la primavera\u00bb, en\u00a0<i>Otros escritos<\/i>. Paid\u00f3s. Buenos Aires, Argentina. 2012.<\/li>\n<li>LACAN; J. \u00abJoyce el s\u00edntoma I\u00bb, en Uno por Uno 44,Eolia Paid\u00f3s, Buenos Aires, Argentina. 1997.<\/li>\n<li>LACAN; J. \u00abJoyce el s\u00edntoma II\u00bb, en Uno por Uno 45,Eolia Paid\u00f3s, Buenos Aires, Argentina. 1997.<\/li>\n<li>LACAN, J.\u00a0<i>O Seminario RSI (<\/i>in\u00e9dito) aulas 2, 3 e 6.<\/li>\n<li>LACAN J. (1975-1976)\u00a0<i>O Semin\u00e1rio, livro 23, O Sinthoma.<\/i>\u00a0Aula I, \u00abDo uso l\u00f3gico do sinthoma ou Freud com Joyce\u00bb, pp. 11-26, aula VII, \u00abDe uma fal\u00e1cia que testemunha do real\u00bb, pp. 101-114, aula VIII, \u00abDo sentido, do sexo e do real\u00bb, pp. 115-124, aula IX, \u00abDo inconsciente ao real\u00bb, pp. 125-138, aula X, \u00abA escrita do ego\u00bb, pp 139-151, \u00abNota passo a passo, por Jacques-Alain Miller\u00bb, pp. 199-247. Rio de Janeiro: Jorge Zahar Editora, 2007.<\/li>\n<li>LACAN, J.\u00a0<i>O Semin\u00e1rio, livro 24, \u00abL`insu que sait de l`une-bevue s`aile \u00e1 mourre<\/i>\u00ab. Aulas de 6\/11\/76, 14\/12\/76, 11\/1\/77; Revista Ornicar, Nros. 12, 13, 14. (In\u00e9dito)<\/li>\n<li>LACAN, J. \u00abPropos sur l\u00b4hyst\u00e9rie\u00bb en\u00a0<i>Quarto nro. 2<\/i>. Septiembre 1981.<\/li>\n<li>LAURENT, E.\u00a0<i>As paix\u00f5es do ser<\/i>. VII Jornada da Escola Brasileira de Psican\u00e1lise-Bahia. III\u00b0 Jornada do Instituto de Psican\u00e1lise da Bahia. Salvador, 2000.<\/li>\n<li>MILLER, J.A. \u00abEl desorden simb\u00f3lico\u00bb,\u00a0<i>Revista Lacaniana de psicoan\u00e1lisis.<\/i>\u00a0A\u00f1o 8 Numero 13. Noviembre 2012. Grama Ediciones, Buenos Aires, Argentina.<\/li>\n<li>MILLER, J.A.\u00a0<i>O real no s\u00e9culo XXI<\/i>\u00a0[2012]. Apresenta\u00e7\u00e3o do tema do IX Congresso da AMP. Vers\u00e3o on-line dispon\u00edvel em:\u00a0<a href=\"http:\/\/www.wapol.org\/pt\/articulos\/Template.asp?intTipoPagina=4&amp;intPublicacion=38&amp;intEdicion=13&amp;intIdiomaPublicacion=1&amp;intArticulo=2468&amp;intIdiomaArticulo=1\" target=\"_blank\" rel=\"noopener\">http:\/\/www.wapol.org\/pt\/articulos\/Template.asp?intTipoPagina=4&amp;intPublicacion=38&amp;intEdicion=13&amp;intIdiomaPublicacion=1&amp;intArticulo=2468&amp;intIdiomaArticulo=1<\/a><\/li>\n<li>MILLER, J.-A. \u00bfQu\u00e9 es ser lacaniano? (Cap. II), El secreto del s\u00edntoma (Cap. III), Equ\u00edvocos sobre el Otro (Cap. XI), \u00abDel s\u00edntoma al sinthome\u00bb (Cap. XVII) en\u00a0<i>El Partenaire-S\u00edntoma.\u00a0<\/i>Paid\u00f3s, Buenos Aires, Argentina.<\/li>\n<li>MILLER, J.-A. \u00abOs seis paradigmas do gozo\u00bb.\u00a0<i>In: Op\u00e7\u00e3o Lacaniana<\/i>: Revista Brasileira Internacional de Psican\u00e1lise, N\u00b0 26\/27, p. 87-105, abril 2000. Uma psicose lacaniana: entrevista conduzida por Jacques Lacan.<\/li>\n<li>MILLER, J.-A. \u00abBiologia lacaniana e acontecimento de corpo\u00bb.\u00a0<i>In: Op\u00e7\u00e3o Lacaniana<\/i>: Revista Brasileira Internacional de Psican\u00e1lise. N\u00b0 41, pp. 7-67<i>.\u00a0<\/i>S\u00e3o Paulo: Eolia, dezembro, 2004.<\/li>\n<li>MILLER, J.-A. \u00abPiezas sueltas. La falla sexual\u00bb, en\u00a0<i>Revista Freudiana N\u00b050<\/i>. p\u00e1g. 7 a 37. Barcelona: Ed. E.L.P.-Catalunya, Mayo-Agosto 2007. Publicaci\u00f3n cuatrimestral.<\/li>\n<li>MILLER, J.-A.,\u00a0<i>O osso de uma an\u00e1lise<\/i>, VIII Encontro Brasileiro do Campo freudiano, EBP-Bahia: Biblioteca Agente, Salvador, 1998.<\/li>\n<li>MILLER, J.-A.\u00a0<i>Silet: os paradoxos da puls\u00e3o<\/i>\u00a0(1994-1995). Rio de Janeiro: Jorge Zahar, 2005, p. 16.<\/li>\n<\/ul>\n<\/div><\/div><\/div><\/div><\/div>\n","protected":false},"excerpt":{"rendered":"","protected":false},"author":1,"featured_media":0,"parent":102,"menu_order":1,"comment_status":"closed","ping_status":"closed","template":"","meta":{"_monsterinsights_skip_tracking":false,"_monsterinsights_sitenote_active":false,"_monsterinsights_sitenote_note":"","_monsterinsights_sitenote_category":0,"footnotes":""},"_links":{"self":[{"href":"https:\/\/enapol.com\/vi\/wp-json\/wp\/v2\/pages\/1351"}],"collection":[{"href":"https:\/\/enapol.com\/vi\/wp-json\/wp\/v2\/pages"}],"about":[{"href":"https:\/\/enapol.com\/vi\/wp-json\/wp\/v2\/types\/page"}],"author":[{"embeddable":true,"href":"https:\/\/enapol.com\/vi\/wp-json\/wp\/v2\/users\/1"}],"replies":[{"embeddable":true,"href":"https:\/\/enapol.com\/vi\/wp-json\/wp\/v2\/comments?post=1351"}],"version-history":[{"count":2,"href":"https:\/\/enapol.com\/vi\/wp-json\/wp\/v2\/pages\/1351\/revisions"}],"predecessor-version":[{"id":1393,"href":"https:\/\/enapol.com\/vi\/wp-json\/wp\/v2\/pages\/1351\/revisions\/1393"}],"up":[{"embeddable":true,"href":"https:\/\/enapol.com\/vi\/wp-json\/wp\/v2\/pages\/102"}],"wp:attachment":[{"href":"https:\/\/enapol.com\/vi\/wp-json\/wp\/v2\/media?parent=1351"}],"curies":[{"name":"wp","href":"https:\/\/api.w.org\/{rel}","templated":true}]}}