{"id":1268,"date":"2021-09-09T16:32:42","date_gmt":"2021-09-09T16:32:42","guid":{"rendered":"http:\/\/x-enapol.org\/viii\/?post_type=avada_portfolio&#038;p=1268"},"modified":"2021-09-09T16:32:42","modified_gmt":"2021-09-09T16:32:42","slug":"hacia-una-practica-menos-familiar","status":"publish","type":"avada_portfolio","link":"https:\/\/enapol.com\/viii\/portfolio-items\/hacia-una-practica-menos-familiar\/","title":{"rendered":"Hacia una pr\u00e1ctica menos familiar"},"content":{"rendered":"<div class=\"fusion-fullwidth fullwidth-box fusion-builder-row-1 fusion-flex-container nonhundred-percent-fullwidth non-hundred-percent-height-scrolling\" style=\"--awb-border-radius-top-left:0px;--awb-border-radius-top-right:0px;--awb-border-radius-bottom-right:0px;--awb-border-radius-bottom-left:0px;--awb-flex-wrap:wrap;\" ><div class=\"fusion-builder-row fusion-row fusion-flex-align-items-flex-start fusion-flex-content-wrap\" style=\"max-width:1352px;margin-left: calc(-4% \/ 2 );margin-right: calc(-4% \/ 2 );\"><div class=\"fusion-layout-column fusion_builder_column fusion-builder-column-0 fusion_builder_column_1_1 1_1 fusion-flex-column\" style=\"--awb-bg-size:cover;--awb-width-large:100%;--awb-margin-top-large:0px;--awb-spacing-right-large:1.92%;--awb-margin-bottom-large:20px;--awb-spacing-left-large:1.92%;--awb-width-medium:100%;--awb-order-medium:0;--awb-spacing-right-medium:1.92%;--awb-spacing-left-medium:1.92%;--awb-width-small:100%;--awb-order-small:0;--awb-spacing-right-small:1.92%;--awb-spacing-left-small:1.92%;\"><div class=\"fusion-column-wrapper fusion-column-has-shadow fusion-flex-justify-content-flex-start fusion-content-layout-column\"><div class=\"fusion-text fusion-text-1\"><p style=\"text-align: justify;\">Por <strong>Marcela Almanza<\/strong><\/p>\n<p style=\"text-align: justify;\"><img decoding=\"async\" class=\"size-full wp-image-1269 alignleft\" src=\"http:\/\/enapol.com\/viii\/wp-content\/uploads\/sites\/6\/2021\/09\/02_Marcela-Almanza.jpg\" alt=\"\" width=\"300\" height=\"300\" srcset=\"https:\/\/enapol.com\/viii\/wp-content\/uploads\/sites\/6\/2021\/09\/02_Marcela-Almanza-66x66.jpg 66w, https:\/\/enapol.com\/viii\/wp-content\/uploads\/sites\/6\/2021\/09\/02_Marcela-Almanza-150x150.jpg 150w, https:\/\/enapol.com\/viii\/wp-content\/uploads\/sites\/6\/2021\/09\/02_Marcela-Almanza-200x200.jpg 200w, https:\/\/enapol.com\/viii\/wp-content\/uploads\/sites\/6\/2021\/09\/02_Marcela-Almanza.jpg 300w\" sizes=\"(max-width: 300px) 100vw, 300px\" \/>La imagen que acompa\u00f1a la propuesta del pr\u00f3ximo ENAPOL,\u00a0<i>Asuntos de familia: sus enredos en la pr\u00e1ctica<\/i>,plantea de entrada una especie de\u00a0<i>collage<\/i>\u00a0muy sugerente que, por simp\u00e1tico e irreverente, tradicional y moderno, fuera de proporciones, desopilante, mezcla de algo conocido y desconocido a la vez, propone algo que no termina de encajar pero que igualmente encuentra su lugar all\u00ed donde parece que tiene que estar, logrando transmitir muy bien aquello que hace parte de la familia actual.<\/p>\n<p style=\"text-align: justify;\">El efecto \u00abpiezas sueltas\u00bb se impone, no se hace esperar, y por supuesto nos conduce a un m\u00e1s all\u00e1 de la imagen, pues interroga decididamente nuestra pr\u00e1ctica, nuestra posici\u00f3n anal\u00edtica a la hora de calibrar el modo de alojar de la buena manera esas transformaciones familiares y el modo en que estas se inscriben de manera singular para cada ser hablante, all\u00ed donde otros discursos y otras pr\u00e1cticas tambi\u00e9n tienen su incidencia en el mundo contempor\u00e1neo.<\/p>\n<p style=\"text-align: justify;\">Sabemos que J. Lacan se ocup\u00f3 muy tempranamente de estos asuntos, y desde su texto\u00a0<i>La familia<\/i>\u00a0(1938) nos inst\u00f3 a pensar la familia humana como una estructura de relaciones simb\u00f3licas hecha de complejidades que siempre indican un m\u00e1s all\u00e1 del hecho biol\u00f3gico, en tanto instituci\u00f3n hecha de lazos, de funciones precisas, como un dispositivo de transmisi\u00f3n y de instancia reguladora que sin lugar a dudas deja su huella en el viviente.<\/p>\n<p style=\"text-align: justify;\">Muchos a\u00f1os despu\u00e9s, en su famoso texto\u00a0<i>Dos notas sobre el ni\u00f1o<\/i>\u00a0(1969) Lacan nos orienta sobre \u00abla funci\u00f3n de residuo que sostiene (y a un tiempo mantiene) la familia conyugal en la evoluci\u00f3n de las sociedades, resalta lo irreductible de una transmisi\u00f3n -perteneciente a un orden distinto al de la vida adecuada a la satisfacci\u00f3n de las necesidades- que es la de una constituci\u00f3n subjetiva, que implica la relaci\u00f3n con un deseo que no sea an\u00f3nimo\u00bb.[1]<\/p>\n<p style=\"text-align: justify;\">Es desde all\u00ed que precisa la funci\u00f3n del padre \u00aben tanto que su nombre es el vector de una encarnaci\u00f3n de la ley en el deseo\u00bb y de la madre \u00aben tanto sus cuidados est\u00e1n signados por un inter\u00e9s particularizado, as\u00ed sea por la v\u00eda de sus propias carencias\u00bb[2] estando advertidos que, para ambas funciones, deber\u00e1 instaurarse siempre una particularidad contra el ideal, ya que sabemos de los efectos devastadores que se producen cuando algo no opera de esta manera.<\/p>\n<p style=\"text-align: justify;\">Si la familia es el lugar del Otro de la lengua, del Otro de la demanda, el lugar del Otro de la ley, \u00abla familia es un mito que da forma \u00e9pica a lo que opera a partir de la estructura, y las historias de familia siempre son el cuento de c\u00f3mo le ha sido robado al sujeto el goce que merec\u00eda, al cual ten\u00eda derecho\u00bb. \u00abEn la familia, el goce est\u00e1 prohibido y se propone un goce sustitutivo, el gozar de la castraci\u00f3n, es decir, gozar del robo mismo del goce\u00bb.[3]<\/p>\n<p style=\"text-align: justify;\">Llegado a este punto, me pregunto entonces por el estatuto de esas ficciones que se imponen a nivel de lo que hace familia para cada uno, aun en nuestra\u00a0<i>\u00e9poca collage,<\/i>\u00a0al escuchar a esos sujetos contempor\u00e1neos que portan sobre s\u00ed la marca del desamparo, de la desorientaci\u00f3n, la desinhibici\u00f3n, pero tambi\u00e9n aquellos que llevan adelante la f\u00e9rrea decisi\u00f3n de no formar una familia o bien de hacerlo convencidos, cueste lo que cueste, all\u00ed donde el recurso a la ciencia, a la ley y a otros artificios le dan un cauce.<\/p>\n<p style=\"text-align: justify;\">La pr\u00e1ctica anal\u00edtica nos permite entonces alojar esas\u00a0<i>cosas de familia en el inconsciente<\/i>\u00a0cada vez que alguien llega a nuestra consulta con una pregunta, con su sufrimiento a cuestas, y nutre su discurso de esas historias en las que cada uno inevitablemente est\u00e1 enredado en tanto\u00a0<i>parl\u00eatre\u2026<\/i>\u00a0una v\u00eda que nos lleva a preguntarnos c\u00f3mo hacer para reducir esas historias al s\u00edntoma que las soporta reconduciendo el sentido al goce, revelando en la interpretaci\u00f3n lo que el sentido debe al goce.<\/p>\n<p style=\"text-align: justify;\">Por otro lado, frente a las inevitables\u00a0<i>historias de familia<\/i>, sabemos que hoy en d\u00eda existen una serie de propuestas terap\u00e9uticas que trabajan desde la palabra, que act\u00faan desde la sugesti\u00f3n y que gustosamente se ocupan de la familia y de sus m\u00faltiples problem\u00e1ticas, enredos y malestares, all\u00ed donde siempre habr\u00e1 algo m\u00e1s por tratar ya que la familia fue, es y seguir\u00e1 siendo, una fuente inagotable de malentendidos.<\/p>\n<p style=\"text-align: justify;\">Si bien estas terapias no son del todo nuevas, ya que echan sus ra\u00edces en teor\u00edas que ya llevan unos cuantos a\u00f1os, quiz\u00e1s lo nuevo radica sobre todo en el creciente uso y funci\u00f3n que adquieren dichas pr\u00e1cticas en el actual mercado de las terapias alternativas, pues lo que se oferta para tratar los\u00a0<i>asuntos de familia<\/i>\u00a0encaja muy bien en los ideales propios de esta \u00e9poca: efectividad y rapidez son puestos al servicio de la resoluci\u00f3n de problemas para abordar creencias, pensamientos y emociones que no son satisfactorias y que se repiten frecuentemente como patrones. Las llamadas\u00a0<i>Constelaciones\u00a0<\/i>hablan del abordaje de un inconsciente familiar, para tratar los aspectos problem\u00e1ticos que han producido bloqueos. De lo que se trata es de sacar r\u00e1pidamente a la luz la din\u00e1mica que causa el sufrimiento y, si se dan las circunstancias apropiadas, corregirla en el mismo momento. Una propuesta de resoluci\u00f3n\u00a0<i>sin resto<\/i>, que parece captar muy bien el tipo de demandas actuales.<\/p>\n<p style=\"text-align: justify;\">Es evidente que nuestra pr\u00e1ctica anal\u00edtica, orientada por la ense\u00f1anza de Lacan, concibe otro modo de alojar esas demandas que anudan el sufrimiento humano a algo\u00a0<i>familiar<\/i>\u00a0y extra\u00f1o a la vez, all\u00ed donde la insatisfacci\u00f3n, la repetici\u00f3n y el inconsciente son tomados por otro sesgo.<\/p>\n<p style=\"text-align: justify;\">No solo nos desmarcamos radicalmente de este tipo de pr\u00e1cticas sugestivas, sino que adem\u00e1s, tal como nos recuerda J.-A. Miller, \u00ab\u2026queda claro que Lacan, en su ultim\u00edsima ense\u00f1anza, se hart\u00f3 del psicoan\u00e1lisis basado en el Otro (\u2026) se cans\u00f3 un poco de estas historias de familia que le cuenta la gente. Est\u00e1 claro que est\u00e1 determinado a escuchar otra cosa que el Otro, algo distinto al discurso del Otro. Est\u00e1 m\u00e1s bien enfocado en el\u00a0<i>sinthome<\/i>\u00a0del Uno\u00bb.[4]<\/p>\n<p style=\"text-align: justify;\">Una orientaci\u00f3n muy precisa que nos invita a ponernos a trabajar hacia el pr\u00f3ximo ENAPOL y que presagia por esa v\u00eda una pr\u00e1ctica menos\u00a0<i>familiar\u2026<\/i><\/p>\n<div class=\"NotasPie\">\n<p style=\"text-align: justify;\">NOTAS<\/p>\n<ol>\n<li style=\"text-align: justify;\">Lacan, J., (1988), Dos notas sobre el ni\u00f1o,\u00a0<i>Intervenciones y Textos<\/i>\u00a02, Buenos Aires: Manantial, p. 56.<\/li>\n<li style=\"text-align: justify;\"><i>Ibid<\/i>, p. 57.<\/li>\n<li style=\"text-align: justify;\">Miller, J.-A., (2007), Cosas de familia en el inconsciente,\u00a0<i>Mediodicho. Maldita familia, Revista de Psicoan\u00e1lisis 32<\/i>, C\u00f3rdoba: Publicaci\u00f3n de la Escuela de la Orientaci\u00f3n Lacaniana, Secci\u00f3n C\u00f3rdoba.<\/li>\n<li style=\"text-align: justify;\">Miller, J.-A., (2012),\u00a0<i>El\u00a0<\/i>ultim\u00edsimo<i>\u00a0Lacan<\/i>, Buenos Aires: Paid\u00f3s, p. 139.<\/li>\n<\/ol>\n<\/div>\n<\/div><\/div><\/div><\/div><\/div>\n","protected":false},"excerpt":{"rendered":"<p>Marcela Almanza<\/p>\n","protected":false},"author":1,"featured_media":1269,"menu_order":0,"comment_status":"open","ping_status":"closed","template":"","format":"standard","meta":{"_monsterinsights_skip_tracking":false,"_monsterinsights_sitenote_active":false,"_monsterinsights_sitenote_note":"","_monsterinsights_sitenote_category":0,"footnotes":""},"portfolio_category":[180,170],"portfolio_skills":[],"portfolio_tags":[],"_links":{"self":[{"href":"https:\/\/enapol.com\/viii\/wp-json\/wp\/v2\/avada_portfolio\/1268"}],"collection":[{"href":"https:\/\/enapol.com\/viii\/wp-json\/wp\/v2\/avada_portfolio"}],"about":[{"href":"https:\/\/enapol.com\/viii\/wp-json\/wp\/v2\/types\/avada_portfolio"}],"author":[{"embeddable":true,"href":"https:\/\/enapol.com\/viii\/wp-json\/wp\/v2\/users\/1"}],"replies":[{"embeddable":true,"href":"https:\/\/enapol.com\/viii\/wp-json\/wp\/v2\/comments?post=1268"}],"version-history":[{"count":1,"href":"https:\/\/enapol.com\/viii\/wp-json\/wp\/v2\/avada_portfolio\/1268\/revisions"}],"predecessor-version":[{"id":1270,"href":"https:\/\/enapol.com\/viii\/wp-json\/wp\/v2\/avada_portfolio\/1268\/revisions\/1270"}],"wp:featuredmedia":[{"embeddable":true,"href":"https:\/\/enapol.com\/viii\/wp-json\/wp\/v2\/media\/1269"}],"wp:attachment":[{"href":"https:\/\/enapol.com\/viii\/wp-json\/wp\/v2\/media?parent=1268"}],"wp:term":[{"taxonomy":"portfolio_category","embeddable":true,"href":"https:\/\/enapol.com\/viii\/wp-json\/wp\/v2\/portfolio_category?post=1268"},{"taxonomy":"portfolio_skills","embeddable":true,"href":"https:\/\/enapol.com\/viii\/wp-json\/wp\/v2\/portfolio_skills?post=1268"},{"taxonomy":"portfolio_tags","embeddable":true,"href":"https:\/\/enapol.com\/viii\/wp-json\/wp\/v2\/portfolio_tags?post=1268"}],"curies":[{"name":"wp","href":"https:\/\/api.w.org\/{rel}","templated":true}]}}