{"id":780,"date":"2021-09-07T22:16:06","date_gmt":"2021-09-07T22:16:06","guid":{"rendered":"http:\/\/x-enapol.org\/viii\/?post_type=avada_portfolio&#038;p=780"},"modified":"2021-09-07T22:16:06","modified_gmt":"2021-09-07T22:16:06","slug":"edgardo-madanes-captura-de-lo-intangible","status":"publish","type":"avada_portfolio","link":"https:\/\/enapol.com\/viii\/portfolio-items\/edgardo-madanes-captura-de-lo-intangible\/","title":{"rendered":"Edgardo Madanes &#8211; Captura de lo Intangible"},"content":{"rendered":"<div class=\"fusion-fullwidth fullwidth-box fusion-builder-row-1 fusion-flex-container nonhundred-percent-fullwidth non-hundred-percent-height-scrolling\" style=\"--awb-border-radius-top-left:0px;--awb-border-radius-top-right:0px;--awb-border-radius-bottom-right:0px;--awb-border-radius-bottom-left:0px;--awb-flex-wrap:wrap;\" ><div class=\"fusion-builder-row fusion-row fusion-flex-align-items-flex-start fusion-flex-content-wrap\" style=\"max-width:1352px;margin-left: calc(-4% \/ 2 );margin-right: calc(-4% \/ 2 );\"><div class=\"fusion-layout-column fusion_builder_column fusion-builder-column-0 fusion_builder_column_1_1 1_1 fusion-flex-column\" style=\"--awb-bg-size:cover;--awb-width-large:100%;--awb-margin-top-large:0px;--awb-spacing-right-large:1.92%;--awb-margin-bottom-large:20px;--awb-spacing-left-large:1.92%;--awb-width-medium:100%;--awb-order-medium:0;--awb-spacing-right-medium:1.92%;--awb-spacing-left-medium:1.92%;--awb-width-small:100%;--awb-order-small:0;--awb-spacing-right-small:1.92%;--awb-spacing-left-small:1.92%;\"><div class=\"fusion-column-wrapper fusion-column-has-shadow fusion-flex-justify-content-flex-start fusion-content-layout-column\"><div class=\"fusion-text fusion-text-1\"><p style=\"text-align: justify;\">Instalaci\u00f3n escult\u00f3rica realizada especialmente para el\u00a0<i>lobby<\/i>\u00a0del Hotel Hilton en el a\u00f1o 2016.<\/p>\n<p style=\"text-align: justify;\">\u00abPara crear este proyecto busqu\u00e9 en el contexto geogr\u00e1fico cercano al edificio morfolog\u00edas que podr\u00edan desafiar y convivir con el incre\u00edble espacio dise\u00f1ado por el Arquitecto Mario Roberto \u00c1lvarez y con el dise\u00f1o de interior del estudio Caparra-Entelman &amp; Asociados.<\/p>\n<p style=\"text-align: justify;\">La presencia del promisorio antiguo puerto de Buenos Aires fue sumamente estimulante.<\/p>\n<p style=\"text-align: justify;\">Sus gr\u00faas, hoy transformadas en estatuas, me convocaron a completar la imagen faltante de los antiguos sacos con los que se cargaban los cereales en los barcos.<\/p>\n<p style=\"text-align: justify;\">El vac\u00edo y la memoria fueron grandes motivadores para mi trabajo.<\/p>\n<p style=\"text-align: justify;\">Me propuse crear un di\u00e1logo entre el interior y el exterior del edificio, cruzando la historia con lo contempor\u00e1neo.<\/p>\n<p style=\"text-align: justify;\">Decid\u00ed que en el espacio a\u00e9reo del\u00a0<i>Lobby<\/i>\u00a0habitaran cinco grandes redes construidas en mimbre provenientes del delta del Paran\u00e1. Ellas son intentos para capturar el vac\u00edo y una invitaci\u00f3n al espectador para proyectar con su imaginaci\u00f3n el contenido de cada una.<\/p>\n<p style=\"text-align: justify;\">La instalaci\u00f3n escult\u00f3rica est\u00e1 suspendida dentro del espacio arquitect\u00f3nico creando nuevas tramas y texturas visuales que pueden ser observadas desde los m\u00faltiples puntos de vista del edificio\u00bb.<\/p>\n<p style=\"text-align: justify;\">Edgardo Madanes, 2016.<\/p>\n<hr \/>\n<p style=\"text-align: justify;\">Edgardo Madanes es artista, docente e investigador.<\/p>\n<h4 style=\"text-align: justify;\">Producci\u00f3n art\u00edstica<\/h4>\n<p style=\"text-align: justify;\"><b>Algunas exposiciones<\/b><br \/>\n2016 -\u00abCaptura de lo Intangible\u00bb (instalaci\u00f3n escult\u00f3rica Hotel Hilton Puerto Madero, Buenos Aires).<br \/>\n2014 -\u00abPermeable\u00bb, Galer\u00eda Elsi del R\u00edo (Buenos Aires).<br \/>\n2013 -\u00abEncuentros Transfigurados\u00bb, Espacio de la Fundaci\u00f3n OSDE (Buenos Aires).<br \/>\n2011 -\u00abCaminante\u00bb, Galer\u00eda Elsi del R\u00edo (Buenos Aires).<br \/>\n2010 -Arte BA. Feria de galer\u00edas. Galeria Elsi del R\u00edo.<br \/>\n2009 -El Espacio en Cuesti\u00f3n, Fundaci\u00f3n OSDE.<br \/>\n-Esculturas en el M.A.T, Museo de arte del Tigre.<br \/>\n-\u00abInfinito\u00bb, Galer\u00eda Elsi del R\u00edo (Buenos Aires).<br \/>\n2009 a 1992 -Esculturas en el Jard\u00edn, Museo Larreta (Buenos Aires).<br \/>\n2007 -Premio Fundaci\u00f3n Trabuco, Academia Nacional de las Artes (C.C. Borges,Bs. As.)<br \/>\n2006 -Terreno de Arte Experimental, Direcci\u00f3n General de Museos.<br \/>\n2002 -Terreno de Arte Experimental, Museo Casa Yrurtia.<\/p>\n<p style=\"text-align: justify;\"><b>Premios<\/b><br \/>\n2013 -Menci\u00f3n escultura para el encuentro del Comit\u00e9 Ol\u00edmpico en Bs As.<br \/>\n-Proyecto seleccionado para el campus de UNTREF.<br \/>\n2012 -Premio Konex Escultura, quinquenio 2007-2012.<br \/>\n2011 -Gran Premio de Honor 100\u00b0 Sal\u00f3n Nacional, Escultura.<br \/>\n2010 -Menci\u00f3n, Premio Fundaci\u00f3n Alberto Trabucco. Academia Nacional de Bellas Artes.<br \/>\n2008 -Primer Premio Sal\u00f3n Nacional de Escultura.<br \/>\n2007 -Segundo Premio Sal\u00f3n Nacional de Escultura.<br \/>\n2006 -Primer Premio Sal\u00f3n Municipal Manuel Belgrano, Escultura, (Bs As).<br \/>\n2005 -Menci\u00f3n Bienal Municipal de Arte Textil (Bs As).<br \/>\n2005 -Menci\u00f3n Especial Premio Nelly Arrieta de Blaquier, Universidad San Andr\u00e9s(Bs As).<br \/>\n2003 -Menci\u00f3n Especial del jurado Sal\u00f3n de Arte Textil Galer\u00edas Pac\u00edfico.<br \/>\n2002 -Primer Premio Arte Textil, Sal\u00f3n Nacional (Argentina).<\/p>\n<p style=\"text-align: justify;\"><b>Simposios y Bienales<\/b><br \/>\n2015 -International Forest Art Chengdu,China.<br \/>\n2013 -In Situ, Bariloche, Argentina.<br \/>\n2007 -International Forest Art Wisconsin, USA.<br \/>\n2006 -International Forest Art Damstadt, Alemania.<br \/>\n2003 -8\u00aa Bienal de la Habana, Cuba.<br \/>\n2001 -1\u00b0 Bienal Internacional de Buenos Aires, Museo Nacional de Bellas Artes.<\/p>\n<p style=\"text-align: justify;\"><b>Datos de contacto<\/b><br \/>\n<a href=\"mailto:edgardomadanes@yahoo.com.ar\">edgardomadanes@yahoo.com.ar<\/a><br \/>\n<a href=\"http:\/\/edgardomadanes.wixsite.com\/edgardomadanes\" target=\"_blank\" rel=\"noopener\">http:\/\/edgardomadanes.wixsite.com\/edgardomadanes<\/a><br \/>\n<a href=\"https:\/\/www.facebook.com\/edgardo.madanes\" target=\"_blank\" rel=\"noopener\">https:\/\/www.facebook.com\/edgardo.madanes<\/a><\/p>\n<\/div><\/div><\/div><\/div><\/div>\n","protected":false},"excerpt":{"rendered":"","protected":false},"author":1,"featured_media":781,"menu_order":0,"comment_status":"open","ping_status":"closed","template":"","format":"standard","meta":{"_monsterinsights_skip_tracking":false,"_monsterinsights_sitenote_active":false,"_monsterinsights_sitenote_note":"","_monsterinsights_sitenote_category":0,"footnotes":""},"portfolio_category":[106],"portfolio_skills":[],"portfolio_tags":[],"_links":{"self":[{"href":"https:\/\/enapol.com\/viii\/wp-json\/wp\/v2\/avada_portfolio\/780"}],"collection":[{"href":"https:\/\/enapol.com\/viii\/wp-json\/wp\/v2\/avada_portfolio"}],"about":[{"href":"https:\/\/enapol.com\/viii\/wp-json\/wp\/v2\/types\/avada_portfolio"}],"author":[{"embeddable":true,"href":"https:\/\/enapol.com\/viii\/wp-json\/wp\/v2\/users\/1"}],"replies":[{"embeddable":true,"href":"https:\/\/enapol.com\/viii\/wp-json\/wp\/v2\/comments?post=780"}],"version-history":[{"count":1,"href":"https:\/\/enapol.com\/viii\/wp-json\/wp\/v2\/avada_portfolio\/780\/revisions"}],"predecessor-version":[{"id":782,"href":"https:\/\/enapol.com\/viii\/wp-json\/wp\/v2\/avada_portfolio\/780\/revisions\/782"}],"wp:featuredmedia":[{"embeddable":true,"href":"https:\/\/enapol.com\/viii\/wp-json\/wp\/v2\/media\/781"}],"wp:attachment":[{"href":"https:\/\/enapol.com\/viii\/wp-json\/wp\/v2\/media?parent=780"}],"wp:term":[{"taxonomy":"portfolio_category","embeddable":true,"href":"https:\/\/enapol.com\/viii\/wp-json\/wp\/v2\/portfolio_category?post=780"},{"taxonomy":"portfolio_skills","embeddable":true,"href":"https:\/\/enapol.com\/viii\/wp-json\/wp\/v2\/portfolio_skills?post=780"},{"taxonomy":"portfolio_tags","embeddable":true,"href":"https:\/\/enapol.com\/viii\/wp-json\/wp\/v2\/portfolio_tags?post=780"}],"curies":[{"name":"wp","href":"https:\/\/api.w.org\/{rel}","templated":true}]}}