{"id":783,"date":"2021-09-07T22:17:07","date_gmt":"2021-09-07T22:17:07","guid":{"rendered":"http:\/\/x-enapol.org\/viii\/?post_type=avada_portfolio&#038;p=783"},"modified":"2021-09-07T22:17:07","modified_gmt":"2021-09-07T22:17:07","slug":"edgardo-madanes-captura-do-intangivel","status":"publish","type":"avada_portfolio","link":"https:\/\/enapol.com\/viii\/pt\/portfolio-items\/edgardo-madanes-captura-do-intangivel\/","title":{"rendered":"Edgardo Madanes &#8211; Captura do Intang\u00edvel"},"content":{"rendered":"<div class=\"fusion-fullwidth fullwidth-box fusion-builder-row-1 fusion-flex-container nonhundred-percent-fullwidth non-hundred-percent-height-scrolling\" style=\"--awb-border-radius-top-left:0px;--awb-border-radius-top-right:0px;--awb-border-radius-bottom-right:0px;--awb-border-radius-bottom-left:0px;--awb-flex-wrap:wrap;\" ><div class=\"fusion-builder-row fusion-row fusion-flex-align-items-flex-start fusion-flex-content-wrap\" style=\"max-width:1352px;margin-left: calc(-4% \/ 2 );margin-right: calc(-4% \/ 2 );\"><div class=\"fusion-layout-column fusion_builder_column fusion-builder-column-0 fusion_builder_column_1_1 1_1 fusion-flex-column\" style=\"--awb-bg-size:cover;--awb-width-large:100%;--awb-margin-top-large:0px;--awb-spacing-right-large:1.92%;--awb-margin-bottom-large:20px;--awb-spacing-left-large:1.92%;--awb-width-medium:100%;--awb-order-medium:0;--awb-spacing-right-medium:1.92%;--awb-spacing-left-medium:1.92%;--awb-width-small:100%;--awb-order-small:0;--awb-spacing-right-small:1.92%;--awb-spacing-left-small:1.92%;\"><div class=\"fusion-column-wrapper fusion-column-has-shadow fusion-flex-justify-content-flex-start fusion-content-layout-column\"><div class=\"fusion-text fusion-text-1\"><p style=\"text-align: justify;\">Instala\u00e7\u00e3o escult\u00f3rica realizada especialmente para o lobby do Hotel Hilton no ano 2016.<\/p>\n<p style=\"text-align: justify;\">\u00abPara criar este projeto busquei, no contexto geogr\u00e1fico pr\u00f3ximo ao edif\u00edcio, morfologias que poderiam desafiar e conviver com o incr\u00edvel espa\u00e7o desenhado pelo arquiteto Mario Roberto \u00c1lvarez e com o desenho do interior do est\u00fadio Caparra-Entelman &amp; Asociados. A presen\u00e7a do promissor antigo porto de Buenos Aires foi sumamente estimulante.<\/p>\n<p style=\"text-align: justify;\">Suas gruas, agora transformadas em est\u00e1tuas, me convocaram a completar a imagem faltante dos antigos sacos com os quais se carregavam os cereais nos navios.<\/p>\n<p style=\"text-align: justify;\">O vazio e a mem\u00f3ria foram grandes motivadores para o meu trabalho.<\/p>\n<p style=\"text-align: justify;\">Eu me propus a criar um di\u00e1logo entre o interior e o exterior do edif\u00edcio, cruzando a hist\u00f3ria com o contempor\u00e2neo.<\/p>\n<p style=\"text-align: justify;\">Decidi que no espa\u00e7o a\u00e9reo do Lobby habitariam cinco grandes redes constru\u00eddas em vime proveniente do delta do Paran\u00e1. Elas s\u00e3o tentativas de capturar o vazio e um convite ao espectador para projetar, com sua imagina\u00e7\u00e3o, o conte\u00fado de cada uma.<\/p>\n<p style=\"text-align: justify;\">A instala\u00e7\u00e3o escult\u00f3rica est\u00e1 suspensa dentro do espa\u00e7o arquitet\u00f4nico, criando novas tramas e texturas visuais que podem ser observadas desde os m\u00faltiplos pontos de vista do edif\u00edcio \u00ab.<\/p>\n<p style=\"text-align: justify;\">Edgardo Madanes, 2016.<\/p>\n<hr \/>\n<p style=\"text-align: justify;\">Edgardo Madanes \u00e9 artista, docente e investigador.<b><\/b><\/p>\n<h4 style=\"text-align: justify;\">Produ\u00e7\u00e3o art\u00edstica<\/h4>\n<p style=\"text-align: justify;\"><b>Algumas exposi\u00e7\u00f5es<\/b><br \/>\n2016 -\u00abCaptura de lo Intangible\u00bb (instala\u00e7\u00e3o escult\u00f3rica Hotel Hilton, Puerto Madero, Buenos Aires).<br \/>\n2014 -\u00abPermeable\u00bb, Galeria Elsi del R\u00edo (Buenos Aires).<br \/>\n2013 -\u00abEncuentros Transfigurados\u00bb, Espa\u00e7o da Funda\u00e7\u00e3o OSDE (Buenos Aires).<br \/>\n2011 -\u00abCaminante\u00bb, Galeria Elsi del R\u00edo (Buenos Aires).<br \/>\n2010 &#8211; Arte BA. Feira de galerias. Galeria Elsi del R\u00edo.<br \/>\n2009 &#8211; El Espacio en Cuesti\u00f3n, Funda\u00e7\u00e3o OSDE.<br \/>\n&#8211; Esculturas en el M.A.T, Museu de arte do Tigre.<br \/>\n-\u00abInfinito\u00bb, Galeria Elsi del R\u00edo (Buenos Aires).<br \/>\n2009 a 1992 &#8211; Esculturas en el Jard\u00edn, Museu Larreta (Buenos Aires).<br \/>\n2007 &#8211; Pr\u00eamio Funda\u00e7\u00e3o Trabuco, Academia Nacional de las Artes (C.C. Borges,Bs. As.)<br \/>\n2006 -Terreno de Arte Experimental, Dire\u00e7\u00e3o Geral de Museus.<br \/>\n2002 -Terreno de Arte Experimental, Museu Casa Yrurtia.<\/p>\n<p style=\"text-align: justify;\"><b>Premios<\/b><br \/>\n2013 -Men\u00e7\u00e3o escultura para o encontro do Comit\u00ea Ol\u00edmpico em Bs As.<br \/>\n-Projeto selecionado para o campus de UNTREF.<br \/>\n2012 -Pr\u00eamio Konex Escultura, quinqu\u00eanio 2007-2012.<br \/>\n2011 -Grande Premio de Honra 100\u00b0 Sal\u00e3o Nacional, Escultura.<br \/>\n2010 -Men\u00e7\u00e3o, Pr\u00eamio Fundaci\u00f3n Alberto Trabucco. Academia Nacional de Belas Artes.<br \/>\n2008 -Primeiro Pr\u00eamio Sal\u00e3o Nacional de Escultura.<br \/>\n2007 -Segundo Pr\u00eamio Sal\u00e3o Nacional de Escultura.<br \/>\n2006 -Primeiro Pr\u00eamio Sal\u00e3o Municipal Manuel Belgrano, Escultura, (Bs As).<br \/>\n2005 -Men\u00e7\u00e3o Bienal Municipal de Arte Textil (Bs As).<br \/>\n2005 -Men\u00e7\u00e3o Especial Pr\u00eamio Nelly Arrieta de Blaquier, Universidad San Andr\u00e9s(Bs As).<br \/>\n2003 -Men\u00e7\u00e3o Especial do jurado Sal\u00e3o de Arte T\u00eaxtil Galerias Pac\u00edfico.<br \/>\n2002 -Primeiro Pr\u00eamio Arte T\u00eaxtil, Sal\u00e3o Nacional (Argentina).<\/p>\n<p style=\"text-align: justify;\"><b>Simp\u00f3sios e Bienais<\/b><br \/>\n2015 -International Forest Art Chengdu,China.<br \/>\n2013 -In Situ, Bariloche, Argentina.<br \/>\n2007 -International Forest Art Wisconsin, USA.<br \/>\n2006 -International Forest Art Damstadt, Alemania.<br \/>\n2003 -8\u00aa Bienal de Havana, Cuba.<br \/>\n2001 -1\u00b0 Bienal Internacional de Buenos Aires, Museu Nacional de Belas Artes.<\/p>\n<p style=\"text-align: justify;\"><b>Dados de contato<\/b><br \/>\n<a href=\"mailto:edgardomadanes@yahoo.com.ar\">edgardomadanes@yahoo.com.ar<\/a><br \/>\n<a href=\"http:\/\/edgardomadanes.wixsite.com\/edgardomadanes\" target=\"_blank\" rel=\"noopener\">http:\/\/edgardomadanes.wixsite.com\/edgardomadanes<\/a><br \/>\n<a href=\"https:\/\/www.facebook.com\/edgardo.madanes\" target=\"_blank\" rel=\"noopener\">https:\/\/www.facebook.com\/edgardo.madanes<\/a><\/p>\n<\/div><\/div><\/div><\/div><\/div>\n","protected":false},"excerpt":{"rendered":"","protected":false},"author":1,"featured_media":781,"menu_order":0,"comment_status":"open","ping_status":"closed","template":"","format":"standard","meta":{"_monsterinsights_skip_tracking":false,"_monsterinsights_sitenote_active":false,"_monsterinsights_sitenote_note":"","_monsterinsights_sitenote_category":0,"footnotes":""},"portfolio_category":[108],"portfolio_skills":[],"portfolio_tags":[],"_links":{"self":[{"href":"https:\/\/enapol.com\/viii\/wp-json\/wp\/v2\/avada_portfolio\/783"}],"collection":[{"href":"https:\/\/enapol.com\/viii\/wp-json\/wp\/v2\/avada_portfolio"}],"about":[{"href":"https:\/\/enapol.com\/viii\/wp-json\/wp\/v2\/types\/avada_portfolio"}],"author":[{"embeddable":true,"href":"https:\/\/enapol.com\/viii\/wp-json\/wp\/v2\/users\/1"}],"replies":[{"embeddable":true,"href":"https:\/\/enapol.com\/viii\/wp-json\/wp\/v2\/comments?post=783"}],"version-history":[{"count":1,"href":"https:\/\/enapol.com\/viii\/wp-json\/wp\/v2\/avada_portfolio\/783\/revisions"}],"predecessor-version":[{"id":784,"href":"https:\/\/enapol.com\/viii\/wp-json\/wp\/v2\/avada_portfolio\/783\/revisions\/784"}],"wp:featuredmedia":[{"embeddable":true,"href":"https:\/\/enapol.com\/viii\/wp-json\/wp\/v2\/media\/781"}],"wp:attachment":[{"href":"https:\/\/enapol.com\/viii\/wp-json\/wp\/v2\/media?parent=783"}],"wp:term":[{"taxonomy":"portfolio_category","embeddable":true,"href":"https:\/\/enapol.com\/viii\/wp-json\/wp\/v2\/portfolio_category?post=783"},{"taxonomy":"portfolio_skills","embeddable":true,"href":"https:\/\/enapol.com\/viii\/wp-json\/wp\/v2\/portfolio_skills?post=783"},{"taxonomy":"portfolio_tags","embeddable":true,"href":"https:\/\/enapol.com\/viii\/wp-json\/wp\/v2\/portfolio_tags?post=783"}],"curies":[{"name":"wp","href":"https:\/\/api.w.org\/{rel}","templated":true}]}}