{"id":2901,"date":"2023-04-08T17:15:01","date_gmt":"2023-04-08T20:15:01","guid":{"rendered":"https:\/\/enapol.com\/xi\/?post_type=avada_portfolio&#038;p=2901"},"modified":"2023-04-29T21:59:04","modified_gmt":"2023-04-30T00:59:04","slug":"primera-entrega","status":"publish","type":"avada_portfolio","link":"https:\/\/enapol.com\/xi\/portfolio-items\/primera-entrega\/","title":{"rendered":"Primera Entrega"},"content":{"rendered":"<p><div class=\"fusion-fullwidth fullwidth-box fusion-builder-row-1 fusion-flex-container has-pattern-background has-mask-background nonhundred-percent-fullwidth non-hundred-percent-height-scrolling\" style=\"--awb-border-radius-top-left:0px;--awb-border-radius-top-right:0px;--awb-border-radius-bottom-right:0px;--awb-border-radius-bottom-left:0px;--awb-flex-wrap:wrap;\" ><div class=\"fusion-builder-row fusion-row fusion-flex-align-items-flex-start fusion-flex-content-wrap\" style=\"max-width:1248px;margin-left: calc(-4% \/ 2 );margin-right: calc(-4% \/ 2 );\"><div class=\"fusion-layout-column fusion_builder_column fusion-builder-column-0 fusion_builder_column_1_1 1_1 fusion-flex-column\" style=\"--awb-bg-size:cover;--awb-width-large:100%;--awb-margin-top-large:0px;--awb-spacing-right-large:1.92%;--awb-margin-bottom-large:20px;--awb-spacing-left-large:1.92%;--awb-width-medium:100%;--awb-order-medium:0;--awb-spacing-right-medium:1.92%;--awb-spacing-left-medium:1.92%;--awb-width-small:100%;--awb-order-small:0;--awb-spacing-right-small:1.92%;--awb-spacing-left-small:1.92%;\"><div class=\"fusion-column-wrapper fusion-column-has-shadow fusion-flex-justify-content-flex-start fusion-content-layout-column\"><div style=\"text-align:right;\"><a class=\"fusion-button button-flat fusion-button-default-size button-default fusion-button-default button-1 fusion-button-default-span fusion-button-default-type\" target=\"_blank\" rel=\"noopener noreferrer\" href=\"http:\/\/enapol.com\/xi\/wp-content\/uploads\/2023\/03\/ENAPOL-Bibliografia-ES-1.pdf\"><span class=\"fusion-button-text\">BIBLIOGRAF\u00cdA RAZONADA<\/span><\/a><\/div><\/div><\/div><\/div><\/div><div id=\"citas\" class=\"fusion-container-anchor\"><div class=\"fusion-fullwidth fullwidth-box fusion-builder-row-2 fusion-flex-container has-pattern-background has-mask-background nonhundred-percent-fullwidth non-hundred-percent-height-scrolling\" style=\"--awb-border-radius-top-left:0px;--awb-border-radius-top-right:0px;--awb-border-radius-bottom-right:0px;--awb-border-radius-bottom-left:0px;--awb-flex-wrap:wrap;\" ><div class=\"fusion-builder-row fusion-row fusion-flex-align-items-flex-start fusion-flex-content-wrap\" style=\"max-width:1248px;margin-left: calc(-4% \/ 2 );margin-right: calc(-4% \/ 2 );\"><div class=\"fusion-layout-column fusion_builder_column fusion-builder-column-1 fusion_builder_column_1_1 1_1 fusion-flex-column\" style=\"--awb-bg-size:cover;--awb-width-large:100%;--awb-margin-top-large:0px;--awb-spacing-right-large:1.92%;--awb-margin-bottom-large:20px;--awb-spacing-left-large:1.92%;--awb-width-medium:100%;--awb-order-medium:0;--awb-spacing-right-medium:1.92%;--awb-spacing-left-medium:1.92%;--awb-width-small:100%;--awb-order-small:0;--awb-spacing-right-small:1.92%;--awb-spacing-left-small:1.92%;\"><div class=\"fusion-column-wrapper fusion-column-has-shadow fusion-flex-justify-content-flex-start fusion-content-layout-column\"><div class=\"fusion-text fusion-text-1\"><p>Nuestra v\u00eda de acceso a la investigaci\u00f3n \u201cComenzar a analizarse\u201d; ni cat\u00e1logo, ni an\u00e1logo, la tercera v\u00eda\u2026 \u00a1la funci\u00f3n de la llave!<\/p>\n<p><strong>1- \u00bfQue\u0301 es lo que lleva a un sujeto a buscar un analista en los tiempos que corren? \u00bfC\u00f3mo se inician los an\u00e1lisis hoy? <\/strong><\/p>\n<\/div><div class=\"fusion-testimonials classic awb-speech-bubble-show fusion-testimonials-1\" style=\"--awb-textcolor:var(--awb-custom_color_1);--awb-backgroundcolor:var(--awb-color3);--awb-testimonial-border-style:solid;--awb-testimonial-border-color:var(--awb-color3);--awb-border-top-left-radius:0px;--awb-border-top-right-radius:0px;--awb-border-bottom-left-radius:0px;--awb-border-bottom-right-radius:0px;--testimonial-border-width-top:0px;--testimonial-border-width-right:0px;--testimonial-border-width-bottom:0px;--testimonial-border-width-left:0px;\" data-random=\"0\" data-speed=\"0\"><div class=\"reviews\"><div class=\"review active-testimonial no-avatar\"><blockquote><div class=\"awb-quote\"><div class=\"awb-quote-content\">\n<p>\u201cLa extraordinaria diversidad de las constelaciones ps\u00edquicas intervinientes, la plasticidad de todos los procesos animicos y la riqueza de los factores determinantes se oponen, por cierto, a una mecanizaci\u00f3n de la t\u00e9cnica.\u201d<\/p>\n<\/div><\/div><span class=\"awb-triangle\"><\/span><\/blockquote><div class=\"author\"><span class=\"company-name\"><strong>Freud, S.<\/strong><span>, <\/span><span><i>La iniciaci\u00f3n del tratamiento<\/i> (1913). Obras completas. Tomo XII. Buenos Aires. Amorrortu editores, 1990, p 125.<\/span><\/span><\/div><\/div><\/div><\/div><div class=\"fusion-separator fusion-full-width-sep\" style=\"align-self: center;margin-left: auto;margin-right: auto;margin-top:20px;margin-bottom:20px;width:100%;\"><\/div><div class=\"fusion-testimonials classic awb-speech-bubble-show fusion-testimonials-2\" style=\"--awb-textcolor:var(--awb-custom_color_1);--awb-backgroundcolor:var(--awb-color3);--awb-testimonial-border-style:solid;--awb-testimonial-border-color:var(--awb-color3);--awb-border-top-left-radius:0px;--awb-border-top-right-radius:0px;--awb-border-bottom-left-radius:0px;--awb-border-bottom-right-radius:0px;--testimonial-border-width-top:0px;--testimonial-border-width-right:0px;--testimonial-border-width-bottom:0px;--testimonial-border-width-left:0px;\" data-random=\"0\" data-speed=\"0\"><div class=\"reviews\"><div class=\"review active-testimonial no-avatar\"><blockquote><div class=\"awb-quote\"><div class=\"awb-quote-content\">\n<p>\u201cPrimeramente, \u00bfEl final de an\u00e1lisis es lo que se nos demanda? Lo que se nos demanda debemos llamarlo con una palabra simple, es la felicidad.<\/p>\n<p>(\u2026)<\/p>\n<p>El an\u00e1lisis aparece en este contexto-sin que podamos saber exactamente que justifica que sea en este contexto-, y el analista se ofrece a recibir, es un hecho, la demanda de la felicidad\u201d<\/p>\n<\/div><\/div><span class=\"awb-triangle\"><\/span><\/blockquote><div class=\"author\"><span class=\"company-name\"><strong>Lacan, J.<\/strong><span>, <\/span><span>1959-1960) <i>El seminario, libro 7, La \u00c9tica del Psicoan\u00e1lisis<\/i>, Buenos Aires , Paid\u00f3s 1990, pp. 348-349<\/span><\/span><\/div><\/div><\/div><\/div><div class=\"fusion-separator fusion-full-width-sep\" style=\"align-self: center;margin-left: auto;margin-right: auto;margin-top:20px;margin-bottom:20px;width:100%;\"><\/div><div class=\"fusion-testimonials classic awb-speech-bubble-show fusion-testimonials-3\" style=\"--awb-textcolor:var(--awb-custom_color_1);--awb-backgroundcolor:var(--awb-color3);--awb-testimonial-border-style:solid;--awb-testimonial-border-color:var(--awb-color3);--awb-border-top-left-radius:0px;--awb-border-top-right-radius:0px;--awb-border-bottom-left-radius:0px;--awb-border-bottom-right-radius:0px;--testimonial-border-width-top:0px;--testimonial-border-width-right:0px;--testimonial-border-width-bottom:0px;--testimonial-border-width-left:0px;\" data-random=\"0\" data-speed=\"0\"><div class=\"reviews\"><div class=\"review active-testimonial no-avatar\"><blockquote><div class=\"awb-quote\"><div class=\"awb-quote-content\">\n<p>\u201c\u00bfQui\u00e9n va al an\u00e1lisis hoy?\u00a0 Solamente los decepcionados del \u201cdeber ser\u201d, los que tienen un ideal.\u00a0 Conservemos el valor de referencia del t\u00e9rmino <em>ideal<\/em>, al que ser\u00eda muy f\u00e1cil degradar bajo el nombre de <em>narcisismo <\/em>-por m\u00e1s que haya en efecto un lazo entre el ideal y el narcisismo, aunque solo fuera por el hecho de que aquellos que quisieran ser diferentes de lo que son, creen o se imaginan que podr\u00e1n serlo.\u00a0 La creencia en el s\u00edntoma es en este aspecto estrictamente correlativa, es decir que est\u00e1 enlazada a la creencia en el ideal\u201d<\/p>\n<\/div><\/div><span class=\"awb-triangle\"><\/span><\/blockquote><div class=\"author\"><span class=\"company-name\"><strong>Miller, J.-A.<\/strong><span>, <\/span><span>(2000-2001) <i>El lugar y el lazo<\/i>, Paid\u00f3s, Buenos Aires, 2013, p. 34<\/span><\/span><\/div><\/div><\/div><\/div><div class=\"fusion-separator fusion-full-width-sep\" style=\"align-self: center;margin-left: auto;margin-right: auto;margin-top:20px;margin-bottom:20px;width:100%;\"><\/div><div class=\"fusion-text fusion-text-2\"><p><strong>2- \u00bfCu\u00e1ndo empieza un an\u00e1lisis? <\/strong><\/p>\n<\/div><div class=\"fusion-testimonials classic awb-speech-bubble-show fusion-testimonials-4\" style=\"--awb-textcolor:var(--awb-custom_color_1);--awb-backgroundcolor:var(--awb-color3);--awb-testimonial-border-style:solid;--awb-testimonial-border-color:var(--awb-color3);--awb-border-top-left-radius:0px;--awb-border-top-right-radius:0px;--awb-border-bottom-left-radius:0px;--awb-border-bottom-right-radius:0px;--testimonial-border-width-top:0px;--testimonial-border-width-right:0px;--testimonial-border-width-bottom:0px;--testimonial-border-width-left:0px;\" data-random=\"0\" data-speed=\"0\"><div class=\"reviews\"><div class=\"review active-testimonial no-avatar\"><blockquote><div class=\"awb-quote\"><div class=\"awb-quote-content\">\n<p>Dos tramos del comienzo de\u00a0 un an\u00e1lisis<\/p>\n<p>\u201c(\u2026) puede trazarse la comparaci\u00f3n con dos tramos correlativos de un viaje. El primero comprende todos los preparativos necesarios, tan complicados hoy y tan dif\u00edciles de cumplir, hasta que por fin se abandona la carta de viaje y uno pone el pie en el anden y consigue su lugar en el vag\u00f3n. Ahora tiene el derecho y la posibilidad de viajar hasta ese lejano pa\u00eds, pero tras todos esos trabajos previos no se est\u00e1 todav\u00eda ah\u00ed [\u2026] Aun es preciso hacer el viaje mismo de una estaci\u00f3n a la otra (\u2026)<\/p>\n<\/div><\/div><span class=\"awb-triangle\"><\/span><\/blockquote><div class=\"author\"><span class=\"company-name\"><strong>Freud, S.<\/strong><span>, <\/span><span>(1920) <i>Sobre la psicog\u00e9nesis de un caso de homosexualidad femenina<\/i>. Obras completas. Amorrortu Editores. Buenos Aires. 1997, p. 146<\/span><\/span><\/div><\/div><\/div><\/div><div class=\"fusion-separator fusion-full-width-sep\" style=\"align-self: center;margin-left: auto;margin-right: auto;margin-top:20px;margin-bottom:20px;width:100%;\"><\/div><div class=\"fusion-testimonials classic awb-speech-bubble-show fusion-testimonials-5\" style=\"--awb-textcolor:var(--awb-custom_color_1);--awb-backgroundcolor:var(--awb-color3);--awb-testimonial-border-style:solid;--awb-testimonial-border-color:var(--awb-color3);--awb-border-top-left-radius:0px;--awb-border-top-right-radius:0px;--awb-border-bottom-left-radius:0px;--awb-border-bottom-right-radius:0px;--testimonial-border-width-top:0px;--testimonial-border-width-right:0px;--testimonial-border-width-bottom:0px;--testimonial-border-width-left:0px;\" data-random=\"0\" data-speed=\"0\"><div class=\"reviews\"><div class=\"review active-testimonial no-avatar\"><blockquote><div class=\"awb-quote\"><div class=\"awb-quote-content\">\n<p>\u201cLa dimensi\u00f3n de la sorpresa es consustancial a lo que ocurre con el deseo en tanto que ha pasado al nivel del inconsciente.\u201d<\/p>\n<\/div><\/div><span class=\"awb-triangle\"><\/span><\/blockquote><div class=\"author\"><span class=\"company-name\"><strong>Lacan, J.<\/strong><span>, <\/span><span>1957-1958) <i>El seminario, libro 5 Las formaciones del Inconsciente<\/i>, Buenos Aires , Paid\u00f3s 1998. p.96<\/span><\/span><\/div><\/div><\/div><\/div><div class=\"fusion-separator fusion-full-width-sep\" style=\"align-self: center;margin-left: auto;margin-right: auto;margin-top:20px;margin-bottom:20px;width:100%;\"><\/div><div class=\"fusion-testimonials classic awb-speech-bubble-show fusion-testimonials-6\" style=\"--awb-textcolor:var(--awb-custom_color_1);--awb-backgroundcolor:var(--awb-color3);--awb-testimonial-border-style:solid;--awb-testimonial-border-color:var(--awb-color3);--awb-border-top-left-radius:0px;--awb-border-top-right-radius:0px;--awb-border-bottom-left-radius:0px;--awb-border-bottom-right-radius:0px;--testimonial-border-width-top:0px;--testimonial-border-width-right:0px;--testimonial-border-width-bottom:0px;--testimonial-border-width-left:0px;\" data-random=\"0\" data-speed=\"0\"><div class=\"reviews\"><div class=\"review active-testimonial no-avatar\"><blockquote><div class=\"awb-quote\"><div class=\"awb-quote-content\">\n<p>\u201c\u00bfC\u00f3mo comienzan los an\u00e1lisis? \u2026por cierto, <em>los an\u00e1lisis<\/em>-puse un plural-comienzan de diferente manera y podemos divertirnos describi\u00e9ndolos. A veces comienzan con l\u00e1grimas y a veces con risas. A veces pueden comenzar con desconfianza<em>: &#8211; \u00bflo necesito verdaderamente? \u00bfes usted analista que puede entenderme? \u00bfQuiero en verdad un an\u00e1lisis<\/em>? pero tambi\u00e9n pueden comenzar con soltura, con facilidad: &#8211;<em>pienso en eso desde hace tiempo, lo demor\u00e9 hasta el momento en que por fin cumpl\u00ed mi designio<\/em>. A veces comienzan con urgencias: &#8211; \u00a1de inmediato! ( \u2026)\u00a0 captar la estructura del comienzo\u2026siempre comienzan por la transferencia\u201d<\/p>\n<\/div><\/div><span class=\"awb-triangle\"><\/span><\/blockquote><div class=\"author\"><span class=\"company-name\"><strong>Miller, J.-A.<\/strong><span>, <\/span><span>(1993-1994.) <i>Donc<\/i>, Paid\u00f3s, Buenos Aires, 2011, p. 285<\/span><\/span><\/div><\/div><\/div><\/div><div class=\"fusion-separator fusion-full-width-sep\" style=\"align-self: center;margin-left: auto;margin-right: auto;margin-top:20px;margin-bottom:20px;width:100%;\"><\/div><div class=\"fusion-text fusion-text-3\"><p><strong>3- \u00bfEn qu\u00e9 cambio\u0301 la cl\u00ednica del comienzo de an\u00e1lisis en los \u00faltimos a\u00f1os?<\/strong><\/p>\n<\/div><div class=\"fusion-testimonials classic awb-speech-bubble-show fusion-testimonials-7\" style=\"--awb-textcolor:var(--awb-custom_color_1);--awb-backgroundcolor:var(--awb-color3);--awb-testimonial-border-style:solid;--awb-testimonial-border-color:var(--awb-color3);--awb-border-top-left-radius:0px;--awb-border-top-right-radius:0px;--awb-border-bottom-left-radius:0px;--awb-border-bottom-right-radius:0px;--testimonial-border-width-top:0px;--testimonial-border-width-right:0px;--testimonial-border-width-bottom:0px;--testimonial-border-width-left:0px;\" data-random=\"0\" data-speed=\"0\"><div class=\"reviews\"><div class=\"review active-testimonial no-avatar\"><blockquote><div class=\"awb-quote\"><div class=\"awb-quote-content\">\n<p>\u201cPara el psicoanalista, en las circunstancias hoy reinantes, hay una tendencia afectiva peligros\u00edsima: la ambici\u00f3n de obtener, con su nuevo y tan atacado instrumento, un logro convincente para los dem\u00e1s.\u201d<\/p>\n<\/div><\/div><span class=\"awb-triangle\"><\/span><\/blockquote><div class=\"author\"><span class=\"company-name\"><strong>Freud, S.<\/strong><span>, <\/span><span>(1912) \u201cConsejos al m\u00e9dico sobre el tratamiento psicoanal\u00edtico\u201d, <i>Obras Completas<\/i> Tomo XII, Buenos Aires, Amorrortu, 1991, p.114<\/span><\/span><\/div><\/div><\/div><\/div><div class=\"fusion-separator fusion-full-width-sep\" style=\"align-self: center;margin-left: auto;margin-right: auto;margin-top:20px;margin-bottom:20px;width:100%;\"><\/div><div class=\"fusion-testimonials classic awb-speech-bubble-show fusion-testimonials-8\" style=\"--awb-textcolor:var(--awb-custom_color_1);--awb-backgroundcolor:var(--awb-color3);--awb-testimonial-border-style:solid;--awb-testimonial-border-color:var(--awb-color3);--awb-border-top-left-radius:0px;--awb-border-top-right-radius:0px;--awb-border-bottom-left-radius:0px;--awb-border-bottom-right-radius:0px;--testimonial-border-width-top:0px;--testimonial-border-width-right:0px;--testimonial-border-width-bottom:0px;--testimonial-border-width-left:0px;\" data-random=\"0\" data-speed=\"0\"><div class=\"reviews\"><div class=\"review active-testimonial no-avatar\"><blockquote><div class=\"awb-quote\"><div class=\"awb-quote-content\">\n<p>\u201cAhora bien, no deber\u00eda tratarse en esta ocasi\u00f3n de elidir lo imposible, sino de ser su agente\u201d<\/p>\n<\/div><\/div><span class=\"awb-triangle\"><\/span><\/blockquote><div class=\"author\"><span class=\"company-name\"><strong>Lacan, J.<\/strong><span>, <\/span><span>(1969-1970) <i>El seminario, libro 17, El Reverso del Psicoan\u00e1lisis<\/i>, Buenos Aires, Paid\u00f3s, 1992, p. 196<\/span><\/span><\/div><\/div><\/div><\/div><div class=\"fusion-separator fusion-full-width-sep\" style=\"align-self: center;margin-left: auto;margin-right: auto;margin-top:20px;margin-bottom:20px;width:100%;\"><\/div><div class=\"fusion-testimonials classic awb-speech-bubble-show fusion-testimonials-9\" style=\"--awb-textcolor:var(--awb-custom_color_1);--awb-backgroundcolor:var(--awb-color3);--awb-testimonial-border-style:solid;--awb-testimonial-border-color:var(--awb-color3);--awb-border-top-left-radius:0px;--awb-border-top-right-radius:0px;--awb-border-bottom-left-radius:0px;--awb-border-bottom-right-radius:0px;--testimonial-border-width-top:0px;--testimonial-border-width-right:0px;--testimonial-border-width-bottom:0px;--testimonial-border-width-left:0px;\" data-random=\"0\" data-speed=\"0\"><div class=\"reviews\"><div class=\"review active-testimonial no-avatar\"><blockquote><div class=\"awb-quote\"><div class=\"awb-quote-content\">\n<p>\u201cDigo todo esto en tono vagamente ir\u00f3nico, pero mi problema es no obstante que habr\u00e1 que ver c\u00f3mo situar el psicoan\u00e1lisis, en un mundo que est\u00e1 reconfigur\u00e1ndose de un modo muy serio, entre las TCC y la religi\u00f3n, si me permiten\u201d<\/p>\n<\/div><\/div><span class=\"awb-triangle\"><\/span><\/blockquote><div class=\"author\"><span class=\"company-name\"><strong>Miller, J.-A.<\/strong><span>, <\/span><span>(2004-2005) <i>Piezas sueltas<\/i>, Paid\u00f3s, Buenos Aires, 2013, p. 316<\/span><\/span><\/div><\/div><\/div><\/div><div class=\"fusion-separator fusion-full-width-sep\" style=\"align-self: center;margin-left: auto;margin-right: auto;margin-top:20px;margin-bottom:20px;width:100%;\"><\/div><div class=\"fusion-text fusion-text-4\"><p><strong>4- Un llamado a los practicantes: \u00a1Empezar a analizarse! <\/strong><\/p>\n<\/div><div class=\"fusion-testimonials classic awb-speech-bubble-show fusion-testimonials-10\" style=\"--awb-textcolor:var(--awb-custom_color_1);--awb-backgroundcolor:var(--awb-color3);--awb-testimonial-border-style:solid;--awb-testimonial-border-color:var(--awb-color3);--awb-border-top-left-radius:0px;--awb-border-top-right-radius:0px;--awb-border-bottom-left-radius:0px;--awb-border-bottom-right-radius:0px;--testimonial-border-width-top:0px;--testimonial-border-width-right:0px;--testimonial-border-width-bottom:0px;--testimonial-border-width-left:0px;\" data-random=\"0\" data-speed=\"0\"><div class=\"reviews\"><div class=\"review active-testimonial no-avatar\"><blockquote><div class=\"awb-quote\"><div class=\"awb-quote-content\">\n<p>\u201cFreud me detuvo aqu\u00ed y me dijo: \u201c\u00bfPreparo usted esta hora?\u201d \u201cNo\u201d, respond\u00ed, \u201cpero \u00bfPor qu\u00e9 me lo pregunta?\u201d \u201cPorque fue una presentaci\u00f3n perfecta. Quiero decir que fue, como decimos en alem\u00e1n, <em>druckfertig*<\/em>. Lo vere ma\u00f1ana\u201d<\/p>\n<p><em>*listo para imprimir<\/em><\/p>\n<\/div><\/div><span class=\"awb-triangle\"><\/span><\/blockquote><div class=\"author\"><span class=\"company-name\"><strong>A. Kardiner<\/strong><span>, <\/span><span>\u201cMi an\u00e1lisis con Freud\u201d Ed. Joaqu\u00edn Mortiz, M\u00e9xico, 1979.<\/span><\/span><\/div><\/div><\/div><\/div><div class=\"fusion-separator fusion-full-width-sep\" style=\"align-self: center;margin-left: auto;margin-right: auto;margin-top:20px;margin-bottom:20px;width:100%;\"><\/div><div class=\"fusion-testimonials classic awb-speech-bubble-show fusion-testimonials-11\" style=\"--awb-textcolor:var(--awb-custom_color_1);--awb-backgroundcolor:var(--awb-color3);--awb-testimonial-border-style:solid;--awb-testimonial-border-color:var(--awb-color3);--awb-border-top-left-radius:0px;--awb-border-top-right-radius:0px;--awb-border-bottom-left-radius:0px;--awb-border-bottom-right-radius:0px;--testimonial-border-width-top:0px;--testimonial-border-width-right:0px;--testimonial-border-width-bottom:0px;--testimonial-border-width-left:0px;\" data-random=\"0\" data-speed=\"0\"><div class=\"reviews\"><div class=\"review active-testimonial no-avatar\"><blockquote><div class=\"awb-quote\"><div class=\"awb-quote-content\">\n<p>\u201cFreud sabe desde el comienzo qu\u00e9 s\u00f3lo si se analiza progresar\u00e1 en el an\u00e1lisis de los neur\u00f3ticos\u201d.<\/p>\n<\/div><\/div><span class=\"awb-triangle\"><\/span><\/blockquote><div class=\"author\"><span class=\"company-name\"><strong>Lacan, J.<\/strong><span>, <\/span><span>(1953-1954) <i>El seminario, libro 1, Los Escritos T\u00e9cnicos de Freud<\/i>, Buenos Aires, Paid\u00f3s, 2004, p. 13<\/span><\/span><\/div><\/div><\/div><\/div><div class=\"fusion-separator fusion-full-width-sep\" style=\"align-self: center;margin-left: auto;margin-right: auto;margin-top:20px;margin-bottom:20px;width:100%;\"><\/div><div class=\"fusion-testimonials classic awb-speech-bubble-show fusion-testimonials-12\" style=\"--awb-textcolor:var(--awb-custom_color_1);--awb-backgroundcolor:var(--awb-color3);--awb-testimonial-border-style:solid;--awb-testimonial-border-color:var(--awb-color3);--awb-border-top-left-radius:0px;--awb-border-top-right-radius:0px;--awb-border-bottom-left-radius:0px;--awb-border-bottom-right-radius:0px;--testimonial-border-width-top:0px;--testimonial-border-width-right:0px;--testimonial-border-width-bottom:0px;--testimonial-border-width-left:0px;\" data-random=\"0\" data-speed=\"0\"><div class=\"reviews\"><div class=\"review active-testimonial no-avatar\"><blockquote><div class=\"awb-quote\"><div class=\"awb-quote-content\">\n<p>\u201cEl analista -ya sea el nominado, el autoinstituido, el experimentado o el debutante- no est\u00e1 en ning\u00fan caso eximido de intentar, como ejemplifica Freud, esclarecer su relaci\u00f3n con el inconsciente. No digo amarlo&#8230;\u201d<\/p>\n<\/div><\/div><span class=\"awb-triangle\"><\/span><\/blockquote><div class=\"author\"><span class=\"company-name\"><strong>Miller, J.-A.<\/strong><span>, <\/span><span>(2008-2009) <i>Sutilezas anal\u00edticas<\/i>, Buenos Aires, Paid\u00f3s, 2011, p. 63.<\/span><\/span><\/div><\/div><\/div><\/div><\/div><\/div><\/div><\/div><\/div><\/p>\n","protected":false},"excerpt":{"rendered":"","protected":false},"author":1,"featured_media":2903,"menu_order":48,"comment_status":"open","ping_status":"closed","template":"","format":"standard","meta":{"_monsterinsights_skip_tracking":false,"_monsterinsights_sitenote_active":false,"_monsterinsights_sitenote_note":"","_monsterinsights_sitenote_category":0,"footnotes":""},"portfolio_category":[186],"portfolio_skills":[],"portfolio_tags":[],"_links":{"self":[{"href":"https:\/\/enapol.com\/xi\/wp-json\/wp\/v2\/avada_portfolio\/2901"}],"collection":[{"href":"https:\/\/enapol.com\/xi\/wp-json\/wp\/v2\/avada_portfolio"}],"about":[{"href":"https:\/\/enapol.com\/xi\/wp-json\/wp\/v2\/types\/avada_portfolio"}],"author":[{"embeddable":true,"href":"https:\/\/enapol.com\/xi\/wp-json\/wp\/v2\/users\/1"}],"replies":[{"embeddable":true,"href":"https:\/\/enapol.com\/xi\/wp-json\/wp\/v2\/comments?post=2901"}],"version-history":[{"count":6,"href":"https:\/\/enapol.com\/xi\/wp-json\/wp\/v2\/avada_portfolio\/2901\/revisions"}],"predecessor-version":[{"id":3160,"href":"https:\/\/enapol.com\/xi\/wp-json\/wp\/v2\/avada_portfolio\/2901\/revisions\/3160"}],"wp:featuredmedia":[{"embeddable":true,"href":"https:\/\/enapol.com\/xi\/wp-json\/wp\/v2\/media\/2903"}],"wp:attachment":[{"href":"https:\/\/enapol.com\/xi\/wp-json\/wp\/v2\/media?parent=2901"}],"wp:term":[{"taxonomy":"portfolio_category","embeddable":true,"href":"https:\/\/enapol.com\/xi\/wp-json\/wp\/v2\/portfolio_category?post=2901"},{"taxonomy":"portfolio_skills","embeddable":true,"href":"https:\/\/enapol.com\/xi\/wp-json\/wp\/v2\/portfolio_skills?post=2901"},{"taxonomy":"portfolio_tags","embeddable":true,"href":"https:\/\/enapol.com\/xi\/wp-json\/wp\/v2\/portfolio_tags?post=2901"}],"curies":[{"name":"wp","href":"https:\/\/api.w.org\/{rel}","templated":true}]}}