{"id":4118,"date":"2023-07-17T23:03:51","date_gmt":"2023-07-18T02:03:51","guid":{"rendered":"https:\/\/enapol.com\/xi\/?post_type=avada_portfolio&#038;p=4118"},"modified":"2023-09-27T12:17:26","modified_gmt":"2023-09-27T15:17:26","slug":"a-emergencia-da-exasperacao-entre-a-crianca-e-o-adulto","status":"publish","type":"avada_portfolio","link":"https:\/\/enapol.com\/xi\/pt\/portfolio-items\/a-emergencia-da-exasperacao-entre-a-crianca-e-o-adulto\/","title":{"rendered":"A emerg\u00eancia da exaspera\u00e7\u00e3o entre a crian\u00e7a e o adulto"},"content":{"rendered":"<div class=\"fusion-fullwidth fullwidth-box fusion-builder-row-1 fusion-flex-container has-pattern-background has-mask-background nonhundred-percent-fullwidth non-hundred-percent-height-scrolling\" style=\"--awb-border-radius-top-left:0px;--awb-border-radius-top-right:0px;--awb-border-radius-bottom-right:0px;--awb-border-radius-bottom-left:0px;--awb-flex-wrap:wrap;\" ><div class=\"fusion-builder-row fusion-row fusion-flex-align-items-flex-start fusion-flex-content-wrap\" style=\"max-width:1248px;margin-left: calc(-4% \/ 2 );margin-right: calc(-4% \/ 2 );\"><div class=\"fusion-layout-column fusion_builder_column fusion-builder-column-0 fusion_builder_column_1_3 1_3 fusion-flex-column\" style=\"--awb-bg-size:cover;--awb-width-large:33.333333333333%;--awb-margin-top-large:0px;--awb-spacing-right-large:5.76%;--awb-margin-bottom-large:20px;--awb-spacing-left-large:5.76%;--awb-width-medium:33.333333333333%;--awb-order-medium:0;--awb-spacing-right-medium:5.76%;--awb-spacing-left-medium:5.76%;--awb-width-small:100%;--awb-order-small:0;--awb-spacing-right-small:1.92%;--awb-spacing-left-small:1.92%;\"><div class=\"fusion-column-wrapper fusion-column-has-shadow fusion-flex-justify-content-flex-start fusion-content-layout-column\"><div class=\"fusion-image-element \" style=\"--awb-caption-title-font-family:var(--h2_typography-font-family);--awb-caption-title-font-weight:var(--h2_typography-font-weight);--awb-caption-title-font-style:var(--h2_typography-font-style);--awb-caption-title-size:var(--h2_typography-font-size);--awb-caption-title-transform:var(--h2_typography-text-transform);--awb-caption-title-line-height:var(--h2_typography-line-height);--awb-caption-title-letter-spacing:var(--h2_typography-letter-spacing);\"><span class=\" fusion-imageframe imageframe-none imageframe-1 hover-type-none\"><a href=\"http:\/\/enapol.com\/xi\/wp-content\/uploads\/2023\/07\/PT.jpg\" class=\"fusion-lightbox\" data-rel=\"iLightbox[8a3b27d7a0900973ea7]\" data-title=\"PT\" title=\"PT\"><img decoding=\"async\" width=\"1080\" height=\"1080\" src=\"http:\/\/enapol.com\/xi\/wp-content\/uploads\/2023\/07\/PT.jpg\" alt class=\"img-responsive wp-image-4125\" srcset=\"https:\/\/enapol.com\/xi\/wp-content\/uploads\/2023\/07\/PT-200x200.jpg 200w, https:\/\/enapol.com\/xi\/wp-content\/uploads\/2023\/07\/PT-400x400.jpg 400w, https:\/\/enapol.com\/xi\/wp-content\/uploads\/2023\/07\/PT-600x600.jpg 600w, https:\/\/enapol.com\/xi\/wp-content\/uploads\/2023\/07\/PT-800x800.jpg 800w, https:\/\/enapol.com\/xi\/wp-content\/uploads\/2023\/07\/PT.jpg 1080w\" sizes=\"(max-width: 640px) 100vw, 400px\" \/><\/a><\/span><\/div><div class=\"fusion-separator fusion-full-width-sep\" style=\"align-self: center;margin-left: auto;margin-right: auto;margin-top:10px;margin-bottom:10px;width:100%;\"><\/div><ul style=\"--awb-line-height:27.2px;--awb-icon-width:27.2px;--awb-icon-height:27.2px;--awb-icon-margin:11.2px;--awb-content-margin:38.4px;--awb-circlecolor:#65bc7b;--awb-circle-yes-font-size:14.08px;\" class=\"fusion-checklist fusion-checklist-1 fusion-checklist-default type-icons\"><li class=\"fusion-li-item\" style=\"\"><span class=\"icon-wrapper circle-yes\"><i class=\"fusion-li-icon fa-calendar-alt fas\" aria-hidden=\"true\"><\/i><\/span><div class=\"fusion-li-item-content\">\n<p>Quinta-feira, 28 de setembro de 2023<\/p>\n<\/div><\/li><li class=\"fusion-li-item\" style=\"\"><span class=\"icon-wrapper circle-yes\"><i class=\"fusion-li-icon fa-clock fas\" aria-hidden=\"true\"><\/i><\/span><div class=\"fusion-li-item-content\">\n<p>14:30 a 18:30 (Hora Argentina)<\/p>\n<\/div><\/li><\/ul><\/div><\/div><div class=\"fusion-layout-column fusion_builder_column fusion-builder-column-1 fusion_builder_column_2_3 2_3 fusion-flex-column\" style=\"--awb-bg-size:cover;--awb-width-large:66.666666666667%;--awb-margin-top-large:0px;--awb-spacing-right-large:2.88%;--awb-margin-bottom-large:20px;--awb-spacing-left-large:2.88%;--awb-width-medium:66.666666666667%;--awb-order-medium:0;--awb-spacing-right-medium:2.88%;--awb-spacing-left-medium:2.88%;--awb-width-small:100%;--awb-order-small:0;--awb-spacing-right-small:1.92%;--awb-spacing-left-small:1.92%;\"><div class=\"fusion-column-wrapper fusion-column-has-shadow fusion-flex-justify-content-flex-start fusion-content-layout-column\"><div class=\"fusion-title title fusion-title-1 fusion-sep-none fusion-title-center fusion-title-text fusion-title-size-one\" style=\"--awb-font-size:20px;\"><h1 class=\"fusion-title-heading title-heading-center\" style=\"font-family:&quot;Public Sans&quot;;font-style:normal;font-weight:700;margin:0;font-size:1em;\">Conversa\u00e7\u00e3o NRC-CIEN<\/h1><\/div><div class=\"fusion-title title fusion-title-2 fusion-sep-none fusion-title-center fusion-title-text fusion-title-size-one\" style=\"--awb-font-size:22px;\"><h1 class=\"fusion-title-heading title-heading-center\" style=\"font-family:&quot;Public Sans&quot;;font-style:normal;font-weight:700;margin:0;font-size:1em;\">A emerg\u00eancia da exaspera\u00e7\u00e3o entre a crian\u00e7a e o adulto<\/h1><\/div><div class=\"fusion-title title fusion-title-3 fusion-sep-none fusion-title-center fusion-title-text fusion-title-size-one\" style=\"--awb-font-size:22px;\"><h1 class=\"fusion-title-heading title-heading-center\" style=\"font-family:&quot;Public Sans&quot;;font-style:normal;font-weight:500;margin:0;font-size:1em;\">Efeitos do encontro com o discurso anal\u00edtico<\/h1><\/div><div class=\"fusion-separator fusion-full-width-sep\" style=\"align-self: center;margin-left: auto;margin-right: auto;margin-top:10px;margin-bottom:10px;width:100%;\"><\/div><div class=\"fusion-text fusion-text-1\"><p style=\"text-align: justify;\">A <em>exaspera\u00e7\u00e3o<\/em> para tratar do que acontece na rela\u00e7\u00e3o <em>entre<\/em> os adultos e as crian\u00e7as, correlaciona-se bem com a <em>emerg\u00eancia<\/em>. Remete a <em>isso<\/em> que surge de repente e se faz notar por sua diferen\u00e7a.<\/p>\n<p style=\"text-align: justify;\">O que desencadeia este estado de coisas entre a crian\u00e7a e seu Outro? Consideramos que \u00e9 um efeito da ruptura das redes simb\u00f3licas, afetando a rela\u00e7\u00e3o do sujeito com a palavra, inclusive sua ren\u00fancia.<\/p>\n<p style=\"text-align: justify;\"><em>Isso<\/em>, indiz\u00edvel, se faz ouvir sob distintas roupagens e, de maneira contingente, confronta os pais, outros adultos e crian\u00e7as com aquilo que os habita como estrangeiro no interior de cada um, sempre opaco, fazendo com que o familiar se torne estranho. O choque <em>entre<\/em> o pulsional da crian\u00e7a e o pulsional dos adultos se capta, muitas vezes, como urg\u00eancia &#8211; de ambos os lados &#8211; quando o exclu\u00eddo retorna no Outro e exaspera.<\/p>\n<p style=\"text-align: justify;\">Os trabalhos que propomos nesta Conversa\u00e7\u00e3o visam compartilhar com voc\u00eas os produtos da nossa pesquisa deste lugar &#8211; que \u00e9<em> entre <\/em>e<em> \u00eaxtimo<\/em> &#8211; que assume formas diferentes quando se trata dos pais em quest\u00e3o, das crian\u00e7as ou dos profissionais que trabalham em institui\u00e7\u00f5es, diante do desespero que experimentam. Qual forma isto toma em cada experi\u00eancia?<\/p>\n<\/div><div class=\"accordian fusion-accordian\" style=\"--awb-border-size:2px;--awb-icon-size:16px;--awb-content-font-size:16px;--awb-icon-alignment:left;--awb-hover-color:#f9f9fb;--awb-border-color:#e2e2e2;--awb-background-color:#ffffff;--awb-divider-color:#e2e2e2;--awb-divider-hover-color:#e2e2e2;--awb-icon-color:#ffffff;--awb-title-color:var(--awb-custom_color_1);--awb-content-color:var(--awb-custom_color_1);--awb-icon-box-color:#212934;--awb-toggle-hover-accent-color:#65bc7b;--awb-title-font-family:&quot;Zilla Slab&quot;;--awb-title-font-weight:400;--awb-title-font-style:normal;--awb-content-font-family:&quot;Open Sans&quot;;--awb-content-font-style:normal;--awb-content-font-weight:400;\"><div class=\"panel-group fusion-toggle-icon-boxed\" id=\"accordion-4118-1\"><div class=\"fusion-panel panel-default panel-ca9d0ebcf4670eda7 fusion-toggle-has-divider\" style=\"--awb-title-color:var(--awb-custom_color_1);\"><div class=\"panel-heading\"><h4 class=\"panel-title toggle\" id=\"toggle_ca9d0ebcf4670eda7\"><a aria-expanded=\"false\" aria-controls=\"ca9d0ebcf4670eda7\" role=\"button\" data-toggle=\"collapse\" data-parent=\"#accordion-4118-1\" data-target=\"#ca9d0ebcf4670eda7\" href=\"#ca9d0ebcf4670eda7\"><span class=\"fusion-toggle-icon-wrapper\" aria-hidden=\"true\"><i class=\"fa-fusion-box active-icon awb-icon-minus\" aria-hidden=\"true\"><\/i><i class=\"fa-fusion-box inactive-icon awb-icon-plus\" aria-hidden=\"true\"><\/i><\/span><span class=\"fusion-toggle-heading\">AMPLIAR<\/span><\/a><\/h4><\/div><div id=\"ca9d0ebcf4670eda7\" class=\"panel-collapse collapse \" aria-labelledby=\"toggle_ca9d0ebcf4670eda7\"><div class=\"panel-body toggle-content fusion-clearfix\">\n<p style=\"text-align: justify;\">H\u00e1 casos em que esta irrup\u00e7\u00e3o leva \u00e0 consulta com um psicanalista. Abre-se assim a pergunta de como localizar o que provoca o desatino da puls\u00e3o, e como se interv\u00e9m sobre ela para que pais e crian\u00e7as fiquem advertidos sobre o que inquieta n\u00e3o ser outra coisa sen\u00e3o o pr\u00f3prio gozo localizado no Outro.<\/p>\n<p style=\"text-align: justify;\">Como manejar para que esta exclus\u00e3o interna do imposs\u00edvel de representar possa alojar-se nos la\u00e7os de uma maneira suport\u00e1vel? A resposta s\u00f3 pode se dar um por um, acompanhando o dizer que a crian\u00e7a traz com seu sintoma. Acolhendo as palavras, captando a singularidade de seu sofrimento e mal-estar &#8211; da crian\u00e7a e de seus pais.<\/p>\n<p style=\"text-align: justify;\">\u00c9 nisso que um tratamento anal\u00edtico se distingue daqueles discursos atuais que se atribuem o saber, lan\u00e7ando aos pais um ideal de parentalidade que se apresenta como um imperativo. Como resultado disso, aflora a ang\u00fastia, a desorienta\u00e7\u00e3o e a irrita\u00e7\u00e3o que v\u00e3o de m\u00e3os dadas com uma posi\u00e7\u00e3o de impot\u00eancia e desautoriza\u00e7\u00e3o de sua fun\u00e7\u00e3o. Ali, o encontro com o discurso anal\u00edtico possibilita uma leitura singular e uma implica\u00e7\u00e3o que restitui a dimens\u00e3o do desejo dos pais e o valor de enuncia\u00e7\u00e3o de sua palavra &#8211; e da palavra de cada crian\u00e7a.<\/p>\n<p style=\"text-align: justify;\">Outra forma de eclos\u00e3o da exaspera\u00e7\u00e3o que exploraremos nesta Conversa\u00e7\u00e3o acontece nos la\u00e7os sociais que se tecem entre e com os profissionais que transitam em diferentes institui\u00e7\u00f5es que tamb\u00e9m se encarregam das crian\u00e7as. N\u00e3o podemos desconhecer que, diante de certos impasses, vemos aparecer nos profissionais envolvidos um empuxo \u00e0 interven\u00e7\u00e3o, que assume, em geral, a forma ideal da busca de regula\u00e7\u00e3o e\/ou de educa\u00e7\u00e3o.<\/p>\n<p style=\"text-align: justify;\">Capturados pelos mesmos discursos que regem interven\u00e7\u00f5es ideais que interferem no modo como funcionam, os profissionais que se ocupam da crian\u00e7a, experimentam um empuxo \u00e0 intervir. E \u00e9 neste ponto onde nossa responsabilidade (e nosso desejo) s\u00e3o convocados, diante do desafio que implica um analista que possa compartilhar os fundamentos que o discurso anal\u00edtico oferece para resguardar a dignidade de cada sujeito, de maneira singular, como art\u00edfice de um tratamento d&#8217;isso que \u00e9 estranho, premente.<\/p>\n<p style=\"text-align: justify;\">Constatamos os alcances da pr\u00e1tica da Conversa\u00e7\u00e3o em diferentes institui\u00e7\u00f5es, ali onde alguma interven\u00e7\u00e3o consegue introduzir um respiro nessas respostas pr\u00eat a porter. Ou seja, ali onde com frequ\u00eancia se promove a domestica\u00e7\u00e3o da exaspera\u00e7\u00e3o a partir de pr\u00e1ticas educacionais eficazes, e se persegue um \u00eaxito sem resto, abrimos a via de tornar poss\u00edvel a inven\u00e7\u00e3o de cada sujeito, ou seja, seu sintoma.<\/p>\n<p style=\"text-align: justify;\">Em suma, nos perguntamos como alcan\u00e7ar os significantes que alojam o que est\u00e1 em jogo na exaspera\u00e7\u00e3o. Aqueles que tocam o pulsional e permitem interpretar o gozo, sempre singular, permitindo ler ou alojar o que acontece entre a crian\u00e7a e o adulto.<\/p>\n<p style=\"text-align: justify;\">Deste modo, tanto nas an\u00e1lises de crian\u00e7as como na inter-disciplinaridade, trata-se de introduzir uma \u00e9tica no lugar da aplica\u00e7\u00e3o de um protocolo, o que abre a uma via sempre in\u00e9dita para cada um. O que tamb\u00e9m nos conduz a uma reflex\u00e3o acerca de como cada analista tratou o inadmiss\u00edvel na sua pr\u00f3pria exist\u00eancia para poder operar ali.<\/p>\n<p style=\"text-align: justify;\">Esperamos voc\u00eas no dia 28 de setembro para que coloquem sua voz\u00a0na\u00a0Conversa\u00e7\u00e3o!<\/p>\n<\/div><\/div><\/div><\/div><\/div><\/div><\/div><\/div><\/div>\n","protected":false},"excerpt":{"rendered":"","protected":false},"author":1,"featured_media":4125,"menu_order":0,"comment_status":"open","ping_status":"closed","template":"","format":"standard","meta":{"_monsterinsights_skip_tracking":false,"_monsterinsights_sitenote_active":false,"_monsterinsights_sitenote_note":"","_monsterinsights_sitenote_category":0,"footnotes":""},"portfolio_category":[310,155],"portfolio_skills":[],"portfolio_tags":[],"_links":{"self":[{"href":"https:\/\/enapol.com\/xi\/wp-json\/wp\/v2\/avada_portfolio\/4118"}],"collection":[{"href":"https:\/\/enapol.com\/xi\/wp-json\/wp\/v2\/avada_portfolio"}],"about":[{"href":"https:\/\/enapol.com\/xi\/wp-json\/wp\/v2\/types\/avada_portfolio"}],"author":[{"embeddable":true,"href":"https:\/\/enapol.com\/xi\/wp-json\/wp\/v2\/users\/1"}],"replies":[{"embeddable":true,"href":"https:\/\/enapol.com\/xi\/wp-json\/wp\/v2\/comments?post=4118"}],"version-history":[{"count":5,"href":"https:\/\/enapol.com\/xi\/wp-json\/wp\/v2\/avada_portfolio\/4118\/revisions"}],"predecessor-version":[{"id":4772,"href":"https:\/\/enapol.com\/xi\/wp-json\/wp\/v2\/avada_portfolio\/4118\/revisions\/4772"}],"wp:featuredmedia":[{"embeddable":true,"href":"https:\/\/enapol.com\/xi\/wp-json\/wp\/v2\/media\/4125"}],"wp:attachment":[{"href":"https:\/\/enapol.com\/xi\/wp-json\/wp\/v2\/media?parent=4118"}],"wp:term":[{"taxonomy":"portfolio_category","embeddable":true,"href":"https:\/\/enapol.com\/xi\/wp-json\/wp\/v2\/portfolio_category?post=4118"},{"taxonomy":"portfolio_skills","embeddable":true,"href":"https:\/\/enapol.com\/xi\/wp-json\/wp\/v2\/portfolio_skills?post=4118"},{"taxonomy":"portfolio_tags","embeddable":true,"href":"https:\/\/enapol.com\/xi\/wp-json\/wp\/v2\/portfolio_tags?post=4118"}],"curies":[{"name":"wp","href":"https:\/\/api.w.org\/{rel}","templated":true}]}}