{"id":4409,"date":"2023-09-07T20:00:36","date_gmt":"2023-09-07T23:00:36","guid":{"rendered":"https:\/\/enapol.com\/xi\/?post_type=avada_portfolio&#038;p=4409"},"modified":"2023-08-26T13:54:29","modified_gmt":"2023-08-26T16:54:29","slug":"ap-bertura-14","status":"publish","type":"avada_portfolio","link":"https:\/\/enapol.com\/xi\/portfolio-items\/ap-bertura-14\/","title":{"rendered":"AP\/BERTURA #14"},"content":{"rendered":"<p><div class=\"fusion-fullwidth fullwidth-box fusion-builder-row-1 fusion-flex-container has-pattern-background has-mask-background nonhundred-percent-fullwidth non-hundred-percent-height-scrolling\" style=\"--awb-border-radius-top-left:0px;--awb-border-radius-top-right:0px;--awb-border-radius-bottom-right:0px;--awb-border-radius-bottom-left:0px;--awb-flex-wrap:wrap;\" ><div class=\"fusion-builder-row fusion-row fusion-flex-align-items-flex-start fusion-flex-content-wrap\" style=\"max-width:1248px;margin-left: calc(-4% \/ 2 );margin-right: calc(-4% \/ 2 );\"><div class=\"fusion-layout-column fusion_builder_column fusion-builder-column-0 fusion_builder_column_1_1 1_1 fusion-flex-column\" style=\"--awb-bg-size:cover;--awb-width-large:100%;--awb-margin-top-large:0px;--awb-spacing-right-large:1.92%;--awb-margin-bottom-large:20px;--awb-spacing-left-large:1.92%;--awb-width-medium:100%;--awb-order-medium:0;--awb-spacing-right-medium:1.92%;--awb-spacing-left-medium:1.92%;--awb-width-small:100%;--awb-order-small:0;--awb-spacing-right-small:1.92%;--awb-spacing-left-small:1.92%;\"><div class=\"fusion-column-wrapper fusion-column-has-shadow fusion-flex-justify-content-flex-start fusion-content-layout-column\"><div style=\"text-align:right;\"><a class=\"fusion-button button-flat fusion-button-default-size button-default fusion-button-default button-1 fusion-button-default-span fusion-button-default-type\" target=\"_blank\" rel=\"noopener noreferrer\" href=\"http:\/\/enapol.com\/xi\/wp-content\/uploads\/2023\/08\/ENAPOL-Apbertura-No-14-ESP.pdf\"><i class=\"fa-download fas button-icon-left\" aria-hidden=\"true\"><\/i><span class=\"fusion-button-text\">PDF<\/span><\/a><\/div><div class=\"fusion-separator fusion-full-width-sep\" style=\"align-self: center;margin-left: auto;margin-right: auto;margin-top:20px;margin-bottom:20px;width:100%;\"><\/div><\/div><\/div><\/div><\/div><div class=\"fusion-fullwidth fullwidth-box fusion-builder-row-2 fusion-flex-container has-pattern-background has-mask-background nonhundred-percent-fullwidth non-hundred-percent-height-scrolling\" style=\"--awb-border-radius-top-left:0px;--awb-border-radius-top-right:0px;--awb-border-radius-bottom-right:0px;--awb-border-radius-bottom-left:0px;--awb-margin-top:40px;--awb-flex-wrap:wrap;\" ><div class=\"fusion-builder-row fusion-row fusion-flex-align-items-flex-start fusion-flex-content-wrap\" style=\"max-width:1248px;margin-left: calc(-4% \/ 2 );margin-right: calc(-4% \/ 2 );\"><div class=\"fusion-layout-column fusion_builder_column fusion-builder-column-1 fusion_builder_column_1_3 1_3 fusion-flex-column\" style=\"--awb-bg-size:cover;--awb-width-large:33.333333333333%;--awb-margin-top-large:0px;--awb-spacing-right-large:5.76%;--awb-margin-bottom-large:20px;--awb-spacing-left-large:5.76%;--awb-width-medium:33.333333333333%;--awb-order-medium:0;--awb-spacing-right-medium:5.76%;--awb-spacing-left-medium:5.76%;--awb-width-small:100%;--awb-order-small:0;--awb-spacing-right-small:1.92%;--awb-spacing-left-small:1.92%;\"><div class=\"fusion-column-wrapper fusion-column-has-shadow fusion-flex-justify-content-flex-start fusion-content-layout-column\"><div class=\"fusion-image-element \" style=\"--awb-caption-title-font-family:var(--h2_typography-font-family);--awb-caption-title-font-weight:var(--h2_typography-font-weight);--awb-caption-title-font-style:var(--h2_typography-font-style);--awb-caption-title-size:var(--h2_typography-font-size);--awb-caption-title-transform:var(--h2_typography-text-transform);--awb-caption-title-line-height:var(--h2_typography-line-height);--awb-caption-title-letter-spacing:var(--h2_typography-letter-spacing);\"><span class=\" fusion-imageframe imageframe-none imageframe-1 hover-type-none\"><img decoding=\"async\" width=\"1772\" height=\"1329\" title=\"R\u00fabrica 1 N\u00ba 14 (Transferencia)\" src=\"http:\/\/enapol.com\/xi\/wp-content\/uploads\/2023\/08\/Rubrica-1-No-14-Transferencia.jpg\" alt class=\"img-responsive wp-image-4413\" srcset=\"https:\/\/enapol.com\/xi\/wp-content\/uploads\/2023\/08\/Rubrica-1-No-14-Transferencia-200x150.jpg 200w, https:\/\/enapol.com\/xi\/wp-content\/uploads\/2023\/08\/Rubrica-1-No-14-Transferencia-400x300.jpg 400w, https:\/\/enapol.com\/xi\/wp-content\/uploads\/2023\/08\/Rubrica-1-No-14-Transferencia-600x450.jpg 600w, https:\/\/enapol.com\/xi\/wp-content\/uploads\/2023\/08\/Rubrica-1-No-14-Transferencia-800x600.jpg 800w, https:\/\/enapol.com\/xi\/wp-content\/uploads\/2023\/08\/Rubrica-1-No-14-Transferencia-1200x900.jpg 1200w, https:\/\/enapol.com\/xi\/wp-content\/uploads\/2023\/08\/Rubrica-1-No-14-Transferencia.jpg 1772w\" sizes=\"(max-width: 640px) 100vw, 400px\" \/><\/span><\/div><div class=\"fusion-separator fusion-full-width-sep\" style=\"align-self: center;margin-left: auto;margin-right: auto;margin-top:10px;margin-bottom:10px;width:100%;\"><\/div><\/div><\/div><div class=\"fusion-layout-column fusion_builder_column fusion-builder-column-2 fusion_builder_column_2_3 2_3 fusion-flex-column\" style=\"--awb-bg-size:cover;--awb-width-large:66.666666666667%;--awb-margin-top-large:0px;--awb-spacing-right-large:2.88%;--awb-margin-bottom-large:20px;--awb-spacing-left-large:2.88%;--awb-width-medium:66.666666666667%;--awb-order-medium:0;--awb-spacing-right-medium:2.88%;--awb-spacing-left-medium:2.88%;--awb-width-small:100%;--awb-order-small:0;--awb-spacing-right-small:1.92%;--awb-spacing-left-small:1.92%;\"><div class=\"fusion-column-wrapper fusion-column-has-shadow fusion-flex-justify-content-flex-start fusion-content-layout-column\"><div class=\"fusion-title title fusion-title-1 fusion-sep-none fusion-title-text fusion-title-size-one\" style=\"--awb-text-color:var(--awb-custom_color_1);--awb-font-size:18px;\"><h1 class=\"fusion-title-heading title-heading-left\" style=\"font-family:&quot;Public Sans&quot;;font-style:normal;font-weight:500;margin:0;font-size:1em;\">R\u00daBRICA 1<\/h1><\/div><div class=\"fusion-title title fusion-title-2 fusion-sep-none fusion-title-text fusion-title-size-one\" style=\"--awb-text-color:var(--awb-custom_color_1);--awb-font-size:22px;\"><h1 class=\"fusion-title-heading title-heading-left\" style=\"font-family:&quot;Public Sans&quot;;font-style:normal;font-weight:800;margin:0;font-size:1em;\">TRANSFERENCIA<\/h1><\/div><div class=\"fusion-text fusion-text-1\"><p style=\"text-align: justify;\"><strong>Transferencia. Prescindir del Otro<\/strong><\/p>\n<p style=\"text-align: right;\">Marita Hamann &#8211; NEL<em>cf<\/em><\/p>\n<p style=\"text-align: justify;\"><strong><em>\u00a0<\/em><\/strong><\/p>\n<p style=\"text-align: justify;\">Transferencia e interpretaci\u00f3n son los conceptos que m\u00e1s var\u00edan en la \u00faltima ense\u00f1anza de Lacan. Efectivamente, el psicoan\u00e1lisis cambia, como la \u00e9poca lo hace; de manera que, para este, como para tantos otros temas del psicoan\u00e1lisis, conviene tener presente a Lacan en bloque.<\/p>\n<p style=\"text-align: justify;\">\u00bfEn qu\u00e9 posici\u00f3n escucha el analista?, se pregunta Rabanel<sup>1<\/sup>. En el tiempo del Otro de<\/p>\n<p style=\"text-align: justify;\">la verdad y del deseo, se privilegia la sem\u00e1ntica y la historia, la escansi\u00f3n y la puntuaci\u00f3n. En el tiempo del Otro como saber, el acento recae sobre la l\u00f3gica del significante y, a partir del <em>Seminario 11<\/em>, principalmente, en la presencia del analista como objeto <em>a<\/em>, \u201clo que no es lo mismo que hablar al Otro\u201d<sup>2<\/sup>. Aqu\u00ed, es el deseo del analista el que se juega en el corte y el acto, apuntando a la pulsi\u00f3n, una rectificaci\u00f3n del goce que permita \u201cvivir la pulsi\u00f3n\u201d, como sugiere Lacan \u2013de una manera algo enigm\u00e1tica\u2013 al final de este seminario.<\/p>\n<p style=\"text-align: justify;\">En la \u00faltima ense\u00f1anza de Lacan, se trata de la presencia del analista como Un-cuerpo ya que, al contrario del sujeto del inconsciente, el ser que habla tiene un cuerpo. No es que el cuerpo hable sino que se habla con el cuerpo<sup>3<\/sup>. Y la noci\u00f3n mayor que nos orienta es el modo en que cada cual consigue arregl\u00e1rselas con el goce, el <em>sinthome<\/em>.<\/p>\n<p style=\"text-align: justify;\">El punto de viraje se sit\u00faa<sup>4<\/sup>, nos recuerda S. Suoto, en el hecho de que la noci\u00f3n misma de inconsciente var\u00eda si se considera que se trata del discurso del Otro o de la satisfacci\u00f3n del Uno solo, que no quiere decir nada a nadie, lo que plantea un <em>impasse <\/em>respecto de la transferencia como suposici\u00f3n de saber.<\/p>\n<p style=\"text-align: justify;\">A fin de cuentas, el objeto <em>a<\/em>, falso real, no es sino un semblante que permite operar con el goce pero que no lo alcanza sino como tap\u00f3n o como falta. M\u00e1s all\u00e1, se trata de la existencia de un goce no negativizable, incurable, cuyo sentido real, relativo al acontecimiento de cuerpo, traum\u00e1tico, habr\u00e1 de ser nombrado y manipulado mediante una invenci\u00f3n singular, de naturaleza \u00f3ntica y \u00e9tica y de \u00edndole pragm\u00e1tica, que posibilite un uso l\u00f3gico del <em>sintho-<\/em><em>me<\/em>.<\/p>\n<p style=\"text-align: justify;\">Frente a sujetos cuya habla discurre entre lo Uno que existe, el goce y el Otro que no existe, la presencia del analista hace patente el fracaso en la satisfacci\u00f3n<sup>5<\/sup>, el hecho de que no hay autoerotismo perfecto y, parad\u00f3jicamente, por esta raz\u00f3n \u201ces pasible de dar cuerpo al inconsciente real\u201d<sup>6<\/sup>. As\u00ed, su presencia hace existir \u201caquello que del goce del Uno no llega al goce esperado. [\u2026] El fracaso del inconsciente es, por tanto, lo que da alas al amor\u2026 trans- port\u00e1ndolo fuera de su esfera solipsista\u201d<sup>7<\/sup>.<\/p>\n<p style=\"text-align: justify;\">Ante los Unos solos el analista \u201cno est\u00e1 en la posici\u00f3n del sujeto supuesto saber, est\u00e1 en el lugar del que <em>sigue <\/em>[\u2026]. Es aquel que <em>hace verdad <\/em>el escollo\u201d<sup>8<\/sup>, en una experiencia que da lugar a una nueva versi\u00f3n de la transferencia positiva<sup>9<\/sup>, para forjar un \u201csaber hacer\u201d con un compa\u00f1ero de ruta que soporta el agujero.<\/p>\n<hr \/>\n<p style=\"text-align: justify;\"><sup>1<\/sup> Rabanel, J.-R. (ECF), \u201cPr\u00e9sence de l\u2019analyste\u201d. Recuperado de: https:\/\/journees.causefreudienne. org\/presence-de-lanalyste-2\/. La traducci\u00f3n es nuestra.<\/p>\n<p style=\"text-align: justify;\"><sup>2<\/sup> <em>Ibid<\/em>.<\/p>\n<p style=\"text-align: justify;\"><sup>3<\/sup> <em>Ibid<\/em>.<\/p>\n<p style=\"text-align: justify;\"><sup>4<\/sup> Souto, S. (EBP), \u201cComo conceber a transferencia na cl\u00ednica do Um que dialoga sozinho?\u201d. Recuperado de: <a href=\"https:\/\/www.ebpbahia.com.br\/jornadas\/2019\/2019\/06\/21\/como-conceber-a-transferen- cia-na-clinica-do-um-que-dialoga-sozinho\/\" target=\"_blank\" rel=\"noopener\">https:\/\/www.ebpbahia.com.br\/jornadas\/2019\/2019\/06\/21\/como-conceber-a-transferen- cia-na-clinica-do-um-que-dialoga-sozinho\/<\/a><\/p>\n<p style=\"text-align: justify;\"><sup>5<\/sup> <em>Ibid<\/em>. La traducci\u00f3n es nuestra.<\/p>\n<p style=\"text-align: justify;\"><sup>6<\/sup> <em>Ibid<\/em>.<\/p>\n<p style=\"text-align: justify;\"><sup>7<\/sup> <em>Ibid<\/em>.<\/p>\n<p style=\"text-align: justify;\"><sup>8<\/sup> Laurent, E., \u201cDisrupci\u00f3n del goce en las locuras bajo transferencia\u201d, <em>Virtualia <\/em>#36, Revista digital de la EOL, marzo 2019, A\u00f1o XVIII.<\/p>\n<p style=\"text-align: justify;\"><sup>9<\/sup> <em>Ibid<\/em>.<\/p>\n<\/div><\/div><\/div><\/div><\/div><div class=\"fusion-fullwidth fullwidth-box fusion-builder-row-3 fusion-flex-container has-pattern-background has-mask-background nonhundred-percent-fullwidth non-hundred-percent-height-scrolling\" style=\"--awb-border-radius-top-left:0px;--awb-border-radius-top-right:0px;--awb-border-radius-bottom-right:0px;--awb-border-radius-bottom-left:0px;--awb-margin-top:40px;--awb-flex-wrap:wrap;\" ><div class=\"fusion-builder-row fusion-row fusion-flex-align-items-flex-start fusion-flex-content-wrap\" style=\"max-width:1248px;margin-left: calc(-4% \/ 2 );margin-right: calc(-4% \/ 2 );\"><div class=\"fusion-layout-column fusion_builder_column fusion-builder-column-3 fusion_builder_column_1_1 1_1 fusion-flex-column\" style=\"--awb-bg-size:cover;--awb-width-large:100%;--awb-margin-top-large:0px;--awb-spacing-right-large:1.92%;--awb-margin-bottom-large:20px;--awb-spacing-left-large:1.92%;--awb-width-medium:100%;--awb-order-medium:0;--awb-spacing-right-medium:1.92%;--awb-spacing-left-medium:1.92%;--awb-width-small:100%;--awb-order-small:0;--awb-spacing-right-small:1.92%;--awb-spacing-left-small:1.92%;\"><div class=\"fusion-column-wrapper fusion-column-has-shadow fusion-flex-justify-content-flex-start fusion-content-layout-column\"><div class=\"fusion-title title fusion-title-3 fusion-sep-none fusion-title-text fusion-title-size-one\" style=\"--awb-text-color:var(--awb-custom_color_1);--awb-font-size:18px;\"><h1 class=\"fusion-title-heading title-heading-left\" style=\"font-family:&quot;Public Sans&quot;;font-style:normal;font-weight:500;margin:0;font-size:1em;\">R\u00daBRICA 2<\/h1><\/div><div class=\"fusion-title title fusion-title-4 fusion-sep-none fusion-title-text fusion-title-size-one\" style=\"--awb-text-color:var(--awb-custom_color_1);--awb-font-size:22px;\"><h1 class=\"fusion-title-heading title-heading-left\" style=\"font-family:&quot;Public Sans&quot;;font-style:normal;font-weight:800;margin:0;font-size:1em;text-transform:uppercase;\">Tiempo \/ Temporalidad<\/h1><\/div><div class=\"fusion-text fusion-text-2\"><p style=\"text-align: justify;\"><strong>\u00a1El asco! \u2013entre los cuerpos y el discurso anal\u00edtico\u2013<\/strong><\/p>\n<p style=\"text-align: right;\">Ernesto Sinatra &#8211; EOL<\/p>\n<p style=\"text-align: justify;\">Entre 1971 y 1972 Jacques Lacan desdobla su ense\u00f1anza entre \u201cEl saber del analista\u201d y <em>\u2026o peor<\/em>. En ambos escenarios se refiri\u00f3 a las entrevistas preliminares.<\/p>\n<p style=\"text-align: justify;\">En Saint-Anne<sup>[1]<\/sup> Lacan se\u00f1al\u00f3 su modo necesario, es decir su actualidad: \u201cTodos saben, aunque muchos lo ignoren, de la insistencia que pongo en las entrevistas preliminares al an\u00e1lisis, ante aquellos que me piden consejo\u201d. Eso tiene una funci\u00f3n para el analista, por supuesto, esencial. \u201cNo hay entrada posible en el an\u00e1lisis sin entrevistas preliminares\u201d<sup>[2]<\/sup>.<\/p>\n<p style=\"text-align: justify;\">Cuatro meses despu\u00e9s, desde su seminario vuelve sobre las entrevistas preliminares, ahora para destacar en ellas la importancia de la confrontaci\u00f3n de cuerpos; lo hace a partir de una especie de <em>Fort-Da<\/em>: en las entrevistas preliminares para incluirlos; en la entrada en an\u00e1lisis para retirarlos:<\/p>\n<p style=\"text-align: justify; padding-left: 40px;\">Cuando alguien viene a verme a mi consultorio por primera vez, y yo escando nuestra entrada en el asunto en algunas entrevistas preliminares, lo importante es la confrontaci\u00f3n de cuerpos. Justamente por partir de ese encuentro de los cuerpos, estos quedar\u00e1n fuera de juego una vez que entremos en el discurso anal\u00edtico. No obstante, en el nivel donde funciona el discurso que no es el discurso anal\u00edtico, se plantea la cuesti\u00f3n de c\u00f3mo logr\u00f3 ese discurso atrapar cuerpos<sup>[3]<\/sup>.<\/p>\n<p style=\"text-align: justify;\">Y luego de situar la consideraci\u00f3n de los cuerpos a partir de la entrada en el discurso anal\u00edtico, Lacan introducir\u00e1 lo que se halla entre ambos: los afectos.<\/p>\n<p style=\"text-align: justify; padding-left: 40px;\">[\u2026] Entre el cuerpo y el discurso est\u00e1 aquello con lo cual los analistas se regodean llam\u00e1ndolo, pretenciosamente, los afectos. Es muy evidente que ustedes son afectados en un an\u00e1lisis [\u2026].<\/p>\n<p style=\"text-align: justify; padding-left: 40px;\">Seamos claros. Cuando de golpe algo llega a repugnarles porque no saben muy bien si no son acaso un poco responsables del mal giro que ha tomado un an\u00e1lisis, si no hubiese deontolog\u00eda, si no hubiese jurisprudencia [categor\u00edas introducidas previamente en el nivel del discurso del amo], \u00bfd\u00f3nde estar\u00eda ese asco, como se dice? Habr\u00eda que intentar de vez en cuando decir un poco la verdad<sup>[4]<\/sup>.<\/p>\n<p style=\"text-align: justify;\">Si entre cuerpo y discurso est\u00e1n los afectos con los que los analistas se regodean, decir un poco la verdad, implica aqu\u00ed reconocer la responsabilidad del mal giro que ha tomado un an\u00e1lisis a partir del asco o la repugnancia contratransferencial. Recordemos que en \u201cLa direcci\u00f3n de la cura\u2026\u201d<sup>[5]<\/sup> Lacan se refiere a la contratransferencia como una mala palabra cuando es aplicada por la infatuaci\u00f3n del analista como la certeza que le ofrecer\u00edan sus afectos para saber-interpretar a su paciente \u2013y no en tanto una marca de lo que no marcha, por ejemplo, en la conducci\u00f3n de los an\u00e1lisis que conduce\u2013.<\/p>\n<p style=\"text-align: justify;\">\u00bfPero no se tratar\u00eda, entonces de que esos afectos \u2013viscerales\u2013 constituyen la marca de un rechazo al discurso anal\u00edtico, rechazo producido en el cuerpo mismo del analista\u2026?<\/p>\n<p style=\"text-align: justify;\">Si as\u00ed lo fuera, este modo de ser afectados por los afectos es lo que toma relevancia en la \u00e9poca actual, en la que la confrontaci\u00f3n de cuerpos de las nuevas presentaciones sintom\u00e1ticas, llegan \u2013en no pocas ocasiones\u2013 a ser perturbadoras, especialmente a partir de los juicios previos \u2013es decir: los prejuicios\u2013 que resuenan en el cuerpo de los analistas.<\/p>\n<p style=\"text-align: justify;\">Tal vez as\u00ed podemos leer la indicaci\u00f3n de Lacan: el asco que designa el mal giro de un an\u00e1lisis es el lapsus del acto anal\u00edtico encarnado ahora en el cuerpo del analista \u2013cuerpo que requer\u00eda ser desalojado al finalizar las entrevistas preliminares, como condici\u00f3n de una entrada en el discurso anal\u00edtico\u2013. Ser\u00eda como decir que el cuerpo \u2013no el del \u201cpaciente\u201d, sino el del analista\u2013 est\u00e1 afectado, es decir aqu\u00ed: interpretado por un afecto disruptivo.<\/p>\n<p style=\"text-align: justify;\">Desde esta perspectiva, tal vez m\u00e1s que nunca, el umbral de las entrevistas preliminares surge hoy como un lugar privilegiado donde se cultiven nuestros prejuicios \u2013a partir de las multiformes envolturas formales que presentan los s\u00edntomas\u2013 en la \u00e9poca en la que al<em> padre pulverizado responden goces pluralizados<\/em>.<\/p>\n<hr \/>\n<p style=\"text-align: justify;\"><sup>[1]<\/sup> Lugar de sus \u201ccharlas\u201d, como Lacan denomin\u00f3 sus clases sobre \u201cEl saber del analista\u201d, las que tomaron forma escrita en <em>Hablo a las paredes<\/em>.<\/p>\n<p style=\"text-align: justify;\"><sup>[2]<\/sup> Lacan, J., (1971) \u201cDe la incomprensi\u00f3n y otros temas\u201d, <em>Hablo a las paredes<\/em>, Buenos Aires, Paid\u00f3s, 2012, p. 49.<\/p>\n<p style=\"text-align: justify;\"><sup>[3]<\/sup> Lacan, J., (1971-1972) <em>El seminario, libro 19, <\/em><em>\u2026<\/em><em>o peor<\/em>, Buenos Aires, Paid\u00f3s, 2012, p. 224.<\/p>\n<p style=\"text-align: justify;\"><sup>[4]<\/sup> <em>Ibidem<\/em>.<\/p>\n<p style=\"text-align: justify;\"><sup>[5]<\/sup> Lacan, J., (1958) \u201cLa direcci\u00f3n de la cura y los principios de su poder\u201d, <em>Escritos 2<\/em>, Buenos Aires, Paid\u00f3s, 2009, p. 559.<\/p>\n<\/div><\/div><\/div><div class=\"fusion-layout-column fusion_builder_column fusion-builder-column-4 fusion_builder_column_1_1 1_1 fusion-flex-column\" style=\"--awb-bg-size:cover;--awb-width-large:100%;--awb-margin-top-large:0px;--awb-spacing-right-large:1.92%;--awb-margin-bottom-large:20px;--awb-spacing-left-large:1.92%;--awb-width-medium:100%;--awb-order-medium:0;--awb-spacing-right-medium:1.92%;--awb-spacing-left-medium:1.92%;--awb-width-small:100%;--awb-order-small:0;--awb-spacing-right-small:1.92%;--awb-spacing-left-small:1.92%;\"><div class=\"fusion-column-wrapper fusion-column-has-shadow fusion-flex-justify-content-flex-start fusion-content-layout-column\"><div class=\"fusion-image-element \" style=\"--awb-caption-title-font-family:var(--h2_typography-font-family);--awb-caption-title-font-weight:var(--h2_typography-font-weight);--awb-caption-title-font-style:var(--h2_typography-font-style);--awb-caption-title-size:var(--h2_typography-font-size);--awb-caption-title-transform:var(--h2_typography-text-transform);--awb-caption-title-line-height:var(--h2_typography-line-height);--awb-caption-title-letter-spacing:var(--h2_typography-letter-spacing);\"><span class=\" fusion-imageframe imageframe-none imageframe-2 hover-type-none\"><img decoding=\"async\" width=\"2480\" height=\"656\" title=\"R\u00fabrica 2 N\u00ba 14 (Tiempo)\" src=\"http:\/\/enapol.com\/xi\/wp-content\/uploads\/2023\/08\/Rubrica-2-No-14-Tiempo.png\" alt class=\"img-responsive wp-image-4414\" srcset=\"https:\/\/enapol.com\/xi\/wp-content\/uploads\/2023\/08\/Rubrica-2-No-14-Tiempo-200x53.png 200w, https:\/\/enapol.com\/xi\/wp-content\/uploads\/2023\/08\/Rubrica-2-No-14-Tiempo-400x106.png 400w, https:\/\/enapol.com\/xi\/wp-content\/uploads\/2023\/08\/Rubrica-2-No-14-Tiempo-600x159.png 600w, https:\/\/enapol.com\/xi\/wp-content\/uploads\/2023\/08\/Rubrica-2-No-14-Tiempo-800x212.png 800w, https:\/\/enapol.com\/xi\/wp-content\/uploads\/2023\/08\/Rubrica-2-No-14-Tiempo-1200x317.png 1200w, https:\/\/enapol.com\/xi\/wp-content\/uploads\/2023\/08\/Rubrica-2-No-14-Tiempo.png 2480w\" sizes=\"(max-width: 640px) 100vw, 1200px\" \/><\/span><\/div><\/div><\/div><\/div><\/div><div class=\"fusion-fullwidth fullwidth-box fusion-builder-row-4 fusion-flex-container has-pattern-background has-mask-background nonhundred-percent-fullwidth non-hundred-percent-height-scrolling\" style=\"--awb-border-radius-top-left:0px;--awb-border-radius-top-right:0px;--awb-border-radius-bottom-right:0px;--awb-border-radius-bottom-left:0px;--awb-margin-top:40px;--awb-flex-wrap:wrap;\" ><div class=\"fusion-builder-row fusion-row fusion-flex-align-items-flex-start fusion-flex-content-wrap\" style=\"max-width:1248px;margin-left: calc(-4% \/ 2 );margin-right: calc(-4% \/ 2 );\"><div class=\"fusion-layout-column fusion_builder_column fusion-builder-column-5 fusion_builder_column_1_3 1_3 fusion-flex-column\" style=\"--awb-bg-size:cover;--awb-width-large:33.333333333333%;--awb-margin-top-large:0px;--awb-spacing-right-large:5.76%;--awb-margin-bottom-large:20px;--awb-spacing-left-large:5.76%;--awb-width-medium:33.333333333333%;--awb-order-medium:0;--awb-spacing-right-medium:5.76%;--awb-spacing-left-medium:5.76%;--awb-width-small:100%;--awb-order-small:0;--awb-spacing-right-small:1.92%;--awb-spacing-left-small:1.92%;\"><div class=\"fusion-column-wrapper fusion-column-has-shadow fusion-flex-justify-content-flex-start fusion-content-layout-column\"><div class=\"fusion-image-element \" style=\"--awb-caption-title-font-family:var(--h2_typography-font-family);--awb-caption-title-font-weight:var(--h2_typography-font-weight);--awb-caption-title-font-style:var(--h2_typography-font-style);--awb-caption-title-size:var(--h2_typography-font-size);--awb-caption-title-transform:var(--h2_typography-text-transform);--awb-caption-title-line-height:var(--h2_typography-line-height);--awb-caption-title-letter-spacing:var(--h2_typography-letter-spacing);\"><span class=\" fusion-imageframe imageframe-none imageframe-3 hover-type-none\"><img decoding=\"async\" width=\"1920\" height=\"2560\" title=\"R\u00fabrica 3 N\u00ba 14 (S\u00edntoma)\" src=\"http:\/\/enapol.com\/xi\/wp-content\/uploads\/2023\/08\/Rubrica-3-No-14-Sintoma-scaled.jpg\" alt class=\"img-responsive wp-image-4415\" srcset=\"https:\/\/enapol.com\/xi\/wp-content\/uploads\/2023\/08\/Rubrica-3-No-14-Sintoma-200x267.jpg 200w, https:\/\/enapol.com\/xi\/wp-content\/uploads\/2023\/08\/Rubrica-3-No-14-Sintoma-400x533.jpg 400w, https:\/\/enapol.com\/xi\/wp-content\/uploads\/2023\/08\/Rubrica-3-No-14-Sintoma-600x800.jpg 600w, https:\/\/enapol.com\/xi\/wp-content\/uploads\/2023\/08\/Rubrica-3-No-14-Sintoma-800x1067.jpg 800w, https:\/\/enapol.com\/xi\/wp-content\/uploads\/2023\/08\/Rubrica-3-No-14-Sintoma-1200x1600.jpg 1200w, https:\/\/enapol.com\/xi\/wp-content\/uploads\/2023\/08\/Rubrica-3-No-14-Sintoma-scaled.jpg 1920w\" sizes=\"(max-width: 640px) 100vw, 400px\" \/><\/span><\/div><div class=\"fusion-separator fusion-full-width-sep\" style=\"align-self: center;margin-left: auto;margin-right: auto;margin-top:10px;margin-bottom:10px;width:100%;\"><\/div><\/div><\/div><div class=\"fusion-layout-column fusion_builder_column fusion-builder-column-6 fusion_builder_column_2_3 2_3 fusion-flex-column\" style=\"--awb-bg-size:cover;--awb-width-large:66.666666666667%;--awb-margin-top-large:0px;--awb-spacing-right-large:2.88%;--awb-margin-bottom-large:20px;--awb-spacing-left-large:2.88%;--awb-width-medium:66.666666666667%;--awb-order-medium:0;--awb-spacing-right-medium:2.88%;--awb-spacing-left-medium:2.88%;--awb-width-small:100%;--awb-order-small:0;--awb-spacing-right-small:1.92%;--awb-spacing-left-small:1.92%;\"><div class=\"fusion-column-wrapper fusion-column-has-shadow fusion-flex-justify-content-flex-start fusion-content-layout-column\"><div class=\"fusion-title title fusion-title-5 fusion-sep-none fusion-title-text fusion-title-size-one\" style=\"--awb-text-color:var(--awb-custom_color_1);--awb-font-size:18px;\"><h1 class=\"fusion-title-heading title-heading-left\" style=\"font-family:&quot;Public Sans&quot;;font-style:normal;font-weight:500;margin:0;font-size:1em;\">R\u00daBRICA 3<\/h1><\/div><div class=\"fusion-title title fusion-title-6 fusion-sep-none fusion-title-text fusion-title-size-one\" style=\"--awb-text-color:var(--awb-custom_color_1);--awb-font-size:22px;\"><h1 class=\"fusion-title-heading title-heading-left\" style=\"font-family:&quot;Public Sans&quot;;font-style:normal;font-weight:800;margin:0;font-size:1em;\">PERSPECTIVA DEL S\u00cdNTOMA<\/h1><\/div><div class=\"fusion-text fusion-text-3\"><p style=\"text-align: justify;\"><strong>Entradas y salida<\/strong><\/p>\n<p style=\"text-align: right;\">Ana Lucia Lutterbach &#8211; EBP<\/p>\n<p style=\"text-align: justify;\">Un ejemplo de comienzo que, como todo comienzo, es absolutamente singular:<\/p>\n<p style=\"text-align: justify; padding-left: 40px;\">&#8230; estoy buscando, estoy buscando. Estoy intentando comprender. Intentando dar a alguien lo que viv\u00ed y no s\u00e9 a qui\u00e9n, no me quiero quedar con lo que viv\u00ed[1].<\/p>\n<p style=\"text-align: justify;\">Aqu\u00ed, Clarice Lispector, en<em> La pasi\u00f3n seg\u00fan G.H., <\/em>comienza buscando decir para no quedar solo con lo vivido. Los an\u00e1lisis, como los libros, comienzan en cualquier lugar, pero ser\u00e1 siempre un comienzo \u00fanico, siempre intentar decir lo que hasta entonces no hab\u00eda encontrado lugar, ni palabras para ser dicho. Se encuentra primero un lugar al encontrar un analista y all\u00ed seguir hallando palabras. A veces comienza con quejas desorientadas, a veces con un acontecimiento que conmocion\u00f3 lo \u201cde siempre\u201d, otras veces comienza en el silencio, \u201cen la nada\u201d.<\/p>\n<p style=\"text-align: justify;\">El inicio es as\u00ed, con muchas historias o sin ninguna. Con angustia y desesperaci\u00f3n, con un paso muy fuerte o con una conversaci\u00f3n trivial de quien no sabe qu\u00e9 decir. O entonces callado. Es el analista que comienza la lectura del exceso de palabras o de la falta de ellas y, de esa confusi\u00f3n inicial, se extrae un significante que transfigura el sin sentido o el mucho sentido en un s\u00edntoma que sirve al analizante para, inicialmente, localizar un punto de goce que dice algo. De ah\u00ed, se da la partida para la aventura de un an\u00e1lisis, para la experiencia del inconsciente.<\/p>\n<p style=\"text-align: justify;\">Hasta el siglo pasado, las narrativas in\u00edciales eran regidas principalmente por el esfuerzo de un relato organizado en los moldes de una confesi\u00f3n o de un romance, casi siempre familiar \u2013generalmente peque\u00f1as historias sobre pap\u00e1 y mam\u00e1\u2013, y correspond\u00eda al analista la lectura y el manejo atento al surgimiento de formaciones del inconsciente, al material que proporcionara indicios para la construcci\u00f3n de la fantas\u00eda o para la apertura del campo real. Eran sesiones largas, varias veces por semana. Freud recib\u00eda sus analizantes diariamente y se preocupaba con el domingo sin sesi\u00f3n, que pod\u00eda cerrar la apertura instalada: \u201cSol\u00edamos hablar en broma del \u00abhielo del lunes\u00bb cuando recomenz\u00e1bamos tras el descanso dominical\u201d[2]. Los tratamientos generalmente eran cortos, duraban algunas semanas o meses, pero al mismo tiempo eran infinitos. Esto es, eran cortos, pero no ten\u00edan fin, ya que los analizantes deb\u00edan volver con frecuencia.<\/p>\n<p style=\"text-align: justify;\">Lacan, a partir de su pr\u00e1ctica, propone otra relaci\u00f3n con el tiempo, tanto de las sesiones como del tratamiento. El an\u00e1lisis tiene un fin: el pase testimonia la experiencia del inconsciente y la l\u00f3gica de un final de an\u00e1lisis. En esta perspectiva, el inicio y el tiempo de un an\u00e1lisis sufren un cambio que puede ser resumido as\u00ed: en el comienzo, el s\u00edntoma y, en el fin, el<em> sinthome<\/em>, o sea, invenciones con aquello que resta del goce, de tal forma que este sea incluido en la vida, no como estorbo, sino como soluci\u00f3n.<\/p>\n<p style=\"text-align: justify;\"><em>Traducci\u00f3n: Roc\u00edo Tejo.<\/em><\/p>\n<p style=\"text-align: justify;\"><em>Revisi\u00f3n: Silvina Molina.<\/em><\/p>\n<hr \/>\n<p style=\"text-align: justify;\">[1] Lispector, C., (1964) <em>La pasi\u00f3n seg\u00fan G.H.<\/em>, Buenos Aires, El Cuenco de Plata, 2010, p. 19.<\/p>\n<p style=\"text-align: justify;\">[2] Freud, S., (1913) \u201cSobre la iniciaci\u00f3n del tratamiento\u201d, <em>Obras completas<\/em>, vol. XII, Buenos Aires, Amorrortu, 1991, p. 129.<\/p>\n<\/div><\/div><\/div><\/div><\/div><div class=\"fusion-fullwidth fullwidth-box fusion-builder-row-5 fusion-flex-container has-pattern-background has-mask-background nonhundred-percent-fullwidth non-hundred-percent-height-scrolling\" style=\"--awb-border-radius-top-left:0px;--awb-border-radius-top-right:0px;--awb-border-radius-bottom-right:0px;--awb-border-radius-bottom-left:0px;--awb-padding-top:40px;--awb-padding-bottom:40px;--awb-margin-top:40px;--awb-background-color:#00506e;--awb-flex-wrap:wrap;\" ><div class=\"fusion-builder-row fusion-row fusion-flex-align-items-flex-start fusion-flex-content-wrap\" style=\"max-width:1248px;margin-left: calc(-4% \/ 2 );margin-right: calc(-4% \/ 2 );\"><div class=\"fusion-layout-column fusion_builder_column fusion-builder-column-7 fusion_builder_column_1_1 1_1 fusion-flex-column\" style=\"--awb-bg-size:cover;--awb-width-large:100%;--awb-margin-top-large:0px;--awb-spacing-right-large:1.92%;--awb-margin-bottom-large:20px;--awb-spacing-left-large:1.92%;--awb-width-medium:100%;--awb-order-medium:0;--awb-spacing-right-medium:1.92%;--awb-spacing-left-medium:1.92%;--awb-width-small:100%;--awb-order-small:0;--awb-spacing-right-small:1.92%;--awb-spacing-left-small:1.92%;\"><div class=\"fusion-column-wrapper fusion-column-has-shadow fusion-flex-justify-content-flex-start fusion-content-layout-column\"><div class=\"fusion-text fusion-text-4\"><p><span style=\"color: #ffffff;\">La cuarta v\u00eda de investigaci\u00f3n propuesta en el argumento del XI ENAPOL<sup>1<\/sup> es una invitaci\u00f3n a los practicantes a mantener viva la posici\u00f3n analizante de quienes encarnan el discurso psicoanal\u00edtico.<\/span><\/p>\n<p><span style=\"color: #ffffff;\">La orientaci\u00f3n es la relaci\u00f3n que cada practicante sostiene con el psicoan\u00e1lisis mismo, con sus dilemas pol\u00edticos, impasses de formaci\u00f3n, encrucijadas \u00e9ticas o desaf\u00edos con la cl\u00ednica contempor\u00e1nea. Es con estos ejes que hemos convocado a un colega de cada Escuela para que pueda desplegar desde su posici\u00f3n de analista, pero tambi\u00e9n atravesado por la posici\u00f3n de analizante, alguna de estas aristas.<\/span><\/p>\n<p><span style=\"color: #ffffff;\">En esta oportunidad tenemos una conversaci\u00f3n con Raquel Cors Ulloa de la NEL<em>cf<\/em>.<\/span><\/p>\n<p style=\"text-align: right;\"><span style=\"color: #ffffff;\"><sup>1<\/sup> V\u00e9ase: <a style=\"color: #ffffff;\" href=\"https:\/\/enapol.com\/xi\/argumento-y-ejes\/\">https:\/\/enapol.com\/xi\/argumento-y-ejes\/<\/a><\/span><\/p>\n<\/div><div class=\"fusion-text fusion-text-5\"><p style=\"text-align: center;\"><span style=\"color: #ffffff;\"><strong>Hay comienzos, en plural<\/strong><\/span><\/p>\n<p style=\"text-align: center;\"><span style=\"color: #ffffff;\">Entrevista a Raquel Cors Ulloa &#8211; NEL<em>cf<\/em><\/span><\/p>\n<\/div><\/div><\/div><div class=\"fusion-layout-column fusion_builder_column fusion-builder-column-8 fusion_builder_column_1_3 1_3 fusion-flex-column\" style=\"--awb-bg-size:cover;--awb-width-large:33.333333333333%;--awb-margin-top-large:0px;--awb-spacing-right-large:5.76%;--awb-margin-bottom-large:20px;--awb-spacing-left-large:5.76%;--awb-width-medium:33.333333333333%;--awb-order-medium:0;--awb-spacing-right-medium:5.76%;--awb-spacing-left-medium:5.76%;--awb-width-small:100%;--awb-order-small:0;--awb-spacing-right-small:1.92%;--awb-spacing-left-small:1.92%;\"><div class=\"fusion-column-wrapper fusion-column-has-shadow fusion-flex-justify-content-flex-start fusion-content-layout-column\"><div class=\"fusion-image-element \" style=\"text-align:center;--awb-caption-title-font-family:var(--h2_typography-font-family);--awb-caption-title-font-weight:var(--h2_typography-font-weight);--awb-caption-title-font-style:var(--h2_typography-font-style);--awb-caption-title-size:var(--h2_typography-font-size);--awb-caption-title-transform:var(--h2_typography-text-transform);--awb-caption-title-line-height:var(--h2_typography-line-height);--awb-caption-title-letter-spacing:var(--h2_typography-letter-spacing);\"><span class=\" fusion-imageframe imageframe-none imageframe-4 hover-type-none\"><img decoding=\"async\" width=\"1772\" height=\"1772\" title=\"V\u00eda de investigaci\u00f3n 4A &#8211; N\u00ba 14\" src=\"http:\/\/enapol.com\/xi\/wp-content\/uploads\/2023\/08\/Via-de-investigacion-4A-No-14.jpg\" alt class=\"img-responsive wp-image-4419\" srcset=\"https:\/\/enapol.com\/xi\/wp-content\/uploads\/2023\/08\/Via-de-investigacion-4A-No-14-200x200.jpg 200w, https:\/\/enapol.com\/xi\/wp-content\/uploads\/2023\/08\/Via-de-investigacion-4A-No-14-400x400.jpg 400w, https:\/\/enapol.com\/xi\/wp-content\/uploads\/2023\/08\/Via-de-investigacion-4A-No-14-600x600.jpg 600w, https:\/\/enapol.com\/xi\/wp-content\/uploads\/2023\/08\/Via-de-investigacion-4A-No-14-800x800.jpg 800w, https:\/\/enapol.com\/xi\/wp-content\/uploads\/2023\/08\/Via-de-investigacion-4A-No-14-1200x1200.jpg 1200w, https:\/\/enapol.com\/xi\/wp-content\/uploads\/2023\/08\/Via-de-investigacion-4A-No-14.jpg 1772w\" sizes=\"(max-width: 640px) 100vw, 400px\" \/><\/span><\/div><div class=\"fusion-separator fusion-full-width-sep\" style=\"align-self: center;margin-left: auto;margin-right: auto;margin-top:10px;margin-bottom:10px;width:100%;\"><\/div><\/div><\/div><div class=\"fusion-layout-column fusion_builder_column fusion-builder-column-9 fusion_builder_column_2_3 2_3 fusion-flex-column\" style=\"--awb-bg-size:cover;--awb-width-large:66.666666666667%;--awb-margin-top-large:0px;--awb-spacing-right-large:2.88%;--awb-margin-bottom-large:20px;--awb-spacing-left-large:2.88%;--awb-width-medium:66.666666666667%;--awb-order-medium:0;--awb-spacing-right-medium:2.88%;--awb-spacing-left-medium:2.88%;--awb-width-small:100%;--awb-order-small:0;--awb-spacing-right-small:1.92%;--awb-spacing-left-small:1.92%;\"><div class=\"fusion-column-wrapper fusion-column-has-shadow fusion-flex-justify-content-flex-start fusion-content-layout-column\"><div class=\"fusion-text fusion-text-6\"><p style=\"text-align: justify;\"><span style=\"color: #ffffff;\"><strong>Edna G\u00f3mez: <\/strong>Los comienzos muchas veces tienen algo de azar, de sorpresa, de contingencia, \u00bfqu\u00e9 podr\u00edas decir Raquel de c\u00f3mo participa lo contingente en el empezar a analizarse?<\/span><\/p>\n<p style=\"text-align: justify;\"><span style=\"color: #ffffff;\"><strong>Raquel Cors Ulloa:<\/strong> Empezar a analizarse no es algo que ocurre una sola vez y para siempre. Hay comienzos en plural. Comienzos que no solo dependen de la intenci\u00f3n, curiosidad o entusiasmo para llamar a un analista. Hay comienzos que en tiempos dif\u00edciles, de urgencia, de aburrimiento, de vacilaci\u00f3n o de angustia, precipitan el momento de ir con un analista. Hay analizantes que luego de un largo trayecto de an\u00e1lisis, recomienzan su an\u00e1lisis con otro analista. Hay comienzos que, como ense\u00f1a el an\u00e1lisis de cada uno, empiezan al momento de emprender un in\u00e9dito viaje, deseando que durante esta azarosa experiencia, el camino sea una aventura, como evoca el poema de Kavafis cuando dice que: \u201cmuchas sean las ma\u00f1anas de verano en que llegues \u2013\u00a1con qu\u00e9 placer y alegr\u00eda!\u2013 a puertos nunca vistos antes\u201d[1]. As\u00ed es la contingencia, cuando algo del acontecimiento imprevisto sale del circuito de lo que ya se sabe, como ocurre cuando el camino ya no es una l\u00ednea recta, quiz\u00e1s entonces, algo nuevo puede comenzar.<\/span><\/p>\n<p style=\"text-align: justify;\"><span style=\"color: #ffffff;\">Empezar a analizarse es cuesti\u00f3n de tiempo, s\u00ed, pero no el lapso de tiempo que marca el reloj desde el inicio. La duraci\u00f3n del tiempo del comienzo, en t\u00e9rminos anal\u00edticos, es una experiencia que para cada sujeto est\u00e1 determinada por su amor al inconsciente, un inconsciente que precisamente \u00a1no conoce el tiempo!<\/span><\/p>\n<p style=\"text-align: justify;\"><span style=\"color: #ffffff;\">As\u00ed, como la dimensi\u00f3n inconsciente sorprende, as\u00ed tambi\u00e9n el amor de transferencia \u2013que no est\u00e1 en la persona del analista\u2013 es una fortuna que podr\u00eda comenzar cuando se consiente a lo real, que no es solo lo imposible, sino lo contingente. Es por esto que desde el singular momento de cada comienzo est\u00e1 la transferencia donde yace el objeto de amor; sin este amor no sabr\u00edamos c\u00f3mo terminan los an\u00e1lisis pero tampoco c\u00f3mo nacen, c\u00f3mo comienzan, \u00a1c\u00f3mo renacen!<\/span><\/p>\n<p style=\"text-align: justify;\"><span style=\"color: #ffffff;\">Lo cierto es que cuando abrimos las puertas a las contingencias no lo hacemos para responder a las demandas de amor \u00a1con m\u00e1s amor! Es algo que las ense\u00f1anzas del pase transmiten sobre la desestimaci\u00f3n de cualquier tentaci\u00f3n de identificaci\u00f3n con el sujeto supuesto saber. Por fortuna, hay contingencias que producen la ocasi\u00f3n de trabajar sobre los puntos cruciales que conciernen al porvenir del psicoan\u00e1lisis; veremos qu\u00e9 efectos de ense\u00f1anza devienen sobre esto durante el pr\u00f3ximo ENAPOL.<\/span><\/p>\n<p style=\"text-align: justify;\"><span style=\"color: #ffffff;\"><strong>Giselle Cardozo: <\/strong>En relaci\u00f3n con las mutaciones de goce y el deseo del analizante<\/span><br \/>\n<span style=\"color: #ffffff;\">puesto al servicio de la Escuela por la v\u00eda del trabajo, \u00bfpodr\u00edas comentar algo sobre el empezar a analizarse enlazados a ella?<\/span><\/p>\n<p style=\"text-align: justify;\"><span style=\"color: #ffffff;\"><strong>Raquel Cors Ulloa:<\/strong> Tu pregunta me abre un mar de preguntas que no me atrevo a responder por otros, no m\u00e1s de lo que cada colega \u2013no la persona\u2013 en su posici\u00f3n analizante en la vida de la Escuela, responde y se enlaza.<\/span><\/p>\n<p style=\"text-align: justify;\"><span style=\"color: #ffffff;\">Enlazarse a la Escuela, al discurso que la habita, es una inmersi\u00f3n tan singular que depender\u00e1 del \u00a1rasg\u00f3n! de cada uno. Como se\u00f1ala Miller en la primera clase de su curso del a\u00f1o 2000-2001: \u201cel lugar y el lazo anal\u00edtico, dependen del lazo del analista con el psicoan\u00e1lisis\u201d[2]. El concepto de Escuela[3], tan distinto a una sociedad anal\u00edtica \u2013constituida por psicoanalistas que se reconocen los unos a los otros\u2013, requiere de nuestros lazos en an\u00e1lisis; es decir del consentimiento analizante a lo inesperado. No hay que olvidar que lo que invent\u00f3 Lacan es: \u201cuna comunidad de trabajo, no de reconocimiento\u201d[4]. Cuando la transferencia de trabajo \u00a1enlaza! entonces se lee c\u00f3mo los goces mutan y los actos no solo son acciones, sino consecuencias.<\/span><\/p>\n<p style=\"text-align: justify;\"><span style=\"color: #ffffff;\">Los acontecimientos imprevistos no ocurren todo el tiempo, por eso es necesario que algo del <em>automaton<\/em> est\u00e9 instalado en las bases de la Escuela, para verificar la regularidad en los tiempos de cada respuesta y su flexibilidad operativa en los modos de lazo.<\/span><\/p>\n<p style=\"text-align: justify;\"><span style=\"color: #ffffff;\">Hay puertas que abren<em> a<\/em> nuevos modos de soportar las diferencias, inherentes a las contingencias. Esta entrevista, que agradezco, me abri\u00f3 la ocasi\u00f3n de una nueva pregunta: \u00bfqu\u00e9 es lo que se enlaza entre la instituci\u00f3n y las destituciones subjetivas? Como les dec\u00eda al inicio, no me compete responder por otros; eso se lee en cada deseo analizante, en su singular modo de lazo con lo heterog\u00e9neo de la vida de Escuela, no sin lo constitutivo de la interpretaci\u00f3n y la vital transferencia de trabajo.<\/span><\/p>\n<hr \/>\n<p style=\"text-align: justify;\"><span style=\"color: #ffffff;\">[1] Kavafis, C., <em>\u00cdtaca<\/em>. Disponible en: <a style=\"color: #ffffff;\" href=\"https:\/\/sergiobarce.blog\/2016\/08\/17\/itaca-un-poema-de-konstantino-kavafis\/\">https:\/\/sergiobarce.blog\/2016\/08\/17\/itaca-un-poema-de-konstantino-kavafis\/<\/a><\/span><\/p>\n<p style=\"text-align: justify;\"><span style=\"color: #ffffff;\">[2] Miller, J.-A., (2000-2001) \u201cLa tentaci\u00f3n del psicoanalista\u201d, <em>El lugar y el lazo<\/em>, Buenos Aires, Paid\u00f3s, 2013, pp. 15-17<\/span><\/p>\n<p style=\"text-align: justify;\"><span style=\"color: #ffffff;\">[3] Miller, J.-A., \u201cEl concepto de Escuela\u201d, <em>El nacimiento del Campo Freudiano<\/em>, Buenos Aires, Paid\u00f3s, 2023, p. 226<\/span><\/p>\n<p style=\"text-align: justify;\"><span style=\"color: #ffffff;\">[4] Miller, J.-A., \u201cEl triunfo de Jacques Lacan\u201d, <em>Introducci\u00f3n a la Cl\u00ednica Lacaniana<\/em>, 2007, Barcelona, ELP, p. 241.<\/span><\/p>\n<\/div><\/div><\/div><div class=\"fusion-layout-column fusion_builder_column fusion-builder-column-10 fusion_builder_column_1_1 1_1 fusion-flex-column\" style=\"--awb-bg-size:cover;--awb-width-large:100%;--awb-margin-top-large:0px;--awb-spacing-right-large:1.92%;--awb-margin-bottom-large:20px;--awb-spacing-left-large:1.92%;--awb-width-medium:100%;--awb-order-medium:0;--awb-spacing-right-medium:1.92%;--awb-spacing-left-medium:1.92%;--awb-width-small:100%;--awb-order-small:0;--awb-spacing-right-small:1.92%;--awb-spacing-left-small:1.92%;\"><div class=\"fusion-column-wrapper fusion-column-has-shadow fusion-flex-justify-content-flex-start fusion-content-layout-column\"><div class=\"fusion-image-element \" style=\"--awb-caption-title-font-family:var(--h2_typography-font-family);--awb-caption-title-font-weight:var(--h2_typography-font-weight);--awb-caption-title-font-style:var(--h2_typography-font-style);--awb-caption-title-size:var(--h2_typography-font-size);--awb-caption-title-transform:var(--h2_typography-text-transform);--awb-caption-title-line-height:var(--h2_typography-line-height);--awb-caption-title-letter-spacing:var(--h2_typography-letter-spacing);\"><span class=\" fusion-imageframe imageframe-none imageframe-5 hover-type-none\"><img decoding=\"async\" width=\"4724\" height=\"2362\" title=\"V\u00eda de investigaci\u00f3n 4B &#8211; N\u00ba 14\" src=\"http:\/\/enapol.com\/xi\/wp-content\/uploads\/2023\/08\/Via-de-investigacion-4B-No-14.png\" alt class=\"img-responsive wp-image-4420\" srcset=\"https:\/\/enapol.com\/xi\/wp-content\/uploads\/2023\/08\/Via-de-investigacion-4B-No-14-200x100.png 200w, https:\/\/enapol.com\/xi\/wp-content\/uploads\/2023\/08\/Via-de-investigacion-4B-No-14-400x200.png 400w, https:\/\/enapol.com\/xi\/wp-content\/uploads\/2023\/08\/Via-de-investigacion-4B-No-14-600x300.png 600w, https:\/\/enapol.com\/xi\/wp-content\/uploads\/2023\/08\/Via-de-investigacion-4B-No-14-800x400.png 800w, https:\/\/enapol.com\/xi\/wp-content\/uploads\/2023\/08\/Via-de-investigacion-4B-No-14-1200x600.png 1200w, https:\/\/enapol.com\/xi\/wp-content\/uploads\/2023\/08\/Via-de-investigacion-4B-No-14.png 4724w\" sizes=\"(max-width: 640px) 100vw, 1200px\" \/><\/span><\/div><\/div><\/div><\/div><\/div><div class=\"fusion-fullwidth fullwidth-box fusion-builder-row-6 fusion-flex-container has-pattern-background has-mask-background nonhundred-percent-fullwidth non-hundred-percent-height-scrolling\" style=\"--awb-border-radius-top-left:0px;--awb-border-radius-top-right:0px;--awb-border-radius-bottom-right:0px;--awb-border-radius-bottom-left:0px;--awb-margin-top:40px;--awb-flex-wrap:wrap;\" ><div class=\"fusion-builder-row fusion-row fusion-flex-align-items-flex-start fusion-flex-content-wrap\" style=\"max-width:1248px;margin-left: calc(-4% \/ 2 );margin-right: calc(-4% \/ 2 );\"><div class=\"fusion-layout-column fusion_builder_column fusion-builder-column-11 fusion_builder_column_1_1 1_1 fusion-flex-column\" style=\"--awb-bg-size:cover;--awb-width-large:100%;--awb-margin-top-large:0px;--awb-spacing-right-large:1.92%;--awb-margin-bottom-large:20px;--awb-spacing-left-large:1.92%;--awb-width-medium:100%;--awb-order-medium:0;--awb-spacing-right-medium:1.92%;--awb-spacing-left-medium:1.92%;--awb-width-small:100%;--awb-order-small:0;--awb-spacing-right-small:1.92%;--awb-spacing-left-small:1.92%;\"><div class=\"fusion-column-wrapper fusion-column-has-shadow fusion-flex-justify-content-flex-start fusion-content-layout-column\"><div class=\"fusion-title title fusion-title-7 fusion-sep-none fusion-title-center fusion-title-text fusion-title-size-one\" style=\"--awb-text-color:var(--awb-custom_color_1);--awb-font-size:22px;\"><h1 class=\"fusion-title-heading title-heading-center\" style=\"font-family:&quot;Public Sans&quot;;font-style:normal;font-weight:800;margin:0;font-size:1em;\">VARIACIONES<\/h1><\/div><\/div><\/div><\/div><\/div><div class=\"fusion-fullwidth fullwidth-box fusion-builder-row-7 fusion-flex-container has-pattern-background has-mask-background nonhundred-percent-fullwidth non-hundred-percent-height-scrolling\" style=\"--awb-border-radius-top-left:0px;--awb-border-radius-top-right:0px;--awb-border-radius-bottom-right:0px;--awb-border-radius-bottom-left:0px;--awb-margin-top:40px;--awb-flex-wrap:wrap;\" ><div class=\"fusion-builder-row fusion-row fusion-flex-align-items-flex-start fusion-flex-content-wrap\" style=\"max-width:1248px;margin-left: calc(-4% \/ 2 );margin-right: calc(-4% \/ 2 );\"><div class=\"fusion-layout-column fusion_builder_column fusion-builder-column-12 fusion_builder_column_1_1 1_1 fusion-flex-column\" style=\"--awb-bg-size:cover;--awb-width-large:100%;--awb-margin-top-large:0px;--awb-spacing-right-large:1.92%;--awb-margin-bottom-large:20px;--awb-spacing-left-large:1.92%;--awb-width-medium:100%;--awb-order-medium:0;--awb-spacing-right-medium:1.92%;--awb-spacing-left-medium:1.92%;--awb-width-small:100%;--awb-order-small:0;--awb-spacing-right-small:1.92%;--awb-spacing-left-small:1.92%;\"><div class=\"fusion-column-wrapper fusion-column-has-shadow fusion-flex-justify-content-flex-start fusion-content-layout-column\"><div class=\"fusion-title title fusion-title-8 fusion-sep-none fusion-title-text fusion-title-size-one\" style=\"--awb-text-color:var(--awb-custom_color_2);--awb-font-size:60px;\"><h1 class=\"fusion-title-heading title-heading-left\" style=\"font-family:&quot;Public Sans&quot;;font-style:normal;font-weight:800;margin:0;font-size:1em;\"><p style=\"text-align: right;\">Ra\u00fal Villegas Rom\u00e1n*<\/p><\/h1><\/div><div class=\"fusion-title title fusion-title-9 fusion-sep-none fusion-title-center fusion-title-text fusion-title-size-one\" style=\"--awb-text-color:var(--awb-custom_color_2);--awb-font-size:40px;\"><h1 class=\"fusion-title-heading title-heading-center\" style=\"font-family:&quot;Public Sans&quot;;font-style:normal;font-weight:800;margin:0;font-size:1em;\"><p style=\"text-align: right;\">Breve recuento de algunos cambios<\/p><\/h1><\/div><\/div><\/div><div class=\"fusion-layout-column fusion_builder_column fusion-builder-column-13 fusion_builder_column_1_3 1_3 fusion-flex-column\" style=\"--awb-bg-size:cover;--awb-width-large:33.333333333333%;--awb-margin-top-large:0px;--awb-spacing-right-large:5.76%;--awb-margin-bottom-large:20px;--awb-spacing-left-large:5.76%;--awb-width-medium:33.333333333333%;--awb-order-medium:0;--awb-spacing-right-medium:5.76%;--awb-spacing-left-medium:5.76%;--awb-width-small:100%;--awb-order-small:0;--awb-spacing-right-small:1.92%;--awb-spacing-left-small:1.92%;\"><div class=\"fusion-column-wrapper fusion-column-has-shadow fusion-flex-justify-content-flex-start fusion-content-layout-column\"><div class=\"fusion-image-element \" style=\"--awb-caption-title-font-family:var(--h2_typography-font-family);--awb-caption-title-font-weight:var(--h2_typography-font-weight);--awb-caption-title-font-style:var(--h2_typography-font-style);--awb-caption-title-size:var(--h2_typography-font-size);--awb-caption-title-transform:var(--h2_typography-text-transform);--awb-caption-title-line-height:var(--h2_typography-line-height);--awb-caption-title-letter-spacing:var(--h2_typography-letter-spacing);\"><span class=\" fusion-imageframe imageframe-none imageframe-6 hover-type-none\"><img decoding=\"async\" width=\"2362\" height=\"2181\" title=\"Variaciones N\u00ba 14 A\" src=\"http:\/\/enapol.com\/xi\/wp-content\/uploads\/2023\/08\/Variaciones-No-14-A.jpg\" alt class=\"img-responsive wp-image-4425\" srcset=\"https:\/\/enapol.com\/xi\/wp-content\/uploads\/2023\/08\/Variaciones-No-14-A-200x185.jpg 200w, https:\/\/enapol.com\/xi\/wp-content\/uploads\/2023\/08\/Variaciones-No-14-A-400x369.jpg 400w, https:\/\/enapol.com\/xi\/wp-content\/uploads\/2023\/08\/Variaciones-No-14-A-600x554.jpg 600w, https:\/\/enapol.com\/xi\/wp-content\/uploads\/2023\/08\/Variaciones-No-14-A-800x739.jpg 800w, https:\/\/enapol.com\/xi\/wp-content\/uploads\/2023\/08\/Variaciones-No-14-A-1200x1108.jpg 1200w, https:\/\/enapol.com\/xi\/wp-content\/uploads\/2023\/08\/Variaciones-No-14-A.jpg 2362w\" sizes=\"(max-width: 640px) 100vw, 400px\" \/><\/span><\/div><div class=\"fusion-separator fusion-full-width-sep\" style=\"align-self: center;margin-left: auto;margin-right: auto;margin-top:10px;margin-bottom:10px;width:100%;\"><\/div><div class=\"fusion-image-element \" style=\"--awb-caption-title-font-family:var(--h2_typography-font-family);--awb-caption-title-font-weight:var(--h2_typography-font-weight);--awb-caption-title-font-style:var(--h2_typography-font-style);--awb-caption-title-size:var(--h2_typography-font-size);--awb-caption-title-transform:var(--h2_typography-text-transform);--awb-caption-title-line-height:var(--h2_typography-line-height);--awb-caption-title-letter-spacing:var(--h2_typography-letter-spacing);\"><span class=\" fusion-imageframe imageframe-none imageframe-7 hover-type-none\"><img decoding=\"async\" width=\"1772\" height=\"1789\" title=\"Variaciones N\u00ba 14B\" src=\"http:\/\/enapol.com\/xi\/wp-content\/uploads\/2023\/08\/Variaciones-No-14B.jpg\" alt class=\"img-responsive wp-image-4424\" srcset=\"https:\/\/enapol.com\/xi\/wp-content\/uploads\/2023\/08\/Variaciones-No-14B-200x202.jpg 200w, https:\/\/enapol.com\/xi\/wp-content\/uploads\/2023\/08\/Variaciones-No-14B-400x404.jpg 400w, https:\/\/enapol.com\/xi\/wp-content\/uploads\/2023\/08\/Variaciones-No-14B-600x606.jpg 600w, https:\/\/enapol.com\/xi\/wp-content\/uploads\/2023\/08\/Variaciones-No-14B-800x808.jpg 800w, https:\/\/enapol.com\/xi\/wp-content\/uploads\/2023\/08\/Variaciones-No-14B-1200x1212.jpg 1200w, https:\/\/enapol.com\/xi\/wp-content\/uploads\/2023\/08\/Variaciones-No-14B.jpg 1772w\" sizes=\"(max-width: 640px) 100vw, 400px\" \/><\/span><\/div><div class=\"fusion-separator fusion-full-width-sep\" style=\"align-self: center;margin-left: auto;margin-right: auto;margin-top:10px;margin-bottom:10px;width:100%;\"><\/div><div class=\"fusion-text fusion-text-7\"><p style=\"text-align: justify;\"><sup>*<\/sup> Actor mexicano, licenciado en Literatura dram\u00e1tica y Teatro por la UNAM. Trabaj\u00f3 como actor durante quince a\u00f1os ininterrumpidos en diversos montajes. De sus trabajos se destacan: <em>Lo que queda de nosotros<\/em>, <em>Macbeth<\/em>, <em>La ceguera no es un trampol\u00edn<\/em>, <em>Medea<\/em>, <em>Del conejo a la tierra<\/em>, <em>Der Wilde<\/em>. En televisi\u00f3n particip\u00f3 en distintos proyectos: <em>Cr\u00f3nica de castas<\/em>, <em>La querida del centauro 2<\/em>, <em>Rosario Tijeras 2<\/em>, <em>Narcos M\u00e9xico<\/em>, <em>Todo va a estar bien<\/em>, <em>VGLY<\/em> dirigida por Sebasti\u00e1n Sari\u00f1ana. Realiz\u00f3 varios cortos y largometrajes entre los que destacan: <em>Victoria<\/em>, <em>\u00cdndigo<\/em>, <em>Plan sexenal<\/em>, <em>Bayoneta<\/em>, <em>En el silencio encontr\u00e9 mi voz<\/em>, <em>Una pel\u00edcula de polic\u00edas<\/em>, <em>50 o dos ballenas se encuentran en la playa<\/em>, <em>Mexzombies<\/em>.<\/p>\n<p style=\"text-align: justify;\">Particip\u00f3 en diversos festivales nacionales e internacionales en Barcelona, Xalapa Veracruz, Belgrado Serbia, M\u00e9xico, Nuevo Le\u00f3n, Quer\u00e9taro, Brasil, Le\u00f3n Guanajuato, Guadalajara Jalisco, Aguascalientes, Tenerife Espa\u00f1a. En 2021 form\u00f3 parte de la programaci\u00f3n regular de la Schauspiel K\u00f6ln en Alemania.<\/p>\n<p style=\"text-align: justify;\">En 2017 fue propuesto por la Facultad de Filosof\u00eda y Letras de la UNAM para recibir el premio a la Creaci\u00f3n Art\u00edstica mientras era docente de dicha instituci\u00f3n impartiendo las materias de Actuaci\u00f3n 1 y 2 en el Colegio de Literatura dram\u00e1tica y Teatro.<\/p>\n<\/div><\/div><\/div><div class=\"fusion-layout-column fusion_builder_column fusion-builder-column-14 fusion_builder_column_2_3 2_3 fusion-flex-column\" style=\"--awb-bg-size:cover;--awb-width-large:66.666666666667%;--awb-margin-top-large:0px;--awb-spacing-right-large:2.88%;--awb-margin-bottom-large:20px;--awb-spacing-left-large:2.88%;--awb-width-medium:66.666666666667%;--awb-order-medium:0;--awb-spacing-right-medium:2.88%;--awb-spacing-left-medium:2.88%;--awb-width-small:100%;--awb-order-small:0;--awb-spacing-right-small:1.92%;--awb-spacing-left-small:1.92%;\"><div class=\"fusion-column-wrapper fusion-column-has-shadow fusion-flex-justify-content-flex-start fusion-content-layout-column\"><div class=\"fusion-text fusion-text-8\"><p style=\"text-align: justify;\">Reviso este texto de noche. Casi listo para dormir. Combato al sue\u00f1o porque, de un tiempo ac\u00e1, cada vez me quedo dormido al terminar las actividades del d\u00eda con mayor facilidad y de manera m\u00e1s contundente. Llevo varios d\u00edas pensando en la propuesta de escribir este texto dando vueltas a \u00bfqu\u00e9 es lo que me ha significado el proceso de an\u00e1lisis? Pero no tanto como para atraer al insomnio.<\/p>\n<p style=\"text-align: justify;\">Sin duda, analizarme ha despertado varias diferencias en la manera en la que transito la vida pero, con el correr de los d\u00edas la constante en mis pensamientos es la negaci\u00f3n a creer que dichas diferencias son descubrimientos independientes que corren de manera paralela sin cruzarse y entreverarse entre s\u00ed.<\/p>\n<p style=\"text-align: justify;\">Mientras escribo estas letras he identificado, satisfecho, que el cambio de angulaci\u00f3n desde el que observo mi existencia a partir de analizarme deposita su funcionamiento en una idea: la de la libertad que me otorga ser capaz de dise\u00f1ar y construir mi entorno. Y eso me da paz. Y me deja dormir.<\/p>\n<p style=\"text-align: justify;\">El reconocimiento de m\u00ed mismo, como sujeto dotado de un arsenal de herramientas para dicha construcci\u00f3n, me ha permitido dejar de percibirlas como m\u00e9todo de camuflaje. Comienzo a entender que mientras transito por la vida no llevo una maleta cargada de m\u00e1scaras para enga\u00f1ar al mundo sobre qui\u00e9n soy y salir bien librado de alguna situaci\u00f3n adversa. Todo lo contrario. Al tr\u00e1nsito mismo le son inherentes la construcci\u00f3n y desarrollo de instrumentos que me he ido echando al hombro y que he aprendido a emplear para habitar la realidad y encontrar mi lugar en el mundo. Digo la realidad como quien dice ese espacio que se construye independiente de m\u00ed y digo un lugar en el mundo como quien deposita su peso sobre sus dos pies, los planta sobre la tierra y se adue\u00f1a de la posibilidad de permanecer firme y flexible al mismo tiempo ante los elementos que fluyen a su alrededor.<\/p>\n<p style=\"text-align: justify;\">El nodo de los cambios que han derivado del proceso de an\u00e1lisis es, entonces, la libertad. La libertad que ha resultado de poder ejercer mis deseos sabiendo que tendr\u00e1n consecuencias y responsabiliz\u00e1ndome de ellas. La libertad resultante de sumergirme en los procesos creativos detonados por el cumplimiento de mis deseos sin someterlos a juicios que, regularmente, deven\u00edan en el desarrollo de miedos y autocensura. La libertad necesaria para detener, a partir de la comprensi\u00f3n y la concesi\u00f3n de importancia a mis necesidades, la tendencia a modificarme al servicio de lo externo \u2013siendo lo externo, la otredad\u2013; y establezco entonces la expresi\u00f3n y enunciaci\u00f3n de mi deseo. Demando, alej\u00e1ndome del tiento exacerbado sobre las reacciones de lo externo. Demando \u2013\u00a1qu\u00e9 bien se siente escribir esta palabra sin culpa!\u2013. La libertad generada a partir de la capacidad de discernir qu\u00e9 parte de mi entorno me toca a m\u00ed construir, dise\u00f1ar y modificar, y dejar que, la parte que le toca al exterior, no me mortifique. He aprendido a valorar lo que no me ata\u00f1e y a generar placer de lo que no est\u00e1 en mis manos. He aprendido a valorar que cada vez menos cosas me quiten el sue\u00f1o. Y ahora, sin m\u00e1s, termino estas letras y me voy a la cama.<\/p>\n<p style=\"text-align: justify;\">Julio 2023<\/p>\n<\/div><div class=\"fusion-separator fusion-full-width-sep\" style=\"align-self: center;margin-left: auto;margin-right: auto;margin-top:20px;margin-bottom:20px;width:100%;\"><\/div><div class=\"fusion-builder-row fusion-builder-row-inner fusion-row fusion-flex-align-items-flex-start fusion-flex-content-wrap\" style=\"width:104% !important;max-width:104% !important;margin-left: calc(-4% \/ 2 );margin-right: calc(-4% \/ 2 );\"><div class=\"fusion-layout-column fusion_builder_column_inner fusion-builder-nested-column-0 fusion_builder_column_inner_1_2 1_2 fusion-flex-column\" style=\"--awb-bg-size:cover;--awb-width-large:50%;--awb-margin-top-large:0px;--awb-spacing-right-large:3.84%;--awb-margin-bottom-large:20px;--awb-spacing-left-large:3.84%;--awb-width-medium:50%;--awb-order-medium:0;--awb-spacing-right-medium:3.84%;--awb-spacing-left-medium:3.84%;--awb-width-small:100%;--awb-order-small:0;--awb-spacing-right-small:1.92%;--awb-spacing-left-small:1.92%;\"><div class=\"fusion-column-wrapper fusion-column-has-shadow fusion-flex-justify-content-flex-start fusion-content-layout-column\"><div class=\"fusion-image-element \" style=\"--awb-caption-title-font-family:var(--h2_typography-font-family);--awb-caption-title-font-weight:var(--h2_typography-font-weight);--awb-caption-title-font-style:var(--h2_typography-font-style);--awb-caption-title-size:var(--h2_typography-font-size);--awb-caption-title-transform:var(--h2_typography-text-transform);--awb-caption-title-line-height:var(--h2_typography-line-height);--awb-caption-title-letter-spacing:var(--h2_typography-letter-spacing);\"><span class=\" fusion-imageframe imageframe-none imageframe-8 hover-type-none\"><img decoding=\"async\" width=\"1772\" height=\"1329\" title=\"Variaciones N\u00ba 14C\" src=\"http:\/\/enapol.com\/xi\/wp-content\/uploads\/2023\/08\/Variaciones-No-14C.jpg\" alt class=\"img-responsive wp-image-4427\" srcset=\"https:\/\/enapol.com\/xi\/wp-content\/uploads\/2023\/08\/Variaciones-No-14C-200x150.jpg 200w, https:\/\/enapol.com\/xi\/wp-content\/uploads\/2023\/08\/Variaciones-No-14C-400x300.jpg 400w, https:\/\/enapol.com\/xi\/wp-content\/uploads\/2023\/08\/Variaciones-No-14C-600x450.jpg 600w, https:\/\/enapol.com\/xi\/wp-content\/uploads\/2023\/08\/Variaciones-No-14C-800x600.jpg 800w, https:\/\/enapol.com\/xi\/wp-content\/uploads\/2023\/08\/Variaciones-No-14C-1200x900.jpg 1200w, https:\/\/enapol.com\/xi\/wp-content\/uploads\/2023\/08\/Variaciones-No-14C.jpg 1772w\" sizes=\"(max-width: 640px) 100vw, 600px\" \/><\/span><\/div><\/div><\/div><div class=\"fusion-layout-column fusion_builder_column_inner fusion-builder-nested-column-1 fusion_builder_column_inner_1_2 1_2 fusion-flex-column\" style=\"--awb-bg-size:cover;--awb-width-large:50%;--awb-margin-top-large:0px;--awb-spacing-right-large:3.84%;--awb-margin-bottom-large:20px;--awb-spacing-left-large:3.84%;--awb-width-medium:50%;--awb-order-medium:0;--awb-spacing-right-medium:3.84%;--awb-spacing-left-medium:3.84%;--awb-width-small:100%;--awb-order-small:0;--awb-spacing-right-small:1.92%;--awb-spacing-left-small:1.92%;\"><div class=\"fusion-column-wrapper fusion-column-has-shadow fusion-flex-justify-content-flex-start fusion-content-layout-column\"><div class=\"fusion-image-element \" style=\"--awb-caption-title-font-family:var(--h2_typography-font-family);--awb-caption-title-font-weight:var(--h2_typography-font-weight);--awb-caption-title-font-style:var(--h2_typography-font-style);--awb-caption-title-size:var(--h2_typography-font-size);--awb-caption-title-transform:var(--h2_typography-text-transform);--awb-caption-title-line-height:var(--h2_typography-line-height);--awb-caption-title-letter-spacing:var(--h2_typography-letter-spacing);\"><span class=\" fusion-imageframe imageframe-none imageframe-9 hover-type-none\"><img decoding=\"async\" width=\"1772\" height=\"1329\" title=\"Variaciones N\u00ba 14D\" src=\"http:\/\/enapol.com\/xi\/wp-content\/uploads\/2023\/08\/Variaciones-No-14D.jpg\" alt class=\"img-responsive wp-image-4428\" srcset=\"https:\/\/enapol.com\/xi\/wp-content\/uploads\/2023\/08\/Variaciones-No-14D-200x150.jpg 200w, https:\/\/enapol.com\/xi\/wp-content\/uploads\/2023\/08\/Variaciones-No-14D-400x300.jpg 400w, https:\/\/enapol.com\/xi\/wp-content\/uploads\/2023\/08\/Variaciones-No-14D-600x450.jpg 600w, https:\/\/enapol.com\/xi\/wp-content\/uploads\/2023\/08\/Variaciones-No-14D-800x600.jpg 800w, https:\/\/enapol.com\/xi\/wp-content\/uploads\/2023\/08\/Variaciones-No-14D-1200x900.jpg 1200w, https:\/\/enapol.com\/xi\/wp-content\/uploads\/2023\/08\/Variaciones-No-14D.jpg 1772w\" sizes=\"(max-width: 640px) 100vw, 600px\" \/><\/span><\/div><\/div><\/div><\/div><\/div><\/div><div class=\"fusion-layout-column fusion_builder_column fusion-builder-column-15 fusion_builder_column_1_1 1_1 fusion-flex-column\" style=\"--awb-bg-size:cover;--awb-width-large:100%;--awb-margin-top-large:0px;--awb-spacing-right-large:1.92%;--awb-margin-bottom-large:20px;--awb-spacing-left-large:1.92%;--awb-width-medium:100%;--awb-order-medium:0;--awb-spacing-right-medium:1.92%;--awb-spacing-left-medium:1.92%;--awb-width-small:100%;--awb-order-small:0;--awb-spacing-right-small:1.92%;--awb-spacing-left-small:1.92%;\"><div class=\"fusion-column-wrapper fusion-column-has-shadow fusion-flex-justify-content-flex-start fusion-content-layout-column\"><div class=\"fusion-text fusion-text-9\"><p style=\"text-align: justify;\">Fotos de tapa e interiores Paula Husni. Imagen Ren\u00e9 Magritte.<\/p>\n<\/div><\/div><\/div><\/div><\/div><\/p>\n","protected":false},"excerpt":{"rendered":"","protected":false},"author":1,"featured_media":4410,"menu_order":0,"comment_status":"open","ping_status":"closed","template":"","format":"standard","meta":{"_monsterinsights_skip_tracking":false,"_monsterinsights_sitenote_active":false,"_monsterinsights_sitenote_note":"","_monsterinsights_sitenote_category":0,"footnotes":""},"portfolio_category":[60,163,153],"portfolio_skills":[],"portfolio_tags":[],"_links":{"self":[{"href":"https:\/\/enapol.com\/xi\/wp-json\/wp\/v2\/avada_portfolio\/4409"}],"collection":[{"href":"https:\/\/enapol.com\/xi\/wp-json\/wp\/v2\/avada_portfolio"}],"about":[{"href":"https:\/\/enapol.com\/xi\/wp-json\/wp\/v2\/types\/avada_portfolio"}],"author":[{"embeddable":true,"href":"https:\/\/enapol.com\/xi\/wp-json\/wp\/v2\/users\/1"}],"replies":[{"embeddable":true,"href":"https:\/\/enapol.com\/xi\/wp-json\/wp\/v2\/comments?post=4409"}],"version-history":[{"count":7,"href":"https:\/\/enapol.com\/xi\/wp-json\/wp\/v2\/avada_portfolio\/4409\/revisions"}],"predecessor-version":[{"id":4429,"href":"https:\/\/enapol.com\/xi\/wp-json\/wp\/v2\/avada_portfolio\/4409\/revisions\/4429"}],"wp:featuredmedia":[{"embeddable":true,"href":"https:\/\/enapol.com\/xi\/wp-json\/wp\/v2\/media\/4410"}],"wp:attachment":[{"href":"https:\/\/enapol.com\/xi\/wp-json\/wp\/v2\/media?parent=4409"}],"wp:term":[{"taxonomy":"portfolio_category","embeddable":true,"href":"https:\/\/enapol.com\/xi\/wp-json\/wp\/v2\/portfolio_category?post=4409"},{"taxonomy":"portfolio_skills","embeddable":true,"href":"https:\/\/enapol.com\/xi\/wp-json\/wp\/v2\/portfolio_skills?post=4409"},{"taxonomy":"portfolio_tags","embeddable":true,"href":"https:\/\/enapol.com\/xi\/wp-json\/wp\/v2\/portfolio_tags?post=4409"}],"curies":[{"name":"wp","href":"https:\/\/api.w.org\/{rel}","templated":true}]}}