{"id":4717,"date":"2023-09-21T18:33:14","date_gmt":"2023-09-21T21:33:14","guid":{"rendered":"https:\/\/enapol.com\/xi\/?post_type=avada_portfolio&#038;p=4717"},"modified":"2023-09-24T13:53:43","modified_gmt":"2023-09-24T16:53:43","slug":"llaves-12","status":"publish","type":"avada_portfolio","link":"https:\/\/enapol.com\/xi\/portfolio-items\/llaves-12\/","title":{"rendered":"LLAVES #12"},"content":{"rendered":"<p><div class=\"fusion-fullwidth fullwidth-box fusion-builder-row-1 fusion-flex-container has-pattern-background has-mask-background nonhundred-percent-fullwidth non-hundred-percent-height-scrolling\" style=\"--awb-border-radius-top-left:0px;--awb-border-radius-top-right:0px;--awb-border-radius-bottom-right:0px;--awb-border-radius-bottom-left:0px;--awb-flex-wrap:wrap;\" ><div class=\"fusion-builder-row fusion-row fusion-flex-align-items-flex-start fusion-flex-content-wrap\" style=\"max-width:1248px;margin-left: calc(-4% \/ 2 );margin-right: calc(-4% \/ 2 );\"><div class=\"fusion-layout-column fusion_builder_column fusion-builder-column-0 fusion_builder_column_1_1 1_1 fusion-flex-column\" style=\"--awb-bg-size:cover;--awb-width-large:100%;--awb-margin-top-large:0px;--awb-spacing-right-large:1.92%;--awb-margin-bottom-large:20px;--awb-spacing-left-large:1.92%;--awb-width-medium:100%;--awb-order-medium:0;--awb-spacing-right-medium:1.92%;--awb-spacing-left-medium:1.92%;--awb-width-small:100%;--awb-order-small:0;--awb-spacing-right-small:1.92%;--awb-spacing-left-small:1.92%;\"><div class=\"fusion-column-wrapper fusion-column-has-shadow fusion-flex-justify-content-flex-start fusion-content-layout-column\"><div class=\"fusion-text fusion-text-1\"><p>Estimados colegas, les hacemos llegar informaci\u00f3n importante a tener en cuenta:<\/p>\n<\/div><\/div><\/div><\/div><\/div><div class=\"fusion-fullwidth fullwidth-box fusion-builder-row-2 fusion-flex-container has-pattern-background has-mask-background nonhundred-percent-fullwidth non-hundred-percent-height-scrolling\" style=\"--awb-border-radius-top-left:0px;--awb-border-radius-top-right:0px;--awb-border-radius-bottom-right:0px;--awb-border-radius-bottom-left:0px;--awb-flex-wrap:wrap;\" ><div class=\"fusion-builder-row fusion-row fusion-flex-align-items-flex-start fusion-flex-content-wrap\" style=\"max-width:1248px;margin-left: calc(-4% \/ 2 );margin-right: calc(-4% \/ 2 );\"><div class=\"fusion-layout-column fusion_builder_column fusion-builder-column-1 fusion_builder_column_1_1 1_1 fusion-flex-column\" style=\"--awb-bg-size:cover;--awb-width-large:100%;--awb-margin-top-large:0px;--awb-spacing-right-large:1.92%;--awb-margin-bottom-large:20px;--awb-spacing-left-large:1.92%;--awb-width-medium:100%;--awb-order-medium:0;--awb-spacing-right-medium:1.92%;--awb-spacing-left-medium:1.92%;--awb-width-small:100%;--awb-order-small:0;--awb-spacing-right-small:1.92%;--awb-spacing-left-small:1.92%;\"><div class=\"fusion-column-wrapper fusion-column-has-shadow fusion-flex-justify-content-flex-start fusion-content-layout-column\"><div class=\"fusion-title title fusion-title-1 fusion-sep-none fusion-title-text fusion-title-size-one\" style=\"--awb-text-color:var(--awb-custom_color_1);--awb-font-size:25px;\"><h1 class=\"fusion-title-heading title-heading-left\" style=\"font-family:&quot;Public Sans&quot;;font-style:normal;font-weight:900;margin:0;font-size:1em;\">ACREDITACI\u00d3N PRESENCIAL<\/h1><\/div><div class=\"fusion-text fusion-text-2\"><p style=\"text-align: justify;\"><span style=\"font-weight: 400;\">La misma se realizar\u00e1 en el <\/span><span style=\"text-decoration: underline;\"><span style=\"font-weight: 400;\">Hotel Marriot seg\u00fan el apellido<\/span><\/span><span style=\"font-weight: 400;\"> que utilizaron en el formulario de inscripci\u00f3n. Al entrar al Hotel busquen la mesa con la letra de su apellido.<\/span><\/p>\n<p style=\"text-align: justify;\"><span style=\"font-weight: 400;\">Por otro lado y debido a la gran cantidad de inscriptos, les solicitamos que quienes puedan <\/span><span style=\"text-decoration: underline;\"><span style=\"font-weight: 400;\">adelanten su acreditaci\u00f3n en la sede de la EOL<\/span><\/span><span style=\"font-weight: 400;\">\u00a0durante los d\u00edas previos al inicio del Encuentro.\u00a0 En su defecto, les sugerimos tomarse un tiempo prudencial para hacerlo en el Hotel Marriott el d\u00eda viernes 29.<\/span><\/p>\n<p style=\"text-align: justify;\"><span style=\"font-weight: 400;\">Por \u00faltimo les hacemos llegar los <\/span><span style=\"font-weight: 400;\"><span style=\"text-decoration: underline;\">d\u00edas, horarios y lugares\u00a0 para acreditarse<\/span>:<\/span><\/p>\n<ul>\n<li style=\"text-align: justify;\"><i><span style=\"font-weight: 400;\">Lunes 25, martes 26, mi\u00e9rcoles 27 de septiembre desde las 14:00 hs. hasta las 17:00 hs. en la EOL (Anc\u00f3n 5201).<\/span><\/i><\/li>\n<li style=\"text-align: justify;\"><i><span style=\"font-weight: 400;\">Jueves 28 de septiembre desde las 09:00 hs. hasta las 15:00 hs. en la EOL.<\/span><\/i><\/li>\n<li style=\"text-align: justify;\"><i><span style=\"font-weight: 400;\">Viernes 29 de septiembre a partir de las 13:00 hs. en el Hotel Marriott (Carlos Pellegrini 551).<\/span><\/i><\/li>\n<\/ul>\n<\/div><\/div><\/div><\/div><\/div><div class=\"fusion-fullwidth fullwidth-box fusion-builder-row-3 fusion-flex-container has-pattern-background has-mask-background nonhundred-percent-fullwidth non-hundred-percent-height-scrolling\" style=\"--awb-border-radius-top-left:0px;--awb-border-radius-top-right:0px;--awb-border-radius-bottom-right:0px;--awb-border-radius-bottom-left:0px;--awb-flex-wrap:wrap;\" ><div class=\"fusion-builder-row fusion-row fusion-flex-align-items-flex-start fusion-flex-content-wrap\" style=\"max-width:1248px;margin-left: calc(-4% \/ 2 );margin-right: calc(-4% \/ 2 );\"><div class=\"fusion-layout-column fusion_builder_column fusion-builder-column-2 fusion_builder_column_1_1 1_1 fusion-flex-column\" style=\"--awb-bg-size:cover;--awb-width-large:100%;--awb-margin-top-large:0px;--awb-spacing-right-large:1.92%;--awb-margin-bottom-large:20px;--awb-spacing-left-large:1.92%;--awb-width-medium:100%;--awb-order-medium:0;--awb-spacing-right-medium:1.92%;--awb-spacing-left-medium:1.92%;--awb-width-small:100%;--awb-order-small:0;--awb-spacing-right-small:1.92%;--awb-spacing-left-small:1.92%;\"><div class=\"fusion-column-wrapper fusion-column-has-shadow fusion-flex-justify-content-flex-start fusion-content-layout-column\"><div class=\"fusion-title title fusion-title-2 fusion-sep-none fusion-title-text fusion-title-size-one\" style=\"--awb-text-color:var(--awb-custom_color_1);--awb-font-size:25px;\"><h1 class=\"fusion-title-heading title-heading-left\" style=\"font-family:&quot;Public Sans&quot;;font-style:normal;font-weight:900;margin:0;font-size:1em;\">INFORMACI\u00d3N SOBRE LA PLATAFORMA VIRTUAL XI ENAPOL<\/h1><\/div><div class=\"fusion-text fusion-text-3\"><p style=\"text-align: justify;\">Les recordamos que todos los inscriptos acceden por este medio a las mesas simult\u00e1neas, que son exclusivamente virtuales y se llevar\u00e1n a cabo durante las ma\u00f1anas del evento. A partir del d\u00eda 25 de septiembre vas a poder ingresar y familiarizarte con nuestra plataforma. <strong>Ese d\u00eda vas a recibir un MAIL en tu casilla con toda la Informaci\u00f3n<\/strong>.<\/p>\n<p style=\"text-align: justify;\">\u00a1No te olvides de revisar en Spam si no te lleg\u00f3!<\/p>\n<\/div><\/div><\/div><\/div><\/div><div class=\"fusion-fullwidth fullwidth-box fusion-builder-row-4 fusion-flex-container has-pattern-background has-mask-background nonhundred-percent-fullwidth non-hundred-percent-height-scrolling\" style=\"--awb-border-radius-top-left:0px;--awb-border-radius-top-right:0px;--awb-border-radius-bottom-right:0px;--awb-border-radius-bottom-left:0px;--awb-flex-wrap:wrap;\" ><div class=\"fusion-builder-row fusion-row fusion-flex-align-items-flex-start fusion-flex-content-wrap\" style=\"max-width:1248px;margin-left: calc(-4% \/ 2 );margin-right: calc(-4% \/ 2 );\"><div class=\"fusion-layout-column fusion_builder_column fusion-builder-column-3 fusion_builder_column_1_1 1_1 fusion-flex-column\" style=\"--awb-bg-size:cover;--awb-width-large:100%;--awb-margin-top-large:0px;--awb-spacing-right-large:1.92%;--awb-margin-bottom-large:20px;--awb-spacing-left-large:1.92%;--awb-width-medium:100%;--awb-order-medium:0;--awb-spacing-right-medium:1.92%;--awb-spacing-left-medium:1.92%;--awb-width-small:100%;--awb-order-small:0;--awb-spacing-right-small:1.92%;--awb-spacing-left-small:1.92%;\"><div class=\"fusion-column-wrapper fusion-column-has-shadow fusion-flex-justify-content-flex-start fusion-content-layout-column\"><div class=\"fusion-title title fusion-title-3 fusion-sep-none fusion-title-text fusion-title-size-one\" style=\"--awb-text-color:var(--awb-custom_color_1);--awb-font-size:25px;\"><h1 class=\"fusion-title-heading title-heading-left\" style=\"font-family:&quot;Public Sans&quot;;font-style:normal;font-weight:900;margin:0;font-size:1em;\">INFORMACI\u00d3N SOBRE LA FIESTA<\/h1><\/div><div class=\"fusion-text fusion-text-4\"><p style=\"text-align: justify;\"><strong>Para ingresar<\/strong> a #LaFiestadelEnapol, el d\u00eda 29 de septiembre, se deber\u00e1 mostrar la credencial del XI Enapol en la puerta \ud83d\udeaa de la discoteca Groove.<\/p>\n<ul>\n<li style=\"text-align: justify;\"><strong>Direcci\u00f3n<\/strong>: Av. Santa Fe 4389.<\/li>\n<li style=\"text-align: justify;\"><strong>Horarios<\/strong>: desde las 21 hs hasta las 2 hs.<\/li>\n<\/ul>\n<\/div><\/div><\/div><\/div><\/div><div class=\"fusion-fullwidth fullwidth-box fusion-builder-row-5 fusion-flex-container has-pattern-background has-mask-background nonhundred-percent-fullwidth non-hundred-percent-height-scrolling\" style=\"--awb-border-radius-top-left:0px;--awb-border-radius-top-right:0px;--awb-border-radius-bottom-right:0px;--awb-border-radius-bottom-left:0px;--awb-flex-wrap:wrap;\" ><div class=\"fusion-builder-row fusion-row fusion-flex-align-items-flex-start fusion-flex-content-wrap\" style=\"max-width:1248px;margin-left: calc(-4% \/ 2 );margin-right: calc(-4% \/ 2 );\"><div class=\"fusion-layout-column fusion_builder_column fusion-builder-column-4 fusion_builder_column_1_1 1_1 fusion-flex-column\" style=\"--awb-bg-size:cover;--awb-width-large:100%;--awb-margin-top-large:0px;--awb-spacing-right-large:1.92%;--awb-margin-bottom-large:20px;--awb-spacing-left-large:1.92%;--awb-width-medium:100%;--awb-order-medium:0;--awb-spacing-right-medium:1.92%;--awb-spacing-left-medium:1.92%;--awb-width-small:100%;--awb-order-small:0;--awb-spacing-right-small:1.92%;--awb-spacing-left-small:1.92%;\"><div class=\"fusion-column-wrapper fusion-column-has-shadow fusion-flex-justify-content-flex-start fusion-content-layout-column\"><div class=\"fusion-title title fusion-title-4 fusion-sep-none fusion-title-text fusion-title-size-one\" style=\"--awb-text-color:var(--awb-custom_color_1);--awb-font-size:25px;\"><h1 class=\"fusion-title-heading title-heading-left\" style=\"font-family:&quot;Public Sans&quot;;font-style:normal;font-weight:900;margin:0;font-size:1em;\">RECOMENDACIONES PARA EL USO DEL GUARDARROPAS DEL HOTEL MARRIOT<\/h1><\/div><div class=\"fusion-text fusion-text-5\"><p style=\"text-align: justify;\"><span style=\"font-weight: 400;\">El Guardarropas del Hotel Marriott\u00a0est\u00e1 ubicado en la planta baja.<\/span><\/p>\n<p style=\"text-align: justify;\"><span style=\"font-weight: 400;\">En el mismo se encontrar\u00e1n colaboradores del Hotel durante el horario del Encuentro.<\/span><\/p>\n<p style=\"text-align: justify;\"><span style=\"font-weight: 400;\">MUY IMPORTANTE: \u00fanicamente se recepcionar\u00e1n abrigos, prendas, camperas, tapados.\u00a0<\/span><\/p>\n<p style=\"text-align: justify;\"><b>No se pueden dejar:<\/b><span style=\"font-weight: 400;\"> valijas,\u00a0carrions, equipajes\u00a0de mano, bolsas, carteras, mochilas, ni ning\u00fan tipo de cajas o paquetes.\u00a0<\/span><\/p>\n<p style=\"text-align: justify;\"><b>Abrigos exclusivamente.<\/b><\/p>\n<p style=\"text-align: justify;\"><span style=\"font-weight: 400;\">Les sugerimos tengan en cuenta est\u00e1s indicaciones para evitar llegar al Encuentro con elementos que no podr\u00e1n ser resguardados.<\/span><\/p>\n<\/div><\/div><\/div><\/div><\/div><div class=\"fusion-fullwidth fullwidth-box fusion-builder-row-6 fusion-flex-container has-pattern-background has-mask-background nonhundred-percent-fullwidth non-hundred-percent-height-scrolling\" style=\"--awb-border-radius-top-left:0px;--awb-border-radius-top-right:0px;--awb-border-radius-bottom-right:0px;--awb-border-radius-bottom-left:0px;--awb-flex-wrap:wrap;\" ><div class=\"fusion-builder-row fusion-row fusion-flex-align-items-flex-start fusion-flex-content-wrap\" style=\"max-width:1248px;margin-left: calc(-4% \/ 2 );margin-right: calc(-4% \/ 2 );\"><div class=\"fusion-layout-column fusion_builder_column fusion-builder-column-5 fusion_builder_column_1_1 1_1 fusion-flex-column\" style=\"--awb-bg-size:cover;--awb-width-large:100%;--awb-margin-top-large:0px;--awb-spacing-right-large:1.92%;--awb-margin-bottom-large:20px;--awb-spacing-left-large:1.92%;--awb-width-medium:100%;--awb-order-medium:0;--awb-spacing-right-medium:1.92%;--awb-spacing-left-medium:1.92%;--awb-width-small:100%;--awb-order-small:0;--awb-spacing-right-small:1.92%;--awb-spacing-left-small:1.92%;\"><div class=\"fusion-column-wrapper fusion-column-has-shadow fusion-flex-justify-content-flex-start fusion-content-layout-column\"><div class=\"fusion-title title fusion-title-5 fusion-sep-none fusion-title-text fusion-title-size-one\" style=\"--awb-text-color:var(--awb-custom_color_1);--awb-font-size:25px;\"><h1 class=\"fusion-title-heading title-heading-left\" style=\"font-family:&quot;Public Sans&quot;;font-style:normal;font-weight:900;margin:0;font-size:1em;\">CAPACIDAD SALONES<\/h1><\/div><div class=\"fusion-text fusion-text-6\"><p style=\"text-align: justify;\"><span style=\"font-weight: 400;\">Las plenarias ser\u00e1n retransmitidas en los salones del subsuelo una vez que se complete la capacidad del Sal\u00f3n Gran Panamericano, sito en el 1er piso.<\/span><\/p>\n<\/div><\/div><\/div><\/div><\/div><div class=\"fusion-fullwidth fullwidth-box fusion-builder-row-7 fusion-flex-container has-pattern-background has-mask-background nonhundred-percent-fullwidth non-hundred-percent-height-scrolling\" style=\"--awb-border-radius-top-left:0px;--awb-border-radius-top-right:0px;--awb-border-radius-bottom-right:0px;--awb-border-radius-bottom-left:0px;--awb-flex-wrap:wrap;\" ><div class=\"fusion-builder-row fusion-row fusion-flex-align-items-flex-start fusion-flex-content-wrap\" style=\"max-width:1248px;margin-left: calc(-4% \/ 2 );margin-right: calc(-4% \/ 2 );\"><div class=\"fusion-layout-column fusion_builder_column fusion-builder-column-6 fusion_builder_column_1_1 1_1 fusion-flex-column\" style=\"--awb-bg-size:cover;--awb-width-large:100%;--awb-margin-top-large:0px;--awb-spacing-right-large:1.92%;--awb-margin-bottom-large:20px;--awb-spacing-left-large:1.92%;--awb-width-medium:100%;--awb-order-medium:0;--awb-spacing-right-medium:1.92%;--awb-spacing-left-medium:1.92%;--awb-width-small:100%;--awb-order-small:0;--awb-spacing-right-small:1.92%;--awb-spacing-left-small:1.92%;\"><div class=\"fusion-column-wrapper fusion-column-has-shadow fusion-flex-justify-content-flex-start fusion-content-layout-column\"><div class=\"fusion-title title fusion-title-6 fusion-sep-none fusion-title-text fusion-title-size-one\" style=\"--awb-text-color:var(--awb-custom_color_1);--awb-font-size:25px;\"><h1 class=\"fusion-title-heading title-heading-left\" style=\"font-family:&quot;Public Sans&quot;;font-style:normal;font-weight:900;margin:0;font-size:1em;\">EXPOSICI\u00d3N DEL PRESTIGIOSO FOT\u00d3GRAFO ARGENTINO MARCOS L\u00d3PEZ<\/h1><\/div><div class=\"fusion-text fusion-text-7\"><p style=\"text-align: justify;\"><span style=\"font-weight: 400;\">En el foyer del primer piso podr\u00e1n observar la muestra de fotograf\u00eda \u201cCl\u00e1sica y Moderna\u201d de Marcos Lopez. Agradecemos al autor el haber cedido sus obras para exhibir en nuestro XI Enapol.<\/span><\/p>\n<\/div><\/div><\/div><\/div><\/div><div class=\"fusion-fullwidth fullwidth-box fusion-builder-row-8 fusion-flex-container has-pattern-background has-mask-background nonhundred-percent-fullwidth non-hundred-percent-height-scrolling\" style=\"--awb-border-radius-top-left:0px;--awb-border-radius-top-right:0px;--awb-border-radius-bottom-right:0px;--awb-border-radius-bottom-left:0px;--awb-flex-wrap:wrap;\" ><div class=\"fusion-builder-row fusion-row fusion-flex-align-items-flex-start fusion-flex-content-wrap\" style=\"max-width:1248px;margin-left: calc(-4% \/ 2 );margin-right: calc(-4% \/ 2 );\"><div class=\"fusion-layout-column fusion_builder_column fusion-builder-column-7 fusion_builder_column_1_1 1_1 fusion-flex-column\" style=\"--awb-bg-size:cover;--awb-width-large:100%;--awb-margin-top-large:0px;--awb-spacing-right-large:1.92%;--awb-margin-bottom-large:20px;--awb-spacing-left-large:1.92%;--awb-width-medium:100%;--awb-order-medium:0;--awb-spacing-right-medium:1.92%;--awb-spacing-left-medium:1.92%;--awb-width-small:100%;--awb-order-small:0;--awb-spacing-right-small:1.92%;--awb-spacing-left-small:1.92%;\"><div class=\"fusion-column-wrapper fusion-column-has-shadow fusion-flex-justify-content-flex-start fusion-content-layout-column\"><div class=\"fusion-title title fusion-title-7 fusion-sep-none fusion-title-text fusion-title-size-one\" style=\"--awb-text-color:var(--awb-custom_color_1);--awb-font-size:25px;\"><h1 class=\"fusion-title-heading title-heading-left\" style=\"font-family:&quot;Public Sans&quot;;font-style:normal;font-weight:900;margin:0;font-size:1em;\">AURICULARES<\/h1><\/div><div class=\"fusion-text fusion-text-8\"><p style=\"text-align: justify;\"><span style=\"font-weight: 400;\">El retiro de auriculares para la traducci\u00f3n simult\u00e1nea se realizar\u00e1 en el Stand ubicado en el 1er piso presentando un documento de identidad.<\/span><\/p>\n<p style=\"text-align: justify;\"><span style=\"font-weight: 400;\">\u00a1Los esperamos!<\/span><\/p>\n<\/div><\/div><\/div><\/div><\/div><\/p>\n","protected":false},"excerpt":{"rendered":"","protected":false},"author":1,"featured_media":4719,"menu_order":0,"comment_status":"open","ping_status":"closed","template":"","format":"standard","meta":{"_monsterinsights_skip_tracking":false,"_monsterinsights_sitenote_active":false,"_monsterinsights_sitenote_note":"","_monsterinsights_sitenote_category":0,"footnotes":""},"portfolio_category":[58,161,153],"portfolio_skills":[],"portfolio_tags":[],"_links":{"self":[{"href":"https:\/\/enapol.com\/xi\/wp-json\/wp\/v2\/avada_portfolio\/4717"}],"collection":[{"href":"https:\/\/enapol.com\/xi\/wp-json\/wp\/v2\/avada_portfolio"}],"about":[{"href":"https:\/\/enapol.com\/xi\/wp-json\/wp\/v2\/types\/avada_portfolio"}],"author":[{"embeddable":true,"href":"https:\/\/enapol.com\/xi\/wp-json\/wp\/v2\/users\/1"}],"replies":[{"embeddable":true,"href":"https:\/\/enapol.com\/xi\/wp-json\/wp\/v2\/comments?post=4717"}],"version-history":[{"count":4,"href":"https:\/\/enapol.com\/xi\/wp-json\/wp\/v2\/avada_portfolio\/4717\/revisions"}],"predecessor-version":[{"id":4756,"href":"https:\/\/enapol.com\/xi\/wp-json\/wp\/v2\/avada_portfolio\/4717\/revisions\/4756"}],"wp:featuredmedia":[{"embeddable":true,"href":"https:\/\/enapol.com\/xi\/wp-json\/wp\/v2\/media\/4719"}],"wp:attachment":[{"href":"https:\/\/enapol.com\/xi\/wp-json\/wp\/v2\/media?parent=4717"}],"wp:term":[{"taxonomy":"portfolio_category","embeddable":true,"href":"https:\/\/enapol.com\/xi\/wp-json\/wp\/v2\/portfolio_category?post=4717"},{"taxonomy":"portfolio_skills","embeddable":true,"href":"https:\/\/enapol.com\/xi\/wp-json\/wp\/v2\/portfolio_skills?post=4717"},{"taxonomy":"portfolio_tags","embeddable":true,"href":"https:\/\/enapol.com\/xi\/wp-json\/wp\/v2\/portfolio_tags?post=4717"}],"curies":[{"name":"wp","href":"https:\/\/api.w.org\/{rel}","templated":true}]}}