{"id":4722,"date":"2023-09-21T18:38:13","date_gmt":"2023-09-21T21:38:13","guid":{"rendered":"https:\/\/enapol.com\/xi\/?post_type=avada_portfolio&#038;p=4722"},"modified":"2023-09-24T13:54:05","modified_gmt":"2023-09-24T16:54:05","slug":"chaves-12","status":"publish","type":"avada_portfolio","link":"https:\/\/enapol.com\/xi\/pt\/portfolio-items\/chaves-12\/","title":{"rendered":"CHAVES #12"},"content":{"rendered":"<p><div class=\"fusion-fullwidth fullwidth-box fusion-builder-row-1 fusion-flex-container has-pattern-background has-mask-background nonhundred-percent-fullwidth non-hundred-percent-height-scrolling\" style=\"--awb-border-radius-top-left:0px;--awb-border-radius-top-right:0px;--awb-border-radius-bottom-right:0px;--awb-border-radius-bottom-left:0px;--awb-flex-wrap:wrap;\" ><div class=\"fusion-builder-row fusion-row fusion-flex-align-items-flex-start fusion-flex-content-wrap\" style=\"max-width:1248px;margin-left: calc(-4% \/ 2 );margin-right: calc(-4% \/ 2 );\"><div class=\"fusion-layout-column fusion_builder_column fusion-builder-column-0 fusion_builder_column_1_1 1_1 fusion-flex-column\" style=\"--awb-bg-size:cover;--awb-width-large:100%;--awb-margin-top-large:0px;--awb-spacing-right-large:1.92%;--awb-margin-bottom-large:20px;--awb-spacing-left-large:1.92%;--awb-width-medium:100%;--awb-order-medium:0;--awb-spacing-right-medium:1.92%;--awb-spacing-left-medium:1.92%;--awb-width-small:100%;--awb-order-small:0;--awb-spacing-right-small:1.92%;--awb-spacing-left-small:1.92%;\"><div class=\"fusion-column-wrapper fusion-column-has-shadow fusion-flex-justify-content-flex-start fusion-content-layout-column\"><div class=\"fusion-text fusion-text-1\"><p>Caros colegas, enviamos informa\u00e7\u00f5es importantes para se considerar:<\/p>\n<\/div><\/div><\/div><\/div><\/div><div class=\"fusion-fullwidth fullwidth-box fusion-builder-row-2 fusion-flex-container has-pattern-background has-mask-background nonhundred-percent-fullwidth non-hundred-percent-height-scrolling\" style=\"--awb-border-radius-top-left:0px;--awb-border-radius-top-right:0px;--awb-border-radius-bottom-right:0px;--awb-border-radius-bottom-left:0px;--awb-flex-wrap:wrap;\" ><div class=\"fusion-builder-row fusion-row fusion-flex-align-items-flex-start fusion-flex-content-wrap\" style=\"max-width:1248px;margin-left: calc(-4% \/ 2 );margin-right: calc(-4% \/ 2 );\"><div class=\"fusion-layout-column fusion_builder_column fusion-builder-column-1 fusion_builder_column_1_1 1_1 fusion-flex-column\" style=\"--awb-bg-size:cover;--awb-width-large:100%;--awb-margin-top-large:0px;--awb-spacing-right-large:1.92%;--awb-margin-bottom-large:20px;--awb-spacing-left-large:1.92%;--awb-width-medium:100%;--awb-order-medium:0;--awb-spacing-right-medium:1.92%;--awb-spacing-left-medium:1.92%;--awb-width-small:100%;--awb-order-small:0;--awb-spacing-right-small:1.92%;--awb-spacing-left-small:1.92%;\"><div class=\"fusion-column-wrapper fusion-column-has-shadow fusion-flex-justify-content-flex-start fusion-content-layout-column\"><div class=\"fusion-title title fusion-title-1 fusion-sep-none fusion-title-text fusion-title-size-one\" style=\"--awb-text-color:var(--awb-custom_color_1);--awb-font-size:25px;\"><h1 class=\"fusion-title-heading title-heading-left\" style=\"font-family:&quot;Public Sans&quot;;font-style:normal;font-weight:900;margin:0;font-size:1em;\">CREDENCIAMENTO<\/h1><\/div><div class=\"fusion-text fusion-text-2\"><p style=\"text-align: justify;\"><span style=\"font-weight: 400;\">Ser\u00e1 feito pela letra do sobrenome utilizado na ficha de inscri\u00e7\u00e3o.<\/span><\/p>\n<p style=\"text-align: justify;\"><span style=\"font-weight: 400;\">Por outro lado, e devido ao grande n\u00famero de participantes inscritos, solicitamos para aqueles que puderem, antecipem seu credenciamento na sede da EOL nos dias anteriores ao in\u00edcio do Encontro. Caso contr\u00e1rio, sugerimos reservar um tempo razo\u00e1vel para faz\u00ea-lo no Marriott Hotel na sexta-feira, dia 29.<\/span><\/p>\n<p style=\"text-align: justify;\"><span style=\"font-weight: 400;\">Por fim enviamos os hor\u00e1rios para credenciamento:<\/span><\/p>\n<ul>\n<li style=\"text-align: justify;\"><i><span style=\"font-weight: 400;\">Segunda-feira, 25, ter\u00e7a-feira, 26, quarta-feira, 27 de setembro, a partir das 14h00. at\u00e9 \u00e0s 17h00 na EOL (Anc\u00f3n, 5201).<\/span><\/i><\/li>\n<li style=\"text-align: justify;\"><i><span style=\"font-weight: 400;\">Quinta-feira, 28 de setembro, a partir das 09h. at\u00e9 \u00e0s 15h. na EOL.<\/span><\/i><\/li>\n<li style=\"text-align: justify;\"><i><span style=\"font-weight: 400;\">Sexta-feira, 29 de setembro, a partir das 13h. no Hotel Marriott (Carlos Pellegrini, 551).<\/span><\/i><\/li>\n<\/ul>\n<\/div><\/div><\/div><\/div><\/div><div class=\"fusion-fullwidth fullwidth-box fusion-builder-row-3 fusion-flex-container has-pattern-background has-mask-background nonhundred-percent-fullwidth non-hundred-percent-height-scrolling\" style=\"--awb-border-radius-top-left:0px;--awb-border-radius-top-right:0px;--awb-border-radius-bottom-right:0px;--awb-border-radius-bottom-left:0px;--awb-flex-wrap:wrap;\" ><div class=\"fusion-builder-row fusion-row fusion-flex-align-items-flex-start fusion-flex-content-wrap\" style=\"max-width:1248px;margin-left: calc(-4% \/ 2 );margin-right: calc(-4% \/ 2 );\"><div class=\"fusion-layout-column fusion_builder_column fusion-builder-column-2 fusion_builder_column_1_1 1_1 fusion-flex-column\" style=\"--awb-bg-size:cover;--awb-width-large:100%;--awb-margin-top-large:0px;--awb-spacing-right-large:1.92%;--awb-margin-bottom-large:20px;--awb-spacing-left-large:1.92%;--awb-width-medium:100%;--awb-order-medium:0;--awb-spacing-right-medium:1.92%;--awb-spacing-left-medium:1.92%;--awb-width-small:100%;--awb-order-small:0;--awb-spacing-right-small:1.92%;--awb-spacing-left-small:1.92%;\"><div class=\"fusion-column-wrapper fusion-column-has-shadow fusion-flex-justify-content-flex-start fusion-content-layout-column\"><div class=\"fusion-title title fusion-title-2 fusion-sep-none fusion-title-text fusion-title-size-one\" style=\"--awb-text-color:var(--awb-custom_color_1);--awb-font-size:25px;\"><h1 class=\"fusion-title-heading title-heading-left\" style=\"font-family:&quot;Public Sans&quot;;font-style:normal;font-weight:900;margin:0;font-size:1em;\">INFORMA\u00c7\u00c3O SOBRE A PLATAFORMAVIRTUAL DO XI ENAPOL<\/h1><\/div><div class=\"fusion-text fusion-text-3\"><p style=\"text-align: justify;\"><span style=\"font-weight: 400;\">Lembramos que todos os participantes inscritos acessam por esse meio as mesas simult\u00e2neas, que s\u00e3o exclusivamente virtuais e acontecer\u00e3o durante as manh\u00e3s do evento. A partir do dia 25 de setembro voc\u00ea poder\u00e1 entrar e se familiarizar com a nossa plataforma. <strong>Nesse dia voc\u00ea receber\u00e1 um e-mail com todas as informa\u00e7\u00f5es<\/strong>.<\/span><\/p>\n<p style=\"text-align: justify;\"><span style=\"font-weight: 400;\">N\u00e3o se esque\u00e7a de verificar o Spam caso n\u00e3o tenha recebido!<\/span><\/p>\n<\/div><\/div><\/div><\/div><\/div><div class=\"fusion-fullwidth fullwidth-box fusion-builder-row-4 fusion-flex-container has-pattern-background has-mask-background nonhundred-percent-fullwidth non-hundred-percent-height-scrolling\" style=\"--awb-border-radius-top-left:0px;--awb-border-radius-top-right:0px;--awb-border-radius-bottom-right:0px;--awb-border-radius-bottom-left:0px;--awb-flex-wrap:wrap;\" ><div class=\"fusion-builder-row fusion-row fusion-flex-align-items-flex-start fusion-flex-content-wrap\" style=\"max-width:1248px;margin-left: calc(-4% \/ 2 );margin-right: calc(-4% \/ 2 );\"><div class=\"fusion-layout-column fusion_builder_column fusion-builder-column-3 fusion_builder_column_1_1 1_1 fusion-flex-column\" style=\"--awb-bg-size:cover;--awb-width-large:100%;--awb-margin-top-large:0px;--awb-spacing-right-large:1.92%;--awb-margin-bottom-large:20px;--awb-spacing-left-large:1.92%;--awb-width-medium:100%;--awb-order-medium:0;--awb-spacing-right-medium:1.92%;--awb-spacing-left-medium:1.92%;--awb-width-small:100%;--awb-order-small:0;--awb-spacing-right-small:1.92%;--awb-spacing-left-small:1.92%;\"><div class=\"fusion-column-wrapper fusion-column-has-shadow fusion-flex-justify-content-flex-start fusion-content-layout-column\"><div class=\"fusion-title title fusion-title-3 fusion-sep-none fusion-title-text fusion-title-size-one\" style=\"--awb-text-color:var(--awb-custom_color_1);--awb-font-size:25px;\"><h1 class=\"fusion-title-heading title-heading-left\" style=\"font-family:&quot;Public Sans&quot;;font-style:normal;font-weight:900;margin:0;font-size:1em;\">INFORMA\u00c7\u00d5ES SOBRE A FESTA<\/h1><\/div><div class=\"fusion-text fusion-text-4\"><p style=\"text-align: justify;\"><b>Para entrar<\/b><span style=\"font-weight: 400;\"> na #AfestadoENAPOL, dia 29 de setembro, a credencial XI Enapol dever\u00e1 ser apresentada na porta \ud83d\udeaa da boate Groove.<\/span><\/p>\n<ul>\n<li style=\"text-align: justify;\"><span style=\"font-weight: 400;\"><strong>Endere\u00e7o<\/strong>: Av. Santa F\u00e9, 4389.<\/span><\/li>\n<li style=\"text-align: justify;\"><span style=\"font-weight: 400;\"><strong>Hor\u00e1rio<\/strong>: das 21h \u00e0s 2h.<\/span><\/li>\n<\/ul>\n<\/div><\/div><\/div><\/div><\/div><div class=\"fusion-fullwidth fullwidth-box fusion-builder-row-5 fusion-flex-container has-pattern-background has-mask-background nonhundred-percent-fullwidth non-hundred-percent-height-scrolling\" style=\"--awb-border-radius-top-left:0px;--awb-border-radius-top-right:0px;--awb-border-radius-bottom-right:0px;--awb-border-radius-bottom-left:0px;--awb-flex-wrap:wrap;\" ><div class=\"fusion-builder-row fusion-row fusion-flex-align-items-flex-start fusion-flex-content-wrap\" style=\"max-width:1248px;margin-left: calc(-4% \/ 2 );margin-right: calc(-4% \/ 2 );\"><div class=\"fusion-layout-column fusion_builder_column fusion-builder-column-4 fusion_builder_column_1_1 1_1 fusion-flex-column\" style=\"--awb-bg-size:cover;--awb-width-large:100%;--awb-margin-top-large:0px;--awb-spacing-right-large:1.92%;--awb-margin-bottom-large:20px;--awb-spacing-left-large:1.92%;--awb-width-medium:100%;--awb-order-medium:0;--awb-spacing-right-medium:1.92%;--awb-spacing-left-medium:1.92%;--awb-width-small:100%;--awb-order-small:0;--awb-spacing-right-small:1.92%;--awb-spacing-left-small:1.92%;\"><div class=\"fusion-column-wrapper fusion-column-has-shadow fusion-flex-justify-content-flex-start fusion-content-layout-column\"><div class=\"fusion-title title fusion-title-4 fusion-sep-none fusion-title-text fusion-title-size-one\" style=\"--awb-text-color:var(--awb-custom_color_1);--awb-font-size:25px;\"><h1 class=\"fusion-title-heading title-heading-left\" style=\"font-family:&quot;Public Sans&quot;;font-style:normal;font-weight:900;margin:0;font-size:1em;\">RECOMENDA\u00c7\u00d5ES DE USO CHAPELARIA<\/h1><\/div><div class=\"fusion-text fusion-text-5\"><p style=\"text-align: justify;\"><span style=\"font-weight: 400;\">A chapelaria do Marriott Hotel est\u00e1 localizado no t\u00e9rreo.<\/span><\/p>\n<p style=\"text-align: justify;\"><span style=\"font-weight: 400;\">Os colaboradores do hotel estar\u00e3o presentes durante o hor\u00e1rio do Encontro.<\/span><\/p>\n<p style=\"text-align: justify;\"><span style=\"font-weight: 400;\">MUITO IMPORTANTE: somente ser\u00e3o aceitos casacos, roupas, jaquetas e capas.<\/span><\/p>\n<p style=\"text-align: justify;\"><b>N\u00e3o pode deixar:<\/b><span style=\"font-weight: 400;\"> malas, carrinhos, malas de m\u00e3o, bolsas, pastas, mochilas ou qualquer tipo de caixa.<\/span><\/p>\n<p style=\"text-align: justify;\"><b>Abrigos exclusivamente.<\/b><\/p>\n<p style=\"text-align: justify;\"><span style=\"font-weight: 400;\">Sugerimos que voc\u00ea leve em considera\u00e7\u00e3o estas instru\u00e7\u00f5es para evitar chegar ao Encontro com itens que n\u00e3o podem ser protegidos.<\/span><\/p>\n<\/div><\/div><\/div><\/div><\/div><div class=\"fusion-fullwidth fullwidth-box fusion-builder-row-6 fusion-flex-container has-pattern-background has-mask-background nonhundred-percent-fullwidth non-hundred-percent-height-scrolling\" style=\"--awb-border-radius-top-left:0px;--awb-border-radius-top-right:0px;--awb-border-radius-bottom-right:0px;--awb-border-radius-bottom-left:0px;--awb-flex-wrap:wrap;\" ><div class=\"fusion-builder-row fusion-row fusion-flex-align-items-flex-start fusion-flex-content-wrap\" style=\"max-width:1248px;margin-left: calc(-4% \/ 2 );margin-right: calc(-4% \/ 2 );\"><div class=\"fusion-layout-column fusion_builder_column fusion-builder-column-5 fusion_builder_column_1_1 1_1 fusion-flex-column\" style=\"--awb-bg-size:cover;--awb-width-large:100%;--awb-margin-top-large:0px;--awb-spacing-right-large:1.92%;--awb-margin-bottom-large:20px;--awb-spacing-left-large:1.92%;--awb-width-medium:100%;--awb-order-medium:0;--awb-spacing-right-medium:1.92%;--awb-spacing-left-medium:1.92%;--awb-width-small:100%;--awb-order-small:0;--awb-spacing-right-small:1.92%;--awb-spacing-left-small:1.92%;\"><div class=\"fusion-column-wrapper fusion-column-has-shadow fusion-flex-justify-content-flex-start fusion-content-layout-column\"><div class=\"fusion-title title fusion-title-5 fusion-sep-none fusion-title-text fusion-title-size-one\" style=\"--awb-text-color:var(--awb-custom_color_1);--awb-font-size:25px;\"><h1 class=\"fusion-title-heading title-heading-left\" style=\"font-family:&quot;Public Sans&quot;;font-style:normal;font-weight:900;margin:0;font-size:1em;\">CAPACIDADE DO QUARTO<\/h1><\/div><div class=\"fusion-text fusion-text-6\"><p style=\"text-align: justify;\"><span style=\"font-weight: 400;\">As sess\u00f5es plen\u00e1rias ser\u00e3o transmitidas nas salas do subsolo assim que a capacidade da Sala Gran Panamericano, localizada no 1\u00ba andar, estiver lotada.<\/span><\/p>\n<\/div><\/div><\/div><\/div><\/div><div class=\"fusion-fullwidth fullwidth-box fusion-builder-row-7 fusion-flex-container has-pattern-background has-mask-background nonhundred-percent-fullwidth non-hundred-percent-height-scrolling\" style=\"--awb-border-radius-top-left:0px;--awb-border-radius-top-right:0px;--awb-border-radius-bottom-right:0px;--awb-border-radius-bottom-left:0px;--awb-flex-wrap:wrap;\" ><div class=\"fusion-builder-row fusion-row fusion-flex-align-items-flex-start fusion-flex-content-wrap\" style=\"max-width:1248px;margin-left: calc(-4% \/ 2 );margin-right: calc(-4% \/ 2 );\"><div class=\"fusion-layout-column fusion_builder_column fusion-builder-column-6 fusion_builder_column_1_1 1_1 fusion-flex-column\" style=\"--awb-bg-size:cover;--awb-width-large:100%;--awb-margin-top-large:0px;--awb-spacing-right-large:1.92%;--awb-margin-bottom-large:20px;--awb-spacing-left-large:1.92%;--awb-width-medium:100%;--awb-order-medium:0;--awb-spacing-right-medium:1.92%;--awb-spacing-left-medium:1.92%;--awb-width-small:100%;--awb-order-small:0;--awb-spacing-right-small:1.92%;--awb-spacing-left-small:1.92%;\"><div class=\"fusion-column-wrapper fusion-column-has-shadow fusion-flex-justify-content-flex-start fusion-content-layout-column\"><div class=\"fusion-title title fusion-title-6 fusion-sep-none fusion-title-text fusion-title-size-one\" style=\"--awb-text-color:var(--awb-custom_color_1);--awb-font-size:25px;\"><h1 class=\"fusion-title-heading title-heading-left\" style=\"font-family:&quot;Public Sans&quot;;font-style:normal;font-weight:900;margin:0;font-size:1em;\">EXPOSI\u00c7\u00c3O DO PRESTIGIOSO FOT\u00d3GRAFO ARGENTINO MARCOS L\u00d3PEZ<\/h1><\/div><div class=\"fusion-text fusion-text-7\"><p style=\"text-align: justify;\"><span style=\"font-weight: 400;\">No foyer do primeiro andar voc\u00ea poder\u00e1 ver a exposi\u00e7\u00e3o fotogr\u00e1fica \u201cCl\u00e1ssica e Moderna\u201d de Marcos Lopez. Agradecemos ao autor por ter permitido que suas obras sejam expostas em nosso XI Enapol.<\/span><\/p>\n<\/div><\/div><\/div><\/div><\/div><div class=\"fusion-fullwidth fullwidth-box fusion-builder-row-8 fusion-flex-container has-pattern-background has-mask-background nonhundred-percent-fullwidth non-hundred-percent-height-scrolling\" style=\"--awb-border-radius-top-left:0px;--awb-border-radius-top-right:0px;--awb-border-radius-bottom-right:0px;--awb-border-radius-bottom-left:0px;--awb-flex-wrap:wrap;\" ><div class=\"fusion-builder-row fusion-row fusion-flex-align-items-flex-start fusion-flex-content-wrap\" style=\"max-width:1248px;margin-left: calc(-4% \/ 2 );margin-right: calc(-4% \/ 2 );\"><div class=\"fusion-layout-column fusion_builder_column fusion-builder-column-7 fusion_builder_column_1_1 1_1 fusion-flex-column\" style=\"--awb-bg-size:cover;--awb-width-large:100%;--awb-margin-top-large:0px;--awb-spacing-right-large:1.92%;--awb-margin-bottom-large:20px;--awb-spacing-left-large:1.92%;--awb-width-medium:100%;--awb-order-medium:0;--awb-spacing-right-medium:1.92%;--awb-spacing-left-medium:1.92%;--awb-width-small:100%;--awb-order-small:0;--awb-spacing-right-small:1.92%;--awb-spacing-left-small:1.92%;\"><div class=\"fusion-column-wrapper fusion-column-has-shadow fusion-flex-justify-content-flex-start fusion-content-layout-column\"><div class=\"fusion-title title fusion-title-7 fusion-sep-none fusion-title-text fusion-title-size-one\" style=\"--awb-text-color:var(--awb-custom_color_1);--awb-font-size:25px;\"><h1 class=\"fusion-title-heading title-heading-left\" style=\"font-family:&quot;Public Sans&quot;;font-style:normal;font-weight:900;margin:0;font-size:1em;\">FONES DE OUVIDO<\/h1><\/div><div class=\"fusion-text fusion-text-8\"><p style=\"text-align: justify;\"><span style=\"font-weight: 400;\">A retirada dos fones de ouvido para tradu\u00e7\u00e3o simult\u00e2nea ocorrer\u00e1 no Stand localizado no 1\u00ba andar mediante apresenta\u00e7\u00e3o de documento de identidade.<\/span><\/p>\n<p style=\"text-align: justify;\"><span style=\"font-weight: 400;\">Esperamos voc\u00eas!<\/span><\/p>\n<\/div><\/div><\/div><\/div><\/div><\/p>\n","protected":false},"excerpt":{"rendered":"","protected":false},"author":1,"featured_media":4718,"menu_order":0,"comment_status":"open","ping_status":"closed","template":"","format":"standard","meta":{"_monsterinsights_skip_tracking":false,"_monsterinsights_sitenote_active":false,"_monsterinsights_sitenote_note":"","_monsterinsights_sitenote_category":0,"footnotes":""},"portfolio_category":[167,98,155],"portfolio_skills":[],"portfolio_tags":[],"_links":{"self":[{"href":"https:\/\/enapol.com\/xi\/wp-json\/wp\/v2\/avada_portfolio\/4722"}],"collection":[{"href":"https:\/\/enapol.com\/xi\/wp-json\/wp\/v2\/avada_portfolio"}],"about":[{"href":"https:\/\/enapol.com\/xi\/wp-json\/wp\/v2\/types\/avada_portfolio"}],"author":[{"embeddable":true,"href":"https:\/\/enapol.com\/xi\/wp-json\/wp\/v2\/users\/1"}],"replies":[{"embeddable":true,"href":"https:\/\/enapol.com\/xi\/wp-json\/wp\/v2\/comments?post=4722"}],"version-history":[{"count":2,"href":"https:\/\/enapol.com\/xi\/wp-json\/wp\/v2\/avada_portfolio\/4722\/revisions"}],"predecessor-version":[{"id":4757,"href":"https:\/\/enapol.com\/xi\/wp-json\/wp\/v2\/avada_portfolio\/4722\/revisions\/4757"}],"wp:featuredmedia":[{"embeddable":true,"href":"https:\/\/enapol.com\/xi\/wp-json\/wp\/v2\/media\/4718"}],"wp:attachment":[{"href":"https:\/\/enapol.com\/xi\/wp-json\/wp\/v2\/media?parent=4722"}],"wp:term":[{"taxonomy":"portfolio_category","embeddable":true,"href":"https:\/\/enapol.com\/xi\/wp-json\/wp\/v2\/portfolio_category?post=4722"},{"taxonomy":"portfolio_skills","embeddable":true,"href":"https:\/\/enapol.com\/xi\/wp-json\/wp\/v2\/portfolio_skills?post=4722"},{"taxonomy":"portfolio_tags","embeddable":true,"href":"https:\/\/enapol.com\/xi\/wp-json\/wp\/v2\/portfolio_tags?post=4722"}],"curies":[{"name":"wp","href":"https:\/\/api.w.org\/{rel}","templated":true}]}}